{"id":29307,"date":"2025-04-14T09:38:42","date_gmt":"2025-04-14T07:38:42","guid":{"rendered":"https:\/\/www.campingsannecy.com\/accommodaties\/"},"modified":"2025-12-19T09:14:41","modified_gmt":"2025-12-19T08:14:41","slug":"accommodaties","status":"publish","type":"page","link":"https:\/\/www.campingsannecy.com\/nl\/accommodaties\/","title":{"rendered":"Accommodatie"},"content":{"rendered":"\n<section class=\"wp-block-group page-hebergement has-custom-color-1-background-color has-background has-global-padding is-layout-constrained wp-block-group-is-layout-constrained\" style=\"border-top-left-radius:30px;border-top-right-radius:30px;margin-top:-1.5rem;padding-top:10rem;padding-bottom:15rem\">\n<div class=\"wp-block-group is-content-justification-space-between is-nowrap is-layout-flex wp-container-core-group-is-layout-2f282a85 wp-block-group-is-layout-flex\" style=\"margin-bottom:7rem\">\n<div class=\"wp-block-group has-base-2-color has-text-color has-link-color wp-elements-9e12d00e9cce73d49ef9f7bc0d88ff02 is-layout-flow wp-block-group-is-layout-flow\">\n<h1 class=\"wp-block-heading has-base-2-color has-text-color has-link-color wp-elements-29ead6d35381b91ffacba20f347a5abb\">Accommodatie Campings La Ravoire, Les Fontaines en Lo Vel\u00e2jo<\/h1>\n\n\n\n<p style=\"padding-right:var(--wp--preset--spacing--60)\">De <a href=\"https:\/\/www.campingsannecy.com\/nl\/\" data-type=\"page\" data-id=\"7\">campings Annecy<\/a> La Ravoire, Les Fontaines en Lo Vel\u00e2jo bieden verschillende verhuurmogelijkheden voor je verblijf in de buurt van het meer van Annecy. Van weelderig groene <a href=\"https:\/\/www.campingsannecy.com\/nl\/accommodaties\/kampeerplaatsen\/\" data-type=\"page\" data-id=\"36\">kampeerplaatsen<\/a> tot comfortabele <a href=\"https:\/\/www.campingsannecy.com\/nl\/accommodaties\/verhuur\/\" data-type=\"page\" data-id=\"32\">stacaravans<\/a> en verhuuraccommodaties, natuurliefhebbers hebben keuze te over! <\/p>\n\n\n\n<p style=\"padding-right:var(--wp--preset--spacing--60)\">Met een uitzonderlijke ligging in de Alpen en dicht bij Annecy, bieden onze 4-sterrencampings een accommodatie die aan al uw wensen voldoet.<\/p>\n\n\n\n<div class=\"wp-block-group has-background is-layout-flow wp-block-group-is-layout-flow\" style=\"border-radius:15px;background-color:#ffffff2e;padding-top:var(--wp--preset--spacing--10);padding-right:var(--wp--preset--spacing--20);padding-bottom:var(--wp--preset--spacing--10);padding-left:var(--wp--preset--spacing--20)\">\n<p>Om ervoor te zorgen dat iedereen rustig blijft, zijn groepsverblijven beperkt tot maximaal 3 gezinnen. Neem contact op met de receptie als je speciale verzoeken hebt. <\/p>\n<\/div>\n<\/div>\n\n\n\n<div\n    class=\"gt-hebergements-filtres  gt-hebergements-filtres--sidebar\"\n    class=\"wp-block-gt-gt-ws-thelis-hebergements-filtres\"    data-wp-interactive=\"gt\/thelis\"\n    data-wp-router-region=\"gt-products-filters\"\n    data-wp-key=\"69f5884977586\"\n    data-wp-context='{\"isSidebar\":true,\"isSidebarOpen\":false,\"isStickyButton\":false,\"isAccordeon\":false,\"campingsOpenedDefault\":true,\"typesOpenedDefault\":true,\"roomsOpenedDefault\":true,\"capacityOpenedDefault\":true}'>\n    <div\n        class=\"gt-hebergements-actions\"\n        data-wp-on-document--scroll=\"actions.stickButton\"\n        data-wp-init=\"actions.stickButton\"\n        data-wp-class--sticked=\"state.filterButtonSticked\">\n        <div hidden\n            class=\"gt-hebergements-actions-placeholder\"\n            data-wp-bind--hidden=\"!state.filterButtonSticked\"><\/div>\n        <button aria-expanded=\"false\"\n            class=\"gt-hebergements-open-button \"\n            data-wp-on--click=\"actions.toggleSidebar\"\n            aria-controls=\"p-1\"\n            data-wp-bind--aria-expanded=\"context.isSidebarOpen\"\n            data-wp-class--active=\"state.activeCheckboxes\">\n            De ruimtes filteren            <span hidden\n                data-wp-text=\"state.activeCheckboxes\"\n                data-wp-bind--hidden=\"!state.activeCheckboxes\"><\/span>\n        <\/button>\n        <div hidden\n            data-wp-bind--hidden=\"!state.activeCheckboxes\">\n            <button\n                class=\"gt-hebergements-reset-button\"\n                data-wp-on--click=\"actions.clearAllFilters\">\n                <i class=\"fas fa-undo-alt\"><\/i>\n                opnieuw initialiseren            <\/button>\n        <\/div>\n    <\/div>\n\n    <button hidden\n        class=\"gt-hebergements-overlay\"\n        data-wp-on--click=\"actions.toggleSidebar\"\n        data-wp-bind--hidden=\"!context.isSidebarOpen\"><\/button>\n\n    <div hidden\n        class='gt-hebergements-filtres__sidebar'\n        data-wp-init=\"actions.init\"\n                data-wp-bind--hidden=\"!context.isSidebarOpen\"\n        data-wp-class--opened=\"context.isSidebarOpen\"\n        >\n\n                    <div class=\"gt-hebergements-filtres__title\">Filters<\/div>\n        \n        \n        <div hidden\n            class='gt-hebergements-filtres__sidebar__actions'\n            data-wp-bind--hidden=\"!context.isSidebarOpen\">\n            <button\n                class=\"gt-hebergements-filtres__close-button\"\n                data-wp-on--click=\"actions.toggleSidebar\"\n                aria-controls=\"p-1\"\n                aria-expanded=\"false\">\n                <i class=\"fas fa-times\"><\/i>\n                Verwijder de filters            <\/button>\n\n            <button\n                class=\"gt-hebergements-filtres__reset-button\"\n                data-wp-on--click=\"actions.clearAllFilters\">\n                <i class=\"fas fa-undo-alt\"><\/i>\n                opnieuw initialiseren            <\/button>\n        <\/div>\n\n        <!-- innerBlocks -->\n        \n\n                    <div\n                class=\"gt-hebergements-filtre\"\n                data-gt-filtre-name=\"camping\"\n                data-gt-cookie=\"gtCamping\"\n                aria-expanded=\"1\">\n                <p\n                    class=\"gt-hebergements-filtre__name\"\n                    data-wp-on--click=\"actions.toggleFilter\">\n                    Keuze van campings                <\/p>\n                <div class=\"gt-hebergements-filtre__content\">\n                    <label>\n                        <input\n                            type=\"checkbox\"\n                            name=\"campings[]\"\n                            data-wp-on--click=\"actions.clearFilter\"\n                            value=\"\"\n                            checked\n                        \/>\n                        <span class=\"custom-checkbox\"><\/span>\n                        Tous                    <\/label>\n                                                                                        <label>\n                            <input\n                                type=\"checkbox\"\n                                name=\"campings[]\"\n                                data-wp-on--click=\"actions.runFilters\"\n                                data-wp-run=\"actions.runFilters\"\n                                value=\"5006\"\n                                                            \/>\n                                                        <span class=\"custom-checkbox\"><\/span>\n                            Yelloh! Dorp - La Ravoire                         <\/label>\n                                                                    <label>\n                            <input\n                                type=\"checkbox\"\n                                name=\"campings[]\"\n                                data-wp-on--click=\"actions.runFilters\"\n                                data-wp-run=\"actions.runFilters\"\n                                value=\"1531\"\n                                                            \/>\n                                                        <span class=\"custom-checkbox\"><\/span>\n                            Yelloh! Dorp - Les Fontaines                         <\/label>\n                                                                    <label>\n                            <input\n                                type=\"checkbox\"\n                                name=\"campings[]\"\n                                data-wp-on--click=\"actions.runFilters\"\n                                data-wp-run=\"actions.runFilters\"\n                                value=\"1425\"\n                                                            \/>\n                                                        <span class=\"custom-checkbox\"><\/span>\n                            Yelloh! Dorp - Lo Velajo                         <\/label>\n                                    <\/div>\n            <\/div>\n        \n                    <div\n                class=\"gt-hebergements-filtre\"\n                data-gt-filtre-name=\"gammes\"\n                data-gt-cookie=\"gtGamme\"\n                aria-expanded=\"1\">\n                <p\n                    class=\"gt-hebergements-filtre__name\"\n                    data-wp-on--click=\"actions.toggleFilter\">\n                    Gammes                <\/p>\n                <div class=\"gt-hebergements-filtre__content\">\n                    <label>\n                        <input\n                            type=\"checkbox\"\n                            name=\"gammes[]\"\n                            data-wp-on--click=\"actions.clearFilter\"\n                            value=\"\"\n                            checked \/>\n                        <span class=\"custom-checkbox\"><\/span>\n                        Tous                    <\/label>\n\n                                                                    <label>\n                            <input\n                                type=\"checkbox\"\n                                name=\"gammes[]\"\n                                data-wp-on--click=\"actions.runFilters\"\n                                value=\"104\"\n                                 \/>\n                            <span class=\"custom-checkbox\"><\/span>\n                            1 bloem                        <\/label>\n                                                                    <label>\n                            <input\n                                type=\"checkbox\"\n                                name=\"gammes[]\"\n                                data-wp-on--click=\"actions.runFilters\"\n                                value=\"88\"\n                                 \/>\n                            <span class=\"custom-checkbox\"><\/span>\n                            2 bloemen                        <\/label>\n                                                                    <label>\n                            <input\n                                type=\"checkbox\"\n                                name=\"gammes[]\"\n                                data-wp-on--click=\"actions.runFilters\"\n                                value=\"91\"\n                                 \/>\n                            <span class=\"custom-checkbox\"><\/span>\n                            3 bloemen                        <\/label>\n                                                                    <label>\n                            <input\n                                type=\"checkbox\"\n                                name=\"gammes[]\"\n                                data-wp-on--click=\"actions.runFilters\"\n                                value=\"93\"\n                                 \/>\n                            <span class=\"custom-checkbox\"><\/span>\n                            4 bloemen                        <\/label>\n                                                                    <label>\n                            <input\n                                type=\"checkbox\"\n                                name=\"gammes[]\"\n                                data-wp-on--click=\"actions.runFilters\"\n                                value=\"97\"\n                                 \/>\n                            <span class=\"custom-checkbox\"><\/span>\n                            premium                        <\/label>\n                                    <\/div>\n            <\/div>\n        \n\n        \n                    <div\n                class=\"gt-hebergements-filtre\"\n                data-gt-filtre-name=\"rooms\"\n                aria-expanded=\"1\"\n                data-gt-filtre-operator=\"&gt;=\">\n                <p\n                    class=\"gt-hebergements-filtre__name\"\n                    data-wp-on--click=\"actions.toggleFilter\">\n                    Aantal kamers                <\/p>\n                <div class=\"gt-hebergements-filtre__content\">\n                    <label>\n                        <input\n                            type=\"checkbox\"\n                            name=\"rooms[]\"\n                            data-wp-on--click=\"actions.clearFilter\"\n                            value=\"\"\n                            checked \/>\n                        <span class=\"custom-checkbox\"><\/span>\n                        Tous                    <\/label>\n                                        \n                                            <label>\n                            <input\n                                type=\"checkbox\"\n                                name=\"rooms[]\"\n                                data-wp-on--click=\"actions.runFilters\"\n                                value=\"2\">\n                            <span class=\"custom-checkbox\"><\/span>\n                            2 <span>Ch.<\/span>\n                        <\/label>\n                                            <label>\n                            <input\n                                type=\"checkbox\"\n                                name=\"rooms[]\"\n                                data-wp-on--click=\"actions.runFilters\"\n                                value=\"3\">\n                            <span class=\"custom-checkbox\"><\/span>\n                            3 <span>Ch.<\/span>\n                        <\/label>\n                                    <\/div>\n\n            <\/div>\n        \n                    <div\n                class=\"gt-hebergements-filtre\"\n                data-gt-filtre-name=\"capacity\"\n                data-gt-filtre-operator=\"&gt;=\"\n                aria-expanded=\"1\">\n                <p\n                    class=\"gt-hebergements-filtre__name\"\n                    data-wp-on--click=\"actions.toggleFilter\">\n                    Capaciteit voor ontvangst                <\/p>\n                <div class=\"gt-hebergements-filtre__content\">\n                    <label>\n                        <input\n                            type=\"checkbox\"\n                            name=\"capacity[]\"\n                            data-wp-on--click=\"actions.clearFilter\"\n                            value=\"\"\n                            checked \/>\n                        <span class=\"custom-checkbox\"><\/span>\n                        Tous                    <\/label>\n                                        \n                                            <label>\n                            <input\n                                type=\"checkbox\"\n                                name=\"capacity[]\"\n                                data-wp-on--click=\"actions.runFilters\"\n                                value=\"4\">\n                            <span class=\"custom-checkbox\"><\/span>\n                            4 <span>Pers.<\/span>\n                        <\/label>\n                                            <label>\n                            <input\n                                type=\"checkbox\"\n                                name=\"capacity[]\"\n                                data-wp-on--click=\"actions.runFilters\"\n                                value=\"5\">\n                            <span class=\"custom-checkbox\"><\/span>\n                            5 <span>Pers.<\/span>\n                        <\/label>\n                                            <label>\n                            <input\n                                type=\"checkbox\"\n                                name=\"capacity[]\"\n                                data-wp-on--click=\"actions.runFilters\"\n                                value=\"6\">\n                            <span class=\"custom-checkbox\"><\/span>\n                            6 <span>Pers.<\/span>\n                        <\/label>\n                    \n                <\/div>\n            <\/div>\n        \n                \n\n        \n            <div\n                class=\"gt-hebergements-filtre\"\n                data-gt-filtre-name=\"criterions\"\n                aria-expanded=\"1\"\n                data-gt-filtre-operator=\"AND\">\n                <p\n                    class=\"gt-hebergements-filtre__name\"\n                    data-wp-on--click=\"actions.toggleFilter\">\n                    Opties                <\/p>\n                <div class=\"gt-hebergements-filtre__content\">\n                    <label>\n                        <input\n                            type=\"checkbox\"\n                            name=\"criterions[]\"\n                            data-wp-on--click=\"actions.clearFilter\"\n                            value=\"\"\n                            checked \/>\n                        <span class=\"custom-checkbox\"><\/span>\n                        Tous                    <\/label>\n                                                                                                                <label>\n                            <input\n                                type=\"checkbox\"\n                                name=\"criterions[]\"\n                                data-wp-on--click=\"actions.runFilters\"\n                                value=\"13\">\n                            <span class=\"custom-checkbox\"><\/span>\n                            1 parkeerplaats                        <\/label>\n                                                                                                                                                                                                                                                                                                                                                                                                                                                                                            <label>\n                            <input\n                                type=\"checkbox\"\n                                name=\"criterions[]\"\n                                data-wp-on--click=\"actions.runFilters\"\n                                value=\"5\">\n                            <span class=\"custom-checkbox\"><\/span>\n                            Magnetron                        <\/label>\n                                                                                            <label>\n                            <input\n                                type=\"checkbox\"\n                                name=\"criterions[]\"\n                                data-wp-on--click=\"actions.runFilters\"\n                                value=\"8\">\n                            <span class=\"custom-checkbox\"><\/span>\n                            TV                        <\/label>\n                                                                                                                                                                                            <label>\n                            <input\n                                type=\"checkbox\"\n                                name=\"criterions[]\"\n                                data-wp-on--click=\"actions.runFilters\"\n                                value=\"3\">\n                            <span class=\"custom-checkbox\"><\/span>\n                            Vaatwasser                        <\/label>\n                                                                                            <label>\n                            <input\n                                type=\"checkbox\"\n                                name=\"criterions[]\"\n                                data-wp-on--click=\"actions.runFilters\"\n                                value=\"1\">\n                            <span class=\"custom-checkbox\"><\/span>\n                            Verwarming                        <\/label>\n                                                                                                                                                                                                                                                                                                                                                                                                                                                                                                                                                                                                                                            <label>\n                            <input\n                                type=\"checkbox\"\n                                name=\"criterions[]\"\n                                data-wp-on--click=\"actions.runFilters\"\n                                value=\"2016\">\n                            <span class=\"custom-checkbox\"><\/span>\n                            overdekt terras                        <\/label>\n                                                                                                                                    <\/div>\n            <\/div>\n\n        \n        \n        <button hidden\n            class=\"gt-hebergements-filtres__validate-button\"\n            data-wp-on--click=\"actions.toggleSidebar\"\n            aria-controls=\"p-1\"\n            data-wp-bind--hidden=\"!context.isSidebarOpen\">\n            <i class=\"fas fa-check\"><\/i>\n            Valider        <\/button>\n\n        \n\n\n    <\/div>\n\n<\/div><\/div>\n\n\n\n<div class=\"wp-block-group has-global-padding is-layout-constrained wp-block-group-is-layout-constrained\" style=\"margin-bottom:5rem\">\n<div data-wp-context=\"{}\" data-wp-interactive=\"core\/query\" data-wp-key=\"2\" data-wp-router-region=\"query-2\" class=\"wp-block-query alignwide gt-ws-thelis-hebergements-query is-layout-flow wp-block-query-is-layout-flow\">\n<div class=\"wp-block-group is-nowrap is-layout-flex wp-container-core-group-is-layout-e80d6946 wp-block-group-is-layout-flex\" style=\"margin-bottom:2rem\">\n<p class=\"has-base-2-color has-text-color has-link-color has-righteous-font-family wp-elements-2de8d688ff18c7b9e9fcdf5da0752f91\" style=\"font-size:clamp(21.027px, 1.314rem + ((1vw - 3.2px) * 1.055), 34px);text-transform:uppercase\">Ons assortiment<\/p>\n\n\n\n<figure class=\"wp-block-image size-large\"><img decoding=\"async\" width=\"144\" height=\"36\" src=\"https:\/\/www.campingsannecy.com\/wp-content\/uploads\/2025\/04\/premium-camping-mane-guernehue-1.svg\" alt=\"premium  \" class=\"wp-image-1875\"\/><\/figure>\n<\/div>\n\n\n\n<div \n    class=\"wp-elements-a0c9355b9d4ec320a2d7c38e9775d587 wp-block-gt-gt-ws-thelis-product-no-results has-text-color has-base-2-color has-text-align-left\"    data-wp-interactive=\"gt\/thelis\"\n    >\n   \n\n<p class=\"has-base-2-color has-text-color has-link-color wp-elements-303f428bc689c390a7b127d33cfe1974\">Geen enkele accommodatie in dit aanbod voldoet aan je criteria.<\/p>\n\n   <button\n    data-wp-on--click=\"actions.clearAllFilters\"\n   >\n        <i class=\"fas fa-undo-alt\"><\/i>\n        Herinitialiseer de filters    <\/button>\n<\/div>\n\n\n<ul class=\"columns-3 wp-block-post-template is-layout-grid wp-container-core-post-template-is-layout-6d3fbd8f wp-block-post-template-is-layout-grid\"><li data-gt-bathrooms=\"2\" data-gt-camping=\"1425\" data-gt-capacity=\"4\" data-gt-criterions=\"&quot;[1,5,8,2057,11,2731,8715,12,13]&quot;\" data-gt-gammes=\"97\" data-gt-post-id=\"1897\" data-gt-rooms=\"2\" data-gt-surfaces=\"35\" data-gt-types=\"Mobil-Home,location\" data-gt-ws-camping=\"1425\" data-wp-key=\"69f5884980295\" class=\"wp-block-post post-1897 hebergement type-hebergement status-publish hentry gamme-premium-nl\">\n\n<div \n    class=\"wp-block-gt-gt-ws-thelis-product-images\"    data-wp-interactive=\"gt\/thelis\/hebergement\/image\"\n    data-gallery-images='[&quot;https:\\\/\\\/www.campingsannecy.com\\\/wp-content\\\/uploads\\\/gt-ws-thelis\\\/site-1\\\/images\\\/1425\\\/pict_34_2.jpg&quot;,&quot;https:\\\/\\\/www.campingsannecy.com\\\/wp-content\\\/uploads\\\/gt-ws-thelis\\\/site-1\\\/images\\\/1425\\\/pict_34_6.jpg&quot;,&quot;https:\\\/\\\/www.campingsannecy.com\\\/wp-content\\\/uploads\\\/gt-ws-thelis\\\/site-1\\\/images\\\/1425\\\/pict_34_3.jpg&quot;,&quot;https:\\\/\\\/www.campingsannecy.com\\\/wp-content\\\/uploads\\\/gt-ws-thelis\\\/site-1\\\/images\\\/1425\\\/pict_34_4.jpg&quot;,&quot;https:\\\/\\\/www.campingsannecy.com\\\/wp-content\\\/uploads\\\/gt-ws-thelis\\\/site-1\\\/images\\\/1425\\\/pict_34_1.jpg&quot;,&quot;https:\\\/\\\/www.campingsannecy.com\\\/wp-content\\\/uploads\\\/gt-ws-thelis\\\/site-1\\\/images\\\/1425\\\/pict_34_5.jpg&quot;]'\n    data-wp-context='{\"images\":[\"https:\\\/\\\/www.campingsannecy.com\\\/wp-content\\\/uploads\\\/gt-ws-thelis\\\/site-1\\\/images\\\/1425\\\/pict_34_2.jpg\",\"https:\\\/\\\/www.campingsannecy.com\\\/wp-content\\\/uploads\\\/gt-ws-thelis\\\/site-1\\\/images\\\/1425\\\/pict_34_6.jpg\",\"https:\\\/\\\/www.campingsannecy.com\\\/wp-content\\\/uploads\\\/gt-ws-thelis\\\/site-1\\\/images\\\/1425\\\/pict_34_3.jpg\",\"https:\\\/\\\/www.campingsannecy.com\\\/wp-content\\\/uploads\\\/gt-ws-thelis\\\/site-1\\\/images\\\/1425\\\/pict_34_4.jpg\",\"https:\\\/\\\/www.campingsannecy.com\\\/wp-content\\\/uploads\\\/gt-ws-thelis\\\/site-1\\\/images\\\/1425\\\/pict_34_1.jpg\",\"https:\\\/\\\/www.campingsannecy.com\\\/wp-content\\\/uploads\\\/gt-ws-thelis\\\/site-1\\\/images\\\/1425\\\/pict_34_5.jpg\"],\"jsonConfig\":{\"speed\":400,\"spaceBetween\":16,\"slidesPerView\":1,\"createElements\":true,\"loop\":true,\"freemode\":true,\"navigation\":{\"nextEl\":\"buttonNext\",\"prevEl\":\"buttonPrev\"},\"breakpoints\":{\"0\":{\"slidesPerView\":1},\"380\":[],\"1024\":[]},\"pagination\":false},\"sliderId\":\"69f588497a29a\"}'>\n            <div \n            id=\"69f588497a29a\"\n            class=\"gt-ws-thelis-is-slider swiper\" \n            data-swiper='{\"speed\":400,\"spaceBetween\":16,\"slidesPerView\":1,\"createElements\":true,\"loop\":true,\"freemode\":true,\"navigation\":{\"nextEl\":\"buttonNext\",\"prevEl\":\"buttonPrev\"},\"breakpoints\":{\"0\":{\"slidesPerView\":1},\"380\":[],\"1024\":[]},\"pagination\":false}'\n            data-wp-key=\"1897218bbc90af0991b4c3b8c59359dab75b\"\n            data-wp-run=\"callbacks.resetSwiper\"\n            data-wp-on--mouseover=\"callbacks.resetSwiper\"\n        >\n        <div class=\"swiper-wrapper\">\n                \n            \n            \n\n            <figure \n                class=\"wp-block-image swiper-slide\" \n                data-image-index=\"0\"\n            >\n                                    <img decoding=\"async\" \n                                                    style=\"aspect-ratio: 4\/3\" \n                                                src=\"https:\/\/www.campingsannecy.com\/wp-content\/uploads\/gt-ws-thelis\/site-1\/images\/1425\/pict_34_1.jpg\" \n                        alt=\"Cottage 4p 2 Kamers 2 Bdk Premium\"\n                        loading=\"lazy\"\n                    >\n                                <\/figure>\n\n            \n        \n            \n            \n\n            <figure \n                class=\"wp-block-image swiper-slide\" \n                data-image-index=\"1\"\n            >\n                                    <img decoding=\"async\" \n                                                    style=\"aspect-ratio: 4\/3\" \n                                                src=\"https:\/\/www.campingsannecy.com\/wp-content\/uploads\/gt-ws-thelis\/site-1\/images\/1425\/pict_34_2.jpg\" \n                        alt=\"Cottage 4p 2 Kamers 2 Bdk Premium\"\n                        loading=\"lazy\"\n                    >\n                                <\/figure>\n\n            \n        \n            \n            \n\n            <figure \n                class=\"wp-block-image swiper-slide\" \n                data-image-index=\"2\"\n            >\n                                    <img decoding=\"async\" \n                                                    style=\"aspect-ratio: 4\/3\" \n                                                src=\"https:\/\/www.campingsannecy.com\/wp-content\/uploads\/gt-ws-thelis\/site-1\/images\/1425\/pict_34_3.jpg\" \n                        alt=\"Cottage 4p 2 Kamers 2 Bdk Premium\"\n                        loading=\"lazy\"\n                    >\n                                <\/figure>\n\n            \n        \n            \n            \n\n            <figure \n                class=\"wp-block-image swiper-slide\" \n                data-image-index=\"3\"\n            >\n                                    <img decoding=\"async\" \n                                                    style=\"aspect-ratio: 4\/3\" \n                                                src=\"https:\/\/www.campingsannecy.com\/wp-content\/uploads\/gt-ws-thelis\/site-1\/images\/1425\/pict_34_4.jpg\" \n                        alt=\"Cottage 4p 2 Kamers 2 Bdk Premium\"\n                        loading=\"lazy\"\n                    >\n                                <\/figure>\n\n            \n        \n            \n            \n\n            <figure \n                class=\"wp-block-image swiper-slide\" \n                data-image-index=\"4\"\n            >\n                                    <img decoding=\"async\" \n                                                    style=\"aspect-ratio: 4\/3\" \n                                                src=\"https:\/\/www.campingsannecy.com\/wp-content\/uploads\/gt-ws-thelis\/site-1\/images\/1425\/pict_34_5.jpg\" \n                        alt=\"Cottage 4p 2 Kamers 2 Bdk Premium\"\n                        loading=\"lazy\"\n                    >\n                                <\/figure>\n\n            \n        \n            \n            \n\n            <figure \n                class=\"wp-block-image swiper-slide\" \n                data-image-index=\"5\"\n            >\n                                    <img decoding=\"async\" \n                                                    style=\"aspect-ratio: 4\/3\" \n                                                src=\"https:\/\/www.campingsannecy.com\/wp-content\/uploads\/gt-ws-thelis\/site-1\/images\/1425\/pict_34_6.jpg\" \n                        alt=\"Cottage 4p 2 Kamers 2 Bdk Premium\"\n                        loading=\"lazy\"\n                    >\n                                <\/figure>\n\n            \n        \n        \n            <\/div>\n            <div class=\"swiper-pagination\"><\/div>\n            <div class=\"swiper-button-prev\"><\/div>\n            <div class=\"swiper-button-next\"><\/div>\n        <\/div>\n        <\/div>\n\n\n<div class=\"wp-block-group has-small-font-size is-layout-flow wp-block-group-is-layout-flow\">    \n\t<div\n\t\tclass=\"wp-block-gt-gt-ws-thelis-disponibilites\"\t\tdata-wp-interactive=\"gt\/thelis\"\n\t\tdata-wp-watch=\"actions.loadStays\"\n\t\tdata-wp-bind--data-gt-statut=\"state.statut\"\n\t\tdata-wp-key=\"34+1425-69f588497a519\"\n\t\tdata-wp-context='{\"idsProduct\":\"34+1425\",\"idProduct\":\"34\",\"campingKey\":\"1425\",\"isIndisponible\":true}'\t>\n\n\t\t\t\t\t<div hidden class=\"gt-ws-thelis-spinner\" data-wp-bind--hidden=\"!state.isLoading\">\n\t\t\t\t<span class=\"loader\"><\/span>\n\t\t\t<\/div>\n\t\t\n\n\t\t<div data-wp-bind--hidden=\"state.isLoading\" class=\"gt-ws-thelis-disponibilite-wrap\">\n\n\t\t\t\t\t\t\t\t\t\t\t\t\t<div class=\"gt-ws-thelis-statut\" data-wp-text=\"state.titre\"><\/div>\n\t\t\t\t\t\t\t\t\n\t\t\t\n\t\t\t\n\t\t\t\n\t\t\t\n\t\t<\/div>\n\n\t<\/div>\n\n    <\/div>\n\n\n\n<div class=\"wp-block-group content-acc has-global-padding is-layout-constrained wp-block-group-is-layout-constrained\">\n<div class=\"wp-block-gt-gt-ws-thelis-product-camping\">\n    Yelloh! Village - Lo Velajo<\/div>\n\n\n<p style=\"font-size:clamp(0.984rem, 0.984rem + ((1vw - 0.2rem) * 0.671), 1.5rem);text-transform:uppercase;\" class=\"wp-elements-c7f20d0215fbda8b1273390b73f3ba94 wp-block-gt-gt-ws-thelis-product-name has-text-color has-custom-color-2-color has-righteous-font-family\">\n    Cottage 4p 2 Kamers 2 Bdk Premium<\/p>\n\n\n\n<div class=\"wp-block-group is-content-justification-center is-layout-flex wp-container-core-group-is-layout-200d3eee wp-block-group-is-layout-flex\" style=\"font-size:0.7rem\">\n<div class=\"wp-block-gt-gt-ws-thelis-product-surface\">\n\n        35m\u00b2\n<\/div>\n\n\n<div class=\"wp-block-gt-gt-ws-thelis-product-room\">\n        2              ruimte(s)    <\/div>\n\n\n\n\n<div class=\"wp-block-gt-gt-ws-thelis-product-capacity\">\n        4               persoon\/personen    <\/div><\/div>\n\n\n\n<div data-swiper=\"{&quot;speed&quot;:400,&quot;spaceBetween&quot;:16,&quot;slidesPerView&quot;:3,&quot;createElements&quot;:false,&quot;loop&quot;:true,&quot;freemode&quot;:true,&quot;breakpoints&quot;:{&quot;0&quot;:{&quot;slidesPerView&quot;:1},&quot;380&quot;:{&quot;slidesPerView&quot;:2},&quot;1024&quot;:{&quot;slidesPerView&quot;:3}},&quot;navigation&quot;:false,&quot;pagination&quot;:false,&quot;autoplay&quot;:{&quot;delay&quot;:3000}}\" class=\"wp-block-group criterion-container gt-is-slider gt-is-slider-desktop is-nowrap is-layout-flex wp-container-core-group-is-layout-6c531013 wp-block-group-is-layout-flex\">    <div class=\"wp-block-gt-gt-ws-thelis-product-option\">\n                            <div>Verwarming<\/div>\n            <\/div>\n\n\n\n\n\n\n    <div class=\"wp-block-gt-gt-ws-thelis-product-option\">\n                            <div>Magnetron<\/div>\n            <\/div>\n\n\n    <div class=\"wp-block-gt-gt-ws-thelis-product-option\">\n                            <div>TV<\/div>\n            <\/div>\n\n\n\n\n\n\n\n\n<\/div>\n\n\n\n<div class=\"wp-block-group is-content-justification-space-between is-nowrap is-layout-flex wp-container-core-group-is-layout-cb46ffcb wp-block-group-is-layout-flex\">    \n\t<div\n\t\tclass=\"price-content wp-block-gt-gt-ws-thelis-disponibilites\"\t\tdata-wp-interactive=\"gt\/thelis\"\n\t\tdata-wp-watch=\"actions.loadStays\"\n\t\tdata-wp-bind--data-gt-statut=\"state.statut\"\n\t\tdata-wp-key=\"34+1425-69f588497b32c\"\n\t\tdata-wp-context='{\"idsProduct\":\"34+1425\",\"idProduct\":\"34\",\"campingKey\":\"1425\",\"isIndisponible\":true}'\t>\n\n\t\t\n\n\t\t<div data-wp-bind--hidden=\"state.isLoading\" class=\"gt-ws-thelis-disponibilite-wrap\">\n\n\t\t\t\n\t\t\t\t\t\n\t\t\t\t<div hidden \n\t\t\t\t\tclass=\"gt-ws-thelis__disponibilite__price\"\n\t\t\t\t\tdata-wp-bind--hidden=\"!state.price\"\n\t\t\t\t>\n\t\t\t\t\t<span>Vanaf <\/span>\n\t\t\t\t\t<span hidden class=\"gt-ws-thelis__disponibilite__price__original\" data-wp-bind--hidden=\"!state.hasPromo\">\n\t\t\t\t\t\t<strike><span data-wp-text=\"state.originalPrice\"><\/span>\u20ac<\/strike>\n\t\t\t\t\t<\/span>\n\t\t\t\t\t<span class=\"gt-ws-thelis__disponibilite__price__discounted\">\n\t\t\t\t\t\t<span data-wp-bind--data-gt-price=\"state.price\" class=\"gt-ws-thelis-data-price\" data-wp-text=\"state.price\"><\/span>\u20ac\n\t\t\t\t\t<\/span>\n\t\t\t\t<\/div>\n\t\t\t\n\t\t\t\n\t\t\t\n\t\t\t\n\t\t<\/div>\n\n\t<\/div>\n\n    \n\n\n<p class=\"wp-block-lire-more\">Ontdek<\/p>\n<\/div>\n<\/div>\n\n<\/li><li data-gt-bathrooms=\"2\" data-gt-camping=\"1425\" data-gt-capacity=\"6\" data-gt-criterions=\"&quot;[1,5,2057,11,2731,8715,12,13]&quot;\" data-gt-gammes=\"97\" data-gt-post-id=\"1896\" data-gt-rooms=\"3\" data-gt-surfaces=\"40\" data-gt-types=\"Mobil-Home,location\" data-gt-ws-camping=\"1425\" data-wp-key=\"69f588498042d\" class=\"wp-block-post post-1896 hebergement type-hebergement status-publish hentry gamme-premium-nl\">\n\n<div \n    class=\"wp-block-gt-gt-ws-thelis-product-images\"    data-wp-interactive=\"gt\/thelis\/hebergement\/image\"\n    data-gallery-images='[&quot;https:\\\/\\\/www.campingsannecy.com\\\/wp-content\\\/uploads\\\/gt-ws-thelis\\\/site-1\\\/images\\\/1425\\\/pict_59_3.jpg&quot;,&quot;https:\\\/\\\/www.campingsannecy.com\\\/wp-content\\\/uploads\\\/gt-ws-thelis\\\/site-1\\\/images\\\/1425\\\/pict_59_5.jpg&quot;,&quot;https:\\\/\\\/www.campingsannecy.com\\\/wp-content\\\/uploads\\\/gt-ws-thelis\\\/site-1\\\/images\\\/1425\\\/pict_59_6.jpg&quot;,&quot;https:\\\/\\\/www.campingsannecy.com\\\/wp-content\\\/uploads\\\/gt-ws-thelis\\\/site-1\\\/images\\\/1425\\\/pict_59_2.jpg&quot;,&quot;https:\\\/\\\/www.campingsannecy.com\\\/wp-content\\\/uploads\\\/gt-ws-thelis\\\/site-1\\\/images\\\/1425\\\/pict_59_1.jpg&quot;,&quot;https:\\\/\\\/www.campingsannecy.com\\\/wp-content\\\/uploads\\\/gt-ws-thelis\\\/site-1\\\/images\\\/1425\\\/pict_59_4.jpg&quot;,&quot;https:\\\/\\\/www.campingsannecy.com\\\/wp-content\\\/uploads\\\/gt-ws-thelis\\\/site-1\\\/images\\\/1425\\\/pict_59_7.jpg&quot;]'\n    data-wp-context='{\"images\":[\"https:\\\/\\\/www.campingsannecy.com\\\/wp-content\\\/uploads\\\/gt-ws-thelis\\\/site-1\\\/images\\\/1425\\\/pict_59_3.jpg\",\"https:\\\/\\\/www.campingsannecy.com\\\/wp-content\\\/uploads\\\/gt-ws-thelis\\\/site-1\\\/images\\\/1425\\\/pict_59_5.jpg\",\"https:\\\/\\\/www.campingsannecy.com\\\/wp-content\\\/uploads\\\/gt-ws-thelis\\\/site-1\\\/images\\\/1425\\\/pict_59_6.jpg\",\"https:\\\/\\\/www.campingsannecy.com\\\/wp-content\\\/uploads\\\/gt-ws-thelis\\\/site-1\\\/images\\\/1425\\\/pict_59_2.jpg\",\"https:\\\/\\\/www.campingsannecy.com\\\/wp-content\\\/uploads\\\/gt-ws-thelis\\\/site-1\\\/images\\\/1425\\\/pict_59_1.jpg\",\"https:\\\/\\\/www.campingsannecy.com\\\/wp-content\\\/uploads\\\/gt-ws-thelis\\\/site-1\\\/images\\\/1425\\\/pict_59_4.jpg\",\"https:\\\/\\\/www.campingsannecy.com\\\/wp-content\\\/uploads\\\/gt-ws-thelis\\\/site-1\\\/images\\\/1425\\\/pict_59_7.jpg\"],\"jsonConfig\":{\"speed\":400,\"spaceBetween\":16,\"slidesPerView\":1,\"createElements\":true,\"loop\":true,\"freemode\":true,\"navigation\":{\"nextEl\":\"buttonNext\",\"prevEl\":\"buttonPrev\"},\"breakpoints\":{\"0\":{\"slidesPerView\":1},\"380\":[],\"1024\":[]},\"pagination\":false},\"sliderId\":\"69f588497b6e6\"}'>\n            <div \n            id=\"69f588497b6e6\"\n            class=\"gt-ws-thelis-is-slider swiper\" \n            data-swiper='{\"speed\":400,\"spaceBetween\":16,\"slidesPerView\":1,\"createElements\":true,\"loop\":true,\"freemode\":true,\"navigation\":{\"nextEl\":\"buttonNext\",\"prevEl\":\"buttonPrev\"},\"breakpoints\":{\"0\":{\"slidesPerView\":1},\"380\":[],\"1024\":[]},\"pagination\":false}'\n            data-wp-key=\"1896218bbc90af0991b4c3b8c59359dab75b\"\n            data-wp-run=\"callbacks.resetSwiper\"\n            data-wp-on--mouseover=\"callbacks.resetSwiper\"\n        >\n        <div class=\"swiper-wrapper\">\n                \n            \n            \n\n            <figure \n                class=\"wp-block-image swiper-slide\" \n                data-image-index=\"0\"\n            >\n                                    <img decoding=\"async\" \n                                                    style=\"aspect-ratio: 4\/3\" \n                                                src=\"https:\/\/www.campingsannecy.com\/wp-content\/uploads\/gt-ws-thelis\/site-1\/images\/1425\/pict_59_1.jpg\" \n                        alt=\"Cottage 6p 3 Kamers 2 Bdk Premium\"\n                        loading=\"lazy\"\n                    >\n                                <\/figure>\n\n            \n        \n            \n            \n\n            <figure \n                class=\"wp-block-image swiper-slide\" \n                data-image-index=\"1\"\n            >\n                                    <img decoding=\"async\" \n                                                    style=\"aspect-ratio: 4\/3\" \n                                                src=\"https:\/\/www.campingsannecy.com\/wp-content\/uploads\/gt-ws-thelis\/site-1\/images\/1425\/pict_59_2.jpg\" \n                        alt=\"Cottage 6p 3 Kamers 2 Bdk Premium\"\n                        loading=\"lazy\"\n                    >\n                                <\/figure>\n\n            \n        \n            \n            \n\n            <figure \n                class=\"wp-block-image swiper-slide\" \n                data-image-index=\"2\"\n            >\n                                    <img decoding=\"async\" \n                                                    style=\"aspect-ratio: 4\/3\" \n                                                src=\"https:\/\/www.campingsannecy.com\/wp-content\/uploads\/gt-ws-thelis\/site-1\/images\/1425\/pict_59_3.jpg\" \n                        alt=\"Cottage 6p 3 Kamers 2 Bdk Premium\"\n                        loading=\"lazy\"\n                    >\n                                <\/figure>\n\n            \n        \n            \n            \n\n            <figure \n                class=\"wp-block-image swiper-slide\" \n                data-image-index=\"3\"\n            >\n                                    <img decoding=\"async\" \n                                                    style=\"aspect-ratio: 4\/3\" \n                                                src=\"https:\/\/www.campingsannecy.com\/wp-content\/uploads\/gt-ws-thelis\/site-1\/images\/1425\/pict_59_4.jpg\" \n                        alt=\"Cottage 6p 3 Kamers 2 Bdk Premium\"\n                        loading=\"lazy\"\n                    >\n                                <\/figure>\n\n            \n        \n            \n            \n\n            <figure \n                class=\"wp-block-image swiper-slide\" \n                data-image-index=\"4\"\n            >\n                                    <img decoding=\"async\" \n                                                    style=\"aspect-ratio: 4\/3\" \n                                                src=\"https:\/\/www.campingsannecy.com\/wp-content\/uploads\/gt-ws-thelis\/site-1\/images\/1425\/pict_59_5.jpg\" \n                        alt=\"Cottage 6p 3 Kamers 2 Bdk Premium\"\n                        loading=\"lazy\"\n                    >\n                                <\/figure>\n\n            \n        \n            \n            \n\n            <figure \n                class=\"wp-block-image swiper-slide\" \n                data-image-index=\"5\"\n            >\n                                    <img decoding=\"async\" \n                                                    style=\"aspect-ratio: 4\/3\" \n                                                src=\"https:\/\/www.campingsannecy.com\/wp-content\/uploads\/gt-ws-thelis\/site-1\/images\/1425\/pict_59_6.jpg\" \n                        alt=\"Cottage 6p 3 Kamers 2 Bdk Premium\"\n                        loading=\"lazy\"\n                    >\n                                <\/figure>\n\n            \n        \n            \n            \n\n            <figure \n                class=\"wp-block-image swiper-slide\" \n                data-image-index=\"6\"\n            >\n                                    <img decoding=\"async\" \n                                                    style=\"aspect-ratio: 4\/3\" \n                                                src=\"https:\/\/www.campingsannecy.com\/wp-content\/uploads\/gt-ws-thelis\/site-1\/images\/1425\/pict_59_7.jpg\" \n                        alt=\"Cottage 6p 3 Kamers 2 Bdk Premium\"\n                        loading=\"lazy\"\n                    >\n                                <\/figure>\n\n            \n        \n        \n            <\/div>\n            <div class=\"swiper-pagination\"><\/div>\n            <div class=\"swiper-button-prev\"><\/div>\n            <div class=\"swiper-button-next\"><\/div>\n        <\/div>\n        <\/div>\n\n\n<div class=\"wp-block-group has-small-font-size is-layout-flow wp-block-group-is-layout-flow\">    \n\t<div\n\t\tclass=\"wp-block-gt-gt-ws-thelis-disponibilites\"\t\tdata-wp-interactive=\"gt\/thelis\"\n\t\tdata-wp-watch=\"actions.loadStays\"\n\t\tdata-wp-bind--data-gt-statut=\"state.statut\"\n\t\tdata-wp-key=\"59+1425-69f588497ba1e\"\n\t\tdata-wp-context='{\"idsProduct\":\"59+1425\",\"idProduct\":\"59\",\"campingKey\":\"1425\",\"isIndisponible\":true}'\t>\n\n\t\t\t\t\t<div hidden class=\"gt-ws-thelis-spinner\" data-wp-bind--hidden=\"!state.isLoading\">\n\t\t\t\t<span class=\"loader\"><\/span>\n\t\t\t<\/div>\n\t\t\n\n\t\t<div data-wp-bind--hidden=\"state.isLoading\" class=\"gt-ws-thelis-disponibilite-wrap\">\n\n\t\t\t\t\t\t\t\t\t\t\t\t\t<div class=\"gt-ws-thelis-statut\" data-wp-text=\"state.titre\"><\/div>\n\t\t\t\t\t\t\t\t\n\t\t\t\n\t\t\t\n\t\t\t\n\t\t\t\n\t\t<\/div>\n\n\t<\/div>\n\n    <\/div>\n\n\n\n<div class=\"wp-block-group content-acc has-global-padding is-layout-constrained wp-block-group-is-layout-constrained\">\n<div class=\"wp-block-gt-gt-ws-thelis-product-camping\">\n    Yelloh! Village - Lo Velajo<\/div>\n\n\n<p style=\"font-size:clamp(0.984rem, 0.984rem + ((1vw - 0.2rem) * 0.671), 1.5rem);text-transform:uppercase;\" class=\"wp-elements-c7f20d0215fbda8b1273390b73f3ba94 wp-block-gt-gt-ws-thelis-product-name has-text-color has-custom-color-2-color has-righteous-font-family\">\n    Cottage 6p 3 Kamers 2 Bdk Premium<\/p>\n\n\n\n<div class=\"wp-block-group is-content-justification-center is-layout-flex wp-container-core-group-is-layout-200d3eee wp-block-group-is-layout-flex\" style=\"font-size:0.7rem\">\n<div class=\"wp-block-gt-gt-ws-thelis-product-surface\">\n\n        40m\u00b2\n<\/div>\n\n\n<div class=\"wp-block-gt-gt-ws-thelis-product-room\">\n        3              ruimte(s)    <\/div>\n\n\n\n\n<div class=\"wp-block-gt-gt-ws-thelis-product-capacity\">\n        6               persoon\/personen    <\/div><\/div>\n\n\n\n<div data-swiper=\"{&quot;speed&quot;:400,&quot;spaceBetween&quot;:16,&quot;slidesPerView&quot;:3,&quot;createElements&quot;:false,&quot;loop&quot;:true,&quot;freemode&quot;:true,&quot;breakpoints&quot;:{&quot;0&quot;:{&quot;slidesPerView&quot;:1},&quot;380&quot;:{&quot;slidesPerView&quot;:2},&quot;1024&quot;:{&quot;slidesPerView&quot;:3}},&quot;navigation&quot;:false,&quot;pagination&quot;:false,&quot;autoplay&quot;:{&quot;delay&quot;:3000}}\" class=\"wp-block-group criterion-container gt-is-slider gt-is-slider-desktop is-nowrap is-layout-flex wp-container-core-group-is-layout-6c531013 wp-block-group-is-layout-flex\">    <div class=\"wp-block-gt-gt-ws-thelis-product-option\">\n                            <div>Verwarming<\/div>\n            <\/div>\n\n\n\n\n\n\n    <div class=\"wp-block-gt-gt-ws-thelis-product-option\">\n                            <div>Magnetron<\/div>\n            <\/div>\n\n\n\n\n\n\n\n\n\n\n<\/div>\n\n\n\n<div class=\"wp-block-group is-content-justification-space-between is-nowrap is-layout-flex wp-container-core-group-is-layout-cb46ffcb wp-block-group-is-layout-flex\">    \n\t<div\n\t\tclass=\"price-content wp-block-gt-gt-ws-thelis-disponibilites\"\t\tdata-wp-interactive=\"gt\/thelis\"\n\t\tdata-wp-watch=\"actions.loadStays\"\n\t\tdata-wp-bind--data-gt-statut=\"state.statut\"\n\t\tdata-wp-key=\"59+1425-69f588497c471\"\n\t\tdata-wp-context='{\"idsProduct\":\"59+1425\",\"idProduct\":\"59\",\"campingKey\":\"1425\",\"isIndisponible\":true}'\t>\n\n\t\t\n\n\t\t<div data-wp-bind--hidden=\"state.isLoading\" class=\"gt-ws-thelis-disponibilite-wrap\">\n\n\t\t\t\n\t\t\t\t\t\n\t\t\t\t<div hidden \n\t\t\t\t\tclass=\"gt-ws-thelis__disponibilite__price\"\n\t\t\t\t\tdata-wp-bind--hidden=\"!state.price\"\n\t\t\t\t>\n\t\t\t\t\t<span>Vanaf <\/span>\n\t\t\t\t\t<span hidden class=\"gt-ws-thelis__disponibilite__price__original\" data-wp-bind--hidden=\"!state.hasPromo\">\n\t\t\t\t\t\t<strike><span data-wp-text=\"state.originalPrice\"><\/span>\u20ac<\/strike>\n\t\t\t\t\t<\/span>\n\t\t\t\t\t<span class=\"gt-ws-thelis__disponibilite__price__discounted\">\n\t\t\t\t\t\t<span data-wp-bind--data-gt-price=\"state.price\" class=\"gt-ws-thelis-data-price\" data-wp-text=\"state.price\"><\/span>\u20ac\n\t\t\t\t\t<\/span>\n\t\t\t\t<\/div>\n\t\t\t\n\t\t\t\n\t\t\t\n\t\t\t\n\t\t<\/div>\n\n\t<\/div>\n\n    \n\n\n<p class=\"wp-block-lire-more\">Ontdek<\/p>\n<\/div>\n<\/div>\n\n<\/li><li data-gt-bathrooms=\"1\" data-gt-camping=\"1425\" data-gt-capacity=\"6\" data-gt-criterions=\"&quot;[1,5,6,8,2057,11,8715,12,13]&quot;\" data-gt-gammes=\"97\" data-gt-post-id=\"54720\" data-gt-rooms=\"3\" data-gt-surfaces=\"35\" data-gt-types=\"Mobil-Home,location\" data-gt-ws-camping=\"1425\" data-wp-key=\"69f58849805b9\" class=\"wp-block-post post-54720 hebergement type-hebergement status-publish hentry gamme-premium-nl\">\n\n<div \n    class=\"wp-block-gt-gt-ws-thelis-product-images\"    data-wp-interactive=\"gt\/thelis\/hebergement\/image\"\n    data-gallery-images='[&quot;https:\\\/\\\/www.campingsannecy.com\\\/wp-content\\\/uploads\\\/gt-ws-thelis\\\/site-1\\\/images\\\/1425\\\/pict_60_1.jpg&quot;,&quot;https:\\\/\\\/www.campingsannecy.com\\\/wp-content\\\/uploads\\\/gt-ws-thelis\\\/site-1\\\/images\\\/1425\\\/pict_60_2.jpg&quot;]'\n    data-wp-context='{\"images\":[\"https:\\\/\\\/www.campingsannecy.com\\\/wp-content\\\/uploads\\\/gt-ws-thelis\\\/site-1\\\/images\\\/1425\\\/pict_60_1.jpg\",\"https:\\\/\\\/www.campingsannecy.com\\\/wp-content\\\/uploads\\\/gt-ws-thelis\\\/site-1\\\/images\\\/1425\\\/pict_60_2.jpg\"],\"jsonConfig\":{\"speed\":400,\"spaceBetween\":16,\"slidesPerView\":1,\"createElements\":true,\"loop\":true,\"freemode\":true,\"navigation\":{\"nextEl\":\"buttonNext\",\"prevEl\":\"buttonPrev\"},\"breakpoints\":{\"0\":{\"slidesPerView\":1},\"380\":[],\"1024\":[]},\"pagination\":false},\"sliderId\":\"69f588497c7cc\"}'>\n            <div \n            id=\"69f588497c7cc\"\n            class=\"gt-ws-thelis-is-slider swiper\" \n            data-swiper='{\"speed\":400,\"spaceBetween\":16,\"slidesPerView\":1,\"createElements\":true,\"loop\":true,\"freemode\":true,\"navigation\":{\"nextEl\":\"buttonNext\",\"prevEl\":\"buttonPrev\"},\"breakpoints\":{\"0\":{\"slidesPerView\":1},\"380\":[],\"1024\":[]},\"pagination\":false}'\n            data-wp-key=\"54720218bbc90af0991b4c3b8c59359dab75b\"\n            data-wp-run=\"callbacks.resetSwiper\"\n            data-wp-on--mouseover=\"callbacks.resetSwiper\"\n        >\n        <div class=\"swiper-wrapper\">\n                \n            \n            \n\n            <figure \n                class=\"wp-block-image swiper-slide\" \n                data-image-index=\"0\"\n            >\n                                    <img decoding=\"async\" \n                                                    style=\"aspect-ratio: 4\/3\" \n                                                src=\"https:\/\/www.campingsannecy.com\/wp-content\/uploads\/gt-ws-thelis\/site-1\/images\/1425\/pict_60_1.jpg\" \n                        alt=\"Cottage 6p 3 Kamers Premium\"\n                        loading=\"lazy\"\n                    >\n                                <\/figure>\n\n            \n        \n            \n            \n\n            <figure \n                class=\"wp-block-image swiper-slide\" \n                data-image-index=\"1\"\n            >\n                                    <img decoding=\"async\" \n                                                    style=\"aspect-ratio: 4\/3\" \n                                                src=\"https:\/\/www.campingsannecy.com\/wp-content\/uploads\/gt-ws-thelis\/site-1\/images\/1425\/pict_60_2.jpg\" \n                        alt=\"Cottage 6p 3 Kamers Premium\"\n                        loading=\"lazy\"\n                    >\n                                <\/figure>\n\n            \n        \n        \n            <\/div>\n            <div class=\"swiper-pagination\"><\/div>\n            <div class=\"swiper-button-prev\"><\/div>\n            <div class=\"swiper-button-next\"><\/div>\n        <\/div>\n        <\/div>\n\n\n<div class=\"wp-block-group has-small-font-size is-layout-flow wp-block-group-is-layout-flow\">    \n\t<div\n\t\tclass=\"wp-block-gt-gt-ws-thelis-disponibilites\"\t\tdata-wp-interactive=\"gt\/thelis\"\n\t\tdata-wp-watch=\"actions.loadStays\"\n\t\tdata-wp-bind--data-gt-statut=\"state.statut\"\n\t\tdata-wp-key=\"60+1425-69f588497c9c5\"\n\t\tdata-wp-context='{\"idsProduct\":\"60+1425\",\"idProduct\":\"60\",\"campingKey\":\"1425\",\"isIndisponible\":true}'\t>\n\n\t\t\t\t\t<div hidden class=\"gt-ws-thelis-spinner\" data-wp-bind--hidden=\"!state.isLoading\">\n\t\t\t\t<span class=\"loader\"><\/span>\n\t\t\t<\/div>\n\t\t\n\n\t\t<div data-wp-bind--hidden=\"state.isLoading\" class=\"gt-ws-thelis-disponibilite-wrap\">\n\n\t\t\t\t\t\t\t\t\t\t\t\t\t<div class=\"gt-ws-thelis-statut\" data-wp-text=\"state.titre\"><\/div>\n\t\t\t\t\t\t\t\t\n\t\t\t\n\t\t\t\n\t\t\t\n\t\t\t\n\t\t<\/div>\n\n\t<\/div>\n\n    <\/div>\n\n\n\n<div class=\"wp-block-group content-acc has-global-padding is-layout-constrained wp-block-group-is-layout-constrained\">\n<div class=\"wp-block-gt-gt-ws-thelis-product-camping\">\n    Yelloh! Village - Lo Velajo<\/div>\n\n\n<p style=\"font-size:clamp(0.984rem, 0.984rem + ((1vw - 0.2rem) * 0.671), 1.5rem);text-transform:uppercase;\" class=\"wp-elements-c7f20d0215fbda8b1273390b73f3ba94 wp-block-gt-gt-ws-thelis-product-name has-text-color has-custom-color-2-color has-righteous-font-family\">\n    Cottage 6p 3 Kamers Premium<\/p>\n\n\n\n<div class=\"wp-block-group is-content-justification-center is-layout-flex wp-container-core-group-is-layout-200d3eee wp-block-group-is-layout-flex\" style=\"font-size:0.7rem\">\n<div class=\"wp-block-gt-gt-ws-thelis-product-surface\">\n\n        35m\u00b2\n<\/div>\n\n\n<div class=\"wp-block-gt-gt-ws-thelis-product-room\">\n        3              ruimte(s)    <\/div>\n\n\n\n\n<div class=\"wp-block-gt-gt-ws-thelis-product-capacity\">\n        6               persoon\/personen    <\/div><\/div>\n\n\n\n<div data-swiper=\"{&quot;speed&quot;:400,&quot;spaceBetween&quot;:16,&quot;slidesPerView&quot;:3,&quot;createElements&quot;:false,&quot;loop&quot;:true,&quot;freemode&quot;:true,&quot;breakpoints&quot;:{&quot;0&quot;:{&quot;slidesPerView&quot;:1},&quot;380&quot;:{&quot;slidesPerView&quot;:2},&quot;1024&quot;:{&quot;slidesPerView&quot;:3}},&quot;navigation&quot;:false,&quot;pagination&quot;:false,&quot;autoplay&quot;:{&quot;delay&quot;:3000}}\" class=\"wp-block-group criterion-container gt-is-slider gt-is-slider-desktop is-nowrap is-layout-flex wp-container-core-group-is-layout-6c531013 wp-block-group-is-layout-flex\">    <div class=\"wp-block-gt-gt-ws-thelis-product-option\">\n                            <div>Verwarming<\/div>\n            <\/div>\n\n\n\n\n\n\n    <div class=\"wp-block-gt-gt-ws-thelis-product-option\">\n                            <div>Magnetron<\/div>\n            <\/div>\n\n\n    <div class=\"wp-block-gt-gt-ws-thelis-product-option\">\n                            <div>TV<\/div>\n            <\/div>\n\n\n\n\n\n\n\n\n<\/div>\n\n\n\n<div class=\"wp-block-group is-content-justification-space-between is-nowrap is-layout-flex wp-container-core-group-is-layout-cb46ffcb wp-block-group-is-layout-flex\">    \n\t<div\n\t\tclass=\"price-content wp-block-gt-gt-ws-thelis-disponibilites\"\t\tdata-wp-interactive=\"gt\/thelis\"\n\t\tdata-wp-watch=\"actions.loadStays\"\n\t\tdata-wp-bind--data-gt-statut=\"state.statut\"\n\t\tdata-wp-key=\"60+1425-69f588497d65e\"\n\t\tdata-wp-context='{\"idsProduct\":\"60+1425\",\"idProduct\":\"60\",\"campingKey\":\"1425\",\"isIndisponible\":true}'\t>\n\n\t\t\n\n\t\t<div data-wp-bind--hidden=\"state.isLoading\" class=\"gt-ws-thelis-disponibilite-wrap\">\n\n\t\t\t\n\t\t\t\t\t\n\t\t\t\t<div hidden \n\t\t\t\t\tclass=\"gt-ws-thelis__disponibilite__price\"\n\t\t\t\t\tdata-wp-bind--hidden=\"!state.price\"\n\t\t\t\t>\n\t\t\t\t\t<span>Vanaf <\/span>\n\t\t\t\t\t<span hidden class=\"gt-ws-thelis__disponibilite__price__original\" data-wp-bind--hidden=\"!state.hasPromo\">\n\t\t\t\t\t\t<strike><span data-wp-text=\"state.originalPrice\"><\/span>\u20ac<\/strike>\n\t\t\t\t\t<\/span>\n\t\t\t\t\t<span class=\"gt-ws-thelis__disponibilite__price__discounted\">\n\t\t\t\t\t\t<span data-wp-bind--data-gt-price=\"state.price\" class=\"gt-ws-thelis-data-price\" data-wp-text=\"state.price\"><\/span>\u20ac\n\t\t\t\t\t<\/span>\n\t\t\t\t<\/div>\n\t\t\t\n\t\t\t\n\t\t\t\n\t\t\t\n\t\t<\/div>\n\n\t<\/div>\n\n    \n\n\n<p class=\"wp-block-lire-more\">Ontdek<\/p>\n<\/div>\n<\/div>\n\n<\/li><li data-gt-bathrooms=\"2\" data-gt-camping=\"1531\" data-gt-capacity=\"6\" data-gt-criterions=\"&quot;[2,3,3763,8487,8506,15]&quot;\" data-gt-gammes=\"97\" data-gt-post-id=\"1913\" data-gt-rooms=\"3\" data-gt-surfaces=\"40\" data-gt-types=\"Mobil-Home,location\" data-gt-ws-camping=\"1531\" data-wp-key=\"69f588498074c\" class=\"wp-block-post post-1913 hebergement type-hebergement status-publish hentry gamme-premium-nl\">\n\n<div \n    class=\"wp-block-gt-gt-ws-thelis-product-images\"    data-wp-interactive=\"gt\/thelis\/hebergement\/image\"\n    data-gallery-images='[&quot;https:\\\/\\\/www.campingsannecy.com\\\/wp-content\\\/uploads\\\/gt-ws-thelis\\\/site-1\\\/images\\\/1531\\\/pict_48_4.jpg&quot;,&quot;https:\\\/\\\/www.campingsannecy.com\\\/wp-content\\\/uploads\\\/gt-ws-thelis\\\/site-1\\\/images\\\/1531\\\/pict_48_6.jpg&quot;,&quot;https:\\\/\\\/www.campingsannecy.com\\\/wp-content\\\/uploads\\\/gt-ws-thelis\\\/site-1\\\/images\\\/1531\\\/pict_48_2.jpg&quot;,&quot;https:\\\/\\\/www.campingsannecy.com\\\/wp-content\\\/uploads\\\/gt-ws-thelis\\\/site-1\\\/images\\\/1531\\\/pict_48_1.jpg&quot;,&quot;https:\\\/\\\/www.campingsannecy.com\\\/wp-content\\\/uploads\\\/gt-ws-thelis\\\/site-1\\\/images\\\/1531\\\/pict_48_3.jpg&quot;,&quot;https:\\\/\\\/www.campingsannecy.com\\\/wp-content\\\/uploads\\\/gt-ws-thelis\\\/site-1\\\/images\\\/1531\\\/pict_48_5.jpg&quot;]'\n    data-wp-context='{\"images\":[\"https:\\\/\\\/www.campingsannecy.com\\\/wp-content\\\/uploads\\\/gt-ws-thelis\\\/site-1\\\/images\\\/1531\\\/pict_48_4.jpg\",\"https:\\\/\\\/www.campingsannecy.com\\\/wp-content\\\/uploads\\\/gt-ws-thelis\\\/site-1\\\/images\\\/1531\\\/pict_48_6.jpg\",\"https:\\\/\\\/www.campingsannecy.com\\\/wp-content\\\/uploads\\\/gt-ws-thelis\\\/site-1\\\/images\\\/1531\\\/pict_48_2.jpg\",\"https:\\\/\\\/www.campingsannecy.com\\\/wp-content\\\/uploads\\\/gt-ws-thelis\\\/site-1\\\/images\\\/1531\\\/pict_48_1.jpg\",\"https:\\\/\\\/www.campingsannecy.com\\\/wp-content\\\/uploads\\\/gt-ws-thelis\\\/site-1\\\/images\\\/1531\\\/pict_48_3.jpg\",\"https:\\\/\\\/www.campingsannecy.com\\\/wp-content\\\/uploads\\\/gt-ws-thelis\\\/site-1\\\/images\\\/1531\\\/pict_48_5.jpg\"],\"jsonConfig\":{\"speed\":400,\"spaceBetween\":16,\"slidesPerView\":1,\"createElements\":true,\"loop\":true,\"freemode\":true,\"navigation\":{\"nextEl\":\"buttonNext\",\"prevEl\":\"buttonPrev\"},\"breakpoints\":{\"0\":{\"slidesPerView\":1},\"380\":[],\"1024\":[]},\"pagination\":false},\"sliderId\":\"69f588497da43\"}'>\n            <div \n            id=\"69f588497da43\"\n            class=\"gt-ws-thelis-is-slider swiper\" \n            data-swiper='{\"speed\":400,\"spaceBetween\":16,\"slidesPerView\":1,\"createElements\":true,\"loop\":true,\"freemode\":true,\"navigation\":{\"nextEl\":\"buttonNext\",\"prevEl\":\"buttonPrev\"},\"breakpoints\":{\"0\":{\"slidesPerView\":1},\"380\":[],\"1024\":[]},\"pagination\":false}'\n            data-wp-key=\"1913218bbc90af0991b4c3b8c59359dab75b\"\n            data-wp-run=\"callbacks.resetSwiper\"\n            data-wp-on--mouseover=\"callbacks.resetSwiper\"\n        >\n        <div class=\"swiper-wrapper\">\n                \n            \n            \n\n            <figure \n                class=\"wp-block-image swiper-slide\" \n                data-image-index=\"0\"\n            >\n                                    <img decoding=\"async\" \n                                                    style=\"aspect-ratio: 4\/3\" \n                                                src=\"https:\/\/www.campingsannecy.com\/wp-content\/uploads\/gt-ws-thelis\/site-1\/images\/1531\/pict_48_1.jpg\" \n                        alt=\"Cottage Taos 2 Bdk Premium airco\"\n                        loading=\"lazy\"\n                    >\n                                <\/figure>\n\n            \n        \n            \n            \n\n            <figure \n                class=\"wp-block-image swiper-slide\" \n                data-image-index=\"1\"\n            >\n                                    <img decoding=\"async\" \n                                                    style=\"aspect-ratio: 4\/3\" \n                                                src=\"https:\/\/www.campingsannecy.com\/wp-content\/uploads\/gt-ws-thelis\/site-1\/images\/1531\/pict_48_2.jpg\" \n                        alt=\"Cottage Taos 2 Bdk Premium airco\"\n                        loading=\"lazy\"\n                    >\n                                <\/figure>\n\n            \n        \n            \n            \n\n            <figure \n                class=\"wp-block-image swiper-slide\" \n                data-image-index=\"2\"\n            >\n                                    <img decoding=\"async\" \n                                                    style=\"aspect-ratio: 4\/3\" \n                                                src=\"https:\/\/www.campingsannecy.com\/wp-content\/uploads\/gt-ws-thelis\/site-1\/images\/1531\/pict_48_3.jpg\" \n                        alt=\"Cottage Taos 2 Bdk Premium airco\"\n                        loading=\"lazy\"\n                    >\n                                <\/figure>\n\n            \n        \n            \n            \n\n            <figure \n                class=\"wp-block-image swiper-slide\" \n                data-image-index=\"3\"\n            >\n                                    <img decoding=\"async\" \n                                                    style=\"aspect-ratio: 4\/3\" \n                                                src=\"https:\/\/www.campingsannecy.com\/wp-content\/uploads\/gt-ws-thelis\/site-1\/images\/1531\/pict_48_4.jpg\" \n                        alt=\"Cottage Taos 2 Bdk Premium airco\"\n                        loading=\"lazy\"\n                    >\n                                <\/figure>\n\n            \n        \n            \n            \n\n            <figure \n                class=\"wp-block-image swiper-slide\" \n                data-image-index=\"4\"\n            >\n                                    <img decoding=\"async\" \n                                                    style=\"aspect-ratio: 4\/3\" \n                                                src=\"https:\/\/www.campingsannecy.com\/wp-content\/uploads\/gt-ws-thelis\/site-1\/images\/1531\/pict_48_5.jpg\" \n                        alt=\"Cottage Taos 2 Bdk Premium airco\"\n                        loading=\"lazy\"\n                    >\n                                <\/figure>\n\n            \n        \n            \n            \n\n            <figure \n                class=\"wp-block-image swiper-slide\" \n                data-image-index=\"5\"\n            >\n                                    <img decoding=\"async\" \n                                                    style=\"aspect-ratio: 4\/3\" \n                                                src=\"https:\/\/www.campingsannecy.com\/wp-content\/uploads\/gt-ws-thelis\/site-1\/images\/1531\/pict_48_6.jpg\" \n                        alt=\"Cottage Taos 2 Bdk Premium airco\"\n                        loading=\"lazy\"\n                    >\n                                <\/figure>\n\n            \n        \n        \n            <\/div>\n            <div class=\"swiper-pagination\"><\/div>\n            <div class=\"swiper-button-prev\"><\/div>\n            <div class=\"swiper-button-next\"><\/div>\n        <\/div>\n        <\/div>\n\n\n<div class=\"wp-block-group has-small-font-size is-layout-flow wp-block-group-is-layout-flow\">    \n\t<div\n\t\tclass=\"wp-block-gt-gt-ws-thelis-disponibilites\"\t\tdata-wp-interactive=\"gt\/thelis\"\n\t\tdata-wp-watch=\"actions.loadStays\"\n\t\tdata-wp-bind--data-gt-statut=\"state.statut\"\n\t\tdata-wp-key=\"48+1531-69f588497dd65\"\n\t\tdata-wp-context='{\"idsProduct\":\"48+1531\",\"idProduct\":\"48\",\"campingKey\":\"1531\",\"isIndisponible\":true}'\t>\n\n\t\t\t\t\t<div hidden class=\"gt-ws-thelis-spinner\" data-wp-bind--hidden=\"!state.isLoading\">\n\t\t\t\t<span class=\"loader\"><\/span>\n\t\t\t<\/div>\n\t\t\n\n\t\t<div data-wp-bind--hidden=\"state.isLoading\" class=\"gt-ws-thelis-disponibilite-wrap\">\n\n\t\t\t\t\t\t\t\t\t\t\t\t\t<div class=\"gt-ws-thelis-statut\" data-wp-text=\"state.titre\"><\/div>\n\t\t\t\t\t\t\t\t\n\t\t\t\n\t\t\t\n\t\t\t\n\t\t\t\n\t\t<\/div>\n\n\t<\/div>\n\n    <\/div>\n\n\n\n<div class=\"wp-block-group content-acc has-global-padding is-layout-constrained wp-block-group-is-layout-constrained\">\n<div class=\"wp-block-gt-gt-ws-thelis-product-camping\">\n    Yelloh! Village - Les Fontaines<\/div>\n\n\n<p style=\"font-size:clamp(0.984rem, 0.984rem + ((1vw - 0.2rem) * 0.671), 1.5rem);text-transform:uppercase;\" class=\"wp-elements-c7f20d0215fbda8b1273390b73f3ba94 wp-block-gt-gt-ws-thelis-product-name has-text-color has-custom-color-2-color has-righteous-font-family\">\n    Cottage Taos 2 Bdk Premium airco<\/p>\n\n\n\n<div class=\"wp-block-group is-content-justification-center is-layout-flex wp-container-core-group-is-layout-200d3eee wp-block-group-is-layout-flex\" style=\"font-size:0.7rem\">\n<div class=\"wp-block-gt-gt-ws-thelis-product-surface\">\n\n        40m\u00b2\n<\/div>\n\n\n<div class=\"wp-block-gt-gt-ws-thelis-product-room\">\n        3              ruimte(s)    <\/div>\n\n\n\n\n<div class=\"wp-block-gt-gt-ws-thelis-product-capacity\">\n        6               persoon\/personen    <\/div><\/div>\n\n\n\n<div data-swiper=\"{&quot;speed&quot;:400,&quot;spaceBetween&quot;:16,&quot;slidesPerView&quot;:3,&quot;createElements&quot;:false,&quot;loop&quot;:true,&quot;freemode&quot;:true,&quot;breakpoints&quot;:{&quot;0&quot;:{&quot;slidesPerView&quot;:1},&quot;380&quot;:{&quot;slidesPerView&quot;:2},&quot;1024&quot;:{&quot;slidesPerView&quot;:3}},&quot;navigation&quot;:false,&quot;pagination&quot;:false,&quot;autoplay&quot;:{&quot;delay&quot;:3000}}\" class=\"wp-block-group criterion-container gt-is-slider gt-is-slider-desktop is-nowrap is-layout-flex wp-container-core-group-is-layout-6c531013 wp-block-group-is-layout-flex\">\n\n    <div class=\"wp-block-gt-gt-ws-thelis-product-option\">\n                            <div>Airco<\/div>\n            <\/div>\n\n\n    <div class=\"wp-block-gt-gt-ws-thelis-product-option\">\n                            <div>Vaatwasser<\/div>\n            <\/div>\n\n\n\n\n\n\n    <div class=\"wp-block-gt-gt-ws-thelis-product-option\">\n                            <div>Uitzicht<\/div>\n            <\/div>\n\n\n\n\n\n\n    <div class=\"wp-block-gt-gt-ws-thelis-product-option\">\n                            <div>Gasplancha<\/div>\n            <\/div>\n<\/div>\n\n\n\n<div class=\"wp-block-group is-content-justification-space-between is-nowrap is-layout-flex wp-container-core-group-is-layout-cb46ffcb wp-block-group-is-layout-flex\">    \n\t<div\n\t\tclass=\"price-content wp-block-gt-gt-ws-thelis-disponibilites\"\t\tdata-wp-interactive=\"gt\/thelis\"\n\t\tdata-wp-watch=\"actions.loadStays\"\n\t\tdata-wp-bind--data-gt-statut=\"state.statut\"\n\t\tdata-wp-key=\"48+1531-69f588497e95f\"\n\t\tdata-wp-context='{\"idsProduct\":\"48+1531\",\"idProduct\":\"48\",\"campingKey\":\"1531\",\"isIndisponible\":true}'\t>\n\n\t\t\n\n\t\t<div data-wp-bind--hidden=\"state.isLoading\" class=\"gt-ws-thelis-disponibilite-wrap\">\n\n\t\t\t\n\t\t\t\t\t\n\t\t\t\t<div hidden \n\t\t\t\t\tclass=\"gt-ws-thelis__disponibilite__price\"\n\t\t\t\t\tdata-wp-bind--hidden=\"!state.price\"\n\t\t\t\t>\n\t\t\t\t\t<span>Vanaf <\/span>\n\t\t\t\t\t<span hidden class=\"gt-ws-thelis__disponibilite__price__original\" data-wp-bind--hidden=\"!state.hasPromo\">\n\t\t\t\t\t\t<strike><span data-wp-text=\"state.originalPrice\"><\/span>\u20ac<\/strike>\n\t\t\t\t\t<\/span>\n\t\t\t\t\t<span class=\"gt-ws-thelis__disponibilite__price__discounted\">\n\t\t\t\t\t\t<span data-wp-bind--data-gt-price=\"state.price\" class=\"gt-ws-thelis-data-price\" data-wp-text=\"state.price\"><\/span>\u20ac\n\t\t\t\t\t<\/span>\n\t\t\t\t<\/div>\n\t\t\t\n\t\t\t\n\t\t\t\n\t\t\t\n\t\t<\/div>\n\n\t<\/div>\n\n    \n\n\n<p class=\"wp-block-lire-more\">Ontdek<\/p>\n<\/div>\n<\/div>\n\n<\/li><\/ul><\/div>\n<\/div>\n\n\n\n<div class=\"wp-block-group has-global-padding is-layout-constrained wp-block-group-is-layout-constrained\" style=\"margin-bottom:5rem\">\n<div data-wp-context=\"{}\" data-wp-interactive=\"core\/query\" data-wp-key=\"29\" data-wp-router-region=\"query-29\" class=\"wp-block-query alignwide gt-ws-thelis-hebergements-query is-layout-flow wp-block-query-is-layout-flow\">\n<div class=\"wp-block-group is-nowrap is-layout-flex wp-container-core-group-is-layout-2022d268 wp-block-group-is-layout-flex\" style=\"margin-bottom:2rem\">\n<p class=\"has-base-2-color has-text-color has-link-color has-righteous-font-family wp-elements-2de8d688ff18c7b9e9fcdf5da0752f91\" style=\"font-size:clamp(21.027px, 1.314rem + ((1vw - 3.2px) * 1.055), 34px);text-transform:uppercase\">Ons assortiment<\/p>\n\n\n\n<figure class=\"wp-block-image size-large\"><img decoding=\"async\" width=\"160\" height=\"42\" src=\"https:\/\/www.campingsannecy.com\/wp-content\/uploads\/2025\/04\/flower_orange_3-2.svg\" alt=\"bloem  \" class=\"wp-image-1879\"\/><\/figure>\n<\/div>\n\n\n\n<div \n    class=\"wp-elements-a0c9355b9d4ec320a2d7c38e9775d587 wp-block-gt-gt-ws-thelis-product-no-results has-text-color has-base-2-color has-text-align-left\"    data-wp-interactive=\"gt\/thelis\"\n    >\n   \n\n<p class=\"has-base-2-color has-text-color has-link-color wp-elements-303f428bc689c390a7b127d33cfe1974\">Geen enkele accommodatie in dit aanbod voldoet aan je criteria.<\/p>\n\n   <button\n    data-wp-on--click=\"actions.clearAllFilters\"\n   >\n        <i class=\"fas fa-undo-alt\"><\/i>\n        Herinitialiseer de filters    <\/button>\n<\/div>\n\n\n<ul class=\"columns-3 wp-block-post-template is-layout-grid wp-container-core-post-template-is-layout-6d3fbd8f wp-block-post-template-is-layout-grid\"><li data-gt-bathrooms=\"1\" data-gt-camping=\"1425\" data-gt-capacity=\"6\" data-gt-criterions=\"&quot;[1,5,8,2057,11,2731,8715,12,13]&quot;\" data-gt-gammes=\"93\" data-gt-post-id=\"1898\" data-gt-rooms=\"3\" data-gt-surfaces=\"35\" data-gt-types=\"Mobil-Home,location\" data-gt-ws-camping=\"1425\" data-wp-key=\"69f588498bbab\" class=\"wp-block-post post-1898 hebergement type-hebergement status-publish hentry gamme-4-bloemen\">\n\n<div \n    class=\"wp-block-gt-gt-ws-thelis-product-images\"    data-wp-interactive=\"gt\/thelis\/hebergement\/image\"\n    data-gallery-images='[&quot;https:\\\/\\\/www.campingsannecy.com\\\/wp-content\\\/uploads\\\/gt-ws-thelis\\\/site-1\\\/images\\\/1425\\\/pict_58_1.jpg&quot;,&quot;https:\\\/\\\/www.campingsannecy.com\\\/wp-content\\\/uploads\\\/gt-ws-thelis\\\/site-1\\\/images\\\/1425\\\/pict_58_5.jpg&quot;,&quot;https:\\\/\\\/www.campingsannecy.com\\\/wp-content\\\/uploads\\\/gt-ws-thelis\\\/site-1\\\/images\\\/1425\\\/pict_58_6.jpg&quot;,&quot;https:\\\/\\\/www.campingsannecy.com\\\/wp-content\\\/uploads\\\/gt-ws-thelis\\\/site-1\\\/images\\\/1425\\\/pict_58_4.jpg&quot;,&quot;https:\\\/\\\/www.campingsannecy.com\\\/wp-content\\\/uploads\\\/gt-ws-thelis\\\/site-1\\\/images\\\/1425\\\/pict_58_3.jpg&quot;,&quot;https:\\\/\\\/www.campingsannecy.com\\\/wp-content\\\/uploads\\\/gt-ws-thelis\\\/site-1\\\/images\\\/1425\\\/pict_58_2.jpg&quot;]'\n    data-wp-context='{\"images\":[\"https:\\\/\\\/www.campingsannecy.com\\\/wp-content\\\/uploads\\\/gt-ws-thelis\\\/site-1\\\/images\\\/1425\\\/pict_58_1.jpg\",\"https:\\\/\\\/www.campingsannecy.com\\\/wp-content\\\/uploads\\\/gt-ws-thelis\\\/site-1\\\/images\\\/1425\\\/pict_58_5.jpg\",\"https:\\\/\\\/www.campingsannecy.com\\\/wp-content\\\/uploads\\\/gt-ws-thelis\\\/site-1\\\/images\\\/1425\\\/pict_58_6.jpg\",\"https:\\\/\\\/www.campingsannecy.com\\\/wp-content\\\/uploads\\\/gt-ws-thelis\\\/site-1\\\/images\\\/1425\\\/pict_58_4.jpg\",\"https:\\\/\\\/www.campingsannecy.com\\\/wp-content\\\/uploads\\\/gt-ws-thelis\\\/site-1\\\/images\\\/1425\\\/pict_58_3.jpg\",\"https:\\\/\\\/www.campingsannecy.com\\\/wp-content\\\/uploads\\\/gt-ws-thelis\\\/site-1\\\/images\\\/1425\\\/pict_58_2.jpg\"],\"jsonConfig\":{\"speed\":400,\"spaceBetween\":16,\"slidesPerView\":1,\"createElements\":true,\"loop\":true,\"freemode\":true,\"navigation\":{\"nextEl\":\"buttonNext\",\"prevEl\":\"buttonPrev\"},\"breakpoints\":{\"0\":{\"slidesPerView\":1},\"380\":[],\"1024\":[]},\"pagination\":false},\"sliderId\":\"69f5884982734\"}'>\n            <div \n            id=\"69f5884982734\"\n            class=\"gt-ws-thelis-is-slider swiper\" \n            data-swiper='{\"speed\":400,\"spaceBetween\":16,\"slidesPerView\":1,\"createElements\":true,\"loop\":true,\"freemode\":true,\"navigation\":{\"nextEl\":\"buttonNext\",\"prevEl\":\"buttonPrev\"},\"breakpoints\":{\"0\":{\"slidesPerView\":1},\"380\":[],\"1024\":[]},\"pagination\":false}'\n            data-wp-key=\"1898218bbc90af0991b4c3b8c59359dab75b\"\n            data-wp-run=\"callbacks.resetSwiper\"\n            data-wp-on--mouseover=\"callbacks.resetSwiper\"\n        >\n        <div class=\"swiper-wrapper\">\n                \n            \n            \n\n            <figure \n                class=\"wp-block-image swiper-slide\" \n                data-image-index=\"0\"\n            >\n                                    <img decoding=\"async\" \n                                                    style=\"aspect-ratio: 4\/3\" \n                                                src=\"https:\/\/www.campingsannecy.com\/wp-content\/uploads\/gt-ws-thelis\/site-1\/images\/1425\/pict_58_1.jpg\" \n                        alt=\"Cottage 6p 3 Kamers ****\"\n                        loading=\"lazy\"\n                    >\n                                <\/figure>\n\n            \n        \n            \n            \n\n            <figure \n                class=\"wp-block-image swiper-slide\" \n                data-image-index=\"1\"\n            >\n                                    <img decoding=\"async\" \n                                                    style=\"aspect-ratio: 4\/3\" \n                                                src=\"https:\/\/www.campingsannecy.com\/wp-content\/uploads\/gt-ws-thelis\/site-1\/images\/1425\/pict_58_2.jpg\" \n                        alt=\"Cottage 6p 3 Kamers ****\"\n                        loading=\"lazy\"\n                    >\n                                <\/figure>\n\n            \n        \n            \n            \n\n            <figure \n                class=\"wp-block-image swiper-slide\" \n                data-image-index=\"2\"\n            >\n                                    <img decoding=\"async\" \n                                                    style=\"aspect-ratio: 4\/3\" \n                                                src=\"https:\/\/www.campingsannecy.com\/wp-content\/uploads\/gt-ws-thelis\/site-1\/images\/1425\/pict_58_3.jpg\" \n                        alt=\"Cottage 6p 3 Kamers ****\"\n                        loading=\"lazy\"\n                    >\n                                <\/figure>\n\n            \n        \n            \n            \n\n            <figure \n                class=\"wp-block-image swiper-slide\" \n                data-image-index=\"3\"\n            >\n                                    <img decoding=\"async\" \n                                                    style=\"aspect-ratio: 4\/3\" \n                                                src=\"https:\/\/www.campingsannecy.com\/wp-content\/uploads\/gt-ws-thelis\/site-1\/images\/1425\/pict_58_4.jpg\" \n                        alt=\"Cottage 6p 3 Kamers ****\"\n                        loading=\"lazy\"\n                    >\n                                <\/figure>\n\n            \n        \n            \n            \n\n            <figure \n                class=\"wp-block-image swiper-slide\" \n                data-image-index=\"4\"\n            >\n                                    <img decoding=\"async\" \n                                                    style=\"aspect-ratio: 4\/3\" \n                                                src=\"https:\/\/www.campingsannecy.com\/wp-content\/uploads\/gt-ws-thelis\/site-1\/images\/1425\/pict_58_5.jpg\" \n                        alt=\"Cottage 6p 3 Kamers ****\"\n                        loading=\"lazy\"\n                    >\n                                <\/figure>\n\n            \n        \n            \n            \n\n            <figure \n                class=\"wp-block-image swiper-slide\" \n                data-image-index=\"5\"\n            >\n                                    <img decoding=\"async\" \n                                                    style=\"aspect-ratio: 4\/3\" \n                                                src=\"https:\/\/www.campingsannecy.com\/wp-content\/uploads\/gt-ws-thelis\/site-1\/images\/1425\/pict_58_6.jpg\" \n                        alt=\"Cottage 6p 3 Kamers ****\"\n                        loading=\"lazy\"\n                    >\n                                <\/figure>\n\n            \n        \n        \n            <\/div>\n            <div class=\"swiper-pagination\"><\/div>\n            <div class=\"swiper-button-prev\"><\/div>\n            <div class=\"swiper-button-next\"><\/div>\n        <\/div>\n        <\/div>\n\n\n<div class=\"wp-block-group has-small-font-size is-layout-flow wp-block-group-is-layout-flow\">    \n\t<div\n\t\tclass=\"wp-block-gt-gt-ws-thelis-disponibilites\"\t\tdata-wp-interactive=\"gt\/thelis\"\n\t\tdata-wp-watch=\"actions.loadStays\"\n\t\tdata-wp-bind--data-gt-statut=\"state.statut\"\n\t\tdata-wp-key=\"58+1425-69f588498297f\"\n\t\tdata-wp-context='{\"idsProduct\":\"58+1425\",\"idProduct\":\"58\",\"campingKey\":\"1425\",\"isIndisponible\":true}'\t>\n\n\t\t\t\t\t<div hidden class=\"gt-ws-thelis-spinner\" data-wp-bind--hidden=\"!state.isLoading\">\n\t\t\t\t<span class=\"loader\"><\/span>\n\t\t\t<\/div>\n\t\t\n\n\t\t<div data-wp-bind--hidden=\"state.isLoading\" class=\"gt-ws-thelis-disponibilite-wrap\">\n\n\t\t\t\t\t\t\t\t\t\t\t\t\t<div class=\"gt-ws-thelis-statut\" data-wp-text=\"state.titre\"><\/div>\n\t\t\t\t\t\t\t\t\n\t\t\t\n\t\t\t\n\t\t\t\n\t\t\t\n\t\t<\/div>\n\n\t<\/div>\n\n    <\/div>\n\n\n\n<div class=\"wp-block-group content-acc has-global-padding is-layout-constrained wp-block-group-is-layout-constrained\">\n<div class=\"wp-block-gt-gt-ws-thelis-product-camping\">\n    Yelloh! Village - Lo Velajo<\/div>\n\n\n<p style=\"font-size:clamp(0.984rem, 0.984rem + ((1vw - 0.2rem) * 0.671), 1.5rem);text-transform:uppercase;\" class=\"wp-elements-c7f20d0215fbda8b1273390b73f3ba94 wp-block-gt-gt-ws-thelis-product-name has-text-color has-custom-color-2-color has-righteous-font-family\">\n    Cottage 6p 3 Kamers <\/p>\n\n\n\n<div class=\"wp-block-group is-content-justification-center is-layout-flex wp-container-core-group-is-layout-200d3eee wp-block-group-is-layout-flex\" style=\"font-size:0.7rem\">\n<div class=\"wp-block-gt-gt-ws-thelis-product-surface\">\n\n        35m\u00b2\n<\/div>\n\n\n<div class=\"wp-block-gt-gt-ws-thelis-product-room\">\n        3              ruimte(s)    <\/div>\n\n\n\n\n<div class=\"wp-block-gt-gt-ws-thelis-product-capacity\">\n        6               persoon\/personen    <\/div><\/div>\n\n\n\n<div data-swiper=\"{&quot;speed&quot;:400,&quot;spaceBetween&quot;:16,&quot;slidesPerView&quot;:3,&quot;createElements&quot;:false,&quot;loop&quot;:true,&quot;freemode&quot;:true,&quot;breakpoints&quot;:{&quot;0&quot;:{&quot;slidesPerView&quot;:1},&quot;380&quot;:{&quot;slidesPerView&quot;:2},&quot;1024&quot;:{&quot;slidesPerView&quot;:3}},&quot;navigation&quot;:false,&quot;pagination&quot;:false,&quot;autoplay&quot;:{&quot;delay&quot;:3000}}\" class=\"wp-block-group criterion-container gt-is-slider gt-is-slider-desktop is-nowrap is-layout-flex wp-container-core-group-is-layout-6c531013 wp-block-group-is-layout-flex\">    <div class=\"wp-block-gt-gt-ws-thelis-product-option\">\n                            <div>Verwarming<\/div>\n            <\/div>\n\n\n\n\n\n\n    <div class=\"wp-block-gt-gt-ws-thelis-product-option\">\n                            <div>Magnetron<\/div>\n            <\/div>\n\n\n    <div class=\"wp-block-gt-gt-ws-thelis-product-option\">\n                            <div>TV<\/div>\n            <\/div>\n\n\n\n\n\n\n\n\n<\/div>\n\n\n\n<div class=\"wp-block-group is-content-justification-space-between is-nowrap is-layout-flex wp-container-core-group-is-layout-cb46ffcb wp-block-group-is-layout-flex\">    \n\t<div\n\t\tclass=\"price-content wp-block-gt-gt-ws-thelis-disponibilites\"\t\tdata-wp-interactive=\"gt\/thelis\"\n\t\tdata-wp-watch=\"actions.loadStays\"\n\t\tdata-wp-bind--data-gt-statut=\"state.statut\"\n\t\tdata-wp-key=\"58+1425-69f5884983100\"\n\t\tdata-wp-context='{\"idsProduct\":\"58+1425\",\"idProduct\":\"58\",\"campingKey\":\"1425\",\"isIndisponible\":true}'\t>\n\n\t\t\n\n\t\t<div data-wp-bind--hidden=\"state.isLoading\" class=\"gt-ws-thelis-disponibilite-wrap\">\n\n\t\t\t\n\t\t\t\t\t\n\t\t\t\t<div hidden \n\t\t\t\t\tclass=\"gt-ws-thelis__disponibilite__price\"\n\t\t\t\t\tdata-wp-bind--hidden=\"!state.price\"\n\t\t\t\t>\n\t\t\t\t\t<span>Vanaf <\/span>\n\t\t\t\t\t<span hidden class=\"gt-ws-thelis__disponibilite__price__original\" data-wp-bind--hidden=\"!state.hasPromo\">\n\t\t\t\t\t\t<strike><span data-wp-text=\"state.originalPrice\"><\/span>\u20ac<\/strike>\n\t\t\t\t\t<\/span>\n\t\t\t\t\t<span class=\"gt-ws-thelis__disponibilite__price__discounted\">\n\t\t\t\t\t\t<span data-wp-bind--data-gt-price=\"state.price\" class=\"gt-ws-thelis-data-price\" data-wp-text=\"state.price\"><\/span>\u20ac\n\t\t\t\t\t<\/span>\n\t\t\t\t<\/div>\n\t\t\t\n\t\t\t\n\t\t\t\n\t\t\t\n\t\t<\/div>\n\n\t<\/div>\n\n    \n\n\n<p class=\"wp-block-lire-more\">Ontdek<\/p>\n<\/div>\n<\/div>\n\n<\/li><li data-gt-bathrooms=\"2\" data-gt-camping=\"5006\" data-gt-capacity=\"4\" data-gt-criterions=\"&quot;[2209,2,2210,3,5,6,8,11,12,13,2206,16]&quot;\" data-gt-gammes=\"93\" data-gt-post-id=\"1927\" data-gt-rooms=\"2\" data-gt-surfaces=\"33\" data-gt-types=\"Mobil-Home,location\" data-gt-ws-camping=\"5006\" data-wp-key=\"69f588498bce1\" class=\"wp-block-post post-1927 hebergement type-hebergement status-publish hentry gamme-4-bloemen\">\n\n<div \n    class=\"wp-block-gt-gt-ws-thelis-product-images\"    data-wp-interactive=\"gt\/thelis\/hebergement\/image\"\n    data-gallery-images='[&quot;https:\\\/\\\/www.campingsannecy.com\\\/wp-content\\\/uploads\\\/gt-ws-thelis\\\/site-1\\\/images\\\/5006\\\/pict_63_1.jpg&quot;,&quot;https:\\\/\\\/www.campingsannecy.com\\\/wp-content\\\/uploads\\\/gt-ws-thelis\\\/site-1\\\/images\\\/5006\\\/pict_63_2.jpg&quot;,&quot;https:\\\/\\\/www.campingsannecy.com\\\/wp-content\\\/uploads\\\/gt-ws-thelis\\\/site-1\\\/images\\\/5006\\\/pict_63_5.jpg&quot;,&quot;https:\\\/\\\/www.campingsannecy.com\\\/wp-content\\\/uploads\\\/gt-ws-thelis\\\/site-1\\\/images\\\/5006\\\/pict_63_3.jpg&quot;,&quot;https:\\\/\\\/www.campingsannecy.com\\\/wp-content\\\/uploads\\\/gt-ws-thelis\\\/site-1\\\/images\\\/5006\\\/pict_63_4.jpg&quot;]'\n    data-wp-context='{\"images\":[\"https:\\\/\\\/www.campingsannecy.com\\\/wp-content\\\/uploads\\\/gt-ws-thelis\\\/site-1\\\/images\\\/5006\\\/pict_63_1.jpg\",\"https:\\\/\\\/www.campingsannecy.com\\\/wp-content\\\/uploads\\\/gt-ws-thelis\\\/site-1\\\/images\\\/5006\\\/pict_63_2.jpg\",\"https:\\\/\\\/www.campingsannecy.com\\\/wp-content\\\/uploads\\\/gt-ws-thelis\\\/site-1\\\/images\\\/5006\\\/pict_63_5.jpg\",\"https:\\\/\\\/www.campingsannecy.com\\\/wp-content\\\/uploads\\\/gt-ws-thelis\\\/site-1\\\/images\\\/5006\\\/pict_63_3.jpg\",\"https:\\\/\\\/www.campingsannecy.com\\\/wp-content\\\/uploads\\\/gt-ws-thelis\\\/site-1\\\/images\\\/5006\\\/pict_63_4.jpg\"],\"jsonConfig\":{\"speed\":400,\"spaceBetween\":16,\"slidesPerView\":1,\"createElements\":true,\"loop\":true,\"freemode\":true,\"navigation\":{\"nextEl\":\"buttonNext\",\"prevEl\":\"buttonPrev\"},\"breakpoints\":{\"0\":{\"slidesPerView\":1},\"380\":[],\"1024\":[]},\"pagination\":false},\"sliderId\":\"69f5884983399\"}'>\n            <div \n            id=\"69f5884983399\"\n            class=\"gt-ws-thelis-is-slider swiper\" \n            data-swiper='{\"speed\":400,\"spaceBetween\":16,\"slidesPerView\":1,\"createElements\":true,\"loop\":true,\"freemode\":true,\"navigation\":{\"nextEl\":\"buttonNext\",\"prevEl\":\"buttonPrev\"},\"breakpoints\":{\"0\":{\"slidesPerView\":1},\"380\":[],\"1024\":[]},\"pagination\":false}'\n            data-wp-key=\"1927218bbc90af0991b4c3b8c59359dab75b\"\n            data-wp-run=\"callbacks.resetSwiper\"\n            data-wp-on--mouseover=\"callbacks.resetSwiper\"\n        >\n        <div class=\"swiper-wrapper\">\n                \n            \n            \n\n            <figure \n                class=\"wp-block-image swiper-slide\" \n                data-image-index=\"0\"\n            >\n                                    <img decoding=\"async\" \n                                                    style=\"aspect-ratio: 4\/3\" \n                                                src=\"https:\/\/www.campingsannecy.com\/wp-content\/uploads\/gt-ws-thelis\/site-1\/images\/5006\/pict_63_1.jpg\" \n                        alt=\"Cottage Prairie 4p 2Ka 2Bdk****A\/C uitzicht bergen\"\n                        loading=\"lazy\"\n                    >\n                                <\/figure>\n\n            \n        \n            \n            \n\n            <figure \n                class=\"wp-block-image swiper-slide\" \n                data-image-index=\"1\"\n            >\n                                    <img decoding=\"async\" \n                                                    style=\"aspect-ratio: 4\/3\" \n                                                src=\"https:\/\/www.campingsannecy.com\/wp-content\/uploads\/gt-ws-thelis\/site-1\/images\/5006\/pict_63_2.jpg\" \n                        alt=\"Cottage Prairie 4p 2Ka 2Bdk****A\/C uitzicht bergen\"\n                        loading=\"lazy\"\n                    >\n                                <\/figure>\n\n            \n        \n            \n            \n\n            <figure \n                class=\"wp-block-image swiper-slide\" \n                data-image-index=\"2\"\n            >\n                                    <img decoding=\"async\" \n                                                    style=\"aspect-ratio: 4\/3\" \n                                                src=\"https:\/\/www.campingsannecy.com\/wp-content\/uploads\/gt-ws-thelis\/site-1\/images\/5006\/pict_63_3.jpg\" \n                        alt=\"Cottage Prairie 4p 2Ka 2Bdk****A\/C uitzicht bergen\"\n                        loading=\"lazy\"\n                    >\n                                <\/figure>\n\n            \n        \n            \n            \n\n            <figure \n                class=\"wp-block-image swiper-slide\" \n                data-image-index=\"3\"\n            >\n                                    <img decoding=\"async\" \n                                                    style=\"aspect-ratio: 4\/3\" \n                                                src=\"https:\/\/www.campingsannecy.com\/wp-content\/uploads\/gt-ws-thelis\/site-1\/images\/5006\/pict_63_4.jpg\" \n                        alt=\"Cottage Prairie 4p 2Ka 2Bdk****A\/C uitzicht bergen\"\n                        loading=\"lazy\"\n                    >\n                                <\/figure>\n\n            \n        \n            \n            \n\n            <figure \n                class=\"wp-block-image swiper-slide\" \n                data-image-index=\"4\"\n            >\n                                    <img decoding=\"async\" \n                                                    style=\"aspect-ratio: 4\/3\" \n                                                src=\"https:\/\/www.campingsannecy.com\/wp-content\/uploads\/gt-ws-thelis\/site-1\/images\/5006\/pict_63_5.jpg\" \n                        alt=\"Cottage Prairie 4p 2Ka 2Bdk****A\/C uitzicht bergen\"\n                        loading=\"lazy\"\n                    >\n                                <\/figure>\n\n            \n        \n        \n            <\/div>\n            <div class=\"swiper-pagination\"><\/div>\n            <div class=\"swiper-button-prev\"><\/div>\n            <div class=\"swiper-button-next\"><\/div>\n        <\/div>\n        <\/div>\n\n\n<div class=\"wp-block-group has-small-font-size is-layout-flow wp-block-group-is-layout-flow\">    \n\t<div\n\t\tclass=\"wp-block-gt-gt-ws-thelis-disponibilites\"\t\tdata-wp-interactive=\"gt\/thelis\"\n\t\tdata-wp-watch=\"actions.loadStays\"\n\t\tdata-wp-bind--data-gt-statut=\"state.statut\"\n\t\tdata-wp-key=\"63+5006-69f5884983599\"\n\t\tdata-wp-context='{\"idsProduct\":\"63+5006\",\"idProduct\":\"63\",\"campingKey\":\"5006\",\"isIndisponible\":true}'\t>\n\n\t\t\t\t\t<div hidden class=\"gt-ws-thelis-spinner\" data-wp-bind--hidden=\"!state.isLoading\">\n\t\t\t\t<span class=\"loader\"><\/span>\n\t\t\t<\/div>\n\t\t\n\n\t\t<div data-wp-bind--hidden=\"state.isLoading\" class=\"gt-ws-thelis-disponibilite-wrap\">\n\n\t\t\t\t\t\t\t\t\t\t\t\t\t<div class=\"gt-ws-thelis-statut\" data-wp-text=\"state.titre\"><\/div>\n\t\t\t\t\t\t\t\t\n\t\t\t\n\t\t\t\n\t\t\t\n\t\t\t\n\t\t<\/div>\n\n\t<\/div>\n\n    <\/div>\n\n\n\n<div class=\"wp-block-group content-acc has-global-padding is-layout-constrained wp-block-group-is-layout-constrained\">\n<div class=\"wp-block-gt-gt-ws-thelis-product-camping\">\n    Yelloh! Village - La Ravoire<\/div>\n\n\n<p style=\"font-size:clamp(0.984rem, 0.984rem + ((1vw - 0.2rem) * 0.671), 1.5rem);text-transform:uppercase;\" class=\"wp-elements-c7f20d0215fbda8b1273390b73f3ba94 wp-block-gt-gt-ws-thelis-product-name has-text-color has-custom-color-2-color has-righteous-font-family\">\n    Cottage Prairie 4p 2Ka 2Bdk A\/C uitzicht bergen<\/p>\n\n\n\n<div class=\"wp-block-group is-content-justification-center is-layout-flex wp-container-core-group-is-layout-200d3eee wp-block-group-is-layout-flex\" style=\"font-size:0.7rem\">\n<div class=\"wp-block-gt-gt-ws-thelis-product-surface\">\n\n        33m\u00b2\n<\/div>\n\n\n<div class=\"wp-block-gt-gt-ws-thelis-product-room\">\n        2              ruimte(s)    <\/div>\n\n\n\n\n<div class=\"wp-block-gt-gt-ws-thelis-product-capacity\">\n        4               persoon\/personen    <\/div><\/div>\n\n\n\n<div data-swiper=\"{&quot;speed&quot;:400,&quot;spaceBetween&quot;:16,&quot;slidesPerView&quot;:3,&quot;createElements&quot;:false,&quot;loop&quot;:true,&quot;freemode&quot;:true,&quot;breakpoints&quot;:{&quot;0&quot;:{&quot;slidesPerView&quot;:1},&quot;380&quot;:{&quot;slidesPerView&quot;:2},&quot;1024&quot;:{&quot;slidesPerView&quot;:3}},&quot;navigation&quot;:false,&quot;pagination&quot;:false,&quot;autoplay&quot;:{&quot;delay&quot;:3000}}\" class=\"wp-block-group criterion-container gt-is-slider gt-is-slider-desktop is-nowrap is-layout-flex wp-container-core-group-is-layout-6c531013 wp-block-group-is-layout-flex\">\n\n    <div class=\"wp-block-gt-gt-ws-thelis-product-option\">\n                            <div>Airco<\/div>\n            <\/div>\n\n\n    <div class=\"wp-block-gt-gt-ws-thelis-product-option\">\n                            <div>Vaatwasser<\/div>\n            <\/div>\n\n\n    <div class=\"wp-block-gt-gt-ws-thelis-product-option\">\n                            <div>Magnetron<\/div>\n            <\/div>\n\n\n    <div class=\"wp-block-gt-gt-ws-thelis-product-option\">\n                            <div>TV<\/div>\n            <\/div>\n\n\n\n\n\n\n\n\n<\/div>\n\n\n\n<div class=\"wp-block-group is-content-justification-space-between is-nowrap is-layout-flex wp-container-core-group-is-layout-cb46ffcb wp-block-group-is-layout-flex\">    \n\t<div\n\t\tclass=\"price-content wp-block-gt-gt-ws-thelis-disponibilites\"\t\tdata-wp-interactive=\"gt\/thelis\"\n\t\tdata-wp-watch=\"actions.loadStays\"\n\t\tdata-wp-bind--data-gt-statut=\"state.statut\"\n\t\tdata-wp-key=\"63+5006-69f5884983d55\"\n\t\tdata-wp-context='{\"idsProduct\":\"63+5006\",\"idProduct\":\"63\",\"campingKey\":\"5006\",\"isIndisponible\":true}'\t>\n\n\t\t\n\n\t\t<div data-wp-bind--hidden=\"state.isLoading\" class=\"gt-ws-thelis-disponibilite-wrap\">\n\n\t\t\t\n\t\t\t\t\t\n\t\t\t\t<div hidden \n\t\t\t\t\tclass=\"gt-ws-thelis__disponibilite__price\"\n\t\t\t\t\tdata-wp-bind--hidden=\"!state.price\"\n\t\t\t\t>\n\t\t\t\t\t<span>Vanaf <\/span>\n\t\t\t\t\t<span hidden class=\"gt-ws-thelis__disponibilite__price__original\" data-wp-bind--hidden=\"!state.hasPromo\">\n\t\t\t\t\t\t<strike><span data-wp-text=\"state.originalPrice\"><\/span>\u20ac<\/strike>\n\t\t\t\t\t<\/span>\n\t\t\t\t\t<span class=\"gt-ws-thelis__disponibilite__price__discounted\">\n\t\t\t\t\t\t<span data-wp-bind--data-gt-price=\"state.price\" class=\"gt-ws-thelis-data-price\" data-wp-text=\"state.price\"><\/span>\u20ac\n\t\t\t\t\t<\/span>\n\t\t\t\t<\/div>\n\t\t\t\n\t\t\t\n\t\t\t\n\t\t\t\n\t\t<\/div>\n\n\t<\/div>\n\n    \n\n\n<p class=\"wp-block-lire-more\">Ontdek<\/p>\n<\/div>\n<\/div>\n\n<\/li><li data-gt-bathrooms=\"2\" data-gt-camping=\"5006\" data-gt-capacity=\"6\" data-gt-criterions=\"&quot;[2209,2,2210,3,5,6,8,11,12,13,15,16,2206]&quot;\" data-gt-gammes=\"93\" data-gt-post-id=\"1926\" data-gt-rooms=\"3\" data-gt-surfaces=\"38\" data-gt-types=\"Mobil-Home,location\" data-gt-ws-camping=\"5006\" data-wp-key=\"69f588498be48\" class=\"wp-block-post post-1926 hebergement type-hebergement status-publish hentry gamme-4-bloemen\">\n\n<div \n    class=\"wp-block-gt-gt-ws-thelis-product-images\"    data-wp-interactive=\"gt\/thelis\/hebergement\/image\"\n    data-gallery-images='[&quot;https:\\\/\\\/www.campingsannecy.com\\\/wp-content\\\/uploads\\\/gt-ws-thelis\\\/site-1\\\/images\\\/5006\\\/pict_64_1.jpg&quot;,&quot;https:\\\/\\\/www.campingsannecy.com\\\/wp-content\\\/uploads\\\/gt-ws-thelis\\\/site-1\\\/images\\\/5006\\\/pict_64_2.jpg&quot;,&quot;https:\\\/\\\/www.campingsannecy.com\\\/wp-content\\\/uploads\\\/gt-ws-thelis\\\/site-1\\\/images\\\/5006\\\/pict_64_4.jpg&quot;,&quot;https:\\\/\\\/www.campingsannecy.com\\\/wp-content\\\/uploads\\\/gt-ws-thelis\\\/site-1\\\/images\\\/5006\\\/pict_64_5.jpg&quot;,&quot;https:\\\/\\\/www.campingsannecy.com\\\/wp-content\\\/uploads\\\/gt-ws-thelis\\\/site-1\\\/images\\\/5006\\\/pict_64_3.jpg&quot;]'\n    data-wp-context='{\"images\":[\"https:\\\/\\\/www.campingsannecy.com\\\/wp-content\\\/uploads\\\/gt-ws-thelis\\\/site-1\\\/images\\\/5006\\\/pict_64_1.jpg\",\"https:\\\/\\\/www.campingsannecy.com\\\/wp-content\\\/uploads\\\/gt-ws-thelis\\\/site-1\\\/images\\\/5006\\\/pict_64_2.jpg\",\"https:\\\/\\\/www.campingsannecy.com\\\/wp-content\\\/uploads\\\/gt-ws-thelis\\\/site-1\\\/images\\\/5006\\\/pict_64_4.jpg\",\"https:\\\/\\\/www.campingsannecy.com\\\/wp-content\\\/uploads\\\/gt-ws-thelis\\\/site-1\\\/images\\\/5006\\\/pict_64_5.jpg\",\"https:\\\/\\\/www.campingsannecy.com\\\/wp-content\\\/uploads\\\/gt-ws-thelis\\\/site-1\\\/images\\\/5006\\\/pict_64_3.jpg\"],\"jsonConfig\":{\"speed\":400,\"spaceBetween\":16,\"slidesPerView\":1,\"createElements\":true,\"loop\":true,\"freemode\":true,\"navigation\":{\"nextEl\":\"buttonNext\",\"prevEl\":\"buttonPrev\"},\"breakpoints\":{\"0\":{\"slidesPerView\":1},\"380\":[],\"1024\":[]},\"pagination\":false},\"sliderId\":\"69f5884983fe5\"}'>\n            <div \n            id=\"69f5884983fe5\"\n            class=\"gt-ws-thelis-is-slider swiper\" \n            data-swiper='{\"speed\":400,\"spaceBetween\":16,\"slidesPerView\":1,\"createElements\":true,\"loop\":true,\"freemode\":true,\"navigation\":{\"nextEl\":\"buttonNext\",\"prevEl\":\"buttonPrev\"},\"breakpoints\":{\"0\":{\"slidesPerView\":1},\"380\":[],\"1024\":[]},\"pagination\":false}'\n            data-wp-key=\"1926218bbc90af0991b4c3b8c59359dab75b\"\n            data-wp-run=\"callbacks.resetSwiper\"\n            data-wp-on--mouseover=\"callbacks.resetSwiper\"\n        >\n        <div class=\"swiper-wrapper\">\n                \n            \n            \n\n            <figure \n                class=\"wp-block-image swiper-slide\" \n                data-image-index=\"0\"\n            >\n                                    <img decoding=\"async\" \n                                                    style=\"aspect-ratio: 4\/3\" \n                                                src=\"https:\/\/www.campingsannecy.com\/wp-content\/uploads\/gt-ws-thelis\/site-1\/images\/5006\/pict_64_1.jpg\" \n                        alt=\"Cottage Prairie 6p 3Ka 2Bdk****A\/C uitzicht bergen\"\n                        loading=\"lazy\"\n                    >\n                                <\/figure>\n\n            \n        \n            \n            \n\n            <figure \n                class=\"wp-block-image swiper-slide\" \n                data-image-index=\"1\"\n            >\n                                    <img decoding=\"async\" \n                                                    style=\"aspect-ratio: 4\/3\" \n                                                src=\"https:\/\/www.campingsannecy.com\/wp-content\/uploads\/gt-ws-thelis\/site-1\/images\/5006\/pict_64_2.jpg\" \n                        alt=\"Cottage Prairie 6p 3Ka 2Bdk****A\/C uitzicht bergen\"\n                        loading=\"lazy\"\n                    >\n                                <\/figure>\n\n            \n        \n            \n            \n\n            <figure \n                class=\"wp-block-image swiper-slide\" \n                data-image-index=\"2\"\n            >\n                                    <img decoding=\"async\" \n                                                    style=\"aspect-ratio: 4\/3\" \n                                                src=\"https:\/\/www.campingsannecy.com\/wp-content\/uploads\/gt-ws-thelis\/site-1\/images\/5006\/pict_64_3.jpg\" \n                        alt=\"Cottage Prairie 6p 3Ka 2Bdk****A\/C uitzicht bergen\"\n                        loading=\"lazy\"\n                    >\n                                <\/figure>\n\n            \n        \n            \n            \n\n            <figure \n                class=\"wp-block-image swiper-slide\" \n                data-image-index=\"3\"\n            >\n                                    <img decoding=\"async\" \n                                                    style=\"aspect-ratio: 4\/3\" \n                                                src=\"https:\/\/www.campingsannecy.com\/wp-content\/uploads\/gt-ws-thelis\/site-1\/images\/5006\/pict_64_4.jpg\" \n                        alt=\"Cottage Prairie 6p 3Ka 2Bdk****A\/C uitzicht bergen\"\n                        loading=\"lazy\"\n                    >\n                                <\/figure>\n\n            \n        \n            \n            \n\n            <figure \n                class=\"wp-block-image swiper-slide\" \n                data-image-index=\"4\"\n            >\n                                    <img decoding=\"async\" \n                                                    style=\"aspect-ratio: 4\/3\" \n                                                src=\"https:\/\/www.campingsannecy.com\/wp-content\/uploads\/gt-ws-thelis\/site-1\/images\/5006\/pict_64_5.jpg\" \n                        alt=\"Cottage Prairie 6p 3Ka 2Bdk****A\/C uitzicht bergen\"\n                        loading=\"lazy\"\n                    >\n                                <\/figure>\n\n            \n        \n        \n            <\/div>\n            <div class=\"swiper-pagination\"><\/div>\n            <div class=\"swiper-button-prev\"><\/div>\n            <div class=\"swiper-button-next\"><\/div>\n        <\/div>\n        <\/div>\n\n\n<div class=\"wp-block-group has-small-font-size is-layout-flow wp-block-group-is-layout-flow\">    \n\t<div\n\t\tclass=\"wp-block-gt-gt-ws-thelis-disponibilites\"\t\tdata-wp-interactive=\"gt\/thelis\"\n\t\tdata-wp-watch=\"actions.loadStays\"\n\t\tdata-wp-bind--data-gt-statut=\"state.statut\"\n\t\tdata-wp-key=\"64+5006-69f58849841e5\"\n\t\tdata-wp-context='{\"idsProduct\":\"64+5006\",\"idProduct\":\"64\",\"campingKey\":\"5006\",\"isIndisponible\":true}'\t>\n\n\t\t\t\t\t<div hidden class=\"gt-ws-thelis-spinner\" data-wp-bind--hidden=\"!state.isLoading\">\n\t\t\t\t<span class=\"loader\"><\/span>\n\t\t\t<\/div>\n\t\t\n\n\t\t<div data-wp-bind--hidden=\"state.isLoading\" class=\"gt-ws-thelis-disponibilite-wrap\">\n\n\t\t\t\t\t\t\t\t\t\t\t\t\t<div class=\"gt-ws-thelis-statut\" data-wp-text=\"state.titre\"><\/div>\n\t\t\t\t\t\t\t\t\n\t\t\t\n\t\t\t\n\t\t\t\n\t\t\t\n\t\t<\/div>\n\n\t<\/div>\n\n    <\/div>\n\n\n\n<div class=\"wp-block-group content-acc has-global-padding is-layout-constrained wp-block-group-is-layout-constrained\">\n<div class=\"wp-block-gt-gt-ws-thelis-product-camping\">\n    Yelloh! Village - La Ravoire<\/div>\n\n\n<p style=\"font-size:clamp(0.984rem, 0.984rem + ((1vw - 0.2rem) * 0.671), 1.5rem);text-transform:uppercase;\" class=\"wp-elements-c7f20d0215fbda8b1273390b73f3ba94 wp-block-gt-gt-ws-thelis-product-name has-text-color has-custom-color-2-color has-righteous-font-family\">\n    Cottage Prairie 6p 3Ka 2Bdk A\/C uitzicht bergen<\/p>\n\n\n\n<div class=\"wp-block-group is-content-justification-center is-layout-flex wp-container-core-group-is-layout-200d3eee wp-block-group-is-layout-flex\" style=\"font-size:0.7rem\">\n<div class=\"wp-block-gt-gt-ws-thelis-product-surface\">\n\n        38m\u00b2\n<\/div>\n\n\n<div class=\"wp-block-gt-gt-ws-thelis-product-room\">\n        3              ruimte(s)    <\/div>\n\n\n\n\n<div class=\"wp-block-gt-gt-ws-thelis-product-capacity\">\n        6               persoon\/personen    <\/div><\/div>\n\n\n\n<div data-swiper=\"{&quot;speed&quot;:400,&quot;spaceBetween&quot;:16,&quot;slidesPerView&quot;:3,&quot;createElements&quot;:false,&quot;loop&quot;:true,&quot;freemode&quot;:true,&quot;breakpoints&quot;:{&quot;0&quot;:{&quot;slidesPerView&quot;:1},&quot;380&quot;:{&quot;slidesPerView&quot;:2},&quot;1024&quot;:{&quot;slidesPerView&quot;:3}},&quot;navigation&quot;:false,&quot;pagination&quot;:false,&quot;autoplay&quot;:{&quot;delay&quot;:3000}}\" class=\"wp-block-group criterion-container gt-is-slider gt-is-slider-desktop is-nowrap is-layout-flex wp-container-core-group-is-layout-6c531013 wp-block-group-is-layout-flex\">\n\n    <div class=\"wp-block-gt-gt-ws-thelis-product-option\">\n                            <div>Airco<\/div>\n            <\/div>\n\n\n    <div class=\"wp-block-gt-gt-ws-thelis-product-option\">\n                            <div>Vaatwasser<\/div>\n            <\/div>\n\n\n    <div class=\"wp-block-gt-gt-ws-thelis-product-option\">\n                            <div>Magnetron<\/div>\n            <\/div>\n\n\n    <div class=\"wp-block-gt-gt-ws-thelis-product-option\">\n                            <div>TV<\/div>\n            <\/div>\n\n\n    <div class=\"wp-block-gt-gt-ws-thelis-product-option\">\n                            <div>Uitzicht<\/div>\n            <\/div>\n\n\n\n\n\n\n<\/div>\n\n\n\n<div class=\"wp-block-group is-content-justification-space-between is-nowrap is-layout-flex wp-container-core-group-is-layout-cb46ffcb wp-block-group-is-layout-flex\">    \n\t<div\n\t\tclass=\"price-content wp-block-gt-gt-ws-thelis-disponibilites\"\t\tdata-wp-interactive=\"gt\/thelis\"\n\t\tdata-wp-watch=\"actions.loadStays\"\n\t\tdata-wp-bind--data-gt-statut=\"state.statut\"\n\t\tdata-wp-key=\"64+5006-69f58849849e7\"\n\t\tdata-wp-context='{\"idsProduct\":\"64+5006\",\"idProduct\":\"64\",\"campingKey\":\"5006\",\"isIndisponible\":true}'\t>\n\n\t\t\n\n\t\t<div data-wp-bind--hidden=\"state.isLoading\" class=\"gt-ws-thelis-disponibilite-wrap\">\n\n\t\t\t\n\t\t\t\t\t\n\t\t\t\t<div hidden \n\t\t\t\t\tclass=\"gt-ws-thelis__disponibilite__price\"\n\t\t\t\t\tdata-wp-bind--hidden=\"!state.price\"\n\t\t\t\t>\n\t\t\t\t\t<span>Vanaf <\/span>\n\t\t\t\t\t<span hidden class=\"gt-ws-thelis__disponibilite__price__original\" data-wp-bind--hidden=\"!state.hasPromo\">\n\t\t\t\t\t\t<strike><span data-wp-text=\"state.originalPrice\"><\/span>\u20ac<\/strike>\n\t\t\t\t\t<\/span>\n\t\t\t\t\t<span class=\"gt-ws-thelis__disponibilite__price__discounted\">\n\t\t\t\t\t\t<span data-wp-bind--data-gt-price=\"state.price\" class=\"gt-ws-thelis-data-price\" data-wp-text=\"state.price\"><\/span>\u20ac\n\t\t\t\t\t<\/span>\n\t\t\t\t<\/div>\n\t\t\t\n\t\t\t\n\t\t\t\n\t\t\t\n\t\t<\/div>\n\n\t<\/div>\n\n    \n\n\n<p class=\"wp-block-lire-more\">Ontdek<\/p>\n<\/div>\n<\/div>\n\n<\/li><li data-gt-bathrooms=\"1\" data-gt-camping=\"1531\" data-gt-capacity=\"6\" data-gt-criterions=\"&quot;[2,3,8487,8506,2016]&quot;\" data-gt-gammes=\"93\" data-gt-post-id=\"1905\" data-gt-rooms=\"3\" data-gt-surfaces=\"35\" data-gt-types=\"Mobil-Home,location\" data-gt-ws-camping=\"1531\" data-wp-key=\"69f588498bfed\" class=\"wp-block-post post-1905 hebergement type-hebergement status-publish hentry gamme-4-bloemen\">\n\n<div \n    class=\"wp-block-gt-gt-ws-thelis-product-images\"    data-wp-interactive=\"gt\/thelis\/hebergement\/image\"\n    data-gallery-images='[&quot;https:\\\/\\\/www.campingsannecy.com\\\/wp-content\\\/uploads\\\/gt-ws-thelis\\\/site-1\\\/images\\\/1531\\\/pict_64_2.jpg&quot;,&quot;https:\\\/\\\/www.campingsannecy.com\\\/wp-content\\\/uploads\\\/gt-ws-thelis\\\/site-1\\\/images\\\/1531\\\/pict_64_3.jpg&quot;,&quot;https:\\\/\\\/www.campingsannecy.com\\\/wp-content\\\/uploads\\\/gt-ws-thelis\\\/site-1\\\/images\\\/1531\\\/pict_64_1.jpg&quot;,&quot;https:\\\/\\\/www.campingsannecy.com\\\/wp-content\\\/uploads\\\/gt-ws-thelis\\\/site-1\\\/images\\\/1531\\\/pict_64_5.jpg&quot;,&quot;https:\\\/\\\/www.campingsannecy.com\\\/wp-content\\\/uploads\\\/gt-ws-thelis\\\/site-1\\\/images\\\/1531\\\/pict_64_4.jpg&quot;,&quot;https:\\\/\\\/www.campingsannecy.com\\\/wp-content\\\/uploads\\\/gt-ws-thelis\\\/site-1\\\/images\\\/1531\\\/pict_64_6.jpg&quot;]'\n    data-wp-context='{\"images\":[\"https:\\\/\\\/www.campingsannecy.com\\\/wp-content\\\/uploads\\\/gt-ws-thelis\\\/site-1\\\/images\\\/1531\\\/pict_64_2.jpg\",\"https:\\\/\\\/www.campingsannecy.com\\\/wp-content\\\/uploads\\\/gt-ws-thelis\\\/site-1\\\/images\\\/1531\\\/pict_64_3.jpg\",\"https:\\\/\\\/www.campingsannecy.com\\\/wp-content\\\/uploads\\\/gt-ws-thelis\\\/site-1\\\/images\\\/1531\\\/pict_64_1.jpg\",\"https:\\\/\\\/www.campingsannecy.com\\\/wp-content\\\/uploads\\\/gt-ws-thelis\\\/site-1\\\/images\\\/1531\\\/pict_64_5.jpg\",\"https:\\\/\\\/www.campingsannecy.com\\\/wp-content\\\/uploads\\\/gt-ws-thelis\\\/site-1\\\/images\\\/1531\\\/pict_64_4.jpg\",\"https:\\\/\\\/www.campingsannecy.com\\\/wp-content\\\/uploads\\\/gt-ws-thelis\\\/site-1\\\/images\\\/1531\\\/pict_64_6.jpg\"],\"jsonConfig\":{\"speed\":400,\"spaceBetween\":16,\"slidesPerView\":1,\"createElements\":true,\"loop\":true,\"freemode\":true,\"navigation\":{\"nextEl\":\"buttonNext\",\"prevEl\":\"buttonPrev\"},\"breakpoints\":{\"0\":{\"slidesPerView\":1},\"380\":[],\"1024\":[]},\"pagination\":false},\"sliderId\":\"69f5884984c77\"}'>\n            <div \n            id=\"69f5884984c77\"\n            class=\"gt-ws-thelis-is-slider swiper\" \n            data-swiper='{\"speed\":400,\"spaceBetween\":16,\"slidesPerView\":1,\"createElements\":true,\"loop\":true,\"freemode\":true,\"navigation\":{\"nextEl\":\"buttonNext\",\"prevEl\":\"buttonPrev\"},\"breakpoints\":{\"0\":{\"slidesPerView\":1},\"380\":[],\"1024\":[]},\"pagination\":false}'\n            data-wp-key=\"1905218bbc90af0991b4c3b8c59359dab75b\"\n            data-wp-run=\"callbacks.resetSwiper\"\n            data-wp-on--mouseover=\"callbacks.resetSwiper\"\n        >\n        <div class=\"swiper-wrapper\">\n                \n            \n            \n\n            <figure \n                class=\"wp-block-image swiper-slide\" \n                data-image-index=\"0\"\n            >\n                                    <img decoding=\"async\" \n                                                    style=\"aspect-ratio: 4\/3\" \n                                                src=\"https:\/\/www.campingsannecy.com\/wp-content\/uploads\/gt-ws-thelis\/site-1\/images\/1531\/pict_64_1.jpg\" \n                        alt=\"Cottage Relax **** klim\"\n                        loading=\"lazy\"\n                    >\n                                <\/figure>\n\n            \n        \n            \n            \n\n            <figure \n                class=\"wp-block-image swiper-slide\" \n                data-image-index=\"1\"\n            >\n                                    <img decoding=\"async\" \n                                                    style=\"aspect-ratio: 4\/3\" \n                                                src=\"https:\/\/www.campingsannecy.com\/wp-content\/uploads\/gt-ws-thelis\/site-1\/images\/1531\/pict_64_2.jpg\" \n                        alt=\"Cottage Relax **** klim\"\n                        loading=\"lazy\"\n                    >\n                                <\/figure>\n\n            \n        \n            \n            \n\n            <figure \n                class=\"wp-block-image swiper-slide\" \n                data-image-index=\"2\"\n            >\n                                    <img decoding=\"async\" \n                                                    style=\"aspect-ratio: 4\/3\" \n                                                src=\"https:\/\/www.campingsannecy.com\/wp-content\/uploads\/gt-ws-thelis\/site-1\/images\/1531\/pict_64_3.jpg\" \n                        alt=\"Cottage Relax **** klim\"\n                        loading=\"lazy\"\n                    >\n                                <\/figure>\n\n            \n        \n            \n            \n\n            <figure \n                class=\"wp-block-image swiper-slide\" \n                data-image-index=\"3\"\n            >\n                                    <img decoding=\"async\" \n                                                    style=\"aspect-ratio: 4\/3\" \n                                                src=\"https:\/\/www.campingsannecy.com\/wp-content\/uploads\/gt-ws-thelis\/site-1\/images\/1531\/pict_64_4.jpg\" \n                        alt=\"Cottage Relax **** klim\"\n                        loading=\"lazy\"\n                    >\n                                <\/figure>\n\n            \n        \n            \n            \n\n            <figure \n                class=\"wp-block-image swiper-slide\" \n                data-image-index=\"4\"\n            >\n                                    <img decoding=\"async\" \n                                                    style=\"aspect-ratio: 4\/3\" \n                                                src=\"https:\/\/www.campingsannecy.com\/wp-content\/uploads\/gt-ws-thelis\/site-1\/images\/1531\/pict_64_5.jpg\" \n                        alt=\"Cottage Relax **** klim\"\n                        loading=\"lazy\"\n                    >\n                                <\/figure>\n\n            \n        \n            \n            \n\n            <figure \n                class=\"wp-block-image swiper-slide\" \n                data-image-index=\"5\"\n            >\n                                    <img decoding=\"async\" \n                                                    style=\"aspect-ratio: 4\/3\" \n                                                src=\"https:\/\/www.campingsannecy.com\/wp-content\/uploads\/gt-ws-thelis\/site-1\/images\/1531\/pict_64_6.jpg\" \n                        alt=\"Cottage Relax **** klim\"\n                        loading=\"lazy\"\n                    >\n                                <\/figure>\n\n            \n        \n        \n            <\/div>\n            <div class=\"swiper-pagination\"><\/div>\n            <div class=\"swiper-button-prev\"><\/div>\n            <div class=\"swiper-button-next\"><\/div>\n        <\/div>\n        <\/div>\n\n\n<div class=\"wp-block-group has-small-font-size is-layout-flow wp-block-group-is-layout-flow\">    \n\t<div\n\t\tclass=\"wp-block-gt-gt-ws-thelis-disponibilites\"\t\tdata-wp-interactive=\"gt\/thelis\"\n\t\tdata-wp-watch=\"actions.loadStays\"\n\t\tdata-wp-bind--data-gt-statut=\"state.statut\"\n\t\tdata-wp-key=\"64+1531-69f5884984ea9\"\n\t\tdata-wp-context='{\"idsProduct\":\"64+1531\",\"idProduct\":\"64\",\"campingKey\":\"1531\",\"isIndisponible\":true}'\t>\n\n\t\t\t\t\t<div hidden class=\"gt-ws-thelis-spinner\" data-wp-bind--hidden=\"!state.isLoading\">\n\t\t\t\t<span class=\"loader\"><\/span>\n\t\t\t<\/div>\n\t\t\n\n\t\t<div data-wp-bind--hidden=\"state.isLoading\" class=\"gt-ws-thelis-disponibilite-wrap\">\n\n\t\t\t\t\t\t\t\t\t\t\t\t\t<div class=\"gt-ws-thelis-statut\" data-wp-text=\"state.titre\"><\/div>\n\t\t\t\t\t\t\t\t\n\t\t\t\n\t\t\t\n\t\t\t\n\t\t\t\n\t\t<\/div>\n\n\t<\/div>\n\n    <\/div>\n\n\n\n<div class=\"wp-block-group content-acc has-global-padding is-layout-constrained wp-block-group-is-layout-constrained\">\n<div class=\"wp-block-gt-gt-ws-thelis-product-camping\">\n    Yelloh! Village - Les Fontaines<\/div>\n\n\n<p style=\"font-size:clamp(0.984rem, 0.984rem + ((1vw - 0.2rem) * 0.671), 1.5rem);text-transform:uppercase;\" class=\"wp-elements-c7f20d0215fbda8b1273390b73f3ba94 wp-block-gt-gt-ws-thelis-product-name has-text-color has-custom-color-2-color has-righteous-font-family\">\n    Cottage Relax klim<\/p>\n\n\n\n<div class=\"wp-block-group is-content-justification-center is-layout-flex wp-container-core-group-is-layout-200d3eee wp-block-group-is-layout-flex\" style=\"font-size:0.7rem\">\n<div class=\"wp-block-gt-gt-ws-thelis-product-surface\">\n\n        35m\u00b2\n<\/div>\n\n\n<div class=\"wp-block-gt-gt-ws-thelis-product-room\">\n        3              ruimte(s)    <\/div>\n\n\n\n\n<div class=\"wp-block-gt-gt-ws-thelis-product-capacity\">\n        6               persoon\/personen    <\/div><\/div>\n\n\n\n<div data-swiper=\"{&quot;speed&quot;:400,&quot;spaceBetween&quot;:16,&quot;slidesPerView&quot;:3,&quot;createElements&quot;:false,&quot;loop&quot;:true,&quot;freemode&quot;:true,&quot;breakpoints&quot;:{&quot;0&quot;:{&quot;slidesPerView&quot;:1},&quot;380&quot;:{&quot;slidesPerView&quot;:2},&quot;1024&quot;:{&quot;slidesPerView&quot;:3}},&quot;navigation&quot;:false,&quot;pagination&quot;:false,&quot;autoplay&quot;:{&quot;delay&quot;:3000}}\" class=\"wp-block-group criterion-container gt-is-slider gt-is-slider-desktop is-nowrap is-layout-flex wp-container-core-group-is-layout-6c531013 wp-block-group-is-layout-flex\">\n\n\n\n    <div class=\"wp-block-gt-gt-ws-thelis-product-option\">\n                            <div>Vaatwasser<\/div>\n            <\/div>\n\n\n\n\n\n\n\n\n    <div class=\"wp-block-gt-gt-ws-thelis-product-option\">\n                            <div>Terrasse<\/div>\n            <\/div>\n\n\n\n\n    <div class=\"wp-block-gt-gt-ws-thelis-product-option\">\n                            <div>Gasplancha<\/div>\n            <\/div>\n<\/div>\n\n\n\n<div class=\"wp-block-group is-content-justification-space-between is-nowrap is-layout-flex wp-container-core-group-is-layout-cb46ffcb wp-block-group-is-layout-flex\">    \n\t<div\n\t\tclass=\"price-content wp-block-gt-gt-ws-thelis-disponibilites\"\t\tdata-wp-interactive=\"gt\/thelis\"\n\t\tdata-wp-watch=\"actions.loadStays\"\n\t\tdata-wp-bind--data-gt-statut=\"state.statut\"\n\t\tdata-wp-key=\"64+1531-69f5884985608\"\n\t\tdata-wp-context='{\"idsProduct\":\"64+1531\",\"idProduct\":\"64\",\"campingKey\":\"1531\",\"isIndisponible\":true}'\t>\n\n\t\t\n\n\t\t<div data-wp-bind--hidden=\"state.isLoading\" class=\"gt-ws-thelis-disponibilite-wrap\">\n\n\t\t\t\n\t\t\t\t\t\n\t\t\t\t<div hidden \n\t\t\t\t\tclass=\"gt-ws-thelis__disponibilite__price\"\n\t\t\t\t\tdata-wp-bind--hidden=\"!state.price\"\n\t\t\t\t>\n\t\t\t\t\t<span>Vanaf <\/span>\n\t\t\t\t\t<span hidden class=\"gt-ws-thelis__disponibilite__price__original\" data-wp-bind--hidden=\"!state.hasPromo\">\n\t\t\t\t\t\t<strike><span data-wp-text=\"state.originalPrice\"><\/span>\u20ac<\/strike>\n\t\t\t\t\t<\/span>\n\t\t\t\t\t<span class=\"gt-ws-thelis__disponibilite__price__discounted\">\n\t\t\t\t\t\t<span data-wp-bind--data-gt-price=\"state.price\" class=\"gt-ws-thelis-data-price\" data-wp-text=\"state.price\"><\/span>\u20ac\n\t\t\t\t\t<\/span>\n\t\t\t\t<\/div>\n\t\t\t\n\t\t\t\n\t\t\t\n\t\t\t\n\t\t<\/div>\n\n\t<\/div>\n\n    \n\n\n<p class=\"wp-block-lire-more\">Ontdek<\/p>\n<\/div>\n<\/div>\n\n<\/li><li data-gt-bathrooms=\"1\" data-gt-camping=\"1531\" data-gt-capacity=\"6\" data-gt-criterions=\"&quot;[2,3,8487,8506,15,2016]&quot;\" data-gt-gammes=\"93\" data-gt-post-id=\"72883\" data-gt-rooms=\"3\" data-gt-surfaces=\"35\" data-gt-types=\"Mobil-Home,location\" data-gt-ws-camping=\"1531\" data-wp-key=\"69f588498c1b8\" class=\"wp-block-post post-72883 hebergement type-hebergement status-publish hentry gamme-4-bloemen\">\n\n<div \n    class=\"wp-block-gt-gt-ws-thelis-product-images\"    data-wp-interactive=\"gt\/thelis\/hebergement\/image\"\n    data-gallery-images='[&quot;https:\\\/\\\/www.campingsannecy.com\\\/wp-content\\\/uploads\\\/gt-ws-thelis\\\/site-1\\\/images\\\/1531\\\/pict_65_1.jpg&quot;,&quot;https:\\\/\\\/www.campingsannecy.com\\\/wp-content\\\/uploads\\\/gt-ws-thelis\\\/site-1\\\/images\\\/1531\\\/pict_65_2.jpg&quot;,&quot;https:\\\/\\\/www.campingsannecy.com\\\/wp-content\\\/uploads\\\/gt-ws-thelis\\\/site-1\\\/images\\\/1531\\\/pict_65_4.jpg&quot;,&quot;https:\\\/\\\/www.campingsannecy.com\\\/wp-content\\\/uploads\\\/gt-ws-thelis\\\/site-1\\\/images\\\/1531\\\/pict_65_3.jpg&quot;,&quot;https:\\\/\\\/www.campingsannecy.com\\\/wp-content\\\/uploads\\\/gt-ws-thelis\\\/site-1\\\/images\\\/1531\\\/pict_65_6.jpg&quot;,&quot;https:\\\/\\\/www.campingsannecy.com\\\/wp-content\\\/uploads\\\/gt-ws-thelis\\\/site-1\\\/images\\\/1531\\\/pict_65_5.jpg&quot;]'\n    data-wp-context='{\"images\":[\"https:\\\/\\\/www.campingsannecy.com\\\/wp-content\\\/uploads\\\/gt-ws-thelis\\\/site-1\\\/images\\\/1531\\\/pict_65_1.jpg\",\"https:\\\/\\\/www.campingsannecy.com\\\/wp-content\\\/uploads\\\/gt-ws-thelis\\\/site-1\\\/images\\\/1531\\\/pict_65_2.jpg\",\"https:\\\/\\\/www.campingsannecy.com\\\/wp-content\\\/uploads\\\/gt-ws-thelis\\\/site-1\\\/images\\\/1531\\\/pict_65_4.jpg\",\"https:\\\/\\\/www.campingsannecy.com\\\/wp-content\\\/uploads\\\/gt-ws-thelis\\\/site-1\\\/images\\\/1531\\\/pict_65_3.jpg\",\"https:\\\/\\\/www.campingsannecy.com\\\/wp-content\\\/uploads\\\/gt-ws-thelis\\\/site-1\\\/images\\\/1531\\\/pict_65_6.jpg\",\"https:\\\/\\\/www.campingsannecy.com\\\/wp-content\\\/uploads\\\/gt-ws-thelis\\\/site-1\\\/images\\\/1531\\\/pict_65_5.jpg\"],\"jsonConfig\":{\"speed\":400,\"spaceBetween\":16,\"slidesPerView\":1,\"createElements\":true,\"loop\":true,\"freemode\":true,\"navigation\":{\"nextEl\":\"buttonNext\",\"prevEl\":\"buttonPrev\"},\"breakpoints\":{\"0\":{\"slidesPerView\":1},\"380\":[],\"1024\":[]},\"pagination\":false},\"sliderId\":\"69f5884985895\"}'>\n            <div \n            id=\"69f5884985895\"\n            class=\"gt-ws-thelis-is-slider swiper\" \n            data-swiper='{\"speed\":400,\"spaceBetween\":16,\"slidesPerView\":1,\"createElements\":true,\"loop\":true,\"freemode\":true,\"navigation\":{\"nextEl\":\"buttonNext\",\"prevEl\":\"buttonPrev\"},\"breakpoints\":{\"0\":{\"slidesPerView\":1},\"380\":[],\"1024\":[]},\"pagination\":false}'\n            data-wp-key=\"72883218bbc90af0991b4c3b8c59359dab75b\"\n            data-wp-run=\"callbacks.resetSwiper\"\n            data-wp-on--mouseover=\"callbacks.resetSwiper\"\n        >\n        <div class=\"swiper-wrapper\">\n                \n            \n            \n\n            <figure \n                class=\"wp-block-image swiper-slide\" \n                data-image-index=\"0\"\n            >\n                                    <img decoding=\"async\" \n                                                    style=\"aspect-ratio: 4\/3\" \n                                                src=\"https:\/\/www.campingsannecy.com\/wp-content\/uploads\/gt-ws-thelis\/site-1\/images\/1531\/pict_65_1.jpg\" \n                        alt=\"Cottage Relax **** uitzicht op de bergen klim\"\n                        loading=\"lazy\"\n                    >\n                                <\/figure>\n\n            \n        \n            \n            \n\n            <figure \n                class=\"wp-block-image swiper-slide\" \n                data-image-index=\"1\"\n            >\n                                    <img decoding=\"async\" \n                                                    style=\"aspect-ratio: 4\/3\" \n                                                src=\"https:\/\/www.campingsannecy.com\/wp-content\/uploads\/gt-ws-thelis\/site-1\/images\/1531\/pict_65_2.jpg\" \n                        alt=\"Cottage Relax **** uitzicht op de bergen klim\"\n                        loading=\"lazy\"\n                    >\n                                <\/figure>\n\n            \n        \n            \n            \n\n            <figure \n                class=\"wp-block-image swiper-slide\" \n                data-image-index=\"2\"\n            >\n                                    <img decoding=\"async\" \n                                                    style=\"aspect-ratio: 4\/3\" \n                                                src=\"https:\/\/www.campingsannecy.com\/wp-content\/uploads\/gt-ws-thelis\/site-1\/images\/1531\/pict_65_3.jpg\" \n                        alt=\"Cottage Relax **** uitzicht op de bergen klim\"\n                        loading=\"lazy\"\n                    >\n                                <\/figure>\n\n            \n        \n            \n            \n\n            <figure \n                class=\"wp-block-image swiper-slide\" \n                data-image-index=\"3\"\n            >\n                                    <img decoding=\"async\" \n                                                    style=\"aspect-ratio: 4\/3\" \n                                                src=\"https:\/\/www.campingsannecy.com\/wp-content\/uploads\/gt-ws-thelis\/site-1\/images\/1531\/pict_65_4.jpg\" \n                        alt=\"Cottage Relax **** uitzicht op de bergen klim\"\n                        loading=\"lazy\"\n                    >\n                                <\/figure>\n\n            \n        \n            \n            \n\n            <figure \n                class=\"wp-block-image swiper-slide\" \n                data-image-index=\"4\"\n            >\n                                    <img decoding=\"async\" \n                                                    style=\"aspect-ratio: 4\/3\" \n                                                src=\"https:\/\/www.campingsannecy.com\/wp-content\/uploads\/gt-ws-thelis\/site-1\/images\/1531\/pict_65_5.jpg\" \n                        alt=\"Cottage Relax **** uitzicht op de bergen klim\"\n                        loading=\"lazy\"\n                    >\n                                <\/figure>\n\n            \n        \n            \n            \n\n            <figure \n                class=\"wp-block-image swiper-slide\" \n                data-image-index=\"5\"\n            >\n                                    <img decoding=\"async\" \n                                                    style=\"aspect-ratio: 4\/3\" \n                                                src=\"https:\/\/www.campingsannecy.com\/wp-content\/uploads\/gt-ws-thelis\/site-1\/images\/1531\/pict_65_6.jpg\" \n                        alt=\"Cottage Relax **** uitzicht op de bergen klim\"\n                        loading=\"lazy\"\n                    >\n                                <\/figure>\n\n            \n        \n        \n            <\/div>\n            <div class=\"swiper-pagination\"><\/div>\n            <div class=\"swiper-button-prev\"><\/div>\n            <div class=\"swiper-button-next\"><\/div>\n        <\/div>\n        <\/div>\n\n\n<div class=\"wp-block-group has-small-font-size is-layout-flow wp-block-group-is-layout-flow\">    \n\t<div\n\t\tclass=\"wp-block-gt-gt-ws-thelis-disponibilites\"\t\tdata-wp-interactive=\"gt\/thelis\"\n\t\tdata-wp-watch=\"actions.loadStays\"\n\t\tdata-wp-bind--data-gt-statut=\"state.statut\"\n\t\tdata-wp-key=\"65+1531-69f5884985ac8\"\n\t\tdata-wp-context='{\"idsProduct\":\"65+1531\",\"idProduct\":\"65\",\"campingKey\":\"1531\",\"isIndisponible\":true}'\t>\n\n\t\t\t\t\t<div hidden class=\"gt-ws-thelis-spinner\" data-wp-bind--hidden=\"!state.isLoading\">\n\t\t\t\t<span class=\"loader\"><\/span>\n\t\t\t<\/div>\n\t\t\n\n\t\t<div data-wp-bind--hidden=\"state.isLoading\" class=\"gt-ws-thelis-disponibilite-wrap\">\n\n\t\t\t\t\t\t\t\t\t\t\t\t\t<div class=\"gt-ws-thelis-statut\" data-wp-text=\"state.titre\"><\/div>\n\t\t\t\t\t\t\t\t\n\t\t\t\n\t\t\t\n\t\t\t\n\t\t\t\n\t\t<\/div>\n\n\t<\/div>\n\n    <\/div>\n\n\n\n<div class=\"wp-block-group content-acc has-global-padding is-layout-constrained wp-block-group-is-layout-constrained\">\n<div class=\"wp-block-gt-gt-ws-thelis-product-camping\">\n    Yelloh! Village - Les Fontaines<\/div>\n\n\n<p style=\"font-size:clamp(0.984rem, 0.984rem + ((1vw - 0.2rem) * 0.671), 1.5rem);text-transform:uppercase;\" class=\"wp-elements-c7f20d0215fbda8b1273390b73f3ba94 wp-block-gt-gt-ws-thelis-product-name has-text-color has-custom-color-2-color has-righteous-font-family\">\n    Cottage Relax uitzicht op de bergen klim<\/p>\n\n\n\n<div class=\"wp-block-group is-content-justification-center is-layout-flex wp-container-core-group-is-layout-200d3eee wp-block-group-is-layout-flex\" style=\"font-size:0.7rem\">\n<div class=\"wp-block-gt-gt-ws-thelis-product-surface\">\n\n        35m\u00b2\n<\/div>\n\n\n<div class=\"wp-block-gt-gt-ws-thelis-product-room\">\n        3              ruimte(s)    <\/div>\n\n\n\n\n<div class=\"wp-block-gt-gt-ws-thelis-product-capacity\">\n        6               persoon\/personen    <\/div><\/div>\n\n\n\n<div data-swiper=\"{&quot;speed&quot;:400,&quot;spaceBetween&quot;:16,&quot;slidesPerView&quot;:3,&quot;createElements&quot;:false,&quot;loop&quot;:true,&quot;freemode&quot;:true,&quot;breakpoints&quot;:{&quot;0&quot;:{&quot;slidesPerView&quot;:1},&quot;380&quot;:{&quot;slidesPerView&quot;:2},&quot;1024&quot;:{&quot;slidesPerView&quot;:3}},&quot;navigation&quot;:false,&quot;pagination&quot;:false,&quot;autoplay&quot;:{&quot;delay&quot;:3000}}\" class=\"wp-block-group criterion-container gt-is-slider gt-is-slider-desktop is-nowrap is-layout-flex wp-container-core-group-is-layout-6c531013 wp-block-group-is-layout-flex\">\n\n    <div class=\"wp-block-gt-gt-ws-thelis-product-option\">\n                            <div>Airco<\/div>\n            <\/div>\n\n\n    <div class=\"wp-block-gt-gt-ws-thelis-product-option\">\n                            <div>Vaatwasser<\/div>\n            <\/div>\n\n\n\n\n\n\n    <div class=\"wp-block-gt-gt-ws-thelis-product-option\">\n                            <div>Uitzicht<\/div>\n            <\/div>\n\n\n    <div class=\"wp-block-gt-gt-ws-thelis-product-option\">\n                            <div>Terrasse<\/div>\n            <\/div>\n\n\n\n\n    <div class=\"wp-block-gt-gt-ws-thelis-product-option\">\n                            <div>Gasplancha<\/div>\n            <\/div>\n<\/div>\n\n\n\n<div class=\"wp-block-group is-content-justification-space-between is-nowrap is-layout-flex wp-container-core-group-is-layout-cb46ffcb wp-block-group-is-layout-flex\">    \n\t<div\n\t\tclass=\"price-content wp-block-gt-gt-ws-thelis-disponibilites\"\t\tdata-wp-interactive=\"gt\/thelis\"\n\t\tdata-wp-watch=\"actions.loadStays\"\n\t\tdata-wp-bind--data-gt-statut=\"state.statut\"\n\t\tdata-wp-key=\"65+1531-69f5884986301\"\n\t\tdata-wp-context='{\"idsProduct\":\"65+1531\",\"idProduct\":\"65\",\"campingKey\":\"1531\",\"isIndisponible\":true}'\t>\n\n\t\t\n\n\t\t<div data-wp-bind--hidden=\"state.isLoading\" class=\"gt-ws-thelis-disponibilite-wrap\">\n\n\t\t\t\n\t\t\t\t\t\n\t\t\t\t<div hidden \n\t\t\t\t\tclass=\"gt-ws-thelis__disponibilite__price\"\n\t\t\t\t\tdata-wp-bind--hidden=\"!state.price\"\n\t\t\t\t>\n\t\t\t\t\t<span>Vanaf <\/span>\n\t\t\t\t\t<span hidden class=\"gt-ws-thelis__disponibilite__price__original\" data-wp-bind--hidden=\"!state.hasPromo\">\n\t\t\t\t\t\t<strike><span data-wp-text=\"state.originalPrice\"><\/span>\u20ac<\/strike>\n\t\t\t\t\t<\/span>\n\t\t\t\t\t<span class=\"gt-ws-thelis__disponibilite__price__discounted\">\n\t\t\t\t\t\t<span data-wp-bind--data-gt-price=\"state.price\" class=\"gt-ws-thelis-data-price\" data-wp-text=\"state.price\"><\/span>\u20ac\n\t\t\t\t\t<\/span>\n\t\t\t\t<\/div>\n\t\t\t\n\t\t\t\n\t\t\t\n\t\t\t\n\t\t<\/div>\n\n\t<\/div>\n\n    \n\n\n<p class=\"wp-block-lire-more\">Ontdek<\/p>\n<\/div>\n<\/div>\n\n<\/li><li data-gt-bathrooms=\"1\" data-gt-camping=\"5006\" data-gt-capacity=\"6\" data-gt-criterions=\"&quot;[2209,2,2210,3,5,6,8,11,12,13,15,16,2206]&quot;\" data-gt-gammes=\"93\" data-gt-post-id=\"1928\" data-gt-rooms=\"3\" data-gt-surfaces=\"35\" data-gt-types=\"Mobil-Home,location\" data-gt-ws-camping=\"5006\" data-wp-key=\"69f588498c3db\" class=\"wp-block-post post-1928 hebergement type-hebergement status-publish hentry gamme-4-bloemen\">\n\n<div \n    class=\"wp-block-gt-gt-ws-thelis-product-images\"    data-wp-interactive=\"gt\/thelis\/hebergement\/image\"\n    data-gallery-images='[&quot;https:\\\/\\\/www.campingsannecy.com\\\/wp-content\\\/uploads\\\/gt-ws-thelis\\\/site-1\\\/images\\\/5006\\\/pict_62_4.jpg&quot;,&quot;https:\\\/\\\/www.campingsannecy.com\\\/wp-content\\\/uploads\\\/gt-ws-thelis\\\/site-1\\\/images\\\/5006\\\/pict_62_2.jpg&quot;,&quot;https:\\\/\\\/www.campingsannecy.com\\\/wp-content\\\/uploads\\\/gt-ws-thelis\\\/site-1\\\/images\\\/5006\\\/pict_62_3.jpg&quot;,&quot;https:\\\/\\\/www.campingsannecy.com\\\/wp-content\\\/uploads\\\/gt-ws-thelis\\\/site-1\\\/images\\\/5006\\\/pict_62_1.jpg&quot;,&quot;https:\\\/\\\/www.campingsannecy.com\\\/wp-content\\\/uploads\\\/gt-ws-thelis\\\/site-1\\\/images\\\/5006\\\/pict_62_5.jpg&quot;]'\n    data-wp-context='{\"images\":[\"https:\\\/\\\/www.campingsannecy.com\\\/wp-content\\\/uploads\\\/gt-ws-thelis\\\/site-1\\\/images\\\/5006\\\/pict_62_4.jpg\",\"https:\\\/\\\/www.campingsannecy.com\\\/wp-content\\\/uploads\\\/gt-ws-thelis\\\/site-1\\\/images\\\/5006\\\/pict_62_2.jpg\",\"https:\\\/\\\/www.campingsannecy.com\\\/wp-content\\\/uploads\\\/gt-ws-thelis\\\/site-1\\\/images\\\/5006\\\/pict_62_3.jpg\",\"https:\\\/\\\/www.campingsannecy.com\\\/wp-content\\\/uploads\\\/gt-ws-thelis\\\/site-1\\\/images\\\/5006\\\/pict_62_1.jpg\",\"https:\\\/\\\/www.campingsannecy.com\\\/wp-content\\\/uploads\\\/gt-ws-thelis\\\/site-1\\\/images\\\/5006\\\/pict_62_5.jpg\"],\"jsonConfig\":{\"speed\":400,\"spaceBetween\":16,\"slidesPerView\":1,\"createElements\":true,\"loop\":true,\"freemode\":true,\"navigation\":{\"nextEl\":\"buttonNext\",\"prevEl\":\"buttonPrev\"},\"breakpoints\":{\"0\":{\"slidesPerView\":1},\"380\":[],\"1024\":[]},\"pagination\":false},\"sliderId\":\"69f588498658c\"}'>\n            <div \n            id=\"69f588498658c\"\n            class=\"gt-ws-thelis-is-slider swiper\" \n            data-swiper='{\"speed\":400,\"spaceBetween\":16,\"slidesPerView\":1,\"createElements\":true,\"loop\":true,\"freemode\":true,\"navigation\":{\"nextEl\":\"buttonNext\",\"prevEl\":\"buttonPrev\"},\"breakpoints\":{\"0\":{\"slidesPerView\":1},\"380\":[],\"1024\":[]},\"pagination\":false}'\n            data-wp-key=\"1928218bbc90af0991b4c3b8c59359dab75b\"\n            data-wp-run=\"callbacks.resetSwiper\"\n            data-wp-on--mouseover=\"callbacks.resetSwiper\"\n        >\n        <div class=\"swiper-wrapper\">\n                \n            \n            \n\n            <figure \n                class=\"wp-block-image swiper-slide\" \n                data-image-index=\"0\"\n            >\n                                    <img decoding=\"async\" \n                                                    style=\"aspect-ratio: 4\/3\" \n                                                src=\"https:\/\/www.campingsannecy.com\/wp-content\/uploads\/gt-ws-thelis\/site-1\/images\/5006\/pict_62_1.jpg\" \n                        alt=\"Cottage Relax 6p 3 Kamers **** airco\"\n                        loading=\"lazy\"\n                    >\n                                <\/figure>\n\n            \n        \n            \n            \n\n            <figure \n                class=\"wp-block-image swiper-slide\" \n                data-image-index=\"1\"\n            >\n                                    <img decoding=\"async\" \n                                                    style=\"aspect-ratio: 4\/3\" \n                                                src=\"https:\/\/www.campingsannecy.com\/wp-content\/uploads\/gt-ws-thelis\/site-1\/images\/5006\/pict_62_2.jpg\" \n                        alt=\"Cottage Relax 6p 3 Kamers **** airco\"\n                        loading=\"lazy\"\n                    >\n                                <\/figure>\n\n            \n        \n            \n            \n\n            <figure \n                class=\"wp-block-image swiper-slide\" \n                data-image-index=\"2\"\n            >\n                                    <img decoding=\"async\" \n                                                    style=\"aspect-ratio: 4\/3\" \n                                                src=\"https:\/\/www.campingsannecy.com\/wp-content\/uploads\/gt-ws-thelis\/site-1\/images\/5006\/pict_62_3.jpg\" \n                        alt=\"Cottage Relax 6p 3 Kamers **** airco\"\n                        loading=\"lazy\"\n                    >\n                                <\/figure>\n\n            \n        \n            \n            \n\n            <figure \n                class=\"wp-block-image swiper-slide\" \n                data-image-index=\"3\"\n            >\n                                    <img decoding=\"async\" \n                                                    style=\"aspect-ratio: 4\/3\" \n                                                src=\"https:\/\/www.campingsannecy.com\/wp-content\/uploads\/gt-ws-thelis\/site-1\/images\/5006\/pict_62_4.jpg\" \n                        alt=\"Cottage Relax 6p 3 Kamers **** airco\"\n                        loading=\"lazy\"\n                    >\n                                <\/figure>\n\n            \n        \n            \n            \n\n            <figure \n                class=\"wp-block-image swiper-slide\" \n                data-image-index=\"4\"\n            >\n                                    <img decoding=\"async\" \n                                                    style=\"aspect-ratio: 4\/3\" \n                                                src=\"https:\/\/www.campingsannecy.com\/wp-content\/uploads\/gt-ws-thelis\/site-1\/images\/5006\/pict_62_5.jpg\" \n                        alt=\"Cottage Relax 6p 3 Kamers **** airco\"\n                        loading=\"lazy\"\n                    >\n                                <\/figure>\n\n            \n        \n        \n            <\/div>\n            <div class=\"swiper-pagination\"><\/div>\n            <div class=\"swiper-button-prev\"><\/div>\n            <div class=\"swiper-button-next\"><\/div>\n        <\/div>\n        <\/div>\n\n\n<div class=\"wp-block-group has-small-font-size is-layout-flow wp-block-group-is-layout-flow\">    \n\t<div\n\t\tclass=\"wp-block-gt-gt-ws-thelis-disponibilites\"\t\tdata-wp-interactive=\"gt\/thelis\"\n\t\tdata-wp-watch=\"actions.loadStays\"\n\t\tdata-wp-bind--data-gt-statut=\"state.statut\"\n\t\tdata-wp-key=\"62+5006-69f588498678d\"\n\t\tdata-wp-context='{\"idsProduct\":\"62+5006\",\"idProduct\":\"62\",\"campingKey\":\"5006\",\"isIndisponible\":true}'\t>\n\n\t\t\t\t\t<div hidden class=\"gt-ws-thelis-spinner\" data-wp-bind--hidden=\"!state.isLoading\">\n\t\t\t\t<span class=\"loader\"><\/span>\n\t\t\t<\/div>\n\t\t\n\n\t\t<div data-wp-bind--hidden=\"state.isLoading\" class=\"gt-ws-thelis-disponibilite-wrap\">\n\n\t\t\t\t\t\t\t\t\t\t\t\t\t<div class=\"gt-ws-thelis-statut\" data-wp-text=\"state.titre\"><\/div>\n\t\t\t\t\t\t\t\t\n\t\t\t\n\t\t\t\n\t\t\t\n\t\t\t\n\t\t<\/div>\n\n\t<\/div>\n\n    <\/div>\n\n\n\n<div class=\"wp-block-group content-acc has-global-padding is-layout-constrained wp-block-group-is-layout-constrained\">\n<div class=\"wp-block-gt-gt-ws-thelis-product-camping\">\n    Yelloh! Village - La Ravoire<\/div>\n\n\n<p style=\"font-size:clamp(0.984rem, 0.984rem + ((1vw - 0.2rem) * 0.671), 1.5rem);text-transform:uppercase;\" class=\"wp-elements-c7f20d0215fbda8b1273390b73f3ba94 wp-block-gt-gt-ws-thelis-product-name has-text-color has-custom-color-2-color has-righteous-font-family\">\n    Cottage Relax 6p 3 Kamers airco<\/p>\n\n\n\n<div class=\"wp-block-group is-content-justification-center is-layout-flex wp-container-core-group-is-layout-200d3eee wp-block-group-is-layout-flex\" style=\"font-size:0.7rem\">\n<div class=\"wp-block-gt-gt-ws-thelis-product-surface\">\n\n        35m\u00b2\n<\/div>\n\n\n<div class=\"wp-block-gt-gt-ws-thelis-product-room\">\n        3              ruimte(s)    <\/div>\n\n\n\n\n<div class=\"wp-block-gt-gt-ws-thelis-product-capacity\">\n        6               persoon\/personen    <\/div><\/div>\n\n\n\n<div data-swiper=\"{&quot;speed&quot;:400,&quot;spaceBetween&quot;:16,&quot;slidesPerView&quot;:3,&quot;createElements&quot;:false,&quot;loop&quot;:true,&quot;freemode&quot;:true,&quot;breakpoints&quot;:{&quot;0&quot;:{&quot;slidesPerView&quot;:1},&quot;380&quot;:{&quot;slidesPerView&quot;:2},&quot;1024&quot;:{&quot;slidesPerView&quot;:3}},&quot;navigation&quot;:false,&quot;pagination&quot;:false,&quot;autoplay&quot;:{&quot;delay&quot;:3000}}\" class=\"wp-block-group criterion-container gt-is-slider gt-is-slider-desktop is-nowrap is-layout-flex wp-container-core-group-is-layout-6c531013 wp-block-group-is-layout-flex\">\n\n    <div class=\"wp-block-gt-gt-ws-thelis-product-option\">\n                            <div>Airco<\/div>\n            <\/div>\n\n\n    <div class=\"wp-block-gt-gt-ws-thelis-product-option\">\n                            <div>Vaatwasser<\/div>\n            <\/div>\n\n\n    <div class=\"wp-block-gt-gt-ws-thelis-product-option\">\n                            <div>Magnetron<\/div>\n            <\/div>\n\n\n    <div class=\"wp-block-gt-gt-ws-thelis-product-option\">\n                            <div>TV<\/div>\n            <\/div>\n\n\n    <div class=\"wp-block-gt-gt-ws-thelis-product-option\">\n                            <div>Uitzicht<\/div>\n            <\/div>\n\n\n\n\n\n\n<\/div>\n\n\n\n<div class=\"wp-block-group is-content-justification-space-between is-nowrap is-layout-flex wp-container-core-group-is-layout-cb46ffcb wp-block-group-is-layout-flex\">    \n\t<div\n\t\tclass=\"price-content wp-block-gt-gt-ws-thelis-disponibilites\"\t\tdata-wp-interactive=\"gt\/thelis\"\n\t\tdata-wp-watch=\"actions.loadStays\"\n\t\tdata-wp-bind--data-gt-statut=\"state.statut\"\n\t\tdata-wp-key=\"62+5006-69f5884986f7f\"\n\t\tdata-wp-context='{\"idsProduct\":\"62+5006\",\"idProduct\":\"62\",\"campingKey\":\"5006\",\"isIndisponible\":true}'\t>\n\n\t\t\n\n\t\t<div data-wp-bind--hidden=\"state.isLoading\" class=\"gt-ws-thelis-disponibilite-wrap\">\n\n\t\t\t\n\t\t\t\t\t\n\t\t\t\t<div hidden \n\t\t\t\t\tclass=\"gt-ws-thelis__disponibilite__price\"\n\t\t\t\t\tdata-wp-bind--hidden=\"!state.price\"\n\t\t\t\t>\n\t\t\t\t\t<span>Vanaf <\/span>\n\t\t\t\t\t<span hidden class=\"gt-ws-thelis__disponibilite__price__original\" data-wp-bind--hidden=\"!state.hasPromo\">\n\t\t\t\t\t\t<strike><span data-wp-text=\"state.originalPrice\"><\/span>\u20ac<\/strike>\n\t\t\t\t\t<\/span>\n\t\t\t\t\t<span class=\"gt-ws-thelis__disponibilite__price__discounted\">\n\t\t\t\t\t\t<span data-wp-bind--data-gt-price=\"state.price\" class=\"gt-ws-thelis-data-price\" data-wp-text=\"state.price\"><\/span>\u20ac\n\t\t\t\t\t<\/span>\n\t\t\t\t<\/div>\n\t\t\t\n\t\t\t\n\t\t\t\n\t\t\t\n\t\t<\/div>\n\n\t<\/div>\n\n    \n\n\n<p class=\"wp-block-lire-more\">Ontdek<\/p>\n<\/div>\n<\/div>\n\n<\/li><li data-gt-bathrooms=\"1\" data-gt-camping=\"1531\" data-gt-capacity=\"4\" data-gt-criterions=\"&quot;[2,3,3763,8487,15,2031]&quot;\" data-gt-gammes=\"93\" data-gt-post-id=\"1914\" data-gt-rooms=\"2\" data-gt-surfaces=\"28\" data-gt-types=\"Mobil-Home,location\" data-gt-ws-camping=\"1531\" data-wp-key=\"69f588498c621\" class=\"wp-block-post post-1914 hebergement type-hebergement status-publish hentry gamme-4-bloemen\">\n\n<div \n    class=\"wp-block-gt-gt-ws-thelis-product-images\"    data-wp-interactive=\"gt\/thelis\/hebergement\/image\"\n    data-gallery-images='[&quot;https:\\\/\\\/www.campingsannecy.com\\\/wp-content\\\/uploads\\\/gt-ws-thelis\\\/site-1\\\/images\\\/1531\\\/pict_49_1.jpg&quot;,&quot;https:\\\/\\\/www.campingsannecy.com\\\/wp-content\\\/uploads\\\/gt-ws-thelis\\\/site-1\\\/images\\\/1531\\\/pict_49_2.jpg&quot;,&quot;https:\\\/\\\/www.campingsannecy.com\\\/wp-content\\\/uploads\\\/gt-ws-thelis\\\/site-1\\\/images\\\/1531\\\/pict_49_4.jpg&quot;,&quot;https:\\\/\\\/www.campingsannecy.com\\\/wp-content\\\/uploads\\\/gt-ws-thelis\\\/site-1\\\/images\\\/1531\\\/pict_49_3.jpg&quot;]'\n    data-wp-context='{\"images\":[\"https:\\\/\\\/www.campingsannecy.com\\\/wp-content\\\/uploads\\\/gt-ws-thelis\\\/site-1\\\/images\\\/1531\\\/pict_49_1.jpg\",\"https:\\\/\\\/www.campingsannecy.com\\\/wp-content\\\/uploads\\\/gt-ws-thelis\\\/site-1\\\/images\\\/1531\\\/pict_49_2.jpg\",\"https:\\\/\\\/www.campingsannecy.com\\\/wp-content\\\/uploads\\\/gt-ws-thelis\\\/site-1\\\/images\\\/1531\\\/pict_49_4.jpg\",\"https:\\\/\\\/www.campingsannecy.com\\\/wp-content\\\/uploads\\\/gt-ws-thelis\\\/site-1\\\/images\\\/1531\\\/pict_49_3.jpg\"],\"jsonConfig\":{\"speed\":400,\"spaceBetween\":16,\"slidesPerView\":1,\"createElements\":true,\"loop\":true,\"freemode\":true,\"navigation\":{\"nextEl\":\"buttonNext\",\"prevEl\":\"buttonPrev\"},\"breakpoints\":{\"0\":{\"slidesPerView\":1},\"380\":[],\"1024\":[]},\"pagination\":false},\"sliderId\":\"69f588498720c\"}'>\n            <div \n            id=\"69f588498720c\"\n            class=\"gt-ws-thelis-is-slider swiper\" \n            data-swiper='{\"speed\":400,\"spaceBetween\":16,\"slidesPerView\":1,\"createElements\":true,\"loop\":true,\"freemode\":true,\"navigation\":{\"nextEl\":\"buttonNext\",\"prevEl\":\"buttonPrev\"},\"breakpoints\":{\"0\":{\"slidesPerView\":1},\"380\":[],\"1024\":[]},\"pagination\":false}'\n            data-wp-key=\"1914218bbc90af0991b4c3b8c59359dab75b\"\n            data-wp-run=\"callbacks.resetSwiper\"\n            data-wp-on--mouseover=\"callbacks.resetSwiper\"\n        >\n        <div class=\"swiper-wrapper\">\n                \n            \n            \n\n            <figure \n                class=\"wp-block-image swiper-slide\" \n                data-image-index=\"0\"\n            >\n                                    <img decoding=\"async\" \n                                                    style=\"aspect-ratio: 4\/3\" \n                                                src=\"https:\/\/www.campingsannecy.com\/wp-content\/uploads\/gt-ws-thelis\/site-1\/images\/1531\/pict_49_1.jpg\" \n                        alt=\"Cottage Vista  **** airco\"\n                        loading=\"lazy\"\n                    >\n                                <\/figure>\n\n            \n        \n            \n            \n\n            <figure \n                class=\"wp-block-image swiper-slide\" \n                data-image-index=\"1\"\n            >\n                                    <img decoding=\"async\" \n                                                    style=\"aspect-ratio: 4\/3\" \n                                                src=\"https:\/\/www.campingsannecy.com\/wp-content\/uploads\/gt-ws-thelis\/site-1\/images\/1531\/pict_49_2.jpg\" \n                        alt=\"Cottage Vista  **** airco\"\n                        loading=\"lazy\"\n                    >\n                                <\/figure>\n\n            \n        \n            \n            \n\n            <figure \n                class=\"wp-block-image swiper-slide\" \n                data-image-index=\"2\"\n            >\n                                    <img decoding=\"async\" \n                                                    style=\"aspect-ratio: 4\/3\" \n                                                src=\"https:\/\/www.campingsannecy.com\/wp-content\/uploads\/gt-ws-thelis\/site-1\/images\/1531\/pict_49_3.jpg\" \n                        alt=\"Cottage Vista  **** airco\"\n                        loading=\"lazy\"\n                    >\n                                <\/figure>\n\n            \n        \n            \n            \n\n            <figure \n                class=\"wp-block-image swiper-slide\" \n                data-image-index=\"3\"\n            >\n                                    <img decoding=\"async\" \n                                                    style=\"aspect-ratio: 4\/3\" \n                                                src=\"https:\/\/www.campingsannecy.com\/wp-content\/uploads\/gt-ws-thelis\/site-1\/images\/1531\/pict_49_4.jpg\" \n                        alt=\"Cottage Vista  **** airco\"\n                        loading=\"lazy\"\n                    >\n                                <\/figure>\n\n            \n        \n        \n            <\/div>\n            <div class=\"swiper-pagination\"><\/div>\n            <div class=\"swiper-button-prev\"><\/div>\n            <div class=\"swiper-button-next\"><\/div>\n        <\/div>\n        <\/div>\n\n\n<div class=\"wp-block-group has-small-font-size is-layout-flow wp-block-group-is-layout-flow\">    \n\t<div\n\t\tclass=\"wp-block-gt-gt-ws-thelis-disponibilites\"\t\tdata-wp-interactive=\"gt\/thelis\"\n\t\tdata-wp-watch=\"actions.loadStays\"\n\t\tdata-wp-bind--data-gt-statut=\"state.statut\"\n\t\tdata-wp-key=\"49+1531-69f58849873da\"\n\t\tdata-wp-context='{\"idsProduct\":\"49+1531\",\"idProduct\":\"49\",\"campingKey\":\"1531\",\"isIndisponible\":true}'\t>\n\n\t\t\t\t\t<div hidden class=\"gt-ws-thelis-spinner\" data-wp-bind--hidden=\"!state.isLoading\">\n\t\t\t\t<span class=\"loader\"><\/span>\n\t\t\t<\/div>\n\t\t\n\n\t\t<div data-wp-bind--hidden=\"state.isLoading\" class=\"gt-ws-thelis-disponibilite-wrap\">\n\n\t\t\t\t\t\t\t\t\t\t\t\t\t<div class=\"gt-ws-thelis-statut\" data-wp-text=\"state.titre\"><\/div>\n\t\t\t\t\t\t\t\t\n\t\t\t\n\t\t\t\n\t\t\t\n\t\t\t\n\t\t<\/div>\n\n\t<\/div>\n\n    <\/div>\n\n\n\n<div class=\"wp-block-group content-acc has-global-padding is-layout-constrained wp-block-group-is-layout-constrained\">\n<div class=\"wp-block-gt-gt-ws-thelis-product-camping\">\n    Yelloh! Village - Les Fontaines<\/div>\n\n\n<p style=\"font-size:clamp(0.984rem, 0.984rem + ((1vw - 0.2rem) * 0.671), 1.5rem);text-transform:uppercase;\" class=\"wp-elements-c7f20d0215fbda8b1273390b73f3ba94 wp-block-gt-gt-ws-thelis-product-name has-text-color has-custom-color-2-color has-righteous-font-family\">\n    Cottage Vista airco<\/p>\n\n\n\n<div class=\"wp-block-group is-content-justification-center is-layout-flex wp-container-core-group-is-layout-200d3eee wp-block-group-is-layout-flex\" style=\"font-size:0.7rem\">\n<div class=\"wp-block-gt-gt-ws-thelis-product-surface\">\n\n        28m\u00b2\n<\/div>\n\n\n<div class=\"wp-block-gt-gt-ws-thelis-product-room\">\n        2              ruimte(s)    <\/div>\n\n\n\n\n<div class=\"wp-block-gt-gt-ws-thelis-product-capacity\">\n        4               persoon\/personen    <\/div><\/div>\n\n\n\n<div data-swiper=\"{&quot;speed&quot;:400,&quot;spaceBetween&quot;:16,&quot;slidesPerView&quot;:3,&quot;createElements&quot;:false,&quot;loop&quot;:true,&quot;freemode&quot;:true,&quot;breakpoints&quot;:{&quot;0&quot;:{&quot;slidesPerView&quot;:1},&quot;380&quot;:{&quot;slidesPerView&quot;:2},&quot;1024&quot;:{&quot;slidesPerView&quot;:3}},&quot;navigation&quot;:false,&quot;pagination&quot;:false,&quot;autoplay&quot;:{&quot;delay&quot;:3000}}\" class=\"wp-block-group criterion-container gt-is-slider gt-is-slider-desktop is-nowrap is-layout-flex wp-container-core-group-is-layout-6c531013 wp-block-group-is-layout-flex\">\n\n    <div class=\"wp-block-gt-gt-ws-thelis-product-option\">\n                            <div>Airco<\/div>\n            <\/div>\n\n\n    <div class=\"wp-block-gt-gt-ws-thelis-product-option\">\n                            <div>Vaatwasser<\/div>\n            <\/div>\n\n\n\n\n\n\n    <div class=\"wp-block-gt-gt-ws-thelis-product-option\">\n                            <div>Uitzicht<\/div>\n            <\/div>\n\n\n\n\n\n\n<\/div>\n\n\n\n<div class=\"wp-block-group is-content-justification-space-between is-nowrap is-layout-flex wp-container-core-group-is-layout-cb46ffcb wp-block-group-is-layout-flex\">    \n\t<div\n\t\tclass=\"price-content wp-block-gt-gt-ws-thelis-disponibilites\"\t\tdata-wp-interactive=\"gt\/thelis\"\n\t\tdata-wp-watch=\"actions.loadStays\"\n\t\tdata-wp-bind--data-gt-statut=\"state.statut\"\n\t\tdata-wp-key=\"49+1531-69f5884987b3d\"\n\t\tdata-wp-context='{\"idsProduct\":\"49+1531\",\"idProduct\":\"49\",\"campingKey\":\"1531\",\"isIndisponible\":true}'\t>\n\n\t\t\n\n\t\t<div data-wp-bind--hidden=\"state.isLoading\" class=\"gt-ws-thelis-disponibilite-wrap\">\n\n\t\t\t\n\t\t\t\t\t\n\t\t\t\t<div hidden \n\t\t\t\t\tclass=\"gt-ws-thelis__disponibilite__price\"\n\t\t\t\t\tdata-wp-bind--hidden=\"!state.price\"\n\t\t\t\t>\n\t\t\t\t\t<span>Vanaf <\/span>\n\t\t\t\t\t<span hidden class=\"gt-ws-thelis__disponibilite__price__original\" data-wp-bind--hidden=\"!state.hasPromo\">\n\t\t\t\t\t\t<strike><span data-wp-text=\"state.originalPrice\"><\/span>\u20ac<\/strike>\n\t\t\t\t\t<\/span>\n\t\t\t\t\t<span class=\"gt-ws-thelis__disponibilite__price__discounted\">\n\t\t\t\t\t\t<span data-wp-bind--data-gt-price=\"state.price\" class=\"gt-ws-thelis-data-price\" data-wp-text=\"state.price\"><\/span>\u20ac\n\t\t\t\t\t<\/span>\n\t\t\t\t<\/div>\n\t\t\t\n\t\t\t\n\t\t\t\n\t\t\t\n\t\t<\/div>\n\n\t<\/div>\n\n    \n\n\n<p class=\"wp-block-lire-more\">Ontdek<\/p>\n<\/div>\n<\/div>\n\n<\/li><li data-gt-bathrooms=\"1\" data-gt-camping=\"1531\" data-gt-capacity=\"5\" data-gt-criterions=\"&quot;[8487,8506,15,2016]&quot;\" data-gt-gammes=\"93\" data-gt-post-id=\"1906\" data-gt-rooms=\"2\" data-gt-surfaces=\"46\" data-gt-types=\"Tente meubl\u00e9e,location\" data-gt-ws-camping=\"1531\" data-wp-key=\"69f588498c85d\" class=\"wp-block-post post-1906 hebergement type-hebergement status-publish hentry gamme-4-bloemen\">\n\n<div \n    class=\"wp-block-gt-gt-ws-thelis-product-images\"    data-wp-interactive=\"gt\/thelis\/hebergement\/image\"\n    data-gallery-images='[&quot;https:\\\/\\\/www.campingsannecy.com\\\/wp-content\\\/uploads\\\/gt-ws-thelis\\\/site-1\\\/images\\\/1531\\\/pict_63_1.jpg&quot;,&quot;https:\\\/\\\/www.campingsannecy.com\\\/wp-content\\\/uploads\\\/gt-ws-thelis\\\/site-1\\\/images\\\/1531\\\/pict_63_6.jpg&quot;,&quot;https:\\\/\\\/www.campingsannecy.com\\\/wp-content\\\/uploads\\\/gt-ws-thelis\\\/site-1\\\/images\\\/1531\\\/pict_63_2.jpg&quot;,&quot;https:\\\/\\\/www.campingsannecy.com\\\/wp-content\\\/uploads\\\/gt-ws-thelis\\\/site-1\\\/images\\\/1531\\\/pict_63_4.jpg&quot;,&quot;https:\\\/\\\/www.campingsannecy.com\\\/wp-content\\\/uploads\\\/gt-ws-thelis\\\/site-1\\\/images\\\/1531\\\/pict_63_5.jpg&quot;,&quot;https:\\\/\\\/www.campingsannecy.com\\\/wp-content\\\/uploads\\\/gt-ws-thelis\\\/site-1\\\/images\\\/1531\\\/pict_63_3.jpg&quot;]'\n    data-wp-context='{\"images\":[\"https:\\\/\\\/www.campingsannecy.com\\\/wp-content\\\/uploads\\\/gt-ws-thelis\\\/site-1\\\/images\\\/1531\\\/pict_63_1.jpg\",\"https:\\\/\\\/www.campingsannecy.com\\\/wp-content\\\/uploads\\\/gt-ws-thelis\\\/site-1\\\/images\\\/1531\\\/pict_63_6.jpg\",\"https:\\\/\\\/www.campingsannecy.com\\\/wp-content\\\/uploads\\\/gt-ws-thelis\\\/site-1\\\/images\\\/1531\\\/pict_63_2.jpg\",\"https:\\\/\\\/www.campingsannecy.com\\\/wp-content\\\/uploads\\\/gt-ws-thelis\\\/site-1\\\/images\\\/1531\\\/pict_63_4.jpg\",\"https:\\\/\\\/www.campingsannecy.com\\\/wp-content\\\/uploads\\\/gt-ws-thelis\\\/site-1\\\/images\\\/1531\\\/pict_63_5.jpg\",\"https:\\\/\\\/www.campingsannecy.com\\\/wp-content\\\/uploads\\\/gt-ws-thelis\\\/site-1\\\/images\\\/1531\\\/pict_63_3.jpg\"],\"jsonConfig\":{\"speed\":400,\"spaceBetween\":16,\"slidesPerView\":1,\"createElements\":true,\"loop\":true,\"freemode\":true,\"navigation\":{\"nextEl\":\"buttonNext\",\"prevEl\":\"buttonPrev\"},\"breakpoints\":{\"0\":{\"slidesPerView\":1},\"380\":[],\"1024\":[]},\"pagination\":false},\"sliderId\":\"69f5884987dc9\"}'>\n            <div \n            id=\"69f5884987dc9\"\n            class=\"gt-ws-thelis-is-slider swiper\" \n            data-swiper='{\"speed\":400,\"spaceBetween\":16,\"slidesPerView\":1,\"createElements\":true,\"loop\":true,\"freemode\":true,\"navigation\":{\"nextEl\":\"buttonNext\",\"prevEl\":\"buttonPrev\"},\"breakpoints\":{\"0\":{\"slidesPerView\":1},\"380\":[],\"1024\":[]},\"pagination\":false}'\n            data-wp-key=\"1906218bbc90af0991b4c3b8c59359dab75b\"\n            data-wp-run=\"callbacks.resetSwiper\"\n            data-wp-on--mouseover=\"callbacks.resetSwiper\"\n        >\n        <div class=\"swiper-wrapper\">\n                \n            \n            \n\n            <figure \n                class=\"wp-block-image swiper-slide\" \n                data-image-index=\"0\"\n            >\n                                    <img decoding=\"async\" \n                                                    style=\"aspect-ratio: 4\/3\" \n                                                src=\"https:\/\/www.campingsannecy.com\/wp-content\/uploads\/gt-ws-thelis\/site-1\/images\/1531\/pict_63_1.jpg\" \n                        alt=\"Tent KENYA **** uitzicht op de bergen\"\n                        loading=\"lazy\"\n                    >\n                                <\/figure>\n\n            \n        \n            \n            \n\n            <figure \n                class=\"wp-block-image swiper-slide\" \n                data-image-index=\"1\"\n            >\n                                    <img decoding=\"async\" \n                                                    style=\"aspect-ratio: 4\/3\" \n                                                src=\"https:\/\/www.campingsannecy.com\/wp-content\/uploads\/gt-ws-thelis\/site-1\/images\/1531\/pict_63_2.jpg\" \n                        alt=\"Tent KENYA **** uitzicht op de bergen\"\n                        loading=\"lazy\"\n                    >\n                                <\/figure>\n\n            \n        \n            \n            \n\n            <figure \n                class=\"wp-block-image swiper-slide\" \n                data-image-index=\"2\"\n            >\n                                    <img decoding=\"async\" \n                                                    style=\"aspect-ratio: 4\/3\" \n                                                src=\"https:\/\/www.campingsannecy.com\/wp-content\/uploads\/gt-ws-thelis\/site-1\/images\/1531\/pict_63_3.jpg\" \n                        alt=\"Tent KENYA **** uitzicht op de bergen\"\n                        loading=\"lazy\"\n                    >\n                                <\/figure>\n\n            \n        \n            \n            \n\n            <figure \n                class=\"wp-block-image swiper-slide\" \n                data-image-index=\"3\"\n            >\n                                    <img decoding=\"async\" \n                                                    style=\"aspect-ratio: 4\/3\" \n                                                src=\"https:\/\/www.campingsannecy.com\/wp-content\/uploads\/gt-ws-thelis\/site-1\/images\/1531\/pict_63_4.jpg\" \n                        alt=\"Tent KENYA **** uitzicht op de bergen\"\n                        loading=\"lazy\"\n                    >\n                                <\/figure>\n\n            \n        \n            \n            \n\n            <figure \n                class=\"wp-block-image swiper-slide\" \n                data-image-index=\"4\"\n            >\n                                    <img decoding=\"async\" \n                                                    style=\"aspect-ratio: 4\/3\" \n                                                src=\"https:\/\/www.campingsannecy.com\/wp-content\/uploads\/gt-ws-thelis\/site-1\/images\/1531\/pict_63_5.jpg\" \n                        alt=\"Tent KENYA **** uitzicht op de bergen\"\n                        loading=\"lazy\"\n                    >\n                                <\/figure>\n\n            \n        \n            \n            \n\n            <figure \n                class=\"wp-block-image swiper-slide\" \n                data-image-index=\"5\"\n            >\n                                    <img decoding=\"async\" \n                                                    style=\"aspect-ratio: 4\/3\" \n                                                src=\"https:\/\/www.campingsannecy.com\/wp-content\/uploads\/gt-ws-thelis\/site-1\/images\/1531\/pict_63_6.jpg\" \n                        alt=\"Tent KENYA **** uitzicht op de bergen\"\n                        loading=\"lazy\"\n                    >\n                                <\/figure>\n\n            \n        \n        \n            <\/div>\n            <div class=\"swiper-pagination\"><\/div>\n            <div class=\"swiper-button-prev\"><\/div>\n            <div class=\"swiper-button-next\"><\/div>\n        <\/div>\n        <\/div>\n\n\n<div class=\"wp-block-group has-small-font-size is-layout-flow wp-block-group-is-layout-flow\">    \n\t<div\n\t\tclass=\"wp-block-gt-gt-ws-thelis-disponibilites\"\t\tdata-wp-interactive=\"gt\/thelis\"\n\t\tdata-wp-watch=\"actions.loadStays\"\n\t\tdata-wp-bind--data-gt-statut=\"state.statut\"\n\t\tdata-wp-key=\"63+1531-69f5884987ffb\"\n\t\tdata-wp-context='{\"idsProduct\":\"63+1531\",\"idProduct\":\"63\",\"campingKey\":\"1531\",\"isIndisponible\":true}'\t>\n\n\t\t\t\t\t<div hidden class=\"gt-ws-thelis-spinner\" data-wp-bind--hidden=\"!state.isLoading\">\n\t\t\t\t<span class=\"loader\"><\/span>\n\t\t\t<\/div>\n\t\t\n\n\t\t<div data-wp-bind--hidden=\"state.isLoading\" class=\"gt-ws-thelis-disponibilite-wrap\">\n\n\t\t\t\t\t\t\t\t\t\t\t\t\t<div class=\"gt-ws-thelis-statut\" data-wp-text=\"state.titre\"><\/div>\n\t\t\t\t\t\t\t\t\n\t\t\t\n\t\t\t\n\t\t\t\n\t\t\t\n\t\t<\/div>\n\n\t<\/div>\n\n    <\/div>\n\n\n\n<div class=\"wp-block-group content-acc has-global-padding is-layout-constrained wp-block-group-is-layout-constrained\">\n<div class=\"wp-block-gt-gt-ws-thelis-product-camping\">\n    Yelloh! Village - Les Fontaines<\/div>\n\n\n<p style=\"font-size:clamp(0.984rem, 0.984rem + ((1vw - 0.2rem) * 0.671), 1.5rem);text-transform:uppercase;\" class=\"wp-elements-c7f20d0215fbda8b1273390b73f3ba94 wp-block-gt-gt-ws-thelis-product-name has-text-color has-custom-color-2-color has-righteous-font-family\">\n    Tent KENYA uitzicht op de bergen<\/p>\n\n\n\n<div class=\"wp-block-group is-content-justification-center is-layout-flex wp-container-core-group-is-layout-200d3eee wp-block-group-is-layout-flex\" style=\"font-size:0.7rem\">\n<div class=\"wp-block-gt-gt-ws-thelis-product-surface\">\n\n        46m\u00b2\n<\/div>\n\n\n<div class=\"wp-block-gt-gt-ws-thelis-product-room\">\n        2              ruimte(s)    <\/div>\n\n\n\n\n<div class=\"wp-block-gt-gt-ws-thelis-product-capacity\">\n        5               persoon\/personen    <\/div><\/div>\n\n\n\n<div data-swiper=\"{&quot;speed&quot;:400,&quot;spaceBetween&quot;:16,&quot;slidesPerView&quot;:3,&quot;createElements&quot;:false,&quot;loop&quot;:true,&quot;freemode&quot;:true,&quot;breakpoints&quot;:{&quot;0&quot;:{&quot;slidesPerView&quot;:1},&quot;380&quot;:{&quot;slidesPerView&quot;:2},&quot;1024&quot;:{&quot;slidesPerView&quot;:3}},&quot;navigation&quot;:false,&quot;pagination&quot;:false,&quot;autoplay&quot;:{&quot;delay&quot;:3000}}\" class=\"wp-block-group criterion-container gt-is-slider gt-is-slider-desktop is-nowrap is-layout-flex wp-container-core-group-is-layout-6c531013 wp-block-group-is-layout-flex\">\n\n\n\n\n\n\n\n\n\n    <div class=\"wp-block-gt-gt-ws-thelis-product-option\">\n                            <div>Uitzicht<\/div>\n            <\/div>\n\n\n    <div class=\"wp-block-gt-gt-ws-thelis-product-option\">\n                            <div>Terrasse<\/div>\n            <\/div>\n\n\n\n\n    <div class=\"wp-block-gt-gt-ws-thelis-product-option\">\n                            <div>Gasplancha<\/div>\n            <\/div>\n<\/div>\n\n\n\n<div class=\"wp-block-group is-content-justification-space-between is-nowrap is-layout-flex wp-container-core-group-is-layout-cb46ffcb wp-block-group-is-layout-flex\">    \n\t<div\n\t\tclass=\"price-content wp-block-gt-gt-ws-thelis-disponibilites\"\t\tdata-wp-interactive=\"gt\/thelis\"\n\t\tdata-wp-watch=\"actions.loadStays\"\n\t\tdata-wp-bind--data-gt-statut=\"state.statut\"\n\t\tdata-wp-key=\"63+1531-69f5884988742\"\n\t\tdata-wp-context='{\"idsProduct\":\"63+1531\",\"idProduct\":\"63\",\"campingKey\":\"1531\",\"isIndisponible\":true}'\t>\n\n\t\t\n\n\t\t<div data-wp-bind--hidden=\"state.isLoading\" class=\"gt-ws-thelis-disponibilite-wrap\">\n\n\t\t\t\n\t\t\t\t\t\n\t\t\t\t<div hidden \n\t\t\t\t\tclass=\"gt-ws-thelis__disponibilite__price\"\n\t\t\t\t\tdata-wp-bind--hidden=\"!state.price\"\n\t\t\t\t>\n\t\t\t\t\t<span>Vanaf <\/span>\n\t\t\t\t\t<span hidden class=\"gt-ws-thelis__disponibilite__price__original\" data-wp-bind--hidden=\"!state.hasPromo\">\n\t\t\t\t\t\t<strike><span data-wp-text=\"state.originalPrice\"><\/span>\u20ac<\/strike>\n\t\t\t\t\t<\/span>\n\t\t\t\t\t<span class=\"gt-ws-thelis__disponibilite__price__discounted\">\n\t\t\t\t\t\t<span data-wp-bind--data-gt-price=\"state.price\" class=\"gt-ws-thelis-data-price\" data-wp-text=\"state.price\"><\/span>\u20ac\n\t\t\t\t\t<\/span>\n\t\t\t\t<\/div>\n\t\t\t\n\t\t\t\n\t\t\t\n\t\t\t\n\t\t<\/div>\n\n\t<\/div>\n\n    \n\n\n<p class=\"wp-block-lire-more\">Ontdek<\/p>\n<\/div>\n<\/div>\n\n<\/li><li data-gt-bathrooms=\"1\" data-gt-camping=\"1531\" data-gt-capacity=\"5\" data-gt-criterions=\"&quot;[8487,8506,2016]&quot;\" data-gt-gammes=\"93\" data-gt-post-id=\"1911\" data-gt-rooms=\"2\" data-gt-surfaces=\"46\" data-gt-types=\"Tente meubl\u00e9e,location\" data-gt-ws-camping=\"1531\" data-wp-key=\"69f588498caf4\" class=\"wp-block-post post-1911 hebergement type-hebergement status-publish hentry gamme-4-bloemen\">\n\n<div \n    class=\"wp-block-gt-gt-ws-thelis-product-images\"    data-wp-interactive=\"gt\/thelis\/hebergement\/image\"\n    data-gallery-images='[&quot;https:\\\/\\\/www.campingsannecy.com\\\/wp-content\\\/uploads\\\/gt-ws-thelis\\\/site-1\\\/images\\\/1531\\\/pict_62_1.jpg&quot;,&quot;https:\\\/\\\/www.campingsannecy.com\\\/wp-content\\\/uploads\\\/gt-ws-thelis\\\/site-1\\\/images\\\/1531\\\/pict_62_5.jpg&quot;,&quot;https:\\\/\\\/www.campingsannecy.com\\\/wp-content\\\/uploads\\\/gt-ws-thelis\\\/site-1\\\/images\\\/1531\\\/pict_62_2.jpg&quot;,&quot;https:\\\/\\\/www.campingsannecy.com\\\/wp-content\\\/uploads\\\/gt-ws-thelis\\\/site-1\\\/images\\\/1531\\\/pict_62_4.jpg&quot;,&quot;https:\\\/\\\/www.campingsannecy.com\\\/wp-content\\\/uploads\\\/gt-ws-thelis\\\/site-1\\\/images\\\/1531\\\/pict_62_3.jpg&quot;]'\n    data-wp-context='{\"images\":[\"https:\\\/\\\/www.campingsannecy.com\\\/wp-content\\\/uploads\\\/gt-ws-thelis\\\/site-1\\\/images\\\/1531\\\/pict_62_1.jpg\",\"https:\\\/\\\/www.campingsannecy.com\\\/wp-content\\\/uploads\\\/gt-ws-thelis\\\/site-1\\\/images\\\/1531\\\/pict_62_5.jpg\",\"https:\\\/\\\/www.campingsannecy.com\\\/wp-content\\\/uploads\\\/gt-ws-thelis\\\/site-1\\\/images\\\/1531\\\/pict_62_2.jpg\",\"https:\\\/\\\/www.campingsannecy.com\\\/wp-content\\\/uploads\\\/gt-ws-thelis\\\/site-1\\\/images\\\/1531\\\/pict_62_4.jpg\",\"https:\\\/\\\/www.campingsannecy.com\\\/wp-content\\\/uploads\\\/gt-ws-thelis\\\/site-1\\\/images\\\/1531\\\/pict_62_3.jpg\"],\"jsonConfig\":{\"speed\":400,\"spaceBetween\":16,\"slidesPerView\":1,\"createElements\":true,\"loop\":true,\"freemode\":true,\"navigation\":{\"nextEl\":\"buttonNext\",\"prevEl\":\"buttonPrev\"},\"breakpoints\":{\"0\":{\"slidesPerView\":1},\"380\":[],\"1024\":[]},\"pagination\":false},\"sliderId\":\"69f58849889cd\"}'>\n            <div \n            id=\"69f58849889cd\"\n            class=\"gt-ws-thelis-is-slider swiper\" \n            data-swiper='{\"speed\":400,\"spaceBetween\":16,\"slidesPerView\":1,\"createElements\":true,\"loop\":true,\"freemode\":true,\"navigation\":{\"nextEl\":\"buttonNext\",\"prevEl\":\"buttonPrev\"},\"breakpoints\":{\"0\":{\"slidesPerView\":1},\"380\":[],\"1024\":[]},\"pagination\":false}'\n            data-wp-key=\"1911218bbc90af0991b4c3b8c59359dab75b\"\n            data-wp-run=\"callbacks.resetSwiper\"\n            data-wp-on--mouseover=\"callbacks.resetSwiper\"\n        >\n        <div class=\"swiper-wrapper\">\n                \n            \n            \n\n            <figure \n                class=\"wp-block-image swiper-slide\" \n                data-image-index=\"0\"\n            >\n                                    <img decoding=\"async\" \n                                                    style=\"aspect-ratio: 4\/3\" \n                                                src=\"https:\/\/www.campingsannecy.com\/wp-content\/uploads\/gt-ws-thelis\/site-1\/images\/1531\/pict_62_1.jpg\" \n                        alt=\"Tent Lodge Kenya ****\"\n                        loading=\"lazy\"\n                    >\n                                <\/figure>\n\n            \n        \n            \n            \n\n            <figure \n                class=\"wp-block-image swiper-slide\" \n                data-image-index=\"1\"\n            >\n                                    <img decoding=\"async\" \n                                                    style=\"aspect-ratio: 4\/3\" \n                                                src=\"https:\/\/www.campingsannecy.com\/wp-content\/uploads\/gt-ws-thelis\/site-1\/images\/1531\/pict_62_2.jpg\" \n                        alt=\"Tent Lodge Kenya ****\"\n                        loading=\"lazy\"\n                    >\n                                <\/figure>\n\n            \n        \n            \n            \n\n            <figure \n                class=\"wp-block-image swiper-slide\" \n                data-image-index=\"2\"\n            >\n                                    <img decoding=\"async\" \n                                                    style=\"aspect-ratio: 4\/3\" \n                                                src=\"https:\/\/www.campingsannecy.com\/wp-content\/uploads\/gt-ws-thelis\/site-1\/images\/1531\/pict_62_3.jpg\" \n                        alt=\"Tent Lodge Kenya ****\"\n                        loading=\"lazy\"\n                    >\n                                <\/figure>\n\n            \n        \n            \n            \n\n            <figure \n                class=\"wp-block-image swiper-slide\" \n                data-image-index=\"3\"\n            >\n                                    <img decoding=\"async\" \n                                                    style=\"aspect-ratio: 4\/3\" \n                                                src=\"https:\/\/www.campingsannecy.com\/wp-content\/uploads\/gt-ws-thelis\/site-1\/images\/1531\/pict_62_4.jpg\" \n                        alt=\"Tent Lodge Kenya ****\"\n                        loading=\"lazy\"\n                    >\n                                <\/figure>\n\n            \n        \n            \n            \n\n            <figure \n                class=\"wp-block-image swiper-slide\" \n                data-image-index=\"4\"\n            >\n                                    <img decoding=\"async\" \n                                                    style=\"aspect-ratio: 4\/3\" \n                                                src=\"https:\/\/www.campingsannecy.com\/wp-content\/uploads\/gt-ws-thelis\/site-1\/images\/1531\/pict_62_5.jpg\" \n                        alt=\"Tent Lodge Kenya ****\"\n                        loading=\"lazy\"\n                    >\n                                <\/figure>\n\n            \n        \n        \n            <\/div>\n            <div class=\"swiper-pagination\"><\/div>\n            <div class=\"swiper-button-prev\"><\/div>\n            <div class=\"swiper-button-next\"><\/div>\n        <\/div>\n        <\/div>\n\n\n<div class=\"wp-block-group has-small-font-size is-layout-flow wp-block-group-is-layout-flow\">    \n\t<div\n\t\tclass=\"wp-block-gt-gt-ws-thelis-disponibilites\"\t\tdata-wp-interactive=\"gt\/thelis\"\n\t\tdata-wp-watch=\"actions.loadStays\"\n\t\tdata-wp-bind--data-gt-statut=\"state.statut\"\n\t\tdata-wp-key=\"62+1531-69f5884988bcd\"\n\t\tdata-wp-context='{\"idsProduct\":\"62+1531\",\"idProduct\":\"62\",\"campingKey\":\"1531\",\"isIndisponible\":true}'\t>\n\n\t\t\t\t\t<div hidden class=\"gt-ws-thelis-spinner\" data-wp-bind--hidden=\"!state.isLoading\">\n\t\t\t\t<span class=\"loader\"><\/span>\n\t\t\t<\/div>\n\t\t\n\n\t\t<div data-wp-bind--hidden=\"state.isLoading\" class=\"gt-ws-thelis-disponibilite-wrap\">\n\n\t\t\t\t\t\t\t\t\t\t\t\t\t<div class=\"gt-ws-thelis-statut\" data-wp-text=\"state.titre\"><\/div>\n\t\t\t\t\t\t\t\t\n\t\t\t\n\t\t\t\n\t\t\t\n\t\t\t\n\t\t<\/div>\n\n\t<\/div>\n\n    <\/div>\n\n\n\n<div class=\"wp-block-group content-acc has-global-padding is-layout-constrained wp-block-group-is-layout-constrained\">\n<div class=\"wp-block-gt-gt-ws-thelis-product-camping\">\n    Yelloh! Village - Les Fontaines<\/div>\n\n\n<p style=\"font-size:clamp(0.984rem, 0.984rem + ((1vw - 0.2rem) * 0.671), 1.5rem);text-transform:uppercase;\" class=\"wp-elements-c7f20d0215fbda8b1273390b73f3ba94 wp-block-gt-gt-ws-thelis-product-name has-text-color has-custom-color-2-color has-righteous-font-family\">\n    Tent Lodge Kenya <\/p>\n\n\n\n<div class=\"wp-block-group is-content-justification-center is-layout-flex wp-container-core-group-is-layout-200d3eee wp-block-group-is-layout-flex\" style=\"font-size:0.7rem\">\n<div class=\"wp-block-gt-gt-ws-thelis-product-surface\">\n\n        46m\u00b2\n<\/div>\n\n\n<div class=\"wp-block-gt-gt-ws-thelis-product-room\">\n        2              ruimte(s)    <\/div>\n\n\n\n\n<div class=\"wp-block-gt-gt-ws-thelis-product-capacity\">\n        5               persoon\/personen    <\/div><\/div>\n\n\n\n<div data-swiper=\"{&quot;speed&quot;:400,&quot;spaceBetween&quot;:16,&quot;slidesPerView&quot;:3,&quot;createElements&quot;:false,&quot;loop&quot;:true,&quot;freemode&quot;:true,&quot;breakpoints&quot;:{&quot;0&quot;:{&quot;slidesPerView&quot;:1},&quot;380&quot;:{&quot;slidesPerView&quot;:2},&quot;1024&quot;:{&quot;slidesPerView&quot;:3}},&quot;navigation&quot;:false,&quot;pagination&quot;:false,&quot;autoplay&quot;:{&quot;delay&quot;:3000}}\" class=\"wp-block-group criterion-container gt-is-slider gt-is-slider-desktop is-nowrap is-layout-flex wp-container-core-group-is-layout-6c531013 wp-block-group-is-layout-flex\">\n\n\n\n\n\n\n\n\n\n\n\n    <div class=\"wp-block-gt-gt-ws-thelis-product-option\">\n                            <div>Terrasse<\/div>\n            <\/div>\n\n\n\n\n    <div class=\"wp-block-gt-gt-ws-thelis-product-option\">\n                            <div>Gasplancha<\/div>\n            <\/div>\n<\/div>\n\n\n\n<div class=\"wp-block-group is-content-justification-space-between is-nowrap is-layout-flex wp-container-core-group-is-layout-cb46ffcb wp-block-group-is-layout-flex\">    \n\t<div\n\t\tclass=\"price-content wp-block-gt-gt-ws-thelis-disponibilites\"\t\tdata-wp-interactive=\"gt\/thelis\"\n\t\tdata-wp-watch=\"actions.loadStays\"\n\t\tdata-wp-bind--data-gt-statut=\"state.statut\"\n\t\tdata-wp-key=\"62+1531-69f58849892cb\"\n\t\tdata-wp-context='{\"idsProduct\":\"62+1531\",\"idProduct\":\"62\",\"campingKey\":\"1531\",\"isIndisponible\":true}'\t>\n\n\t\t\n\n\t\t<div data-wp-bind--hidden=\"state.isLoading\" class=\"gt-ws-thelis-disponibilite-wrap\">\n\n\t\t\t\n\t\t\t\t\t\n\t\t\t\t<div hidden \n\t\t\t\t\tclass=\"gt-ws-thelis__disponibilite__price\"\n\t\t\t\t\tdata-wp-bind--hidden=\"!state.price\"\n\t\t\t\t>\n\t\t\t\t\t<span>Vanaf <\/span>\n\t\t\t\t\t<span hidden class=\"gt-ws-thelis__disponibilite__price__original\" data-wp-bind--hidden=\"!state.hasPromo\">\n\t\t\t\t\t\t<strike><span data-wp-text=\"state.originalPrice\"><\/span>\u20ac<\/strike>\n\t\t\t\t\t<\/span>\n\t\t\t\t\t<span class=\"gt-ws-thelis__disponibilite__price__discounted\">\n\t\t\t\t\t\t<span data-wp-bind--data-gt-price=\"state.price\" class=\"gt-ws-thelis-data-price\" data-wp-text=\"state.price\"><\/span>\u20ac\n\t\t\t\t\t<\/span>\n\t\t\t\t<\/div>\n\t\t\t\n\t\t\t\n\t\t\t\n\t\t\t\n\t\t<\/div>\n\n\t<\/div>\n\n    \n\n\n<p class=\"wp-block-lire-more\">Ontdek<\/p>\n<\/div>\n<\/div>\n\n<\/li><\/ul><\/div>\n<\/div>\n\n\n\n<div class=\"wp-block-group has-global-padding is-layout-constrained wp-block-group-is-layout-constrained\" style=\"margin-bottom:5rem\">\n<div data-wp-context=\"{}\" data-wp-interactive=\"core\/query\" data-wp-key=\"31\" data-wp-router-region=\"query-31\" class=\"wp-block-query alignwide gt-ws-thelis-hebergements-query is-layout-flow wp-block-query-is-layout-flow\">\n<div class=\"wp-block-group is-nowrap is-layout-flex wp-container-core-group-is-layout-3633ed48 wp-block-group-is-layout-flex\" style=\"margin-bottom:2rem\">\n<p class=\"has-base-2-color has-text-color has-link-color has-righteous-font-family wp-elements-2de8d688ff18c7b9e9fcdf5da0752f91\" style=\"font-size:clamp(21.027px, 1.314rem + ((1vw - 3.2px) * 1.055), 34px);text-transform:uppercase\">Ons assortiment<\/p>\n\n\n\n<figure class=\"wp-block-image size-large\"><img decoding=\"async\" width=\"110\" height=\"42\" src=\"https:\/\/www.campingsannecy.com\/wp-content\/uploads\/2025\/04\/flower_orange_3-2-1.svg\" alt=\"bloem  \" class=\"wp-image-1883\"\/><\/figure>\n<\/div>\n\n\n\n<div \n    class=\"wp-elements-a0c9355b9d4ec320a2d7c38e9775d587 wp-block-gt-gt-ws-thelis-product-no-results has-text-color has-base-2-color has-text-align-left\"    data-wp-interactive=\"gt\/thelis\"\n    >\n   \n\n<p class=\"has-base-2-color has-text-color has-link-color wp-elements-303f428bc689c390a7b127d33cfe1974\">Geen enkele accommodatie in dit aanbod voldoet aan je criteria.<\/p>\n\n   <button\n    data-wp-on--click=\"actions.clearAllFilters\"\n   >\n        <i class=\"fas fa-undo-alt\"><\/i>\n        Herinitialiseer de filters    <\/button>\n<\/div>\n\n\n<ul class=\"columns-3 wp-block-post-template is-layout-grid wp-container-core-post-template-is-layout-6d3fbd8f wp-block-post-template-is-layout-grid\"><li data-gt-bathrooms=\"1\" data-gt-camping=\"1531\" data-gt-capacity=\"6\" data-gt-criterions=\"&quot;[3,8506,2032]&quot;\" data-gt-gammes=\"91\" data-gt-post-id=\"1912\" data-gt-rooms=\"3\" data-gt-surfaces=\"39\" data-gt-types=\"Chalet,location\" data-gt-ws-camping=\"1531\" data-wp-key=\"69f588499bed3\" class=\"wp-block-post post-1912 hebergement type-hebergement status-publish hentry gamme-3-bloemen\">\n\n<div \n    class=\"wp-block-gt-gt-ws-thelis-product-images\"    data-wp-interactive=\"gt\/thelis\/hebergement\/image\"\n    data-gallery-images='[&quot;https:\\\/\\\/www.campingsannecy.com\\\/wp-content\\\/uploads\\\/gt-ws-thelis\\\/site-1\\\/images\\\/1531\\\/pict_61_1.jpg&quot;,&quot;https:\\\/\\\/www.campingsannecy.com\\\/wp-content\\\/uploads\\\/gt-ws-thelis\\\/site-1\\\/images\\\/1531\\\/pict_61_4.jpg&quot;,&quot;https:\\\/\\\/www.campingsannecy.com\\\/wp-content\\\/uploads\\\/gt-ws-thelis\\\/site-1\\\/images\\\/1531\\\/pict_61_2.jpg&quot;,&quot;https:\\\/\\\/www.campingsannecy.com\\\/wp-content\\\/uploads\\\/gt-ws-thelis\\\/site-1\\\/images\\\/1531\\\/pict_61_3.jpg&quot;]'\n    data-wp-context='{\"images\":[\"https:\\\/\\\/www.campingsannecy.com\\\/wp-content\\\/uploads\\\/gt-ws-thelis\\\/site-1\\\/images\\\/1531\\\/pict_61_1.jpg\",\"https:\\\/\\\/www.campingsannecy.com\\\/wp-content\\\/uploads\\\/gt-ws-thelis\\\/site-1\\\/images\\\/1531\\\/pict_61_4.jpg\",\"https:\\\/\\\/www.campingsannecy.com\\\/wp-content\\\/uploads\\\/gt-ws-thelis\\\/site-1\\\/images\\\/1531\\\/pict_61_2.jpg\",\"https:\\\/\\\/www.campingsannecy.com\\\/wp-content\\\/uploads\\\/gt-ws-thelis\\\/site-1\\\/images\\\/1531\\\/pict_61_3.jpg\"],\"jsonConfig\":{\"speed\":400,\"spaceBetween\":16,\"slidesPerView\":1,\"createElements\":true,\"loop\":true,\"freemode\":true,\"navigation\":{\"nextEl\":\"buttonNext\",\"prevEl\":\"buttonPrev\"},\"breakpoints\":{\"0\":{\"slidesPerView\":1},\"380\":[],\"1024\":[]},\"pagination\":false},\"sliderId\":\"69f5884990157\"}'>\n            <div \n            id=\"69f5884990157\"\n            class=\"gt-ws-thelis-is-slider swiper\" \n            data-swiper='{\"speed\":400,\"spaceBetween\":16,\"slidesPerView\":1,\"createElements\":true,\"loop\":true,\"freemode\":true,\"navigation\":{\"nextEl\":\"buttonNext\",\"prevEl\":\"buttonPrev\"},\"breakpoints\":{\"0\":{\"slidesPerView\":1},\"380\":[],\"1024\":[]},\"pagination\":false}'\n            data-wp-key=\"1912218bbc90af0991b4c3b8c59359dab75b\"\n            data-wp-run=\"callbacks.resetSwiper\"\n            data-wp-on--mouseover=\"callbacks.resetSwiper\"\n        >\n        <div class=\"swiper-wrapper\">\n                \n            \n            \n\n            <figure \n                class=\"wp-block-image swiper-slide\" \n                data-image-index=\"0\"\n            >\n                                    <img decoding=\"async\" \n                                                    style=\"aspect-ratio: 4\/3\" \n                                                src=\"https:\/\/www.campingsannecy.com\/wp-content\/uploads\/gt-ws-thelis\/site-1\/images\/1531\/pict_61_1.jpg\" \n                        alt=\"Chalet Grand Savoyard ***\"\n                        loading=\"lazy\"\n                    >\n                                <\/figure>\n\n            \n        \n            \n            \n\n            <figure \n                class=\"wp-block-image swiper-slide\" \n                data-image-index=\"1\"\n            >\n                                    <img decoding=\"async\" \n                                                    style=\"aspect-ratio: 4\/3\" \n                                                src=\"https:\/\/www.campingsannecy.com\/wp-content\/uploads\/gt-ws-thelis\/site-1\/images\/1531\/pict_61_2.jpg\" \n                        alt=\"Chalet Grand Savoyard ***\"\n                        loading=\"lazy\"\n                    >\n                                <\/figure>\n\n            \n        \n            \n            \n\n            <figure \n                class=\"wp-block-image swiper-slide\" \n                data-image-index=\"2\"\n            >\n                                    <img decoding=\"async\" \n                                                    style=\"aspect-ratio: 4\/3\" \n                                                src=\"https:\/\/www.campingsannecy.com\/wp-content\/uploads\/gt-ws-thelis\/site-1\/images\/1531\/pict_61_3.jpg\" \n                        alt=\"Chalet Grand Savoyard ***\"\n                        loading=\"lazy\"\n                    >\n                                <\/figure>\n\n            \n        \n            \n            \n\n            <figure \n                class=\"wp-block-image swiper-slide\" \n                data-image-index=\"3\"\n            >\n                                    <img decoding=\"async\" \n                                                    style=\"aspect-ratio: 4\/3\" \n                                                src=\"https:\/\/www.campingsannecy.com\/wp-content\/uploads\/gt-ws-thelis\/site-1\/images\/1531\/pict_61_4.jpg\" \n                        alt=\"Chalet Grand Savoyard ***\"\n                        loading=\"lazy\"\n                    >\n                                <\/figure>\n\n            \n        \n        \n            <\/div>\n            <div class=\"swiper-pagination\"><\/div>\n            <div class=\"swiper-button-prev\"><\/div>\n            <div class=\"swiper-button-next\"><\/div>\n        <\/div>\n        <\/div>\n\n\n<div class=\"wp-block-group has-small-font-size is-layout-flow wp-block-group-is-layout-flow\">    \n\t<div\n\t\tclass=\"wp-block-gt-gt-ws-thelis-disponibilites\"\t\tdata-wp-interactive=\"gt\/thelis\"\n\t\tdata-wp-watch=\"actions.loadStays\"\n\t\tdata-wp-bind--data-gt-statut=\"state.statut\"\n\t\tdata-wp-key=\"61+1531-69f588499033d\"\n\t\tdata-wp-context='{\"idsProduct\":\"61+1531\",\"idProduct\":\"61\",\"campingKey\":\"1531\",\"isIndisponible\":true}'\t>\n\n\t\t\t\t\t<div hidden class=\"gt-ws-thelis-spinner\" data-wp-bind--hidden=\"!state.isLoading\">\n\t\t\t\t<span class=\"loader\"><\/span>\n\t\t\t<\/div>\n\t\t\n\n\t\t<div data-wp-bind--hidden=\"state.isLoading\" class=\"gt-ws-thelis-disponibilite-wrap\">\n\n\t\t\t\t\t\t\t\t\t\t\t\t\t<div class=\"gt-ws-thelis-statut\" data-wp-text=\"state.titre\"><\/div>\n\t\t\t\t\t\t\t\t\n\t\t\t\n\t\t\t\n\t\t\t\n\t\t\t\n\t\t<\/div>\n\n\t<\/div>\n\n    <\/div>\n\n\n\n<div class=\"wp-block-group content-acc has-global-padding is-layout-constrained wp-block-group-is-layout-constrained\">\n<div class=\"wp-block-gt-gt-ws-thelis-product-camping\">\n    Yelloh! Village - Les Fontaines<\/div>\n\n\n<p style=\"font-size:clamp(0.984rem, 0.984rem + ((1vw - 0.2rem) * 0.671), 1.5rem);text-transform:uppercase;\" class=\"wp-elements-c7f20d0215fbda8b1273390b73f3ba94 wp-block-gt-gt-ws-thelis-product-name has-text-color has-custom-color-2-color has-righteous-font-family\">\n    Chalet Grand Savoyard <\/p>\n\n\n\n<div class=\"wp-block-group is-content-justification-center is-layout-flex wp-container-core-group-is-layout-200d3eee wp-block-group-is-layout-flex\" style=\"font-size:0.7rem\">\n<div class=\"wp-block-gt-gt-ws-thelis-product-surface\">\n\n        39m\u00b2\n<\/div>\n\n\n<div class=\"wp-block-gt-gt-ws-thelis-product-room\">\n        3              ruimte(s)    <\/div>\n\n\n\n\n<div class=\"wp-block-gt-gt-ws-thelis-product-capacity\">\n        6               persoon\/personen    <\/div><\/div>\n\n\n\n<div data-swiper=\"{&quot;speed&quot;:400,&quot;spaceBetween&quot;:16,&quot;slidesPerView&quot;:3,&quot;createElements&quot;:false,&quot;loop&quot;:true,&quot;freemode&quot;:true,&quot;breakpoints&quot;:{&quot;0&quot;:{&quot;slidesPerView&quot;:1},&quot;380&quot;:{&quot;slidesPerView&quot;:2},&quot;1024&quot;:{&quot;slidesPerView&quot;:3}},&quot;navigation&quot;:false,&quot;pagination&quot;:false,&quot;autoplay&quot;:{&quot;delay&quot;:3000}}\" class=\"wp-block-group criterion-container gt-is-slider gt-is-slider-desktop is-nowrap is-layout-flex wp-container-core-group-is-layout-6c531013 wp-block-group-is-layout-flex\">\n\n\n\n    <div class=\"wp-block-gt-gt-ws-thelis-product-option\">\n                            <div>Vaatwasser<\/div>\n            <\/div>\n\n\n\n\n\n\n\n\n\n\n\n\n    <div class=\"wp-block-gt-gt-ws-thelis-product-option\">\n                            <div>Gasplancha<\/div>\n            <\/div>\n<\/div>\n\n\n\n<div class=\"wp-block-group is-content-justification-space-between is-nowrap is-layout-flex wp-container-core-group-is-layout-cb46ffcb wp-block-group-is-layout-flex\">    \n\t<div\n\t\tclass=\"price-content wp-block-gt-gt-ws-thelis-disponibilites\"\t\tdata-wp-interactive=\"gt\/thelis\"\n\t\tdata-wp-watch=\"actions.loadStays\"\n\t\tdata-wp-bind--data-gt-statut=\"state.statut\"\n\t\tdata-wp-key=\"61+1531-69f5884990a62\"\n\t\tdata-wp-context='{\"idsProduct\":\"61+1531\",\"idProduct\":\"61\",\"campingKey\":\"1531\",\"isIndisponible\":true}'\t>\n\n\t\t\n\n\t\t<div data-wp-bind--hidden=\"state.isLoading\" class=\"gt-ws-thelis-disponibilite-wrap\">\n\n\t\t\t\n\t\t\t\t\t\n\t\t\t\t<div hidden \n\t\t\t\t\tclass=\"gt-ws-thelis__disponibilite__price\"\n\t\t\t\t\tdata-wp-bind--hidden=\"!state.price\"\n\t\t\t\t>\n\t\t\t\t\t<span>Vanaf <\/span>\n\t\t\t\t\t<span hidden class=\"gt-ws-thelis__disponibilite__price__original\" data-wp-bind--hidden=\"!state.hasPromo\">\n\t\t\t\t\t\t<strike><span data-wp-text=\"state.originalPrice\"><\/span>\u20ac<\/strike>\n\t\t\t\t\t<\/span>\n\t\t\t\t\t<span class=\"gt-ws-thelis__disponibilite__price__discounted\">\n\t\t\t\t\t\t<span data-wp-bind--data-gt-price=\"state.price\" class=\"gt-ws-thelis-data-price\" data-wp-text=\"state.price\"><\/span>\u20ac\n\t\t\t\t\t<\/span>\n\t\t\t\t<\/div>\n\t\t\t\n\t\t\t\n\t\t\t\n\t\t\t\n\t\t<\/div>\n\n\t<\/div>\n\n    \n\n\n<p class=\"wp-block-lire-more\">Ontdek<\/p>\n<\/div>\n<\/div>\n\n<\/li><li data-gt-bathrooms=\"1\" data-gt-camping=\"5006\" data-gt-capacity=\"6\" data-gt-criterions=\"&quot;[1,2209,2,2210,3,5,6,8,11,12,13,16]&quot;\" data-gt-gammes=\"91\" data-gt-post-id=\"1916\" data-gt-rooms=\"2\" data-gt-surfaces=\"35\" data-gt-types=\"Chalet,location\" data-gt-ws-camping=\"5006\" data-wp-key=\"69f588499bfea\" class=\"wp-block-post post-1916 hebergement type-hebergement status-publish hentry category-activiteiten gamme-3-bloemen\">\n\n<div \n    class=\"wp-block-gt-gt-ws-thelis-product-images\"    data-wp-interactive=\"gt\/thelis\/hebergement\/image\"\n    data-gallery-images='[&quot;https:\\\/\\\/www.campingsannecy.com\\\/wp-content\\\/uploads\\\/gt-ws-thelis\\\/site-1\\\/images\\\/5006\\\/pict_61_2.jpg&quot;,&quot;https:\\\/\\\/www.campingsannecy.com\\\/wp-content\\\/uploads\\\/gt-ws-thelis\\\/site-1\\\/images\\\/5006\\\/pict_61_1.jpg&quot;,&quot;https:\\\/\\\/www.campingsannecy.com\\\/wp-content\\\/uploads\\\/gt-ws-thelis\\\/site-1\\\/images\\\/5006\\\/pict_61_3.jpg&quot;]'\n    data-wp-context='{\"images\":[\"https:\\\/\\\/www.campingsannecy.com\\\/wp-content\\\/uploads\\\/gt-ws-thelis\\\/site-1\\\/images\\\/5006\\\/pict_61_2.jpg\",\"https:\\\/\\\/www.campingsannecy.com\\\/wp-content\\\/uploads\\\/gt-ws-thelis\\\/site-1\\\/images\\\/5006\\\/pict_61_1.jpg\",\"https:\\\/\\\/www.campingsannecy.com\\\/wp-content\\\/uploads\\\/gt-ws-thelis\\\/site-1\\\/images\\\/5006\\\/pict_61_3.jpg\"],\"jsonConfig\":{\"speed\":400,\"spaceBetween\":16,\"slidesPerView\":1,\"createElements\":true,\"loop\":true,\"freemode\":true,\"navigation\":{\"nextEl\":\"buttonNext\",\"prevEl\":\"buttonPrev\"},\"breakpoints\":{\"0\":{\"slidesPerView\":1},\"380\":[],\"1024\":[]},\"pagination\":false},\"sliderId\":\"69f5884990cd2\"}'>\n            <div \n            id=\"69f5884990cd2\"\n            class=\"gt-ws-thelis-is-slider swiper\" \n            data-swiper='{\"speed\":400,\"spaceBetween\":16,\"slidesPerView\":1,\"createElements\":true,\"loop\":true,\"freemode\":true,\"navigation\":{\"nextEl\":\"buttonNext\",\"prevEl\":\"buttonPrev\"},\"breakpoints\":{\"0\":{\"slidesPerView\":1},\"380\":[],\"1024\":[]},\"pagination\":false}'\n            data-wp-key=\"1916218bbc90af0991b4c3b8c59359dab75b\"\n            data-wp-run=\"callbacks.resetSwiper\"\n            data-wp-on--mouseover=\"callbacks.resetSwiper\"\n        >\n        <div class=\"swiper-wrapper\">\n                \n            \n            \n\n            <figure \n                class=\"wp-block-image swiper-slide\" \n                data-image-index=\"0\"\n            >\n                                    <img decoding=\"async\" \n                                                    style=\"aspect-ratio: 4\/3\" \n                                                src=\"https:\/\/www.campingsannecy.com\/wp-content\/uploads\/gt-ws-thelis\/site-1\/images\/5006\/pict_61_1.jpg\" \n                        alt=\"Chalet Savoyard 6p 3 Kamers *** airco mezzanine\"\n                        loading=\"lazy\"\n                    >\n                                <\/figure>\n\n            \n        \n            \n            \n\n            <figure \n                class=\"wp-block-image swiper-slide\" \n                data-image-index=\"1\"\n            >\n                                    <img decoding=\"async\" \n                                                    style=\"aspect-ratio: 4\/3\" \n                                                src=\"https:\/\/www.campingsannecy.com\/wp-content\/uploads\/gt-ws-thelis\/site-1\/images\/5006\/pict_61_2.jpg\" \n                        alt=\"Chalet Savoyard 6p 3 Kamers *** airco mezzanine\"\n                        loading=\"lazy\"\n                    >\n                                <\/figure>\n\n            \n        \n            \n            \n\n            <figure \n                class=\"wp-block-image swiper-slide\" \n                data-image-index=\"2\"\n            >\n                                    <img decoding=\"async\" \n                                                    style=\"aspect-ratio: 4\/3\" \n                                                src=\"https:\/\/www.campingsannecy.com\/wp-content\/uploads\/gt-ws-thelis\/site-1\/images\/5006\/pict_61_3.jpg\" \n                        alt=\"Chalet Savoyard 6p 3 Kamers *** airco mezzanine\"\n                        loading=\"lazy\"\n                    >\n                                <\/figure>\n\n            \n        \n        \n            <\/div>\n            <div class=\"swiper-pagination\"><\/div>\n            <div class=\"swiper-button-prev\"><\/div>\n            <div class=\"swiper-button-next\"><\/div>\n        <\/div>\n        <\/div>\n\n\n<div class=\"wp-block-group has-small-font-size is-layout-flow wp-block-group-is-layout-flow\">    \n\t<div\n\t\tclass=\"wp-block-gt-gt-ws-thelis-disponibilites\"\t\tdata-wp-interactive=\"gt\/thelis\"\n\t\tdata-wp-watch=\"actions.loadStays\"\n\t\tdata-wp-bind--data-gt-statut=\"state.statut\"\n\t\tdata-wp-key=\"61+5006-69f5884990e6d\"\n\t\tdata-wp-context='{\"idsProduct\":\"61+5006\",\"idProduct\":\"61\",\"campingKey\":\"5006\",\"isIndisponible\":true}'\t>\n\n\t\t\t\t\t<div hidden class=\"gt-ws-thelis-spinner\" data-wp-bind--hidden=\"!state.isLoading\">\n\t\t\t\t<span class=\"loader\"><\/span>\n\t\t\t<\/div>\n\t\t\n\n\t\t<div data-wp-bind--hidden=\"state.isLoading\" class=\"gt-ws-thelis-disponibilite-wrap\">\n\n\t\t\t\t\t\t\t\t\t\t\t\t\t<div class=\"gt-ws-thelis-statut\" data-wp-text=\"state.titre\"><\/div>\n\t\t\t\t\t\t\t\t\n\t\t\t\n\t\t\t\n\t\t\t\n\t\t\t\n\t\t<\/div>\n\n\t<\/div>\n\n    <\/div>\n\n\n\n<div class=\"wp-block-group content-acc has-global-padding is-layout-constrained wp-block-group-is-layout-constrained\">\n<div class=\"wp-block-gt-gt-ws-thelis-product-camping\">\n    Yelloh! Village - La Ravoire<\/div>\n\n\n<p style=\"font-size:clamp(0.984rem, 0.984rem + ((1vw - 0.2rem) * 0.671), 1.5rem);text-transform:uppercase;\" class=\"wp-elements-c7f20d0215fbda8b1273390b73f3ba94 wp-block-gt-gt-ws-thelis-product-name has-text-color has-custom-color-2-color has-righteous-font-family\">\n    Chalet Savoyard 6p 3 Kamers airco mezzanine<\/p>\n\n\n\n<div class=\"wp-block-group is-content-justification-center is-layout-flex wp-container-core-group-is-layout-200d3eee wp-block-group-is-layout-flex\" style=\"font-size:0.7rem\">\n<div class=\"wp-block-gt-gt-ws-thelis-product-surface\">\n\n        35m\u00b2\n<\/div>\n\n\n<div class=\"wp-block-gt-gt-ws-thelis-product-room\">\n        2              ruimte(s)    <\/div>\n\n\n\n\n<div class=\"wp-block-gt-gt-ws-thelis-product-capacity\">\n        6               persoon\/personen    <\/div><\/div>\n\n\n\n<div data-swiper=\"{&quot;speed&quot;:400,&quot;spaceBetween&quot;:16,&quot;slidesPerView&quot;:3,&quot;createElements&quot;:false,&quot;loop&quot;:true,&quot;freemode&quot;:true,&quot;breakpoints&quot;:{&quot;0&quot;:{&quot;slidesPerView&quot;:1},&quot;380&quot;:{&quot;slidesPerView&quot;:2},&quot;1024&quot;:{&quot;slidesPerView&quot;:3}},&quot;navigation&quot;:false,&quot;pagination&quot;:false,&quot;autoplay&quot;:{&quot;delay&quot;:3000}}\" class=\"wp-block-group criterion-container gt-is-slider gt-is-slider-desktop is-nowrap is-layout-flex wp-container-core-group-is-layout-6c531013 wp-block-group-is-layout-flex\">    <div class=\"wp-block-gt-gt-ws-thelis-product-option\">\n                            <div>Verwarming<\/div>\n            <\/div>\n\n\n    <div class=\"wp-block-gt-gt-ws-thelis-product-option\">\n                            <div>Airco<\/div>\n            <\/div>\n\n\n    <div class=\"wp-block-gt-gt-ws-thelis-product-option\">\n                            <div>Vaatwasser<\/div>\n            <\/div>\n\n\n    <div class=\"wp-block-gt-gt-ws-thelis-product-option\">\n                            <div>Magnetron<\/div>\n            <\/div>\n\n\n    <div class=\"wp-block-gt-gt-ws-thelis-product-option\">\n                            <div>TV<\/div>\n            <\/div>\n\n\n\n\n\n\n\n\n<\/div>\n\n\n\n<div class=\"wp-block-group is-content-justification-space-between is-nowrap is-layout-flex wp-container-core-group-is-layout-cb46ffcb wp-block-group-is-layout-flex\">    \n\t<div\n\t\tclass=\"price-content wp-block-gt-gt-ws-thelis-disponibilites\"\t\tdata-wp-interactive=\"gt\/thelis\"\n\t\tdata-wp-watch=\"actions.loadStays\"\n\t\tdata-wp-bind--data-gt-statut=\"state.statut\"\n\t\tdata-wp-key=\"61+5006-69f588499175d\"\n\t\tdata-wp-context='{\"idsProduct\":\"61+5006\",\"idProduct\":\"61\",\"campingKey\":\"5006\",\"isIndisponible\":true}'\t>\n\n\t\t\n\n\t\t<div data-wp-bind--hidden=\"state.isLoading\" class=\"gt-ws-thelis-disponibilite-wrap\">\n\n\t\t\t\n\t\t\t\t\t\n\t\t\t\t<div hidden \n\t\t\t\t\tclass=\"gt-ws-thelis__disponibilite__price\"\n\t\t\t\t\tdata-wp-bind--hidden=\"!state.price\"\n\t\t\t\t>\n\t\t\t\t\t<span>Vanaf <\/span>\n\t\t\t\t\t<span hidden class=\"gt-ws-thelis__disponibilite__price__original\" data-wp-bind--hidden=\"!state.hasPromo\">\n\t\t\t\t\t\t<strike><span data-wp-text=\"state.originalPrice\"><\/span>\u20ac<\/strike>\n\t\t\t\t\t<\/span>\n\t\t\t\t\t<span class=\"gt-ws-thelis__disponibilite__price__discounted\">\n\t\t\t\t\t\t<span data-wp-bind--data-gt-price=\"state.price\" class=\"gt-ws-thelis-data-price\" data-wp-text=\"state.price\"><\/span>\u20ac\n\t\t\t\t\t<\/span>\n\t\t\t\t<\/div>\n\t\t\t\n\t\t\t\n\t\t\t\n\t\t\t\n\t\t<\/div>\n\n\t<\/div>\n\n    \n\n\n<p class=\"wp-block-lire-more\">Ontdek<\/p>\n<\/div>\n<\/div>\n\n<\/li><li data-gt-bathrooms=\"1\" data-gt-camping=\"1425\" data-gt-capacity=\"6\" data-gt-criterions=\"&quot;[1,5,8,2057,11,2731,8715,12,13]&quot;\" data-gt-gammes=\"91\" data-gt-post-id=\"1899\" data-gt-rooms=\"3\" data-gt-surfaces=\"33\" data-gt-types=\"Mobil-Home,location\" data-gt-ws-camping=\"1425\" data-wp-key=\"69f588499c141\" class=\"wp-block-post post-1899 hebergement type-hebergement status-publish hentry gamme-3-bloemen\">\n\n<div \n    class=\"wp-block-gt-gt-ws-thelis-product-images\"    data-wp-interactive=\"gt\/thelis\/hebergement\/image\"\n    data-gallery-images='[&quot;https:\\\/\\\/www.campingsannecy.com\\\/wp-content\\\/uploads\\\/gt-ws-thelis\\\/site-1\\\/images\\\/1425\\\/pict_54_7.jpg&quot;,&quot;https:\\\/\\\/www.campingsannecy.com\\\/wp-content\\\/uploads\\\/gt-ws-thelis\\\/site-1\\\/images\\\/1425\\\/pict_54_5.jpg&quot;,&quot;https:\\\/\\\/www.campingsannecy.com\\\/wp-content\\\/uploads\\\/gt-ws-thelis\\\/site-1\\\/images\\\/1425\\\/pict_54_3.jpg&quot;,&quot;https:\\\/\\\/www.campingsannecy.com\\\/wp-content\\\/uploads\\\/gt-ws-thelis\\\/site-1\\\/images\\\/1425\\\/pict_54_2.jpg&quot;,&quot;https:\\\/\\\/www.campingsannecy.com\\\/wp-content\\\/uploads\\\/gt-ws-thelis\\\/site-1\\\/images\\\/1425\\\/pict_54_1.jpg&quot;,&quot;https:\\\/\\\/www.campingsannecy.com\\\/wp-content\\\/uploads\\\/gt-ws-thelis\\\/site-1\\\/images\\\/1425\\\/pict_54_4.jpg&quot;,&quot;https:\\\/\\\/www.campingsannecy.com\\\/wp-content\\\/uploads\\\/gt-ws-thelis\\\/site-1\\\/images\\\/1425\\\/pict_54_6.jpg&quot;]'\n    data-wp-context='{\"images\":[\"https:\\\/\\\/www.campingsannecy.com\\\/wp-content\\\/uploads\\\/gt-ws-thelis\\\/site-1\\\/images\\\/1425\\\/pict_54_7.jpg\",\"https:\\\/\\\/www.campingsannecy.com\\\/wp-content\\\/uploads\\\/gt-ws-thelis\\\/site-1\\\/images\\\/1425\\\/pict_54_5.jpg\",\"https:\\\/\\\/www.campingsannecy.com\\\/wp-content\\\/uploads\\\/gt-ws-thelis\\\/site-1\\\/images\\\/1425\\\/pict_54_3.jpg\",\"https:\\\/\\\/www.campingsannecy.com\\\/wp-content\\\/uploads\\\/gt-ws-thelis\\\/site-1\\\/images\\\/1425\\\/pict_54_2.jpg\",\"https:\\\/\\\/www.campingsannecy.com\\\/wp-content\\\/uploads\\\/gt-ws-thelis\\\/site-1\\\/images\\\/1425\\\/pict_54_1.jpg\",\"https:\\\/\\\/www.campingsannecy.com\\\/wp-content\\\/uploads\\\/gt-ws-thelis\\\/site-1\\\/images\\\/1425\\\/pict_54_4.jpg\",\"https:\\\/\\\/www.campingsannecy.com\\\/wp-content\\\/uploads\\\/gt-ws-thelis\\\/site-1\\\/images\\\/1425\\\/pict_54_6.jpg\"],\"jsonConfig\":{\"speed\":400,\"spaceBetween\":16,\"slidesPerView\":1,\"createElements\":true,\"loop\":true,\"freemode\":true,\"navigation\":{\"nextEl\":\"buttonNext\",\"prevEl\":\"buttonPrev\"},\"breakpoints\":{\"0\":{\"slidesPerView\":1},\"380\":[],\"1024\":[]},\"pagination\":false},\"sliderId\":\"69f5884991a1c\"}'>\n            <div \n            id=\"69f5884991a1c\"\n            class=\"gt-ws-thelis-is-slider swiper\" \n            data-swiper='{\"speed\":400,\"spaceBetween\":16,\"slidesPerView\":1,\"createElements\":true,\"loop\":true,\"freemode\":true,\"navigation\":{\"nextEl\":\"buttonNext\",\"prevEl\":\"buttonPrev\"},\"breakpoints\":{\"0\":{\"slidesPerView\":1},\"380\":[],\"1024\":[]},\"pagination\":false}'\n            data-wp-key=\"1899218bbc90af0991b4c3b8c59359dab75b\"\n            data-wp-run=\"callbacks.resetSwiper\"\n            data-wp-on--mouseover=\"callbacks.resetSwiper\"\n        >\n        <div class=\"swiper-wrapper\">\n                \n            \n            \n\n            <figure \n                class=\"wp-block-image swiper-slide\" \n                data-image-index=\"0\"\n            >\n                                    <img decoding=\"async\" \n                                                    style=\"aspect-ratio: 4\/3\" \n                                                src=\"https:\/\/www.campingsannecy.com\/wp-content\/uploads\/gt-ws-thelis\/site-1\/images\/1425\/pict_54_1.jpg\" \n                        alt=\"Cottage 6p 3 Kamers ***\"\n                        loading=\"lazy\"\n                    >\n                                <\/figure>\n\n            \n        \n            \n            \n\n            <figure \n                class=\"wp-block-image swiper-slide\" \n                data-image-index=\"1\"\n            >\n                                    <img decoding=\"async\" \n                                                    style=\"aspect-ratio: 4\/3\" \n                                                src=\"https:\/\/www.campingsannecy.com\/wp-content\/uploads\/gt-ws-thelis\/site-1\/images\/1425\/pict_54_2.jpg\" \n                        alt=\"Cottage 6p 3 Kamers ***\"\n                        loading=\"lazy\"\n                    >\n                                <\/figure>\n\n            \n        \n            \n            \n\n            <figure \n                class=\"wp-block-image swiper-slide\" \n                data-image-index=\"2\"\n            >\n                                    <img decoding=\"async\" \n                                                    style=\"aspect-ratio: 4\/3\" \n                                                src=\"https:\/\/www.campingsannecy.com\/wp-content\/uploads\/gt-ws-thelis\/site-1\/images\/1425\/pict_54_3.jpg\" \n                        alt=\"Cottage 6p 3 Kamers ***\"\n                        loading=\"lazy\"\n                    >\n                                <\/figure>\n\n            \n        \n            \n            \n\n            <figure \n                class=\"wp-block-image swiper-slide\" \n                data-image-index=\"3\"\n            >\n                                    <img decoding=\"async\" \n                                                    style=\"aspect-ratio: 4\/3\" \n                                                src=\"https:\/\/www.campingsannecy.com\/wp-content\/uploads\/gt-ws-thelis\/site-1\/images\/1425\/pict_54_4.jpg\" \n                        alt=\"Cottage 6p 3 Kamers ***\"\n                        loading=\"lazy\"\n                    >\n                                <\/figure>\n\n            \n        \n            \n            \n\n            <figure \n                class=\"wp-block-image swiper-slide\" \n                data-image-index=\"4\"\n            >\n                                    <img decoding=\"async\" \n                                                    style=\"aspect-ratio: 4\/3\" \n                                                src=\"https:\/\/www.campingsannecy.com\/wp-content\/uploads\/gt-ws-thelis\/site-1\/images\/1425\/pict_54_5.jpg\" \n                        alt=\"Cottage 6p 3 Kamers ***\"\n                        loading=\"lazy\"\n                    >\n                                <\/figure>\n\n            \n        \n            \n            \n\n            <figure \n                class=\"wp-block-image swiper-slide\" \n                data-image-index=\"5\"\n            >\n                                    <img decoding=\"async\" \n                                                    style=\"aspect-ratio: 4\/3\" \n                                                src=\"https:\/\/www.campingsannecy.com\/wp-content\/uploads\/gt-ws-thelis\/site-1\/images\/1425\/pict_54_6.jpg\" \n                        alt=\"Cottage 6p 3 Kamers ***\"\n                        loading=\"lazy\"\n                    >\n                                <\/figure>\n\n            \n        \n            \n            \n\n            <figure \n                class=\"wp-block-image swiper-slide\" \n                data-image-index=\"6\"\n            >\n                                    <img decoding=\"async\" \n                                                    style=\"aspect-ratio: 4\/3\" \n                                                src=\"https:\/\/www.campingsannecy.com\/wp-content\/uploads\/gt-ws-thelis\/site-1\/images\/1425\/pict_54_7.jpg\" \n                        alt=\"Cottage 6p 3 Kamers ***\"\n                        loading=\"lazy\"\n                    >\n                                <\/figure>\n\n            \n        \n        \n            <\/div>\n            <div class=\"swiper-pagination\"><\/div>\n            <div class=\"swiper-button-prev\"><\/div>\n            <div class=\"swiper-button-next\"><\/div>\n        <\/div>\n        <\/div>\n\n\n<div class=\"wp-block-group has-small-font-size is-layout-flow wp-block-group-is-layout-flow\">    \n\t<div\n\t\tclass=\"wp-block-gt-gt-ws-thelis-disponibilites\"\t\tdata-wp-interactive=\"gt\/thelis\"\n\t\tdata-wp-watch=\"actions.loadStays\"\n\t\tdata-wp-bind--data-gt-statut=\"state.statut\"\n\t\tdata-wp-key=\"54+1425-69f5884991ce5\"\n\t\tdata-wp-context='{\"idsProduct\":\"54+1425\",\"idProduct\":\"54\",\"campingKey\":\"1425\",\"isIndisponible\":true}'\t>\n\n\t\t\t\t\t<div hidden class=\"gt-ws-thelis-spinner\" data-wp-bind--hidden=\"!state.isLoading\">\n\t\t\t\t<span class=\"loader\"><\/span>\n\t\t\t<\/div>\n\t\t\n\n\t\t<div data-wp-bind--hidden=\"state.isLoading\" class=\"gt-ws-thelis-disponibilite-wrap\">\n\n\t\t\t\t\t\t\t\t\t\t\t\t\t<div class=\"gt-ws-thelis-statut\" data-wp-text=\"state.titre\"><\/div>\n\t\t\t\t\t\t\t\t\n\t\t\t\n\t\t\t\n\t\t\t\n\t\t\t\n\t\t<\/div>\n\n\t<\/div>\n\n    <\/div>\n\n\n\n<div class=\"wp-block-group content-acc has-global-padding is-layout-constrained wp-block-group-is-layout-constrained\">\n<div class=\"wp-block-gt-gt-ws-thelis-product-camping\">\n    Yelloh! Village - Lo Velajo<\/div>\n\n\n<p style=\"font-size:clamp(0.984rem, 0.984rem + ((1vw - 0.2rem) * 0.671), 1.5rem);text-transform:uppercase;\" class=\"wp-elements-c7f20d0215fbda8b1273390b73f3ba94 wp-block-gt-gt-ws-thelis-product-name has-text-color has-custom-color-2-color has-righteous-font-family\">\n    Cottage 6p 3 Kamers <\/p>\n\n\n\n<div class=\"wp-block-group is-content-justification-center is-layout-flex wp-container-core-group-is-layout-200d3eee wp-block-group-is-layout-flex\" style=\"font-size:0.7rem\">\n<div class=\"wp-block-gt-gt-ws-thelis-product-surface\">\n\n        33m\u00b2\n<\/div>\n\n\n<div class=\"wp-block-gt-gt-ws-thelis-product-room\">\n        3              ruimte(s)    <\/div>\n\n\n\n\n<div class=\"wp-block-gt-gt-ws-thelis-product-capacity\">\n        6               persoon\/personen    <\/div><\/div>\n\n\n\n<div data-swiper=\"{&quot;speed&quot;:400,&quot;spaceBetween&quot;:16,&quot;slidesPerView&quot;:3,&quot;createElements&quot;:false,&quot;loop&quot;:true,&quot;freemode&quot;:true,&quot;breakpoints&quot;:{&quot;0&quot;:{&quot;slidesPerView&quot;:1},&quot;380&quot;:{&quot;slidesPerView&quot;:2},&quot;1024&quot;:{&quot;slidesPerView&quot;:3}},&quot;navigation&quot;:false,&quot;pagination&quot;:false,&quot;autoplay&quot;:{&quot;delay&quot;:3000}}\" class=\"wp-block-group criterion-container gt-is-slider gt-is-slider-desktop is-nowrap is-layout-flex wp-container-core-group-is-layout-6c531013 wp-block-group-is-layout-flex\">    <div class=\"wp-block-gt-gt-ws-thelis-product-option\">\n                            <div>Verwarming<\/div>\n            <\/div>\n\n\n\n\n\n\n    <div class=\"wp-block-gt-gt-ws-thelis-product-option\">\n                            <div>Magnetron<\/div>\n            <\/div>\n\n\n    <div class=\"wp-block-gt-gt-ws-thelis-product-option\">\n                            <div>TV<\/div>\n            <\/div>\n\n\n\n\n\n\n\n\n<\/div>\n\n\n\n<div class=\"wp-block-group is-content-justification-space-between is-nowrap is-layout-flex wp-container-core-group-is-layout-cb46ffcb wp-block-group-is-layout-flex\">    \n\t<div\n\t\tclass=\"price-content wp-block-gt-gt-ws-thelis-disponibilites\"\t\tdata-wp-interactive=\"gt\/thelis\"\n\t\tdata-wp-watch=\"actions.loadStays\"\n\t\tdata-wp-bind--data-gt-statut=\"state.statut\"\n\t\tdata-wp-key=\"54+1425-69f5884992920\"\n\t\tdata-wp-context='{\"idsProduct\":\"54+1425\",\"idProduct\":\"54\",\"campingKey\":\"1425\",\"isIndisponible\":true}'\t>\n\n\t\t\n\n\t\t<div data-wp-bind--hidden=\"state.isLoading\" class=\"gt-ws-thelis-disponibilite-wrap\">\n\n\t\t\t\n\t\t\t\t\t\n\t\t\t\t<div hidden \n\t\t\t\t\tclass=\"gt-ws-thelis__disponibilite__price\"\n\t\t\t\t\tdata-wp-bind--hidden=\"!state.price\"\n\t\t\t\t>\n\t\t\t\t\t<span>Vanaf <\/span>\n\t\t\t\t\t<span hidden class=\"gt-ws-thelis__disponibilite__price__original\" data-wp-bind--hidden=\"!state.hasPromo\">\n\t\t\t\t\t\t<strike><span data-wp-text=\"state.originalPrice\"><\/span>\u20ac<\/strike>\n\t\t\t\t\t<\/span>\n\t\t\t\t\t<span class=\"gt-ws-thelis__disponibilite__price__discounted\">\n\t\t\t\t\t\t<span data-wp-bind--data-gt-price=\"state.price\" class=\"gt-ws-thelis-data-price\" data-wp-text=\"state.price\"><\/span>\u20ac\n\t\t\t\t\t<\/span>\n\t\t\t\t<\/div>\n\t\t\t\n\t\t\t\n\t\t\t\n\t\t\t\n\t\t<\/div>\n\n\t<\/div>\n\n    \n\n\n<p class=\"wp-block-lire-more\">Ontdek<\/p>\n<\/div>\n<\/div>\n\n<\/li><li data-gt-bathrooms=\"1\" data-gt-camping=\"5006\" data-gt-capacity=\"4\" data-gt-criterions=\"&quot;[1,2209,2,2210,3,5,6,8,11,16]&quot;\" data-gt-gammes=\"91\" data-gt-post-id=\"55022\" data-gt-rooms=\"2\" data-gt-surfaces=\"26\" data-gt-types=\"Mobil-Home,location\" data-gt-ws-camping=\"5006\" data-wp-key=\"69f588499c2e9\" class=\"wp-block-post post-55022 hebergement type-hebergement status-publish hentry gamme-3-bloemen\">\n\n<div \n    class=\"wp-block-gt-gt-ws-thelis-product-images\"    data-wp-interactive=\"gt\/thelis\/hebergement\/image\"\n    data-gallery-images='[&quot;https:\\\/\\\/www.campingsannecy.com\\\/wp-content\\\/uploads\\\/gt-ws-thelis\\\/site-1\\\/images\\\/5006\\\/pict_65_3.jpg&quot;,&quot;https:\\\/\\\/www.campingsannecy.com\\\/wp-content\\\/uploads\\\/gt-ws-thelis\\\/site-1\\\/images\\\/5006\\\/pict_65_4.jpg&quot;,&quot;https:\\\/\\\/www.campingsannecy.com\\\/wp-content\\\/uploads\\\/gt-ws-thelis\\\/site-1\\\/images\\\/5006\\\/pict_65_2.jpg&quot;,&quot;https:\\\/\\\/www.campingsannecy.com\\\/wp-content\\\/uploads\\\/gt-ws-thelis\\\/site-1\\\/images\\\/5006\\\/pict_65_1.jpg&quot;]'\n    data-wp-context='{\"images\":[\"https:\\\/\\\/www.campingsannecy.com\\\/wp-content\\\/uploads\\\/gt-ws-thelis\\\/site-1\\\/images\\\/5006\\\/pict_65_3.jpg\",\"https:\\\/\\\/www.campingsannecy.com\\\/wp-content\\\/uploads\\\/gt-ws-thelis\\\/site-1\\\/images\\\/5006\\\/pict_65_4.jpg\",\"https:\\\/\\\/www.campingsannecy.com\\\/wp-content\\\/uploads\\\/gt-ws-thelis\\\/site-1\\\/images\\\/5006\\\/pict_65_2.jpg\",\"https:\\\/\\\/www.campingsannecy.com\\\/wp-content\\\/uploads\\\/gt-ws-thelis\\\/site-1\\\/images\\\/5006\\\/pict_65_1.jpg\"],\"jsonConfig\":{\"speed\":400,\"spaceBetween\":16,\"slidesPerView\":1,\"createElements\":true,\"loop\":true,\"freemode\":true,\"navigation\":{\"nextEl\":\"buttonNext\",\"prevEl\":\"buttonPrev\"},\"breakpoints\":{\"0\":{\"slidesPerView\":1},\"380\":[],\"1024\":[]},\"pagination\":false},\"sliderId\":\"69f5884992c33\"}'>\n            <div \n            id=\"69f5884992c33\"\n            class=\"gt-ws-thelis-is-slider swiper\" \n            data-swiper='{\"speed\":400,\"spaceBetween\":16,\"slidesPerView\":1,\"createElements\":true,\"loop\":true,\"freemode\":true,\"navigation\":{\"nextEl\":\"buttonNext\",\"prevEl\":\"buttonPrev\"},\"breakpoints\":{\"0\":{\"slidesPerView\":1},\"380\":[],\"1024\":[]},\"pagination\":false}'\n            data-wp-key=\"55022218bbc90af0991b4c3b8c59359dab75b\"\n            data-wp-run=\"callbacks.resetSwiper\"\n            data-wp-on--mouseover=\"callbacks.resetSwiper\"\n        >\n        <div class=\"swiper-wrapper\">\n                \n            \n            \n\n            <figure \n                class=\"wp-block-image swiper-slide\" \n                data-image-index=\"0\"\n            >\n                                    <img decoding=\"async\" \n                                                    style=\"aspect-ratio: 4\/3\" \n                                                src=\"https:\/\/www.campingsannecy.com\/wp-content\/uploads\/gt-ws-thelis\/site-1\/images\/5006\/pict_65_1.jpg\" \n                        alt=\"Cottage Azur 4p 2 Kamers *** airco\"\n                        loading=\"lazy\"\n                    >\n                                <\/figure>\n\n            \n        \n            \n            \n\n            <figure \n                class=\"wp-block-image swiper-slide\" \n                data-image-index=\"1\"\n            >\n                                    <img decoding=\"async\" \n                                                    style=\"aspect-ratio: 4\/3\" \n                                                src=\"https:\/\/www.campingsannecy.com\/wp-content\/uploads\/gt-ws-thelis\/site-1\/images\/5006\/pict_65_2.jpg\" \n                        alt=\"Cottage Azur 4p 2 Kamers *** airco\"\n                        loading=\"lazy\"\n                    >\n                                <\/figure>\n\n            \n        \n            \n            \n\n            <figure \n                class=\"wp-block-image swiper-slide\" \n                data-image-index=\"2\"\n            >\n                                    <img decoding=\"async\" \n                                                    style=\"aspect-ratio: 4\/3\" \n                                                src=\"https:\/\/www.campingsannecy.com\/wp-content\/uploads\/gt-ws-thelis\/site-1\/images\/5006\/pict_65_3.jpg\" \n                        alt=\"Cottage Azur 4p 2 Kamers *** airco\"\n                        loading=\"lazy\"\n                    >\n                                <\/figure>\n\n            \n        \n            \n            \n\n            <figure \n                class=\"wp-block-image swiper-slide\" \n                data-image-index=\"3\"\n            >\n                                    <img decoding=\"async\" \n                                                    style=\"aspect-ratio: 4\/3\" \n                                                src=\"https:\/\/www.campingsannecy.com\/wp-content\/uploads\/gt-ws-thelis\/site-1\/images\/5006\/pict_65_4.jpg\" \n                        alt=\"Cottage Azur 4p 2 Kamers *** airco\"\n                        loading=\"lazy\"\n                    >\n                                <\/figure>\n\n            \n        \n        \n            <\/div>\n            <div class=\"swiper-pagination\"><\/div>\n            <div class=\"swiper-button-prev\"><\/div>\n            <div class=\"swiper-button-next\"><\/div>\n        <\/div>\n        <\/div>\n\n\n<div class=\"wp-block-group has-small-font-size is-layout-flow wp-block-group-is-layout-flow\">    \n\t<div\n\t\tclass=\"wp-block-gt-gt-ws-thelis-disponibilites\"\t\tdata-wp-interactive=\"gt\/thelis\"\n\t\tdata-wp-watch=\"actions.loadStays\"\n\t\tdata-wp-bind--data-gt-statut=\"state.statut\"\n\t\tdata-wp-key=\"65+5006-69f5884992eda\"\n\t\tdata-wp-context='{\"idsProduct\":\"65+5006\",\"idProduct\":\"65\",\"campingKey\":\"5006\",\"isIndisponible\":true}'\t>\n\n\t\t\t\t\t<div hidden class=\"gt-ws-thelis-spinner\" data-wp-bind--hidden=\"!state.isLoading\">\n\t\t\t\t<span class=\"loader\"><\/span>\n\t\t\t<\/div>\n\t\t\n\n\t\t<div data-wp-bind--hidden=\"state.isLoading\" class=\"gt-ws-thelis-disponibilite-wrap\">\n\n\t\t\t\t\t\t\t\t\t\t\t\t\t<div class=\"gt-ws-thelis-statut\" data-wp-text=\"state.titre\"><\/div>\n\t\t\t\t\t\t\t\t\n\t\t\t\n\t\t\t\n\t\t\t\n\t\t\t\n\t\t<\/div>\n\n\t<\/div>\n\n    <\/div>\n\n\n\n<div class=\"wp-block-group content-acc has-global-padding is-layout-constrained wp-block-group-is-layout-constrained\">\n<div class=\"wp-block-gt-gt-ws-thelis-product-camping\">\n    Yelloh! Village - La Ravoire<\/div>\n\n\n<p style=\"font-size:clamp(0.984rem, 0.984rem + ((1vw - 0.2rem) * 0.671), 1.5rem);text-transform:uppercase;\" class=\"wp-elements-c7f20d0215fbda8b1273390b73f3ba94 wp-block-gt-gt-ws-thelis-product-name has-text-color has-custom-color-2-color has-righteous-font-family\">\n    Cottage Azur 4p 2 Kamers airco<\/p>\n\n\n\n<div class=\"wp-block-group is-content-justification-center is-layout-flex wp-container-core-group-is-layout-200d3eee wp-block-group-is-layout-flex\" style=\"font-size:0.7rem\">\n<div class=\"wp-block-gt-gt-ws-thelis-product-surface\">\n\n        26m\u00b2\n<\/div>\n\n\n<div class=\"wp-block-gt-gt-ws-thelis-product-room\">\n        2              ruimte(s)    <\/div>\n\n\n\n\n<div class=\"wp-block-gt-gt-ws-thelis-product-capacity\">\n        4               persoon\/personen    <\/div><\/div>\n\n\n\n<div data-swiper=\"{&quot;speed&quot;:400,&quot;spaceBetween&quot;:16,&quot;slidesPerView&quot;:3,&quot;createElements&quot;:false,&quot;loop&quot;:true,&quot;freemode&quot;:true,&quot;breakpoints&quot;:{&quot;0&quot;:{&quot;slidesPerView&quot;:1},&quot;380&quot;:{&quot;slidesPerView&quot;:2},&quot;1024&quot;:{&quot;slidesPerView&quot;:3}},&quot;navigation&quot;:false,&quot;pagination&quot;:false,&quot;autoplay&quot;:{&quot;delay&quot;:3000}}\" class=\"wp-block-group criterion-container gt-is-slider gt-is-slider-desktop is-nowrap is-layout-flex wp-container-core-group-is-layout-6c531013 wp-block-group-is-layout-flex\">    <div class=\"wp-block-gt-gt-ws-thelis-product-option\">\n                            <div>Verwarming<\/div>\n            <\/div>\n\n\n    <div class=\"wp-block-gt-gt-ws-thelis-product-option\">\n                            <div>Airco<\/div>\n            <\/div>\n\n\n    <div class=\"wp-block-gt-gt-ws-thelis-product-option\">\n                            <div>Vaatwasser<\/div>\n            <\/div>\n\n\n    <div class=\"wp-block-gt-gt-ws-thelis-product-option\">\n                            <div>Magnetron<\/div>\n            <\/div>\n\n\n    <div class=\"wp-block-gt-gt-ws-thelis-product-option\">\n                            <div>TV<\/div>\n            <\/div>\n\n\n\n\n\n\n\n\n<\/div>\n\n\n\n<div class=\"wp-block-group is-content-justification-space-between is-nowrap is-layout-flex wp-container-core-group-is-layout-cb46ffcb wp-block-group-is-layout-flex\">    \n\t<div\n\t\tclass=\"price-content wp-block-gt-gt-ws-thelis-disponibilites\"\t\tdata-wp-interactive=\"gt\/thelis\"\n\t\tdata-wp-watch=\"actions.loadStays\"\n\t\tdata-wp-bind--data-gt-statut=\"state.statut\"\n\t\tdata-wp-key=\"65+5006-69f58849937f8\"\n\t\tdata-wp-context='{\"idsProduct\":\"65+5006\",\"idProduct\":\"65\",\"campingKey\":\"5006\",\"isIndisponible\":true}'\t>\n\n\t\t\n\n\t\t<div data-wp-bind--hidden=\"state.isLoading\" class=\"gt-ws-thelis-disponibilite-wrap\">\n\n\t\t\t\n\t\t\t\t\t\n\t\t\t\t<div hidden \n\t\t\t\t\tclass=\"gt-ws-thelis__disponibilite__price\"\n\t\t\t\t\tdata-wp-bind--hidden=\"!state.price\"\n\t\t\t\t>\n\t\t\t\t\t<span>Vanaf <\/span>\n\t\t\t\t\t<span hidden class=\"gt-ws-thelis__disponibilite__price__original\" data-wp-bind--hidden=\"!state.hasPromo\">\n\t\t\t\t\t\t<strike><span data-wp-text=\"state.originalPrice\"><\/span>\u20ac<\/strike>\n\t\t\t\t\t<\/span>\n\t\t\t\t\t<span class=\"gt-ws-thelis__disponibilite__price__discounted\">\n\t\t\t\t\t\t<span data-wp-bind--data-gt-price=\"state.price\" class=\"gt-ws-thelis-data-price\" data-wp-text=\"state.price\"><\/span>\u20ac\n\t\t\t\t\t<\/span>\n\t\t\t\t<\/div>\n\t\t\t\n\t\t\t\n\t\t\t\n\t\t\t\n\t\t<\/div>\n\n\t<\/div>\n\n    \n\n\n<p class=\"wp-block-lire-more\">Ontdek<\/p>\n<\/div>\n<\/div>\n\n<\/li><li data-gt-bathrooms=\"1\" data-gt-camping=\"5006\" data-gt-capacity=\"6\" data-gt-criterions=\"&quot;[1,2209,2,2210,3,5,6,8,11,12,13,16]&quot;\" data-gt-gammes=\"91\" data-gt-post-id=\"1917\" data-gt-rooms=\"3\" data-gt-surfaces=\"33\" data-gt-types=\"Mobil-Home,location\" data-gt-ws-camping=\"5006\" data-wp-key=\"69f588499c4b2\" class=\"wp-block-post post-1917 hebergement type-hebergement status-publish hentry gamme-3-bloemen\">\n\n<div \n    class=\"wp-block-gt-gt-ws-thelis-product-images\"    data-wp-interactive=\"gt\/thelis\/hebergement\/image\"\n    data-gallery-images='[&quot;https:\\\/\\\/www.campingsannecy.com\\\/wp-content\\\/uploads\\\/gt-ws-thelis\\\/site-1\\\/images\\\/5006\\\/pict_60_1.jpg&quot;,&quot;https:\\\/\\\/www.campingsannecy.com\\\/wp-content\\\/uploads\\\/gt-ws-thelis\\\/site-1\\\/images\\\/5006\\\/pict_60_3.jpg&quot;,&quot;https:\\\/\\\/www.campingsannecy.com\\\/wp-content\\\/uploads\\\/gt-ws-thelis\\\/site-1\\\/images\\\/5006\\\/pict_60_4.jpg&quot;,&quot;https:\\\/\\\/www.campingsannecy.com\\\/wp-content\\\/uploads\\\/gt-ws-thelis\\\/site-1\\\/images\\\/5006\\\/pict_60_5.jpg&quot;,&quot;https:\\\/\\\/www.campingsannecy.com\\\/wp-content\\\/uploads\\\/gt-ws-thelis\\\/site-1\\\/images\\\/5006\\\/pict_60_2.jpg&quot;]'\n    data-wp-context='{\"images\":[\"https:\\\/\\\/www.campingsannecy.com\\\/wp-content\\\/uploads\\\/gt-ws-thelis\\\/site-1\\\/images\\\/5006\\\/pict_60_1.jpg\",\"https:\\\/\\\/www.campingsannecy.com\\\/wp-content\\\/uploads\\\/gt-ws-thelis\\\/site-1\\\/images\\\/5006\\\/pict_60_3.jpg\",\"https:\\\/\\\/www.campingsannecy.com\\\/wp-content\\\/uploads\\\/gt-ws-thelis\\\/site-1\\\/images\\\/5006\\\/pict_60_4.jpg\",\"https:\\\/\\\/www.campingsannecy.com\\\/wp-content\\\/uploads\\\/gt-ws-thelis\\\/site-1\\\/images\\\/5006\\\/pict_60_5.jpg\",\"https:\\\/\\\/www.campingsannecy.com\\\/wp-content\\\/uploads\\\/gt-ws-thelis\\\/site-1\\\/images\\\/5006\\\/pict_60_2.jpg\"],\"jsonConfig\":{\"speed\":400,\"spaceBetween\":16,\"slidesPerView\":1,\"createElements\":true,\"loop\":true,\"freemode\":true,\"navigation\":{\"nextEl\":\"buttonNext\",\"prevEl\":\"buttonPrev\"},\"breakpoints\":{\"0\":{\"slidesPerView\":1},\"380\":[],\"1024\":[]},\"pagination\":false},\"sliderId\":\"69f5884993add\"}'>\n            <div \n            id=\"69f5884993add\"\n            class=\"gt-ws-thelis-is-slider swiper\" \n            data-swiper='{\"speed\":400,\"spaceBetween\":16,\"slidesPerView\":1,\"createElements\":true,\"loop\":true,\"freemode\":true,\"navigation\":{\"nextEl\":\"buttonNext\",\"prevEl\":\"buttonPrev\"},\"breakpoints\":{\"0\":{\"slidesPerView\":1},\"380\":[],\"1024\":[]},\"pagination\":false}'\n            data-wp-key=\"1917218bbc90af0991b4c3b8c59359dab75b\"\n            data-wp-run=\"callbacks.resetSwiper\"\n            data-wp-on--mouseover=\"callbacks.resetSwiper\"\n        >\n        <div class=\"swiper-wrapper\">\n                \n            \n            \n\n            <figure \n                class=\"wp-block-image swiper-slide\" \n                data-image-index=\"0\"\n            >\n                                    <img decoding=\"async\" \n                                                    style=\"aspect-ratio: 4\/3\" \n                                                src=\"https:\/\/www.campingsannecy.com\/wp-content\/uploads\/gt-ws-thelis\/site-1\/images\/5006\/pict_60_1.jpg\" \n                        alt=\"Cottage Azur 6p 3 Kamers *** airco\"\n                        loading=\"lazy\"\n                    >\n                                <\/figure>\n\n            \n        \n            \n            \n\n            <figure \n                class=\"wp-block-image swiper-slide\" \n                data-image-index=\"1\"\n            >\n                                    <img decoding=\"async\" \n                                                    style=\"aspect-ratio: 4\/3\" \n                                                src=\"https:\/\/www.campingsannecy.com\/wp-content\/uploads\/gt-ws-thelis\/site-1\/images\/5006\/pict_60_2.jpg\" \n                        alt=\"Cottage Azur 6p 3 Kamers *** airco\"\n                        loading=\"lazy\"\n                    >\n                                <\/figure>\n\n            \n        \n            \n            \n\n            <figure \n                class=\"wp-block-image swiper-slide\" \n                data-image-index=\"2\"\n            >\n                                    <img decoding=\"async\" \n                                                    style=\"aspect-ratio: 4\/3\" \n                                                src=\"https:\/\/www.campingsannecy.com\/wp-content\/uploads\/gt-ws-thelis\/site-1\/images\/5006\/pict_60_3.jpg\" \n                        alt=\"Cottage Azur 6p 3 Kamers *** airco\"\n                        loading=\"lazy\"\n                    >\n                                <\/figure>\n\n            \n        \n            \n            \n\n            <figure \n                class=\"wp-block-image swiper-slide\" \n                data-image-index=\"3\"\n            >\n                                    <img decoding=\"async\" \n                                                    style=\"aspect-ratio: 4\/3\" \n                                                src=\"https:\/\/www.campingsannecy.com\/wp-content\/uploads\/gt-ws-thelis\/site-1\/images\/5006\/pict_60_4.jpg\" \n                        alt=\"Cottage Azur 6p 3 Kamers *** airco\"\n                        loading=\"lazy\"\n                    >\n                                <\/figure>\n\n            \n        \n            \n            \n\n            <figure \n                class=\"wp-block-image swiper-slide\" \n                data-image-index=\"4\"\n            >\n                                    <img decoding=\"async\" \n                                                    style=\"aspect-ratio: 4\/3\" \n                                                src=\"https:\/\/www.campingsannecy.com\/wp-content\/uploads\/gt-ws-thelis\/site-1\/images\/5006\/pict_60_5.jpg\" \n                        alt=\"Cottage Azur 6p 3 Kamers *** airco\"\n                        loading=\"lazy\"\n                    >\n                                <\/figure>\n\n            \n        \n        \n            <\/div>\n            <div class=\"swiper-pagination\"><\/div>\n            <div class=\"swiper-button-prev\"><\/div>\n            <div class=\"swiper-button-next\"><\/div>\n        <\/div>\n        <\/div>\n\n\n<div class=\"wp-block-group has-small-font-size is-layout-flow wp-block-group-is-layout-flow\">    \n\t<div\n\t\tclass=\"wp-block-gt-gt-ws-thelis-disponibilites\"\t\tdata-wp-interactive=\"gt\/thelis\"\n\t\tdata-wp-watch=\"actions.loadStays\"\n\t\tdata-wp-bind--data-gt-statut=\"state.statut\"\n\t\tdata-wp-key=\"60+5006-69f5884993cdd\"\n\t\tdata-wp-context='{\"idsProduct\":\"60+5006\",\"idProduct\":\"60\",\"campingKey\":\"5006\",\"isIndisponible\":true}'\t>\n\n\t\t\t\t\t<div hidden class=\"gt-ws-thelis-spinner\" data-wp-bind--hidden=\"!state.isLoading\">\n\t\t\t\t<span class=\"loader\"><\/span>\n\t\t\t<\/div>\n\t\t\n\n\t\t<div data-wp-bind--hidden=\"state.isLoading\" class=\"gt-ws-thelis-disponibilite-wrap\">\n\n\t\t\t\t\t\t\t\t\t\t\t\t\t<div class=\"gt-ws-thelis-statut\" data-wp-text=\"state.titre\"><\/div>\n\t\t\t\t\t\t\t\t\n\t\t\t\n\t\t\t\n\t\t\t\n\t\t\t\n\t\t<\/div>\n\n\t<\/div>\n\n    <\/div>\n\n\n\n<div class=\"wp-block-group content-acc has-global-padding is-layout-constrained wp-block-group-is-layout-constrained\">\n<div class=\"wp-block-gt-gt-ws-thelis-product-camping\">\n    Yelloh! Village - La Ravoire<\/div>\n\n\n<p style=\"font-size:clamp(0.984rem, 0.984rem + ((1vw - 0.2rem) * 0.671), 1.5rem);text-transform:uppercase;\" class=\"wp-elements-c7f20d0215fbda8b1273390b73f3ba94 wp-block-gt-gt-ws-thelis-product-name has-text-color has-custom-color-2-color has-righteous-font-family\">\n    Cottage Azur 6p 3 Kamers airco<\/p>\n\n\n\n<div class=\"wp-block-group is-content-justification-center is-layout-flex wp-container-core-group-is-layout-200d3eee wp-block-group-is-layout-flex\" style=\"font-size:0.7rem\">\n<div class=\"wp-block-gt-gt-ws-thelis-product-surface\">\n\n        33m\u00b2\n<\/div>\n\n\n<div class=\"wp-block-gt-gt-ws-thelis-product-room\">\n        3              ruimte(s)    <\/div>\n\n\n\n\n<div class=\"wp-block-gt-gt-ws-thelis-product-capacity\">\n        6               persoon\/personen    <\/div><\/div>\n\n\n\n<div data-swiper=\"{&quot;speed&quot;:400,&quot;spaceBetween&quot;:16,&quot;slidesPerView&quot;:3,&quot;createElements&quot;:false,&quot;loop&quot;:true,&quot;freemode&quot;:true,&quot;breakpoints&quot;:{&quot;0&quot;:{&quot;slidesPerView&quot;:1},&quot;380&quot;:{&quot;slidesPerView&quot;:2},&quot;1024&quot;:{&quot;slidesPerView&quot;:3}},&quot;navigation&quot;:false,&quot;pagination&quot;:false,&quot;autoplay&quot;:{&quot;delay&quot;:3000}}\" class=\"wp-block-group criterion-container gt-is-slider gt-is-slider-desktop is-nowrap is-layout-flex wp-container-core-group-is-layout-6c531013 wp-block-group-is-layout-flex\">    <div class=\"wp-block-gt-gt-ws-thelis-product-option\">\n                            <div>Verwarming<\/div>\n            <\/div>\n\n\n    <div class=\"wp-block-gt-gt-ws-thelis-product-option\">\n                            <div>Airco<\/div>\n            <\/div>\n\n\n    <div class=\"wp-block-gt-gt-ws-thelis-product-option\">\n                            <div>Vaatwasser<\/div>\n            <\/div>\n\n\n    <div class=\"wp-block-gt-gt-ws-thelis-product-option\">\n                            <div>Magnetron<\/div>\n            <\/div>\n\n\n    <div class=\"wp-block-gt-gt-ws-thelis-product-option\">\n                            <div>TV<\/div>\n            <\/div>\n\n\n\n\n\n\n\n\n<\/div>\n\n\n\n<div class=\"wp-block-group is-content-justification-space-between is-nowrap is-layout-flex wp-container-core-group-is-layout-cb46ffcb wp-block-group-is-layout-flex\">    \n\t<div\n\t\tclass=\"price-content wp-block-gt-gt-ws-thelis-disponibilites\"\t\tdata-wp-interactive=\"gt\/thelis\"\n\t\tdata-wp-watch=\"actions.loadStays\"\n\t\tdata-wp-bind--data-gt-statut=\"state.statut\"\n\t\tdata-wp-key=\"60+5006-69f58849945bc\"\n\t\tdata-wp-context='{\"idsProduct\":\"60+5006\",\"idProduct\":\"60\",\"campingKey\":\"5006\",\"isIndisponible\":true}'\t>\n\n\t\t\n\n\t\t<div data-wp-bind--hidden=\"state.isLoading\" class=\"gt-ws-thelis-disponibilite-wrap\">\n\n\t\t\t\n\t\t\t\t\t\n\t\t\t\t<div hidden \n\t\t\t\t\tclass=\"gt-ws-thelis__disponibilite__price\"\n\t\t\t\t\tdata-wp-bind--hidden=\"!state.price\"\n\t\t\t\t>\n\t\t\t\t\t<span>Vanaf <\/span>\n\t\t\t\t\t<span hidden class=\"gt-ws-thelis__disponibilite__price__original\" data-wp-bind--hidden=\"!state.hasPromo\">\n\t\t\t\t\t\t<strike><span data-wp-text=\"state.originalPrice\"><\/span>\u20ac<\/strike>\n\t\t\t\t\t<\/span>\n\t\t\t\t\t<span class=\"gt-ws-thelis__disponibilite__price__discounted\">\n\t\t\t\t\t\t<span data-wp-bind--data-gt-price=\"state.price\" class=\"gt-ws-thelis-data-price\" data-wp-text=\"state.price\"><\/span>\u20ac\n\t\t\t\t\t<\/span>\n\t\t\t\t<\/div>\n\t\t\t\n\t\t\t\n\t\t\t\n\t\t\t\n\t\t<\/div>\n\n\t<\/div>\n\n    \n\n\n<p class=\"wp-block-lire-more\">Ontdek<\/p>\n<\/div>\n<\/div>\n\n<\/li><li data-gt-bathrooms=\"1\" data-gt-camping=\"1531\" data-gt-capacity=\"6\" data-gt-criterions=\"&quot;[8507,2031,2016]&quot;\" data-gt-gammes=\"91\" data-gt-post-id=\"54151\" data-gt-rooms=\"3\" data-gt-surfaces=\"36\" data-gt-types=\"Mobil-Home,location\" data-gt-ws-camping=\"1531\" data-wp-key=\"69f588499c6c1\" class=\"wp-block-post post-54151 hebergement type-hebergement status-publish hentry gamme-3-bloemen\">\n\n<div \n    class=\"wp-block-gt-gt-ws-thelis-product-images\"    data-wp-interactive=\"gt\/thelis\/hebergement\/image\"\n    data-gallery-images='[&quot;https:\\\/\\\/www.campingsannecy.com\\\/wp-content\\\/uploads\\\/gt-ws-thelis\\\/site-1\\\/images\\\/1531\\\/pict_60_4.jpg&quot;,&quot;https:\\\/\\\/www.campingsannecy.com\\\/wp-content\\\/uploads\\\/gt-ws-thelis\\\/site-1\\\/images\\\/1531\\\/pict_60_5.jpg&quot;,&quot;https:\\\/\\\/www.campingsannecy.com\\\/wp-content\\\/uploads\\\/gt-ws-thelis\\\/site-1\\\/images\\\/1531\\\/pict_60_1.jpg&quot;,&quot;https:\\\/\\\/www.campingsannecy.com\\\/wp-content\\\/uploads\\\/gt-ws-thelis\\\/site-1\\\/images\\\/1531\\\/pict_60_3.jpg&quot;,&quot;https:\\\/\\\/www.campingsannecy.com\\\/wp-content\\\/uploads\\\/gt-ws-thelis\\\/site-1\\\/images\\\/1531\\\/pict_60_2.jpg&quot;,&quot;https:\\\/\\\/www.campingsannecy.com\\\/wp-content\\\/uploads\\\/gt-ws-thelis\\\/site-1\\\/images\\\/1531\\\/pict_60_6.jpg&quot;]'\n    data-wp-context='{\"images\":[\"https:\\\/\\\/www.campingsannecy.com\\\/wp-content\\\/uploads\\\/gt-ws-thelis\\\/site-1\\\/images\\\/1531\\\/pict_60_4.jpg\",\"https:\\\/\\\/www.campingsannecy.com\\\/wp-content\\\/uploads\\\/gt-ws-thelis\\\/site-1\\\/images\\\/1531\\\/pict_60_5.jpg\",\"https:\\\/\\\/www.campingsannecy.com\\\/wp-content\\\/uploads\\\/gt-ws-thelis\\\/site-1\\\/images\\\/1531\\\/pict_60_1.jpg\",\"https:\\\/\\\/www.campingsannecy.com\\\/wp-content\\\/uploads\\\/gt-ws-thelis\\\/site-1\\\/images\\\/1531\\\/pict_60_3.jpg\",\"https:\\\/\\\/www.campingsannecy.com\\\/wp-content\\\/uploads\\\/gt-ws-thelis\\\/site-1\\\/images\\\/1531\\\/pict_60_2.jpg\",\"https:\\\/\\\/www.campingsannecy.com\\\/wp-content\\\/uploads\\\/gt-ws-thelis\\\/site-1\\\/images\\\/1531\\\/pict_60_6.jpg\"],\"jsonConfig\":{\"speed\":400,\"spaceBetween\":16,\"slidesPerView\":1,\"createElements\":true,\"loop\":true,\"freemode\":true,\"navigation\":{\"nextEl\":\"buttonNext\",\"prevEl\":\"buttonPrev\"},\"breakpoints\":{\"0\":{\"slidesPerView\":1},\"380\":[],\"1024\":[]},\"pagination\":false},\"sliderId\":\"69f588499484c\"}'>\n            <div \n            id=\"69f588499484c\"\n            class=\"gt-ws-thelis-is-slider swiper\" \n            data-swiper='{\"speed\":400,\"spaceBetween\":16,\"slidesPerView\":1,\"createElements\":true,\"loop\":true,\"freemode\":true,\"navigation\":{\"nextEl\":\"buttonNext\",\"prevEl\":\"buttonPrev\"},\"breakpoints\":{\"0\":{\"slidesPerView\":1},\"380\":[],\"1024\":[]},\"pagination\":false}'\n            data-wp-key=\"54151218bbc90af0991b4c3b8c59359dab75b\"\n            data-wp-run=\"callbacks.resetSwiper\"\n            data-wp-on--mouseover=\"callbacks.resetSwiper\"\n        >\n        <div class=\"swiper-wrapper\">\n                \n            \n            \n\n            <figure \n                class=\"wp-block-image swiper-slide\" \n                data-image-index=\"0\"\n            >\n                                    <img decoding=\"async\" \n                                                    style=\"aspect-ratio: 4\/3\" \n                                                src=\"https:\/\/www.campingsannecy.com\/wp-content\/uploads\/gt-ws-thelis\/site-1\/images\/1531\/pict_60_1.jpg\" \n                        alt=\"Cottage Chill Out 6p 3 Kamers ***\"\n                        loading=\"lazy\"\n                    >\n                                <\/figure>\n\n            \n        \n            \n            \n\n            <figure \n                class=\"wp-block-image swiper-slide\" \n                data-image-index=\"1\"\n            >\n                                    <img decoding=\"async\" \n                                                    style=\"aspect-ratio: 4\/3\" \n                                                src=\"https:\/\/www.campingsannecy.com\/wp-content\/uploads\/gt-ws-thelis\/site-1\/images\/1531\/pict_60_2.jpg\" \n                        alt=\"Cottage Chill Out 6p 3 Kamers ***\"\n                        loading=\"lazy\"\n                    >\n                                <\/figure>\n\n            \n        \n            \n            \n\n            <figure \n                class=\"wp-block-image swiper-slide\" \n                data-image-index=\"2\"\n            >\n                                    <img decoding=\"async\" \n                                                    style=\"aspect-ratio: 4\/3\" \n                                                src=\"https:\/\/www.campingsannecy.com\/wp-content\/uploads\/gt-ws-thelis\/site-1\/images\/1531\/pict_60_3.jpg\" \n                        alt=\"Cottage Chill Out 6p 3 Kamers ***\"\n                        loading=\"lazy\"\n                    >\n                                <\/figure>\n\n            \n        \n            \n            \n\n            <figure \n                class=\"wp-block-image swiper-slide\" \n                data-image-index=\"3\"\n            >\n                                    <img decoding=\"async\" \n                                                    style=\"aspect-ratio: 4\/3\" \n                                                src=\"https:\/\/www.campingsannecy.com\/wp-content\/uploads\/gt-ws-thelis\/site-1\/images\/1531\/pict_60_4.jpg\" \n                        alt=\"Cottage Chill Out 6p 3 Kamers ***\"\n                        loading=\"lazy\"\n                    >\n                                <\/figure>\n\n            \n        \n            \n            \n\n            <figure \n                class=\"wp-block-image swiper-slide\" \n                data-image-index=\"4\"\n            >\n                                    <img decoding=\"async\" \n                                                    style=\"aspect-ratio: 4\/3\" \n                                                src=\"https:\/\/www.campingsannecy.com\/wp-content\/uploads\/gt-ws-thelis\/site-1\/images\/1531\/pict_60_5.jpg\" \n                        alt=\"Cottage Chill Out 6p 3 Kamers ***\"\n                        loading=\"lazy\"\n                    >\n                                <\/figure>\n\n            \n        \n            \n            \n\n            <figure \n                class=\"wp-block-image swiper-slide\" \n                data-image-index=\"5\"\n            >\n                                    <img decoding=\"async\" \n                                                    style=\"aspect-ratio: 4\/3\" \n                                                src=\"https:\/\/www.campingsannecy.com\/wp-content\/uploads\/gt-ws-thelis\/site-1\/images\/1531\/pict_60_6.jpg\" \n                        alt=\"Cottage Chill Out 6p 3 Kamers ***\"\n                        loading=\"lazy\"\n                    >\n                                <\/figure>\n\n            \n        \n        \n            <\/div>\n            <div class=\"swiper-pagination\"><\/div>\n            <div class=\"swiper-button-prev\"><\/div>\n            <div class=\"swiper-button-next\"><\/div>\n        <\/div>\n        <\/div>\n\n\n<div class=\"wp-block-group has-small-font-size is-layout-flow wp-block-group-is-layout-flow\">    \n\t<div\n\t\tclass=\"wp-block-gt-gt-ws-thelis-disponibilites\"\t\tdata-wp-interactive=\"gt\/thelis\"\n\t\tdata-wp-watch=\"actions.loadStays\"\n\t\tdata-wp-bind--data-gt-statut=\"state.statut\"\n\t\tdata-wp-key=\"60+1531-69f5884994abf\"\n\t\tdata-wp-context='{\"idsProduct\":\"60+1531\",\"idProduct\":\"60\",\"campingKey\":\"1531\",\"isIndisponible\":true}'\t>\n\n\t\t\t\t\t<div hidden class=\"gt-ws-thelis-spinner\" data-wp-bind--hidden=\"!state.isLoading\">\n\t\t\t\t<span class=\"loader\"><\/span>\n\t\t\t<\/div>\n\t\t\n\n\t\t<div data-wp-bind--hidden=\"state.isLoading\" class=\"gt-ws-thelis-disponibilite-wrap\">\n\n\t\t\t\t\t\t\t\t\t\t\t\t\t<div class=\"gt-ws-thelis-statut\" data-wp-text=\"state.titre\"><\/div>\n\t\t\t\t\t\t\t\t\n\t\t\t\n\t\t\t\n\t\t\t\n\t\t\t\n\t\t<\/div>\n\n\t<\/div>\n\n    <\/div>\n\n\n\n<div class=\"wp-block-group content-acc has-global-padding is-layout-constrained wp-block-group-is-layout-constrained\">\n<div class=\"wp-block-gt-gt-ws-thelis-product-camping\">\n    Yelloh! Village - Les Fontaines<\/div>\n\n\n<p style=\"font-size:clamp(0.984rem, 0.984rem + ((1vw - 0.2rem) * 0.671), 1.5rem);text-transform:uppercase;\" class=\"wp-elements-c7f20d0215fbda8b1273390b73f3ba94 wp-block-gt-gt-ws-thelis-product-name has-text-color has-custom-color-2-color has-righteous-font-family\">\n    Cottage Chill Out 6p 3 Kamers <\/p>\n\n\n\n<div class=\"wp-block-group is-content-justification-center is-layout-flex wp-container-core-group-is-layout-200d3eee wp-block-group-is-layout-flex\" style=\"font-size:0.7rem\">\n<div class=\"wp-block-gt-gt-ws-thelis-product-surface\">\n\n        36m\u00b2\n<\/div>\n\n\n<div class=\"wp-block-gt-gt-ws-thelis-product-room\">\n        3              ruimte(s)    <\/div>\n\n\n\n\n<div class=\"wp-block-gt-gt-ws-thelis-product-capacity\">\n        6               persoon\/personen    <\/div><\/div>\n\n\n\n<div data-swiper=\"{&quot;speed&quot;:400,&quot;spaceBetween&quot;:16,&quot;slidesPerView&quot;:3,&quot;createElements&quot;:false,&quot;loop&quot;:true,&quot;freemode&quot;:true,&quot;breakpoints&quot;:{&quot;0&quot;:{&quot;slidesPerView&quot;:1},&quot;380&quot;:{&quot;slidesPerView&quot;:2},&quot;1024&quot;:{&quot;slidesPerView&quot;:3}},&quot;navigation&quot;:false,&quot;pagination&quot;:false,&quot;autoplay&quot;:{&quot;delay&quot;:3000}}\" class=\"wp-block-group criterion-container gt-is-slider gt-is-slider-desktop is-nowrap is-layout-flex wp-container-core-group-is-layout-6c531013 wp-block-group-is-layout-flex\">\n\n\n\n\n\n\n\n\n\n\n\n    <div class=\"wp-block-gt-gt-ws-thelis-product-option\">\n                            <div>Terrasse<\/div>\n            <\/div>\n\n\n\n\n<\/div>\n\n\n\n<div class=\"wp-block-group is-content-justification-space-between is-nowrap is-layout-flex wp-container-core-group-is-layout-cb46ffcb wp-block-group-is-layout-flex\">    \n\t<div\n\t\tclass=\"price-content wp-block-gt-gt-ws-thelis-disponibilites\"\t\tdata-wp-interactive=\"gt\/thelis\"\n\t\tdata-wp-watch=\"actions.loadStays\"\n\t\tdata-wp-bind--data-gt-statut=\"state.statut\"\n\t\tdata-wp-key=\"60+1531-69f5884995247\"\n\t\tdata-wp-context='{\"idsProduct\":\"60+1531\",\"idProduct\":\"60\",\"campingKey\":\"1531\",\"isIndisponible\":true}'\t>\n\n\t\t\n\n\t\t<div data-wp-bind--hidden=\"state.isLoading\" class=\"gt-ws-thelis-disponibilite-wrap\">\n\n\t\t\t\n\t\t\t\t\t\n\t\t\t\t<div hidden \n\t\t\t\t\tclass=\"gt-ws-thelis__disponibilite__price\"\n\t\t\t\t\tdata-wp-bind--hidden=\"!state.price\"\n\t\t\t\t>\n\t\t\t\t\t<span>Vanaf <\/span>\n\t\t\t\t\t<span hidden class=\"gt-ws-thelis__disponibilite__price__original\" data-wp-bind--hidden=\"!state.hasPromo\">\n\t\t\t\t\t\t<strike><span data-wp-text=\"state.originalPrice\"><\/span>\u20ac<\/strike>\n\t\t\t\t\t<\/span>\n\t\t\t\t\t<span class=\"gt-ws-thelis__disponibilite__price__discounted\">\n\t\t\t\t\t\t<span data-wp-bind--data-gt-price=\"state.price\" class=\"gt-ws-thelis-data-price\" data-wp-text=\"state.price\"><\/span>\u20ac\n\t\t\t\t\t<\/span>\n\t\t\t\t<\/div>\n\t\t\t\n\t\t\t\n\t\t\t\n\t\t\t\n\t\t<\/div>\n\n\t<\/div>\n\n    \n\n\n<p class=\"wp-block-lire-more\">Ontdek<\/p>\n<\/div>\n<\/div>\n\n<\/li><li data-gt-bathrooms=\"1\" data-gt-camping=\"1531\" data-gt-capacity=\"6\" data-gt-criterions=\"&quot;[8,13,2016]&quot;\" data-gt-gammes=\"91\" data-gt-post-id=\"1910\" data-gt-rooms=\"3\" data-gt-surfaces=\"32\" data-gt-types=\"Mobil-Home,location\" data-gt-ws-camping=\"1531\" data-wp-key=\"69f588499c8cc\" class=\"wp-block-post post-1910 hebergement type-hebergement status-publish hentry gamme-3-bloemen\">\n\n<div \n    class=\"wp-block-gt-gt-ws-thelis-product-images\"    data-wp-interactive=\"gt\/thelis\/hebergement\/image\"\n    data-gallery-images='[&quot;https:\\\/\\\/www.campingsannecy.com\\\/wp-content\\\/uploads\\\/gt-ws-thelis\\\/site-1\\\/images\\\/1531\\\/pict_59_4.jpg&quot;,&quot;https:\\\/\\\/www.campingsannecy.com\\\/wp-content\\\/uploads\\\/gt-ws-thelis\\\/site-1\\\/images\\\/1531\\\/pict_59_5.jpg&quot;,&quot;https:\\\/\\\/www.campingsannecy.com\\\/wp-content\\\/uploads\\\/gt-ws-thelis\\\/site-1\\\/images\\\/1531\\\/pict_59_1.jpg&quot;,&quot;https:\\\/\\\/www.campingsannecy.com\\\/wp-content\\\/uploads\\\/gt-ws-thelis\\\/site-1\\\/images\\\/1531\\\/pict_59_3.jpg&quot;,&quot;https:\\\/\\\/www.campingsannecy.com\\\/wp-content\\\/uploads\\\/gt-ws-thelis\\\/site-1\\\/images\\\/1531\\\/pict_59_6.jpg&quot;,&quot;https:\\\/\\\/www.campingsannecy.com\\\/wp-content\\\/uploads\\\/gt-ws-thelis\\\/site-1\\\/images\\\/1531\\\/pict_59_2.jpg&quot;]'\n    data-wp-context='{\"images\":[\"https:\\\/\\\/www.campingsannecy.com\\\/wp-content\\\/uploads\\\/gt-ws-thelis\\\/site-1\\\/images\\\/1531\\\/pict_59_4.jpg\",\"https:\\\/\\\/www.campingsannecy.com\\\/wp-content\\\/uploads\\\/gt-ws-thelis\\\/site-1\\\/images\\\/1531\\\/pict_59_5.jpg\",\"https:\\\/\\\/www.campingsannecy.com\\\/wp-content\\\/uploads\\\/gt-ws-thelis\\\/site-1\\\/images\\\/1531\\\/pict_59_1.jpg\",\"https:\\\/\\\/www.campingsannecy.com\\\/wp-content\\\/uploads\\\/gt-ws-thelis\\\/site-1\\\/images\\\/1531\\\/pict_59_3.jpg\",\"https:\\\/\\\/www.campingsannecy.com\\\/wp-content\\\/uploads\\\/gt-ws-thelis\\\/site-1\\\/images\\\/1531\\\/pict_59_6.jpg\",\"https:\\\/\\\/www.campingsannecy.com\\\/wp-content\\\/uploads\\\/gt-ws-thelis\\\/site-1\\\/images\\\/1531\\\/pict_59_2.jpg\"],\"jsonConfig\":{\"speed\":400,\"spaceBetween\":16,\"slidesPerView\":1,\"createElements\":true,\"loop\":true,\"freemode\":true,\"navigation\":{\"nextEl\":\"buttonNext\",\"prevEl\":\"buttonPrev\"},\"breakpoints\":{\"0\":{\"slidesPerView\":1},\"380\":[],\"1024\":[]},\"pagination\":false},\"sliderId\":\"69f58849954e7\"}'>\n            <div \n            id=\"69f58849954e7\"\n            class=\"gt-ws-thelis-is-slider swiper\" \n            data-swiper='{\"speed\":400,\"spaceBetween\":16,\"slidesPerView\":1,\"createElements\":true,\"loop\":true,\"freemode\":true,\"navigation\":{\"nextEl\":\"buttonNext\",\"prevEl\":\"buttonPrev\"},\"breakpoints\":{\"0\":{\"slidesPerView\":1},\"380\":[],\"1024\":[]},\"pagination\":false}'\n            data-wp-key=\"1910218bbc90af0991b4c3b8c59359dab75b\"\n            data-wp-run=\"callbacks.resetSwiper\"\n            data-wp-on--mouseover=\"callbacks.resetSwiper\"\n        >\n        <div class=\"swiper-wrapper\">\n                \n            \n            \n\n            <figure \n                class=\"wp-block-image swiper-slide\" \n                data-image-index=\"0\"\n            >\n                                    <img decoding=\"async\" \n                                                    style=\"aspect-ratio: 4\/3\" \n                                                src=\"https:\/\/www.campingsannecy.com\/wp-content\/uploads\/gt-ws-thelis\/site-1\/images\/1531\/pict_59_1.jpg\" \n                        alt=\"Cottage Cordelia  ***\"\n                        loading=\"lazy\"\n                    >\n                                <\/figure>\n\n            \n        \n            \n            \n\n            <figure \n                class=\"wp-block-image swiper-slide\" \n                data-image-index=\"1\"\n            >\n                                    <img decoding=\"async\" \n                                                    style=\"aspect-ratio: 4\/3\" \n                                                src=\"https:\/\/www.campingsannecy.com\/wp-content\/uploads\/gt-ws-thelis\/site-1\/images\/1531\/pict_59_2.jpg\" \n                        alt=\"Cottage Cordelia  ***\"\n                        loading=\"lazy\"\n                    >\n                                <\/figure>\n\n            \n        \n            \n            \n\n            <figure \n                class=\"wp-block-image swiper-slide\" \n                data-image-index=\"2\"\n            >\n                                    <img decoding=\"async\" \n                                                    style=\"aspect-ratio: 4\/3\" \n                                                src=\"https:\/\/www.campingsannecy.com\/wp-content\/uploads\/gt-ws-thelis\/site-1\/images\/1531\/pict_59_3.jpg\" \n                        alt=\"Cottage Cordelia  ***\"\n                        loading=\"lazy\"\n                    >\n                                <\/figure>\n\n            \n        \n            \n            \n\n            <figure \n                class=\"wp-block-image swiper-slide\" \n                data-image-index=\"3\"\n            >\n                                    <img decoding=\"async\" \n                                                    style=\"aspect-ratio: 4\/3\" \n                                                src=\"https:\/\/www.campingsannecy.com\/wp-content\/uploads\/gt-ws-thelis\/site-1\/images\/1531\/pict_59_4.jpg\" \n                        alt=\"Cottage Cordelia  ***\"\n                        loading=\"lazy\"\n                    >\n                                <\/figure>\n\n            \n        \n            \n            \n\n            <figure \n                class=\"wp-block-image swiper-slide\" \n                data-image-index=\"4\"\n            >\n                                    <img decoding=\"async\" \n                                                    style=\"aspect-ratio: 4\/3\" \n                                                src=\"https:\/\/www.campingsannecy.com\/wp-content\/uploads\/gt-ws-thelis\/site-1\/images\/1531\/pict_59_5.jpg\" \n                        alt=\"Cottage Cordelia  ***\"\n                        loading=\"lazy\"\n                    >\n                                <\/figure>\n\n            \n        \n            \n            \n\n            <figure \n                class=\"wp-block-image swiper-slide\" \n                data-image-index=\"5\"\n            >\n                                    <img decoding=\"async\" \n                                                    style=\"aspect-ratio: 4\/3\" \n                                                src=\"https:\/\/www.campingsannecy.com\/wp-content\/uploads\/gt-ws-thelis\/site-1\/images\/1531\/pict_59_6.jpg\" \n                        alt=\"Cottage Cordelia  ***\"\n                        loading=\"lazy\"\n                    >\n                                <\/figure>\n\n            \n        \n        \n            <\/div>\n            <div class=\"swiper-pagination\"><\/div>\n            <div class=\"swiper-button-prev\"><\/div>\n            <div class=\"swiper-button-next\"><\/div>\n        <\/div>\n        <\/div>\n\n\n<div class=\"wp-block-group has-small-font-size is-layout-flow wp-block-group-is-layout-flow\">    \n\t<div\n\t\tclass=\"wp-block-gt-gt-ws-thelis-disponibilites\"\t\tdata-wp-interactive=\"gt\/thelis\"\n\t\tdata-wp-watch=\"actions.loadStays\"\n\t\tdata-wp-bind--data-gt-statut=\"state.statut\"\n\t\tdata-wp-key=\"59+1531-69f588499571a\"\n\t\tdata-wp-context='{\"idsProduct\":\"59+1531\",\"idProduct\":\"59\",\"campingKey\":\"1531\",\"isIndisponible\":true}'\t>\n\n\t\t\t\t\t<div hidden class=\"gt-ws-thelis-spinner\" data-wp-bind--hidden=\"!state.isLoading\">\n\t\t\t\t<span class=\"loader\"><\/span>\n\t\t\t<\/div>\n\t\t\n\n\t\t<div data-wp-bind--hidden=\"state.isLoading\" class=\"gt-ws-thelis-disponibilite-wrap\">\n\n\t\t\t\t\t\t\t\t\t\t\t\t\t<div class=\"gt-ws-thelis-statut\" data-wp-text=\"state.titre\"><\/div>\n\t\t\t\t\t\t\t\t\n\t\t\t\n\t\t\t\n\t\t\t\n\t\t\t\n\t\t<\/div>\n\n\t<\/div>\n\n    <\/div>\n\n\n\n<div class=\"wp-block-group content-acc has-global-padding is-layout-constrained wp-block-group-is-layout-constrained\">\n<div class=\"wp-block-gt-gt-ws-thelis-product-camping\">\n    Yelloh! Village - Les Fontaines<\/div>\n\n\n<p style=\"font-size:clamp(0.984rem, 0.984rem + ((1vw - 0.2rem) * 0.671), 1.5rem);text-transform:uppercase;\" class=\"wp-elements-c7f20d0215fbda8b1273390b73f3ba94 wp-block-gt-gt-ws-thelis-product-name has-text-color has-custom-color-2-color has-righteous-font-family\">\n    Cottage Cordelia <\/p>\n\n\n\n<div class=\"wp-block-group is-content-justification-center is-layout-flex wp-container-core-group-is-layout-200d3eee wp-block-group-is-layout-flex\" style=\"font-size:0.7rem\">\n<div class=\"wp-block-gt-gt-ws-thelis-product-surface\">\n\n        32m\u00b2\n<\/div>\n\n\n<div class=\"wp-block-gt-gt-ws-thelis-product-room\">\n        3              ruimte(s)    <\/div>\n\n\n\n\n<div class=\"wp-block-gt-gt-ws-thelis-product-capacity\">\n        6               persoon\/personen    <\/div><\/div>\n\n\n\n<div data-swiper=\"{&quot;speed&quot;:400,&quot;spaceBetween&quot;:16,&quot;slidesPerView&quot;:3,&quot;createElements&quot;:false,&quot;loop&quot;:true,&quot;freemode&quot;:true,&quot;breakpoints&quot;:{&quot;0&quot;:{&quot;slidesPerView&quot;:1},&quot;380&quot;:{&quot;slidesPerView&quot;:2},&quot;1024&quot;:{&quot;slidesPerView&quot;:3}},&quot;navigation&quot;:false,&quot;pagination&quot;:false,&quot;autoplay&quot;:{&quot;delay&quot;:3000}}\" class=\"wp-block-group criterion-container gt-is-slider gt-is-slider-desktop is-nowrap is-layout-flex wp-container-core-group-is-layout-6c531013 wp-block-group-is-layout-flex\">\n\n\n\n\n\n\n\n    <div class=\"wp-block-gt-gt-ws-thelis-product-option\">\n                            <div>TV<\/div>\n            <\/div>\n\n\n\n\n    <div class=\"wp-block-gt-gt-ws-thelis-product-option\">\n                            <div>Terrasse<\/div>\n            <\/div>\n\n\n\n\n<\/div>\n\n\n\n<div class=\"wp-block-group is-content-justification-space-between is-nowrap is-layout-flex wp-container-core-group-is-layout-cb46ffcb wp-block-group-is-layout-flex\">    \n\t<div\n\t\tclass=\"price-content wp-block-gt-gt-ws-thelis-disponibilites\"\t\tdata-wp-interactive=\"gt\/thelis\"\n\t\tdata-wp-watch=\"actions.loadStays\"\n\t\tdata-wp-bind--data-gt-statut=\"state.statut\"\n\t\tdata-wp-key=\"59+1531-69f5884995e28\"\n\t\tdata-wp-context='{\"idsProduct\":\"59+1531\",\"idProduct\":\"59\",\"campingKey\":\"1531\",\"isIndisponible\":true}'\t>\n\n\t\t\n\n\t\t<div data-wp-bind--hidden=\"state.isLoading\" class=\"gt-ws-thelis-disponibilite-wrap\">\n\n\t\t\t\n\t\t\t\t\t\n\t\t\t\t<div hidden \n\t\t\t\t\tclass=\"gt-ws-thelis__disponibilite__price\"\n\t\t\t\t\tdata-wp-bind--hidden=\"!state.price\"\n\t\t\t\t>\n\t\t\t\t\t<span>Vanaf <\/span>\n\t\t\t\t\t<span hidden class=\"gt-ws-thelis__disponibilite__price__original\" data-wp-bind--hidden=\"!state.hasPromo\">\n\t\t\t\t\t\t<strike><span data-wp-text=\"state.originalPrice\"><\/span>\u20ac<\/strike>\n\t\t\t\t\t<\/span>\n\t\t\t\t\t<span class=\"gt-ws-thelis__disponibilite__price__discounted\">\n\t\t\t\t\t\t<span data-wp-bind--data-gt-price=\"state.price\" class=\"gt-ws-thelis-data-price\" data-wp-text=\"state.price\"><\/span>\u20ac\n\t\t\t\t\t<\/span>\n\t\t\t\t<\/div>\n\t\t\t\n\t\t\t\n\t\t\t\n\t\t\t\n\t\t<\/div>\n\n\t<\/div>\n\n    \n\n\n<p class=\"wp-block-lire-more\">Ontdek<\/p>\n<\/div>\n<\/div>\n\n<\/li><li data-gt-bathrooms=\"1\" data-gt-camping=\"5006\" data-gt-capacity=\"5\" data-gt-criterions=\"&quot;[1,2210,5,6,8,11,12,13,16]&quot;\" data-gt-gammes=\"91\" data-gt-post-id=\"1919\" data-gt-rooms=\"2\" data-gt-surfaces=\"27\" data-gt-types=\"Mobil-Home,location\" data-gt-ws-camping=\"5006\" data-wp-key=\"69f588499cb1a\" class=\"wp-block-post post-1919 hebergement type-hebergement status-publish hentry gamme-3-bloemen\">\n\n<div \n    class=\"wp-block-gt-gt-ws-thelis-product-images\"    data-wp-interactive=\"gt\/thelis\/hebergement\/image\"\n    data-gallery-images='[&quot;https:\\\/\\\/www.campingsannecy.com\\\/wp-content\\\/uploads\\\/gt-ws-thelis\\\/site-1\\\/images\\\/5006\\\/pict_58_4.jpg&quot;,&quot;https:\\\/\\\/www.campingsannecy.com\\\/wp-content\\\/uploads\\\/gt-ws-thelis\\\/site-1\\\/images\\\/5006\\\/pict_58_3.jpg&quot;,&quot;https:\\\/\\\/www.campingsannecy.com\\\/wp-content\\\/uploads\\\/gt-ws-thelis\\\/site-1\\\/images\\\/5006\\\/pict_58_2.jpg&quot;,&quot;https:\\\/\\\/www.campingsannecy.com\\\/wp-content\\\/uploads\\\/gt-ws-thelis\\\/site-1\\\/images\\\/5006\\\/pict_58_1.jpg&quot;]'\n    data-wp-context='{\"images\":[\"https:\\\/\\\/www.campingsannecy.com\\\/wp-content\\\/uploads\\\/gt-ws-thelis\\\/site-1\\\/images\\\/5006\\\/pict_58_4.jpg\",\"https:\\\/\\\/www.campingsannecy.com\\\/wp-content\\\/uploads\\\/gt-ws-thelis\\\/site-1\\\/images\\\/5006\\\/pict_58_3.jpg\",\"https:\\\/\\\/www.campingsannecy.com\\\/wp-content\\\/uploads\\\/gt-ws-thelis\\\/site-1\\\/images\\\/5006\\\/pict_58_2.jpg\",\"https:\\\/\\\/www.campingsannecy.com\\\/wp-content\\\/uploads\\\/gt-ws-thelis\\\/site-1\\\/images\\\/5006\\\/pict_58_1.jpg\"],\"jsonConfig\":{\"speed\":400,\"spaceBetween\":16,\"slidesPerView\":1,\"createElements\":true,\"loop\":true,\"freemode\":true,\"navigation\":{\"nextEl\":\"buttonNext\",\"prevEl\":\"buttonPrev\"},\"breakpoints\":{\"0\":{\"slidesPerView\":1},\"380\":[],\"1024\":[]},\"pagination\":false},\"sliderId\":\"69f58849960e1\"}'>\n            <div \n            id=\"69f58849960e1\"\n            class=\"gt-ws-thelis-is-slider swiper\" \n            data-swiper='{\"speed\":400,\"spaceBetween\":16,\"slidesPerView\":1,\"createElements\":true,\"loop\":true,\"freemode\":true,\"navigation\":{\"nextEl\":\"buttonNext\",\"prevEl\":\"buttonPrev\"},\"breakpoints\":{\"0\":{\"slidesPerView\":1},\"380\":[],\"1024\":[]},\"pagination\":false}'\n            data-wp-key=\"1919218bbc90af0991b4c3b8c59359dab75b\"\n            data-wp-run=\"callbacks.resetSwiper\"\n            data-wp-on--mouseover=\"callbacks.resetSwiper\"\n        >\n        <div class=\"swiper-wrapper\">\n                \n            \n            \n\n            <figure \n                class=\"wp-block-image swiper-slide\" \n                data-image-index=\"0\"\n            >\n                                    <img decoding=\"async\" \n                                                    style=\"aspect-ratio: 4\/3\" \n                                                src=\"https:\/\/www.campingsannecy.com\/wp-content\/uploads\/gt-ws-thelis\/site-1\/images\/5006\/pict_58_1.jpg\" \n                        alt=\"Cottage Mercure 4\/5p 2 Kamers ***\"\n                        loading=\"lazy\"\n                    >\n                                <\/figure>\n\n            \n        \n            \n            \n\n            <figure \n                class=\"wp-block-image swiper-slide\" \n                data-image-index=\"1\"\n            >\n                                    <img decoding=\"async\" \n                                                    style=\"aspect-ratio: 4\/3\" \n                                                src=\"https:\/\/www.campingsannecy.com\/wp-content\/uploads\/gt-ws-thelis\/site-1\/images\/5006\/pict_58_2.jpg\" \n                        alt=\"Cottage Mercure 4\/5p 2 Kamers ***\"\n                        loading=\"lazy\"\n                    >\n                                <\/figure>\n\n            \n        \n            \n            \n\n            <figure \n                class=\"wp-block-image swiper-slide\" \n                data-image-index=\"2\"\n            >\n                                    <img decoding=\"async\" \n                                                    style=\"aspect-ratio: 4\/3\" \n                                                src=\"https:\/\/www.campingsannecy.com\/wp-content\/uploads\/gt-ws-thelis\/site-1\/images\/5006\/pict_58_3.jpg\" \n                        alt=\"Cottage Mercure 4\/5p 2 Kamers ***\"\n                        loading=\"lazy\"\n                    >\n                                <\/figure>\n\n            \n        \n            \n            \n\n            <figure \n                class=\"wp-block-image swiper-slide\" \n                data-image-index=\"3\"\n            >\n                                    <img decoding=\"async\" \n                                                    style=\"aspect-ratio: 4\/3\" \n                                                src=\"https:\/\/www.campingsannecy.com\/wp-content\/uploads\/gt-ws-thelis\/site-1\/images\/5006\/pict_58_4.jpg\" \n                        alt=\"Cottage Mercure 4\/5p 2 Kamers ***\"\n                        loading=\"lazy\"\n                    >\n                                <\/figure>\n\n            \n        \n        \n            <\/div>\n            <div class=\"swiper-pagination\"><\/div>\n            <div class=\"swiper-button-prev\"><\/div>\n            <div class=\"swiper-button-next\"><\/div>\n        <\/div>\n        <\/div>\n\n\n<div class=\"wp-block-group has-small-font-size is-layout-flow wp-block-group-is-layout-flow\">    \n\t<div\n\t\tclass=\"wp-block-gt-gt-ws-thelis-disponibilites\"\t\tdata-wp-interactive=\"gt\/thelis\"\n\t\tdata-wp-watch=\"actions.loadStays\"\n\t\tdata-wp-bind--data-gt-statut=\"state.statut\"\n\t\tdata-wp-key=\"58+5006-69f58849962ae\"\n\t\tdata-wp-context='{\"idsProduct\":\"58+5006\",\"idProduct\":\"58\",\"campingKey\":\"5006\",\"isIndisponible\":true}'\t>\n\n\t\t\t\t\t<div hidden class=\"gt-ws-thelis-spinner\" data-wp-bind--hidden=\"!state.isLoading\">\n\t\t\t\t<span class=\"loader\"><\/span>\n\t\t\t<\/div>\n\t\t\n\n\t\t<div data-wp-bind--hidden=\"state.isLoading\" class=\"gt-ws-thelis-disponibilite-wrap\">\n\n\t\t\t\t\t\t\t\t\t\t\t\t\t<div class=\"gt-ws-thelis-statut\" data-wp-text=\"state.titre\"><\/div>\n\t\t\t\t\t\t\t\t\n\t\t\t\n\t\t\t\n\t\t\t\n\t\t\t\n\t\t<\/div>\n\n\t<\/div>\n\n    <\/div>\n\n\n\n<div class=\"wp-block-group content-acc has-global-padding is-layout-constrained wp-block-group-is-layout-constrained\">\n<div class=\"wp-block-gt-gt-ws-thelis-product-camping\">\n    Yelloh! Village - La Ravoire<\/div>\n\n\n<p style=\"font-size:clamp(0.984rem, 0.984rem + ((1vw - 0.2rem) * 0.671), 1.5rem);text-transform:uppercase;\" class=\"wp-elements-c7f20d0215fbda8b1273390b73f3ba94 wp-block-gt-gt-ws-thelis-product-name has-text-color has-custom-color-2-color has-righteous-font-family\">\n    Cottage Mercure 4\/5p 2 Kamers <\/p>\n\n\n\n<div class=\"wp-block-group is-content-justification-center is-layout-flex wp-container-core-group-is-layout-200d3eee wp-block-group-is-layout-flex\" style=\"font-size:0.7rem\">\n<div class=\"wp-block-gt-gt-ws-thelis-product-surface\">\n\n        27m\u00b2\n<\/div>\n\n\n<div class=\"wp-block-gt-gt-ws-thelis-product-room\">\n        2              ruimte(s)    <\/div>\n\n\n\n\n<div class=\"wp-block-gt-gt-ws-thelis-product-capacity\">\n        5               persoon\/personen    <\/div><\/div>\n\n\n\n<div data-swiper=\"{&quot;speed&quot;:400,&quot;spaceBetween&quot;:16,&quot;slidesPerView&quot;:3,&quot;createElements&quot;:false,&quot;loop&quot;:true,&quot;freemode&quot;:true,&quot;breakpoints&quot;:{&quot;0&quot;:{&quot;slidesPerView&quot;:1},&quot;380&quot;:{&quot;slidesPerView&quot;:2},&quot;1024&quot;:{&quot;slidesPerView&quot;:3}},&quot;navigation&quot;:false,&quot;pagination&quot;:false,&quot;autoplay&quot;:{&quot;delay&quot;:3000}}\" class=\"wp-block-group criterion-container gt-is-slider gt-is-slider-desktop is-nowrap is-layout-flex wp-container-core-group-is-layout-6c531013 wp-block-group-is-layout-flex\">    <div class=\"wp-block-gt-gt-ws-thelis-product-option\">\n                            <div>Verwarming<\/div>\n            <\/div>\n\n\n\n\n\n\n    <div class=\"wp-block-gt-gt-ws-thelis-product-option\">\n                            <div>Magnetron<\/div>\n            <\/div>\n\n\n    <div class=\"wp-block-gt-gt-ws-thelis-product-option\">\n                            <div>TV<\/div>\n            <\/div>\n\n\n\n\n\n\n\n\n<\/div>\n\n\n\n<div class=\"wp-block-group is-content-justification-space-between is-nowrap is-layout-flex wp-container-core-group-is-layout-cb46ffcb wp-block-group-is-layout-flex\">    \n\t<div\n\t\tclass=\"price-content wp-block-gt-gt-ws-thelis-disponibilites\"\t\tdata-wp-interactive=\"gt\/thelis\"\n\t\tdata-wp-watch=\"actions.loadStays\"\n\t\tdata-wp-bind--data-gt-statut=\"state.statut\"\n\t\tdata-wp-key=\"58+5006-69f5884996abc\"\n\t\tdata-wp-context='{\"idsProduct\":\"58+5006\",\"idProduct\":\"58\",\"campingKey\":\"5006\",\"isIndisponible\":true}'\t>\n\n\t\t\n\n\t\t<div data-wp-bind--hidden=\"state.isLoading\" class=\"gt-ws-thelis-disponibilite-wrap\">\n\n\t\t\t\n\t\t\t\t\t\n\t\t\t\t<div hidden \n\t\t\t\t\tclass=\"gt-ws-thelis__disponibilite__price\"\n\t\t\t\t\tdata-wp-bind--hidden=\"!state.price\"\n\t\t\t\t>\n\t\t\t\t\t<span>Vanaf <\/span>\n\t\t\t\t\t<span hidden class=\"gt-ws-thelis__disponibilite__price__original\" data-wp-bind--hidden=\"!state.hasPromo\">\n\t\t\t\t\t\t<strike><span data-wp-text=\"state.originalPrice\"><\/span>\u20ac<\/strike>\n\t\t\t\t\t<\/span>\n\t\t\t\t\t<span class=\"gt-ws-thelis__disponibilite__price__discounted\">\n\t\t\t\t\t\t<span data-wp-bind--data-gt-price=\"state.price\" class=\"gt-ws-thelis-data-price\" data-wp-text=\"state.price\"><\/span>\u20ac\n\t\t\t\t\t<\/span>\n\t\t\t\t<\/div>\n\t\t\t\n\t\t\t\n\t\t\t\n\t\t\t\n\t\t<\/div>\n\n\t<\/div>\n\n    \n\n\n<p class=\"wp-block-lire-more\">Ontdek<\/p>\n<\/div>\n<\/div>\n\n<\/li><li data-gt-bathrooms=\"1\" data-gt-camping=\"1531\" data-gt-capacity=\"5\" data-gt-criterions=\"&quot;[2034,8,2016]&quot;\" data-gt-gammes=\"91\" data-gt-post-id=\"1901\" data-gt-rooms=\"2\" data-gt-surfaces=\"27\" data-gt-types=\"Mobil-Home,location\" data-gt-ws-camping=\"1531\" data-wp-key=\"69f588499cd8c\" class=\"wp-block-post post-1901 hebergement type-hebergement status-publish hentry gamme-3-bloemen\">\n\n<div \n    class=\"wp-block-gt-gt-ws-thelis-product-images\"    data-wp-interactive=\"gt\/thelis\/hebergement\/image\"\n    data-gallery-images='[&quot;https:\\\/\\\/www.campingsannecy.com\\\/wp-content\\\/uploads\\\/gt-ws-thelis\\\/site-1\\\/images\\\/1531\\\/pict_58_4.jpg&quot;,&quot;https:\\\/\\\/www.campingsannecy.com\\\/wp-content\\\/uploads\\\/gt-ws-thelis\\\/site-1\\\/images\\\/1531\\\/pict_58_6.jpg&quot;,&quot;https:\\\/\\\/www.campingsannecy.com\\\/wp-content\\\/uploads\\\/gt-ws-thelis\\\/site-1\\\/images\\\/1531\\\/pict_58_3.jpg&quot;,&quot;https:\\\/\\\/www.campingsannecy.com\\\/wp-content\\\/uploads\\\/gt-ws-thelis\\\/site-1\\\/images\\\/1531\\\/pict_58_5.jpg&quot;,&quot;https:\\\/\\\/www.campingsannecy.com\\\/wp-content\\\/uploads\\\/gt-ws-thelis\\\/site-1\\\/images\\\/1531\\\/pict_58_2.jpg&quot;,&quot;https:\\\/\\\/www.campingsannecy.com\\\/wp-content\\\/uploads\\\/gt-ws-thelis\\\/site-1\\\/images\\\/1531\\\/pict_58_1.jpg&quot;]'\n    data-wp-context='{\"images\":[\"https:\\\/\\\/www.campingsannecy.com\\\/wp-content\\\/uploads\\\/gt-ws-thelis\\\/site-1\\\/images\\\/1531\\\/pict_58_4.jpg\",\"https:\\\/\\\/www.campingsannecy.com\\\/wp-content\\\/uploads\\\/gt-ws-thelis\\\/site-1\\\/images\\\/1531\\\/pict_58_6.jpg\",\"https:\\\/\\\/www.campingsannecy.com\\\/wp-content\\\/uploads\\\/gt-ws-thelis\\\/site-1\\\/images\\\/1531\\\/pict_58_3.jpg\",\"https:\\\/\\\/www.campingsannecy.com\\\/wp-content\\\/uploads\\\/gt-ws-thelis\\\/site-1\\\/images\\\/1531\\\/pict_58_5.jpg\",\"https:\\\/\\\/www.campingsannecy.com\\\/wp-content\\\/uploads\\\/gt-ws-thelis\\\/site-1\\\/images\\\/1531\\\/pict_58_2.jpg\",\"https:\\\/\\\/www.campingsannecy.com\\\/wp-content\\\/uploads\\\/gt-ws-thelis\\\/site-1\\\/images\\\/1531\\\/pict_58_1.jpg\"],\"jsonConfig\":{\"speed\":400,\"spaceBetween\":16,\"slidesPerView\":1,\"createElements\":true,\"loop\":true,\"freemode\":true,\"navigation\":{\"nextEl\":\"buttonNext\",\"prevEl\":\"buttonPrev\"},\"breakpoints\":{\"0\":{\"slidesPerView\":1},\"380\":[],\"1024\":[]},\"pagination\":false},\"sliderId\":\"69f5884996d6e\"}'>\n            <div \n            id=\"69f5884996d6e\"\n            class=\"gt-ws-thelis-is-slider swiper\" \n            data-swiper='{\"speed\":400,\"spaceBetween\":16,\"slidesPerView\":1,\"createElements\":true,\"loop\":true,\"freemode\":true,\"navigation\":{\"nextEl\":\"buttonNext\",\"prevEl\":\"buttonPrev\"},\"breakpoints\":{\"0\":{\"slidesPerView\":1},\"380\":[],\"1024\":[]},\"pagination\":false}'\n            data-wp-key=\"1901218bbc90af0991b4c3b8c59359dab75b\"\n            data-wp-run=\"callbacks.resetSwiper\"\n            data-wp-on--mouseover=\"callbacks.resetSwiper\"\n        >\n        <div class=\"swiper-wrapper\">\n                \n            \n            \n\n            <figure \n                class=\"wp-block-image swiper-slide\" \n                data-image-index=\"0\"\n            >\n                                    <img decoding=\"async\" \n                                                    style=\"aspect-ratio: 4\/3\" \n                                                src=\"https:\/\/www.campingsannecy.com\/wp-content\/uploads\/gt-ws-thelis\/site-1\/images\/1531\/pict_58_1.jpg\" \n                        alt=\"Cottage Riviera ***\"\n                        loading=\"lazy\"\n                    >\n                                <\/figure>\n\n            \n        \n            \n            \n\n            <figure \n                class=\"wp-block-image swiper-slide\" \n                data-image-index=\"1\"\n            >\n                                    <img decoding=\"async\" \n                                                    style=\"aspect-ratio: 4\/3\" \n                                                src=\"https:\/\/www.campingsannecy.com\/wp-content\/uploads\/gt-ws-thelis\/site-1\/images\/1531\/pict_58_2.jpg\" \n                        alt=\"Cottage Riviera ***\"\n                        loading=\"lazy\"\n                    >\n                                <\/figure>\n\n            \n        \n            \n            \n\n            <figure \n                class=\"wp-block-image swiper-slide\" \n                data-image-index=\"2\"\n            >\n                                    <img decoding=\"async\" \n                                                    style=\"aspect-ratio: 4\/3\" \n                                                src=\"https:\/\/www.campingsannecy.com\/wp-content\/uploads\/gt-ws-thelis\/site-1\/images\/1531\/pict_58_3.jpg\" \n                        alt=\"Cottage Riviera ***\"\n                        loading=\"lazy\"\n                    >\n                                <\/figure>\n\n            \n        \n            \n            \n\n            <figure \n                class=\"wp-block-image swiper-slide\" \n                data-image-index=\"3\"\n            >\n                                    <img decoding=\"async\" \n                                                    style=\"aspect-ratio: 4\/3\" \n                                                src=\"https:\/\/www.campingsannecy.com\/wp-content\/uploads\/gt-ws-thelis\/site-1\/images\/1531\/pict_58_4.jpg\" \n                        alt=\"Cottage Riviera ***\"\n                        loading=\"lazy\"\n                    >\n                                <\/figure>\n\n            \n        \n            \n            \n\n            <figure \n                class=\"wp-block-image swiper-slide\" \n                data-image-index=\"4\"\n            >\n                                    <img decoding=\"async\" \n                                                    style=\"aspect-ratio: 4\/3\" \n                                                src=\"https:\/\/www.campingsannecy.com\/wp-content\/uploads\/gt-ws-thelis\/site-1\/images\/1531\/pict_58_5.jpg\" \n                        alt=\"Cottage Riviera ***\"\n                        loading=\"lazy\"\n                    >\n                                <\/figure>\n\n            \n        \n            \n            \n\n            <figure \n                class=\"wp-block-image swiper-slide\" \n                data-image-index=\"5\"\n            >\n                                    <img decoding=\"async\" \n                                                    style=\"aspect-ratio: 4\/3\" \n                                                src=\"https:\/\/www.campingsannecy.com\/wp-content\/uploads\/gt-ws-thelis\/site-1\/images\/1531\/pict_58_6.jpg\" \n                        alt=\"Cottage Riviera ***\"\n                        loading=\"lazy\"\n                    >\n                                <\/figure>\n\n            \n        \n        \n            <\/div>\n            <div class=\"swiper-pagination\"><\/div>\n            <div class=\"swiper-button-prev\"><\/div>\n            <div class=\"swiper-button-next\"><\/div>\n        <\/div>\n        <\/div>\n\n\n<div class=\"wp-block-group has-small-font-size is-layout-flow wp-block-group-is-layout-flow\">    \n\t<div\n\t\tclass=\"wp-block-gt-gt-ws-thelis-disponibilites\"\t\tdata-wp-interactive=\"gt\/thelis\"\n\t\tdata-wp-watch=\"actions.loadStays\"\n\t\tdata-wp-bind--data-gt-statut=\"state.statut\"\n\t\tdata-wp-key=\"58+1531-69f5884996fed\"\n\t\tdata-wp-context='{\"idsProduct\":\"58+1531\",\"idProduct\":\"58\",\"campingKey\":\"1531\",\"isIndisponible\":true}'\t>\n\n\t\t\t\t\t<div hidden class=\"gt-ws-thelis-spinner\" data-wp-bind--hidden=\"!state.isLoading\">\n\t\t\t\t<span class=\"loader\"><\/span>\n\t\t\t<\/div>\n\t\t\n\n\t\t<div data-wp-bind--hidden=\"state.isLoading\" class=\"gt-ws-thelis-disponibilite-wrap\">\n\n\t\t\t\t\t\t\t\t\t\t\t\t\t<div class=\"gt-ws-thelis-statut\" data-wp-text=\"state.titre\"><\/div>\n\t\t\t\t\t\t\t\t\n\t\t\t\n\t\t\t\n\t\t\t\n\t\t\t\n\t\t<\/div>\n\n\t<\/div>\n\n    <\/div>\n\n\n\n<div class=\"wp-block-group content-acc has-global-padding is-layout-constrained wp-block-group-is-layout-constrained\">\n<div class=\"wp-block-gt-gt-ws-thelis-product-camping\">\n    Yelloh! Village - Les Fontaines<\/div>\n\n\n<p style=\"font-size:clamp(0.984rem, 0.984rem + ((1vw - 0.2rem) * 0.671), 1.5rem);text-transform:uppercase;\" class=\"wp-elements-c7f20d0215fbda8b1273390b73f3ba94 wp-block-gt-gt-ws-thelis-product-name has-text-color has-custom-color-2-color has-righteous-font-family\">\n    Cottage Riviera <\/p>\n\n\n\n<div class=\"wp-block-group is-content-justification-center is-layout-flex wp-container-core-group-is-layout-200d3eee wp-block-group-is-layout-flex\" style=\"font-size:0.7rem\">\n<div class=\"wp-block-gt-gt-ws-thelis-product-surface\">\n\n        27m\u00b2\n<\/div>\n\n\n<div class=\"wp-block-gt-gt-ws-thelis-product-room\">\n        2              ruimte(s)    <\/div>\n\n\n\n\n<div class=\"wp-block-gt-gt-ws-thelis-product-capacity\">\n        5               persoon\/personen    <\/div><\/div>\n\n\n\n<div data-swiper=\"{&quot;speed&quot;:400,&quot;spaceBetween&quot;:16,&quot;slidesPerView&quot;:3,&quot;createElements&quot;:false,&quot;loop&quot;:true,&quot;freemode&quot;:true,&quot;breakpoints&quot;:{&quot;0&quot;:{&quot;slidesPerView&quot;:1},&quot;380&quot;:{&quot;slidesPerView&quot;:2},&quot;1024&quot;:{&quot;slidesPerView&quot;:3}},&quot;navigation&quot;:false,&quot;pagination&quot;:false,&quot;autoplay&quot;:{&quot;delay&quot;:3000}}\" class=\"wp-block-group criterion-container gt-is-slider gt-is-slider-desktop is-nowrap is-layout-flex wp-container-core-group-is-layout-6c531013 wp-block-group-is-layout-flex\">\n\n\n\n\n\n\n\n    <div class=\"wp-block-gt-gt-ws-thelis-product-option\">\n                            <div>TV<\/div>\n            <\/div>\n\n\n\n\n    <div class=\"wp-block-gt-gt-ws-thelis-product-option\">\n                            <div>Terrasse<\/div>\n            <\/div>\n\n\n\n\n<\/div>\n\n\n\n<div class=\"wp-block-group is-content-justification-space-between is-nowrap is-layout-flex wp-container-core-group-is-layout-cb46ffcb wp-block-group-is-layout-flex\">    \n\t<div\n\t\tclass=\"price-content wp-block-gt-gt-ws-thelis-disponibilites\"\t\tdata-wp-interactive=\"gt\/thelis\"\n\t\tdata-wp-watch=\"actions.loadStays\"\n\t\tdata-wp-bind--data-gt-statut=\"state.statut\"\n\t\tdata-wp-key=\"58+1531-69f58849976fc\"\n\t\tdata-wp-context='{\"idsProduct\":\"58+1531\",\"idProduct\":\"58\",\"campingKey\":\"1531\",\"isIndisponible\":true}'\t>\n\n\t\t\n\n\t\t<div data-wp-bind--hidden=\"state.isLoading\" class=\"gt-ws-thelis-disponibilite-wrap\">\n\n\t\t\t\n\t\t\t\t\t\n\t\t\t\t<div hidden \n\t\t\t\t\tclass=\"gt-ws-thelis__disponibilite__price\"\n\t\t\t\t\tdata-wp-bind--hidden=\"!state.price\"\n\t\t\t\t>\n\t\t\t\t\t<span>Vanaf <\/span>\n\t\t\t\t\t<span hidden class=\"gt-ws-thelis__disponibilite__price__original\" data-wp-bind--hidden=\"!state.hasPromo\">\n\t\t\t\t\t\t<strike><span data-wp-text=\"state.originalPrice\"><\/span>\u20ac<\/strike>\n\t\t\t\t\t<\/span>\n\t\t\t\t\t<span class=\"gt-ws-thelis__disponibilite__price__discounted\">\n\t\t\t\t\t\t<span data-wp-bind--data-gt-price=\"state.price\" class=\"gt-ws-thelis-data-price\" data-wp-text=\"state.price\"><\/span>\u20ac\n\t\t\t\t\t<\/span>\n\t\t\t\t<\/div>\n\t\t\t\n\t\t\t\n\t\t\t\n\t\t\t\n\t\t<\/div>\n\n\t<\/div>\n\n    \n\n\n<p class=\"wp-block-lire-more\">Ontdek<\/p>\n<\/div>\n<\/div>\n\n<\/li><li data-gt-bathrooms=\"1\" data-gt-camping=\"5006\" data-gt-capacity=\"6\" data-gt-criterions=\"&quot;[1,2210,5,6,8,11,12,13,16]&quot;\" data-gt-gammes=\"91\" data-gt-post-id=\"1915\" data-gt-rooms=\"3\" data-gt-surfaces=\"29\" data-gt-types=\"Mobil-Home,location\" data-gt-ws-camping=\"5006\" data-wp-key=\"69f588499d03f\" class=\"wp-block-post post-1915 hebergement type-hebergement status-publish hentry gamme-3-bloemen\">\n\n<div \n    class=\"wp-block-gt-gt-ws-thelis-product-images\"    data-wp-interactive=\"gt\/thelis\/hebergement\/image\"\n    data-gallery-images='[&quot;https:\\\/\\\/www.campingsannecy.com\\\/wp-content\\\/uploads\\\/gt-ws-thelis\\\/site-1\\\/images\\\/5006\\\/pict_53_3.jpg&quot;,&quot;https:\\\/\\\/www.campingsannecy.com\\\/wp-content\\\/uploads\\\/gt-ws-thelis\\\/site-1\\\/images\\\/5006\\\/pict_53_5.jpg&quot;,&quot;https:\\\/\\\/www.campingsannecy.com\\\/wp-content\\\/uploads\\\/gt-ws-thelis\\\/site-1\\\/images\\\/5006\\\/pict_53_1.jpg&quot;,&quot;https:\\\/\\\/www.campingsannecy.com\\\/wp-content\\\/uploads\\\/gt-ws-thelis\\\/site-1\\\/images\\\/5006\\\/pict_53_4.jpg&quot;,&quot;https:\\\/\\\/www.campingsannecy.com\\\/wp-content\\\/uploads\\\/gt-ws-thelis\\\/site-1\\\/images\\\/5006\\\/pict_53_2.jpg&quot;]'\n    data-wp-context='{\"images\":[\"https:\\\/\\\/www.campingsannecy.com\\\/wp-content\\\/uploads\\\/gt-ws-thelis\\\/site-1\\\/images\\\/5006\\\/pict_53_3.jpg\",\"https:\\\/\\\/www.campingsannecy.com\\\/wp-content\\\/uploads\\\/gt-ws-thelis\\\/site-1\\\/images\\\/5006\\\/pict_53_5.jpg\",\"https:\\\/\\\/www.campingsannecy.com\\\/wp-content\\\/uploads\\\/gt-ws-thelis\\\/site-1\\\/images\\\/5006\\\/pict_53_1.jpg\",\"https:\\\/\\\/www.campingsannecy.com\\\/wp-content\\\/uploads\\\/gt-ws-thelis\\\/site-1\\\/images\\\/5006\\\/pict_53_4.jpg\",\"https:\\\/\\\/www.campingsannecy.com\\\/wp-content\\\/uploads\\\/gt-ws-thelis\\\/site-1\\\/images\\\/5006\\\/pict_53_2.jpg\"],\"jsonConfig\":{\"speed\":400,\"spaceBetween\":16,\"slidesPerView\":1,\"createElements\":true,\"loop\":true,\"freemode\":true,\"navigation\":{\"nextEl\":\"buttonNext\",\"prevEl\":\"buttonPrev\"},\"breakpoints\":{\"0\":{\"slidesPerView\":1},\"380\":[],\"1024\":[]},\"pagination\":false},\"sliderId\":\"69f588499798b\"}'>\n            <div \n            id=\"69f588499798b\"\n            class=\"gt-ws-thelis-is-slider swiper\" \n            data-swiper='{\"speed\":400,\"spaceBetween\":16,\"slidesPerView\":1,\"createElements\":true,\"loop\":true,\"freemode\":true,\"navigation\":{\"nextEl\":\"buttonNext\",\"prevEl\":\"buttonPrev\"},\"breakpoints\":{\"0\":{\"slidesPerView\":1},\"380\":[],\"1024\":[]},\"pagination\":false}'\n            data-wp-key=\"1915218bbc90af0991b4c3b8c59359dab75b\"\n            data-wp-run=\"callbacks.resetSwiper\"\n            data-wp-on--mouseover=\"callbacks.resetSwiper\"\n        >\n        <div class=\"swiper-wrapper\">\n                \n            \n            \n\n            <figure \n                class=\"wp-block-image swiper-slide\" \n                data-image-index=\"0\"\n            >\n                                    <img decoding=\"async\" \n                                                    style=\"aspect-ratio: 4\/3\" \n                                                src=\"https:\/\/www.campingsannecy.com\/wp-content\/uploads\/gt-ws-thelis\/site-1\/images\/5006\/pict_53_1.jpg\" \n                        alt=\"Cottage Titania 6p 3 Kamers ***\"\n                        loading=\"lazy\"\n                    >\n                                <\/figure>\n\n            \n        \n            \n            \n\n            <figure \n                class=\"wp-block-image swiper-slide\" \n                data-image-index=\"1\"\n            >\n                                    <img decoding=\"async\" \n                                                    style=\"aspect-ratio: 4\/3\" \n                                                src=\"https:\/\/www.campingsannecy.com\/wp-content\/uploads\/gt-ws-thelis\/site-1\/images\/5006\/pict_53_2.jpg\" \n                        alt=\"Cottage Titania 6p 3 Kamers ***\"\n                        loading=\"lazy\"\n                    >\n                                <\/figure>\n\n            \n        \n            \n            \n\n            <figure \n                class=\"wp-block-image swiper-slide\" \n                data-image-index=\"2\"\n            >\n                                    <img decoding=\"async\" \n                                                    style=\"aspect-ratio: 4\/3\" \n                                                src=\"https:\/\/www.campingsannecy.com\/wp-content\/uploads\/gt-ws-thelis\/site-1\/images\/5006\/pict_53_3.jpg\" \n                        alt=\"Cottage Titania 6p 3 Kamers ***\"\n                        loading=\"lazy\"\n                    >\n                                <\/figure>\n\n            \n        \n            \n            \n\n            <figure \n                class=\"wp-block-image swiper-slide\" \n                data-image-index=\"3\"\n            >\n                                    <img decoding=\"async\" \n                                                    style=\"aspect-ratio: 4\/3\" \n                                                src=\"https:\/\/www.campingsannecy.com\/wp-content\/uploads\/gt-ws-thelis\/site-1\/images\/5006\/pict_53_4.jpg\" \n                        alt=\"Cottage Titania 6p 3 Kamers ***\"\n                        loading=\"lazy\"\n                    >\n                                <\/figure>\n\n            \n        \n            \n            \n\n            <figure \n                class=\"wp-block-image swiper-slide\" \n                data-image-index=\"4\"\n            >\n                                    <img decoding=\"async\" \n                                                    style=\"aspect-ratio: 4\/3\" \n                                                src=\"https:\/\/www.campingsannecy.com\/wp-content\/uploads\/gt-ws-thelis\/site-1\/images\/5006\/pict_53_5.jpg\" \n                        alt=\"Cottage Titania 6p 3 Kamers ***\"\n                        loading=\"lazy\"\n                    >\n                                <\/figure>\n\n            \n        \n        \n            <\/div>\n            <div class=\"swiper-pagination\"><\/div>\n            <div class=\"swiper-button-prev\"><\/div>\n            <div class=\"swiper-button-next\"><\/div>\n        <\/div>\n        <\/div>\n\n\n<div class=\"wp-block-group has-small-font-size is-layout-flow wp-block-group-is-layout-flow\">    \n\t<div\n\t\tclass=\"wp-block-gt-gt-ws-thelis-disponibilites\"\t\tdata-wp-interactive=\"gt\/thelis\"\n\t\tdata-wp-watch=\"actions.loadStays\"\n\t\tdata-wp-bind--data-gt-statut=\"state.statut\"\n\t\tdata-wp-key=\"53+5006-69f5884997b8b\"\n\t\tdata-wp-context='{\"idsProduct\":\"53+5006\",\"idProduct\":\"53\",\"campingKey\":\"5006\",\"isIndisponible\":true}'\t>\n\n\t\t\t\t\t<div hidden class=\"gt-ws-thelis-spinner\" data-wp-bind--hidden=\"!state.isLoading\">\n\t\t\t\t<span class=\"loader\"><\/span>\n\t\t\t<\/div>\n\t\t\n\n\t\t<div data-wp-bind--hidden=\"state.isLoading\" class=\"gt-ws-thelis-disponibilite-wrap\">\n\n\t\t\t\t\t\t\t\t\t\t\t\t\t<div class=\"gt-ws-thelis-statut\" data-wp-text=\"state.titre\"><\/div>\n\t\t\t\t\t\t\t\t\n\t\t\t\n\t\t\t\n\t\t\t\n\t\t\t\n\t\t<\/div>\n\n\t<\/div>\n\n    <\/div>\n\n\n\n<div class=\"wp-block-group content-acc has-global-padding is-layout-constrained wp-block-group-is-layout-constrained\">\n<div class=\"wp-block-gt-gt-ws-thelis-product-camping\">\n    Yelloh! Village - La Ravoire<\/div>\n\n\n<p style=\"font-size:clamp(0.984rem, 0.984rem + ((1vw - 0.2rem) * 0.671), 1.5rem);text-transform:uppercase;\" class=\"wp-elements-c7f20d0215fbda8b1273390b73f3ba94 wp-block-gt-gt-ws-thelis-product-name has-text-color has-custom-color-2-color has-righteous-font-family\">\n    Cottage Titania 6p 3 Kamers <\/p>\n\n\n\n<div class=\"wp-block-group is-content-justification-center is-layout-flex wp-container-core-group-is-layout-200d3eee wp-block-group-is-layout-flex\" style=\"font-size:0.7rem\">\n<div class=\"wp-block-gt-gt-ws-thelis-product-surface\">\n\n        29m\u00b2\n<\/div>\n\n\n<div class=\"wp-block-gt-gt-ws-thelis-product-room\">\n        3              ruimte(s)    <\/div>\n\n\n\n\n<div class=\"wp-block-gt-gt-ws-thelis-product-capacity\">\n        6               persoon\/personen    <\/div><\/div>\n\n\n\n<div data-swiper=\"{&quot;speed&quot;:400,&quot;spaceBetween&quot;:16,&quot;slidesPerView&quot;:3,&quot;createElements&quot;:false,&quot;loop&quot;:true,&quot;freemode&quot;:true,&quot;breakpoints&quot;:{&quot;0&quot;:{&quot;slidesPerView&quot;:1},&quot;380&quot;:{&quot;slidesPerView&quot;:2},&quot;1024&quot;:{&quot;slidesPerView&quot;:3}},&quot;navigation&quot;:false,&quot;pagination&quot;:false,&quot;autoplay&quot;:{&quot;delay&quot;:3000}}\" class=\"wp-block-group criterion-container gt-is-slider gt-is-slider-desktop is-nowrap is-layout-flex wp-container-core-group-is-layout-6c531013 wp-block-group-is-layout-flex\">    <div class=\"wp-block-gt-gt-ws-thelis-product-option\">\n                            <div>Verwarming<\/div>\n            <\/div>\n\n\n\n\n\n\n    <div class=\"wp-block-gt-gt-ws-thelis-product-option\">\n                            <div>Magnetron<\/div>\n            <\/div>\n\n\n    <div class=\"wp-block-gt-gt-ws-thelis-product-option\">\n                            <div>TV<\/div>\n            <\/div>\n\n\n\n\n\n\n\n\n<\/div>\n\n\n\n<div class=\"wp-block-group is-content-justification-space-between is-nowrap is-layout-flex wp-container-core-group-is-layout-cb46ffcb wp-block-group-is-layout-flex\">    \n\t<div\n\t\tclass=\"price-content wp-block-gt-gt-ws-thelis-disponibilites\"\t\tdata-wp-interactive=\"gt\/thelis\"\n\t\tdata-wp-watch=\"actions.loadStays\"\n\t\tdata-wp-bind--data-gt-statut=\"state.statut\"\n\t\tdata-wp-key=\"53+5006-69f588499832e\"\n\t\tdata-wp-context='{\"idsProduct\":\"53+5006\",\"idProduct\":\"53\",\"campingKey\":\"5006\",\"isIndisponible\":true}'\t>\n\n\t\t\n\n\t\t<div data-wp-bind--hidden=\"state.isLoading\" class=\"gt-ws-thelis-disponibilite-wrap\">\n\n\t\t\t\n\t\t\t\t\t\n\t\t\t\t<div hidden \n\t\t\t\t\tclass=\"gt-ws-thelis__disponibilite__price\"\n\t\t\t\t\tdata-wp-bind--hidden=\"!state.price\"\n\t\t\t\t>\n\t\t\t\t\t<span>Vanaf <\/span>\n\t\t\t\t\t<span hidden class=\"gt-ws-thelis__disponibilite__price__original\" data-wp-bind--hidden=\"!state.hasPromo\">\n\t\t\t\t\t\t<strike><span data-wp-text=\"state.originalPrice\"><\/span>\u20ac<\/strike>\n\t\t\t\t\t<\/span>\n\t\t\t\t\t<span class=\"gt-ws-thelis__disponibilite__price__discounted\">\n\t\t\t\t\t\t<span data-wp-bind--data-gt-price=\"state.price\" class=\"gt-ws-thelis-data-price\" data-wp-text=\"state.price\"><\/span>\u20ac\n\t\t\t\t\t<\/span>\n\t\t\t\t<\/div>\n\t\t\t\n\t\t\t\n\t\t\t\n\t\t\t\n\t\t<\/div>\n\n\t<\/div>\n\n    \n\n\n<p class=\"wp-block-lire-more\">Ontdek<\/p>\n<\/div>\n<\/div>\n\n<\/li><li data-gt-bathrooms=\"1\" data-gt-camping=\"5006\" data-gt-capacity=\"5\" data-gt-criterions=\"&quot;[2209,5,6,11,12,13,16]&quot;\" data-gt-gammes=\"91\" data-gt-post-id=\"1925\" data-gt-rooms=\"2\" data-gt-surfaces=\"23\" data-gt-types=\"Location\" data-gt-ws-camping=\"5006\" data-wp-key=\"69f588499d32a\" class=\"wp-block-post post-1925 hebergement type-hebergement status-publish hentry gamme-3-bloemen\">\n\n<div \n    class=\"wp-block-gt-gt-ws-thelis-product-images\"    data-wp-interactive=\"gt\/thelis\/hebergement\/image\"\n    data-gallery-images='[&quot;https:\\\/\\\/www.campingsannecy.com\\\/wp-content\\\/uploads\\\/gt-ws-thelis\\\/site-1\\\/images\\\/5006\\\/pict_32_3.jpg&quot;,&quot;https:\\\/\\\/www.campingsannecy.com\\\/wp-content\\\/uploads\\\/gt-ws-thelis\\\/site-1\\\/images\\\/5006\\\/pict_32_4.jpg&quot;,&quot;https:\\\/\\\/www.campingsannecy.com\\\/wp-content\\\/uploads\\\/gt-ws-thelis\\\/site-1\\\/images\\\/5006\\\/pict_32_1.jpg&quot;,&quot;https:\\\/\\\/www.campingsannecy.com\\\/wp-content\\\/uploads\\\/gt-ws-thelis\\\/site-1\\\/images\\\/5006\\\/pict_32_2.jpg&quot;]'\n    data-wp-context='{\"images\":[\"https:\\\/\\\/www.campingsannecy.com\\\/wp-content\\\/uploads\\\/gt-ws-thelis\\\/site-1\\\/images\\\/5006\\\/pict_32_3.jpg\",\"https:\\\/\\\/www.campingsannecy.com\\\/wp-content\\\/uploads\\\/gt-ws-thelis\\\/site-1\\\/images\\\/5006\\\/pict_32_4.jpg\",\"https:\\\/\\\/www.campingsannecy.com\\\/wp-content\\\/uploads\\\/gt-ws-thelis\\\/site-1\\\/images\\\/5006\\\/pict_32_1.jpg\",\"https:\\\/\\\/www.campingsannecy.com\\\/wp-content\\\/uploads\\\/gt-ws-thelis\\\/site-1\\\/images\\\/5006\\\/pict_32_2.jpg\"],\"jsonConfig\":{\"speed\":400,\"spaceBetween\":16,\"slidesPerView\":1,\"createElements\":true,\"loop\":true,\"freemode\":true,\"navigation\":{\"nextEl\":\"buttonNext\",\"prevEl\":\"buttonPrev\"},\"breakpoints\":{\"0\":{\"slidesPerView\":1},\"380\":[],\"1024\":[]},\"pagination\":false},\"sliderId\":\"69f58849985b4\"}'>\n            <div \n            id=\"69f58849985b4\"\n            class=\"gt-ws-thelis-is-slider swiper\" \n            data-swiper='{\"speed\":400,\"spaceBetween\":16,\"slidesPerView\":1,\"createElements\":true,\"loop\":true,\"freemode\":true,\"navigation\":{\"nextEl\":\"buttonNext\",\"prevEl\":\"buttonPrev\"},\"breakpoints\":{\"0\":{\"slidesPerView\":1},\"380\":[],\"1024\":[]},\"pagination\":false}'\n            data-wp-key=\"1925218bbc90af0991b4c3b8c59359dab75b\"\n            data-wp-run=\"callbacks.resetSwiper\"\n            data-wp-on--mouseover=\"callbacks.resetSwiper\"\n        >\n        <div class=\"swiper-wrapper\">\n                \n            \n            \n\n            <figure \n                class=\"wp-block-image swiper-slide\" \n                data-image-index=\"0\"\n            >\n                                    <img decoding=\"async\" \n                                                    style=\"aspect-ratio: 4\/3\" \n                                                src=\"https:\/\/www.campingsannecy.com\/wp-content\/uploads\/gt-ws-thelis\/site-1\/images\/5006\/pict_32_1.jpg\" \n                        alt=\"Tent Lodge Kalahari 5p 2 Kamers ***\"\n                        loading=\"lazy\"\n                    >\n                                <\/figure>\n\n            \n        \n            \n            \n\n            <figure \n                class=\"wp-block-image swiper-slide\" \n                data-image-index=\"1\"\n            >\n                                    <img decoding=\"async\" \n                                                    style=\"aspect-ratio: 4\/3\" \n                                                src=\"https:\/\/www.campingsannecy.com\/wp-content\/uploads\/gt-ws-thelis\/site-1\/images\/5006\/pict_32_2.jpg\" \n                        alt=\"Tent Lodge Kalahari 5p 2 Kamers ***\"\n                        loading=\"lazy\"\n                    >\n                                <\/figure>\n\n            \n        \n            \n            \n\n            <figure \n                class=\"wp-block-image swiper-slide\" \n                data-image-index=\"2\"\n            >\n                                    <img decoding=\"async\" \n                                                    style=\"aspect-ratio: 4\/3\" \n                                                src=\"https:\/\/www.campingsannecy.com\/wp-content\/uploads\/gt-ws-thelis\/site-1\/images\/5006\/pict_32_3.jpg\" \n                        alt=\"Tent Lodge Kalahari 5p 2 Kamers ***\"\n                        loading=\"lazy\"\n                    >\n                                <\/figure>\n\n            \n        \n            \n            \n\n            <figure \n                class=\"wp-block-image swiper-slide\" \n                data-image-index=\"3\"\n            >\n                                    <img decoding=\"async\" \n                                                    style=\"aspect-ratio: 4\/3\" \n                                                src=\"https:\/\/www.campingsannecy.com\/wp-content\/uploads\/gt-ws-thelis\/site-1\/images\/5006\/pict_32_4.jpg\" \n                        alt=\"Tent Lodge Kalahari 5p 2 Kamers ***\"\n                        loading=\"lazy\"\n                    >\n                                <\/figure>\n\n            \n        \n        \n            <\/div>\n            <div class=\"swiper-pagination\"><\/div>\n            <div class=\"swiper-button-prev\"><\/div>\n            <div class=\"swiper-button-next\"><\/div>\n        <\/div>\n        <\/div>\n\n\n<div class=\"wp-block-group has-small-font-size is-layout-flow wp-block-group-is-layout-flow\">    \n\t<div\n\t\tclass=\"wp-block-gt-gt-ws-thelis-disponibilites\"\t\tdata-wp-interactive=\"gt\/thelis\"\n\t\tdata-wp-watch=\"actions.loadStays\"\n\t\tdata-wp-bind--data-gt-statut=\"state.statut\"\n\t\tdata-wp-key=\"32+5006-69f588499877f\"\n\t\tdata-wp-context='{\"idsProduct\":\"32+5006\",\"idProduct\":\"32\",\"campingKey\":\"5006\",\"isIndisponible\":true}'\t>\n\n\t\t\t\t\t<div hidden class=\"gt-ws-thelis-spinner\" data-wp-bind--hidden=\"!state.isLoading\">\n\t\t\t\t<span class=\"loader\"><\/span>\n\t\t\t<\/div>\n\t\t\n\n\t\t<div data-wp-bind--hidden=\"state.isLoading\" class=\"gt-ws-thelis-disponibilite-wrap\">\n\n\t\t\t\t\t\t\t\t\t\t\t\t\t<div class=\"gt-ws-thelis-statut\" data-wp-text=\"state.titre\"><\/div>\n\t\t\t\t\t\t\t\t\n\t\t\t\n\t\t\t\n\t\t\t\n\t\t\t\n\t\t<\/div>\n\n\t<\/div>\n\n    <\/div>\n\n\n\n<div class=\"wp-block-group content-acc has-global-padding is-layout-constrained wp-block-group-is-layout-constrained\">\n<div class=\"wp-block-gt-gt-ws-thelis-product-camping\">\n    Yelloh! Village - La Ravoire<\/div>\n\n\n<p style=\"font-size:clamp(0.984rem, 0.984rem + ((1vw - 0.2rem) * 0.671), 1.5rem);text-transform:uppercase;\" class=\"wp-elements-c7f20d0215fbda8b1273390b73f3ba94 wp-block-gt-gt-ws-thelis-product-name has-text-color has-custom-color-2-color has-righteous-font-family\">\n    Tent Lodge Kalahari 5p 2 Kamers <\/p>\n\n\n\n<div class=\"wp-block-group is-content-justification-center is-layout-flex wp-container-core-group-is-layout-200d3eee wp-block-group-is-layout-flex\" style=\"font-size:0.7rem\">\n<div class=\"wp-block-gt-gt-ws-thelis-product-surface\">\n\n        23m\u00b2\n<\/div>\n\n\n<div class=\"wp-block-gt-gt-ws-thelis-product-room\">\n        2              ruimte(s)    <\/div>\n\n\n\n\n<div class=\"wp-block-gt-gt-ws-thelis-product-capacity\">\n        5               persoon\/personen    <\/div><\/div>\n\n\n\n<div data-swiper=\"{&quot;speed&quot;:400,&quot;spaceBetween&quot;:16,&quot;slidesPerView&quot;:3,&quot;createElements&quot;:false,&quot;loop&quot;:true,&quot;freemode&quot;:true,&quot;breakpoints&quot;:{&quot;0&quot;:{&quot;slidesPerView&quot;:1},&quot;380&quot;:{&quot;slidesPerView&quot;:2},&quot;1024&quot;:{&quot;slidesPerView&quot;:3}},&quot;navigation&quot;:false,&quot;pagination&quot;:false,&quot;autoplay&quot;:{&quot;delay&quot;:3000}}\" class=\"wp-block-group criterion-container gt-is-slider gt-is-slider-desktop is-nowrap is-layout-flex wp-container-core-group-is-layout-6c531013 wp-block-group-is-layout-flex\">\n\n\n\n\n\n    <div class=\"wp-block-gt-gt-ws-thelis-product-option\">\n                            <div>Magnetron<\/div>\n            <\/div>\n\n\n\n\n\n\n\n\n\n\n<\/div>\n\n\n\n<div class=\"wp-block-group is-content-justification-space-between is-nowrap is-layout-flex wp-container-core-group-is-layout-cb46ffcb wp-block-group-is-layout-flex\">    \n\t<div\n\t\tclass=\"price-content wp-block-gt-gt-ws-thelis-disponibilites\"\t\tdata-wp-interactive=\"gt\/thelis\"\n\t\tdata-wp-watch=\"actions.loadStays\"\n\t\tdata-wp-bind--data-gt-statut=\"state.statut\"\n\t\tdata-wp-key=\"32+5006-69f5884998e92\"\n\t\tdata-wp-context='{\"idsProduct\":\"32+5006\",\"idProduct\":\"32\",\"campingKey\":\"5006\",\"isIndisponible\":true}'\t>\n\n\t\t\n\n\t\t<div data-wp-bind--hidden=\"state.isLoading\" class=\"gt-ws-thelis-disponibilite-wrap\">\n\n\t\t\t\n\t\t\t\t\t\n\t\t\t\t<div hidden \n\t\t\t\t\tclass=\"gt-ws-thelis__disponibilite__price\"\n\t\t\t\t\tdata-wp-bind--hidden=\"!state.price\"\n\t\t\t\t>\n\t\t\t\t\t<span>Vanaf <\/span>\n\t\t\t\t\t<span hidden class=\"gt-ws-thelis__disponibilite__price__original\" data-wp-bind--hidden=\"!state.hasPromo\">\n\t\t\t\t\t\t<strike><span data-wp-text=\"state.originalPrice\"><\/span>\u20ac<\/strike>\n\t\t\t\t\t<\/span>\n\t\t\t\t\t<span class=\"gt-ws-thelis__disponibilite__price__discounted\">\n\t\t\t\t\t\t<span data-wp-bind--data-gt-price=\"state.price\" class=\"gt-ws-thelis-data-price\" data-wp-text=\"state.price\"><\/span>\u20ac\n\t\t\t\t\t<\/span>\n\t\t\t\t<\/div>\n\t\t\t\n\t\t\t\n\t\t\t\n\t\t\t\n\t\t<\/div>\n\n\t<\/div>\n\n    \n\n\n<p class=\"wp-block-lire-more\">Ontdek<\/p>\n<\/div>\n<\/div>\n\n<\/li><\/ul><\/div>\n<\/div>\n\n\n\n<div class=\"wp-block-group has-global-padding is-layout-constrained wp-block-group-is-layout-constrained\" style=\"margin-bottom:5rem\">\n<div data-wp-context=\"{}\" data-wp-interactive=\"core\/query\" data-wp-key=\"5\" data-wp-router-region=\"query-5\" class=\"wp-block-query alignwide gt-ws-thelis-hebergements-query is-layout-flow wp-block-query-is-layout-flow\">\n<div class=\"wp-block-group is-nowrap is-layout-flex wp-container-core-group-is-layout-3633ed48 wp-block-group-is-layout-flex\" style=\"margin-bottom:2rem\">\n<p class=\"has-base-2-color has-text-color has-link-color has-righteous-font-family wp-elements-2de8d688ff18c7b9e9fcdf5da0752f91\" style=\"font-size:clamp(21.027px, 1.314rem + ((1vw - 3.2px) * 1.055), 34px);text-transform:uppercase\">Ons assortiment<\/p>\n\n\n\n<figure class=\"wp-block-image size-large\"><img decoding=\"async\" width=\"110\" height=\"42\" src=\"https:\/\/www.campingsannecy.com\/wp-content\/uploads\/2025\/04\/flower_orange_3-2-2.svg\" alt=\"bloem  \" class=\"wp-image-1887\"\/><\/figure>\n<\/div>\n\n\n\n<div \n    class=\"wp-elements-a0c9355b9d4ec320a2d7c38e9775d587 wp-block-gt-gt-ws-thelis-product-no-results has-text-color has-base-2-color has-text-align-left\"    data-wp-interactive=\"gt\/thelis\"\n    >\n   \n\n<p class=\"has-base-2-color has-text-color has-link-color wp-elements-303f428bc689c390a7b127d33cfe1974\">Geen enkele accommodatie in dit aanbod voldoet aan je criteria.<\/p>\n\n   <button\n    data-wp-on--click=\"actions.clearAllFilters\"\n   >\n        <i class=\"fas fa-undo-alt\"><\/i>\n        Herinitialiseer de filters    <\/button>\n<\/div>\n\n\n<ul class=\"columns-3 wp-block-post-template is-layout-grid wp-container-core-post-template-is-layout-6d3fbd8f wp-block-post-template-is-layout-grid\"><li data-gt-bathrooms=\"1\" data-gt-camping=\"1531\" data-gt-capacity=\"6\" data-gt-criterions=\"&quot;[3,8506,2016]&quot;\" data-gt-gammes=\"88\" data-gt-post-id=\"1904\" data-gt-rooms=\"3\" data-gt-surfaces=\"35\" data-gt-types=\"Chalet,location\" data-gt-ws-camping=\"1531\" data-wp-key=\"69f58849acee5\" class=\"wp-block-post post-1904 hebergement type-hebergement status-publish hentry gamme-2-bloemen\">\n\n<div \n    class=\"wp-block-gt-gt-ws-thelis-product-images\"    data-wp-interactive=\"gt\/thelis\/hebergement\/image\"\n    data-gallery-images='[&quot;https:\\\/\\\/www.campingsannecy.com\\\/wp-content\\\/uploads\\\/gt-ws-thelis\\\/site-1\\\/images\\\/1531\\\/pict_53_2.jpg&quot;,&quot;https:\\\/\\\/www.campingsannecy.com\\\/wp-content\\\/uploads\\\/gt-ws-thelis\\\/site-1\\\/images\\\/1531\\\/pict_53_4.jpg&quot;,&quot;https:\\\/\\\/www.campingsannecy.com\\\/wp-content\\\/uploads\\\/gt-ws-thelis\\\/site-1\\\/images\\\/1531\\\/pict_53_1.jpg&quot;,&quot;https:\\\/\\\/www.campingsannecy.com\\\/wp-content\\\/uploads\\\/gt-ws-thelis\\\/site-1\\\/images\\\/1531\\\/pict_53_3.jpg&quot;,&quot;https:\\\/\\\/www.campingsannecy.com\\\/wp-content\\\/uploads\\\/gt-ws-thelis\\\/site-1\\\/images\\\/1531\\\/pict_53_5.jpg&quot;]'\n    data-wp-context='{\"images\":[\"https:\\\/\\\/www.campingsannecy.com\\\/wp-content\\\/uploads\\\/gt-ws-thelis\\\/site-1\\\/images\\\/1531\\\/pict_53_2.jpg\",\"https:\\\/\\\/www.campingsannecy.com\\\/wp-content\\\/uploads\\\/gt-ws-thelis\\\/site-1\\\/images\\\/1531\\\/pict_53_4.jpg\",\"https:\\\/\\\/www.campingsannecy.com\\\/wp-content\\\/uploads\\\/gt-ws-thelis\\\/site-1\\\/images\\\/1531\\\/pict_53_1.jpg\",\"https:\\\/\\\/www.campingsannecy.com\\\/wp-content\\\/uploads\\\/gt-ws-thelis\\\/site-1\\\/images\\\/1531\\\/pict_53_3.jpg\",\"https:\\\/\\\/www.campingsannecy.com\\\/wp-content\\\/uploads\\\/gt-ws-thelis\\\/site-1\\\/images\\\/1531\\\/pict_53_5.jpg\"],\"jsonConfig\":{\"speed\":400,\"spaceBetween\":16,\"slidesPerView\":1,\"createElements\":true,\"loop\":true,\"freemode\":true,\"navigation\":{\"nextEl\":\"buttonNext\",\"prevEl\":\"buttonPrev\"},\"breakpoints\":{\"0\":{\"slidesPerView\":1},\"380\":[],\"1024\":[]},\"pagination\":false},\"sliderId\":\"69f58849a0ff8\"}'>\n            <div \n            id=\"69f58849a0ff8\"\n            class=\"gt-ws-thelis-is-slider swiper\" \n            data-swiper='{\"speed\":400,\"spaceBetween\":16,\"slidesPerView\":1,\"createElements\":true,\"loop\":true,\"freemode\":true,\"navigation\":{\"nextEl\":\"buttonNext\",\"prevEl\":\"buttonPrev\"},\"breakpoints\":{\"0\":{\"slidesPerView\":1},\"380\":[],\"1024\":[]},\"pagination\":false}'\n            data-wp-key=\"1904218bbc90af0991b4c3b8c59359dab75b\"\n            data-wp-run=\"callbacks.resetSwiper\"\n            data-wp-on--mouseover=\"callbacks.resetSwiper\"\n        >\n        <div class=\"swiper-wrapper\">\n                \n            \n            \n\n            <figure \n                class=\"wp-block-image swiper-slide\" \n                data-image-index=\"0\"\n            >\n                                    <img decoding=\"async\" \n                                                    style=\"aspect-ratio: 4\/3\" \n                                                src=\"https:\/\/www.campingsannecy.com\/wp-content\/uploads\/gt-ws-thelis\/site-1\/images\/1531\/pict_53_1.jpg\" \n                        alt=\"Chalet Savoyard  **\"\n                        loading=\"lazy\"\n                    >\n                                <\/figure>\n\n            \n        \n            \n            \n\n            <figure \n                class=\"wp-block-image swiper-slide\" \n                data-image-index=\"1\"\n            >\n                                    <img decoding=\"async\" \n                                                    style=\"aspect-ratio: 4\/3\" \n                                                src=\"https:\/\/www.campingsannecy.com\/wp-content\/uploads\/gt-ws-thelis\/site-1\/images\/1531\/pict_53_2.jpg\" \n                        alt=\"Chalet Savoyard  **\"\n                        loading=\"lazy\"\n                    >\n                                <\/figure>\n\n            \n        \n            \n            \n\n            <figure \n                class=\"wp-block-image swiper-slide\" \n                data-image-index=\"2\"\n            >\n                                    <img decoding=\"async\" \n                                                    style=\"aspect-ratio: 4\/3\" \n                                                src=\"https:\/\/www.campingsannecy.com\/wp-content\/uploads\/gt-ws-thelis\/site-1\/images\/1531\/pict_53_3.jpg\" \n                        alt=\"Chalet Savoyard  **\"\n                        loading=\"lazy\"\n                    >\n                                <\/figure>\n\n            \n        \n            \n            \n\n            <figure \n                class=\"wp-block-image swiper-slide\" \n                data-image-index=\"3\"\n            >\n                                    <img decoding=\"async\" \n                                                    style=\"aspect-ratio: 4\/3\" \n                                                src=\"https:\/\/www.campingsannecy.com\/wp-content\/uploads\/gt-ws-thelis\/site-1\/images\/1531\/pict_53_4.jpg\" \n                        alt=\"Chalet Savoyard  **\"\n                        loading=\"lazy\"\n                    >\n                                <\/figure>\n\n            \n        \n            \n            \n\n            <figure \n                class=\"wp-block-image swiper-slide\" \n                data-image-index=\"4\"\n            >\n                                    <img decoding=\"async\" \n                                                    style=\"aspect-ratio: 4\/3\" \n                                                src=\"https:\/\/www.campingsannecy.com\/wp-content\/uploads\/gt-ws-thelis\/site-1\/images\/1531\/pict_53_5.jpg\" \n                        alt=\"Chalet Savoyard  **\"\n                        loading=\"lazy\"\n                    >\n                                <\/figure>\n\n            \n        \n        \n            <\/div>\n            <div class=\"swiper-pagination\"><\/div>\n            <div class=\"swiper-button-prev\"><\/div>\n            <div class=\"swiper-button-next\"><\/div>\n        <\/div>\n        <\/div>\n\n\n<div class=\"wp-block-group has-small-font-size is-layout-flow wp-block-group-is-layout-flow\">    \n\t<div\n\t\tclass=\"wp-block-gt-gt-ws-thelis-disponibilites\"\t\tdata-wp-interactive=\"gt\/thelis\"\n\t\tdata-wp-watch=\"actions.loadStays\"\n\t\tdata-wp-bind--data-gt-statut=\"state.statut\"\n\t\tdata-wp-key=\"53+1531-69f58849a1213\"\n\t\tdata-wp-context='{\"idsProduct\":\"53+1531\",\"idProduct\":\"53\",\"campingKey\":\"1531\",\"isIndisponible\":true}'\t>\n\n\t\t\t\t\t<div hidden class=\"gt-ws-thelis-spinner\" data-wp-bind--hidden=\"!state.isLoading\">\n\t\t\t\t<span class=\"loader\"><\/span>\n\t\t\t<\/div>\n\t\t\n\n\t\t<div data-wp-bind--hidden=\"state.isLoading\" class=\"gt-ws-thelis-disponibilite-wrap\">\n\n\t\t\t\t\t\t\t\t\t\t\t\t\t<div class=\"gt-ws-thelis-statut\" data-wp-text=\"state.titre\"><\/div>\n\t\t\t\t\t\t\t\t\n\t\t\t\n\t\t\t\n\t\t\t\n\t\t\t\n\t\t<\/div>\n\n\t<\/div>\n\n    <\/div>\n\n\n\n<div class=\"wp-block-group content-acc has-global-padding is-layout-constrained wp-block-group-is-layout-constrained\">\n<div class=\"wp-block-gt-gt-ws-thelis-product-camping\">\n    Yelloh! Village - Les Fontaines<\/div>\n\n\n<p style=\"font-size:clamp(0.984rem, 0.984rem + ((1vw - 0.2rem) * 0.671), 1.5rem);text-transform:uppercase;\" class=\"wp-elements-c7f20d0215fbda8b1273390b73f3ba94 wp-block-gt-gt-ws-thelis-product-name has-text-color has-custom-color-2-color has-righteous-font-family\">\n    Chalet Savoyard <\/p>\n\n\n\n<div class=\"wp-block-group is-content-justification-center is-layout-flex wp-container-core-group-is-layout-200d3eee wp-block-group-is-layout-flex\" style=\"font-size:0.7rem\">\n<div class=\"wp-block-gt-gt-ws-thelis-product-surface\">\n\n        35m\u00b2\n<\/div>\n\n\n<div class=\"wp-block-gt-gt-ws-thelis-product-room\">\n        3              ruimte(s)    <\/div>\n\n\n\n\n<div class=\"wp-block-gt-gt-ws-thelis-product-capacity\">\n        6               persoon\/personen    <\/div><\/div>\n\n\n\n<div data-swiper=\"{&quot;speed&quot;:400,&quot;spaceBetween&quot;:16,&quot;slidesPerView&quot;:3,&quot;createElements&quot;:false,&quot;loop&quot;:true,&quot;freemode&quot;:true,&quot;breakpoints&quot;:{&quot;0&quot;:{&quot;slidesPerView&quot;:1},&quot;380&quot;:{&quot;slidesPerView&quot;:2},&quot;1024&quot;:{&quot;slidesPerView&quot;:3}},&quot;navigation&quot;:false,&quot;pagination&quot;:false,&quot;autoplay&quot;:{&quot;delay&quot;:3000}}\" class=\"wp-block-group criterion-container gt-is-slider gt-is-slider-desktop is-nowrap is-layout-flex wp-container-core-group-is-layout-6c531013 wp-block-group-is-layout-flex\">\n\n\n\n    <div class=\"wp-block-gt-gt-ws-thelis-product-option\">\n                            <div>Vaatwasser<\/div>\n            <\/div>\n\n\n\n\n\n\n\n\n    <div class=\"wp-block-gt-gt-ws-thelis-product-option\">\n                            <div>Terrasse<\/div>\n            <\/div>\n\n\n\n\n    <div class=\"wp-block-gt-gt-ws-thelis-product-option\">\n                            <div>Gasplancha<\/div>\n            <\/div>\n<\/div>\n\n\n\n<div class=\"wp-block-group is-content-justification-space-between is-nowrap is-layout-flex wp-container-core-group-is-layout-cb46ffcb wp-block-group-is-layout-flex\">    \n\t<div\n\t\tclass=\"price-content wp-block-gt-gt-ws-thelis-disponibilites\"\t\tdata-wp-interactive=\"gt\/thelis\"\n\t\tdata-wp-watch=\"actions.loadStays\"\n\t\tdata-wp-bind--data-gt-statut=\"state.statut\"\n\t\tdata-wp-key=\"53+1531-69f58849a19a2\"\n\t\tdata-wp-context='{\"idsProduct\":\"53+1531\",\"idProduct\":\"53\",\"campingKey\":\"1531\",\"isIndisponible\":true}'\t>\n\n\t\t\n\n\t\t<div data-wp-bind--hidden=\"state.isLoading\" class=\"gt-ws-thelis-disponibilite-wrap\">\n\n\t\t\t\n\t\t\t\t\t\n\t\t\t\t<div hidden \n\t\t\t\t\tclass=\"gt-ws-thelis__disponibilite__price\"\n\t\t\t\t\tdata-wp-bind--hidden=\"!state.price\"\n\t\t\t\t>\n\t\t\t\t\t<span>Vanaf <\/span>\n\t\t\t\t\t<span hidden class=\"gt-ws-thelis__disponibilite__price__original\" data-wp-bind--hidden=\"!state.hasPromo\">\n\t\t\t\t\t\t<strike><span data-wp-text=\"state.originalPrice\"><\/span>\u20ac<\/strike>\n\t\t\t\t\t<\/span>\n\t\t\t\t\t<span class=\"gt-ws-thelis__disponibilite__price__discounted\">\n\t\t\t\t\t\t<span data-wp-bind--data-gt-price=\"state.price\" class=\"gt-ws-thelis-data-price\" data-wp-text=\"state.price\"><\/span>\u20ac\n\t\t\t\t\t<\/span>\n\t\t\t\t<\/div>\n\t\t\t\n\t\t\t\n\t\t\t\n\t\t\t\n\t\t<\/div>\n\n\t<\/div>\n\n    \n\n\n<p class=\"wp-block-lire-more\">Ontdek<\/p>\n<\/div>\n<\/div>\n\n<\/li><li data-gt-bathrooms=\"1\" data-gt-camping=\"5006\" data-gt-capacity=\"4\" data-gt-criterions=\"&quot;[1,2210,5,6,8,11,12,13,16]&quot;\" data-gt-gammes=\"88\" data-gt-post-id=\"1923\" data-gt-rooms=\"2\" data-gt-surfaces=\"23\" data-gt-types=\"Mobil-Home,location\" data-gt-ws-camping=\"5006\" data-wp-key=\"69f58849ad217\" class=\"wp-block-post post-1923 hebergement type-hebergement status-publish hentry gamme-2-bloemen\">\n\n<div \n    class=\"wp-block-gt-gt-ws-thelis-product-images\"    data-wp-interactive=\"gt\/thelis\/hebergement\/image\"\n    data-gallery-images='[&quot;https:\\\/\\\/www.campingsannecy.com\\\/wp-content\\\/uploads\\\/gt-ws-thelis\\\/site-1\\\/images\\\/5006\\\/pict_54_3.jpg&quot;,&quot;https:\\\/\\\/www.campingsannecy.com\\\/wp-content\\\/uploads\\\/gt-ws-thelis\\\/site-1\\\/images\\\/5006\\\/pict_54_4.jpg&quot;,&quot;https:\\\/\\\/www.campingsannecy.com\\\/wp-content\\\/uploads\\\/gt-ws-thelis\\\/site-1\\\/images\\\/5006\\\/pict_54_2.jpg&quot;]'\n    data-wp-context='{\"images\":[\"https:\\\/\\\/www.campingsannecy.com\\\/wp-content\\\/uploads\\\/gt-ws-thelis\\\/site-1\\\/images\\\/5006\\\/pict_54_3.jpg\",\"https:\\\/\\\/www.campingsannecy.com\\\/wp-content\\\/uploads\\\/gt-ws-thelis\\\/site-1\\\/images\\\/5006\\\/pict_54_4.jpg\",\"https:\\\/\\\/www.campingsannecy.com\\\/wp-content\\\/uploads\\\/gt-ws-thelis\\\/site-1\\\/images\\\/5006\\\/pict_54_2.jpg\"],\"jsonConfig\":{\"speed\":400,\"spaceBetween\":16,\"slidesPerView\":1,\"createElements\":true,\"loop\":true,\"freemode\":true,\"navigation\":{\"nextEl\":\"buttonNext\",\"prevEl\":\"buttonPrev\"},\"breakpoints\":{\"0\":{\"slidesPerView\":1},\"380\":[],\"1024\":[]},\"pagination\":false},\"sliderId\":\"69f58849a1c3c\"}'>\n            <div \n            id=\"69f58849a1c3c\"\n            class=\"gt-ws-thelis-is-slider swiper\" \n            data-swiper='{\"speed\":400,\"spaceBetween\":16,\"slidesPerView\":1,\"createElements\":true,\"loop\":true,\"freemode\":true,\"navigation\":{\"nextEl\":\"buttonNext\",\"prevEl\":\"buttonPrev\"},\"breakpoints\":{\"0\":{\"slidesPerView\":1},\"380\":[],\"1024\":[]},\"pagination\":false}'\n            data-wp-key=\"1923218bbc90af0991b4c3b8c59359dab75b\"\n            data-wp-run=\"callbacks.resetSwiper\"\n            data-wp-on--mouseover=\"callbacks.resetSwiper\"\n        >\n        <div class=\"swiper-wrapper\">\n                \n            \n            \n\n            <figure \n                class=\"wp-block-image swiper-slide\" \n                data-image-index=\"0\"\n            >\n                                    <img decoding=\"async\" \n                                                    style=\"aspect-ratio: 4\/3\" \n                                                src=\"https:\/\/www.campingsannecy.com\/wp-content\/uploads\/gt-ws-thelis\/site-1\/images\/5006\/pict_54_2.jpg\" \n                        alt=\"Cottage Venus 4p 2 Kamers **\"\n                        loading=\"lazy\"\n                    >\n                                <\/figure>\n\n            \n        \n            \n            \n\n            <figure \n                class=\"wp-block-image swiper-slide\" \n                data-image-index=\"1\"\n            >\n                                    <img decoding=\"async\" \n                                                    style=\"aspect-ratio: 4\/3\" \n                                                src=\"https:\/\/www.campingsannecy.com\/wp-content\/uploads\/gt-ws-thelis\/site-1\/images\/5006\/pict_54_3.jpg\" \n                        alt=\"Cottage Venus 4p 2 Kamers **\"\n                        loading=\"lazy\"\n                    >\n                                <\/figure>\n\n            \n        \n            \n            \n\n            <figure \n                class=\"wp-block-image swiper-slide\" \n                data-image-index=\"2\"\n            >\n                                    <img decoding=\"async\" \n                                                    style=\"aspect-ratio: 4\/3\" \n                                                src=\"https:\/\/www.campingsannecy.com\/wp-content\/uploads\/gt-ws-thelis\/site-1\/images\/5006\/pict_54_4.jpg\" \n                        alt=\"Cottage Venus 4p 2 Kamers **\"\n                        loading=\"lazy\"\n                    >\n                                <\/figure>\n\n            \n        \n        \n            <\/div>\n            <div class=\"swiper-pagination\"><\/div>\n            <div class=\"swiper-button-prev\"><\/div>\n            <div class=\"swiper-button-next\"><\/div>\n        <\/div>\n        <\/div>\n\n\n<div class=\"wp-block-group has-small-font-size is-layout-flow wp-block-group-is-layout-flow\">    \n\t<div\n\t\tclass=\"wp-block-gt-gt-ws-thelis-disponibilites\"\t\tdata-wp-interactive=\"gt\/thelis\"\n\t\tdata-wp-watch=\"actions.loadStays\"\n\t\tdata-wp-bind--data-gt-statut=\"state.statut\"\n\t\tdata-wp-key=\"54+5006-69f58849a1dd6\"\n\t\tdata-wp-context='{\"idsProduct\":\"54+5006\",\"idProduct\":\"54\",\"campingKey\":\"5006\",\"isIndisponible\":true}'\t>\n\n\t\t\t\t\t<div hidden class=\"gt-ws-thelis-spinner\" data-wp-bind--hidden=\"!state.isLoading\">\n\t\t\t\t<span class=\"loader\"><\/span>\n\t\t\t<\/div>\n\t\t\n\n\t\t<div data-wp-bind--hidden=\"state.isLoading\" class=\"gt-ws-thelis-disponibilite-wrap\">\n\n\t\t\t\t\t\t\t\t\t\t\t\t\t<div class=\"gt-ws-thelis-statut\" data-wp-text=\"state.titre\"><\/div>\n\t\t\t\t\t\t\t\t\n\t\t\t\n\t\t\t\n\t\t\t\n\t\t\t\n\t\t<\/div>\n\n\t<\/div>\n\n    <\/div>\n\n\n\n<div class=\"wp-block-group content-acc has-global-padding is-layout-constrained wp-block-group-is-layout-constrained\">\n<div class=\"wp-block-gt-gt-ws-thelis-product-camping\">\n    Yelloh! Village - La Ravoire<\/div>\n\n\n<p style=\"font-size:clamp(0.984rem, 0.984rem + ((1vw - 0.2rem) * 0.671), 1.5rem);text-transform:uppercase;\" class=\"wp-elements-c7f20d0215fbda8b1273390b73f3ba94 wp-block-gt-gt-ws-thelis-product-name has-text-color has-custom-color-2-color has-righteous-font-family\">\n    Cottage Venus 4p 2 Kamers <\/p>\n\n\n\n<div class=\"wp-block-group is-content-justification-center is-layout-flex wp-container-core-group-is-layout-200d3eee wp-block-group-is-layout-flex\" style=\"font-size:0.7rem\">\n<div class=\"wp-block-gt-gt-ws-thelis-product-surface\">\n\n        23m\u00b2\n<\/div>\n\n\n<div class=\"wp-block-gt-gt-ws-thelis-product-room\">\n        2              ruimte(s)    <\/div>\n\n\n\n\n<div class=\"wp-block-gt-gt-ws-thelis-product-capacity\">\n        4               persoon\/personen    <\/div><\/div>\n\n\n\n<div data-swiper=\"{&quot;speed&quot;:400,&quot;spaceBetween&quot;:16,&quot;slidesPerView&quot;:3,&quot;createElements&quot;:false,&quot;loop&quot;:true,&quot;freemode&quot;:true,&quot;breakpoints&quot;:{&quot;0&quot;:{&quot;slidesPerView&quot;:1},&quot;380&quot;:{&quot;slidesPerView&quot;:2},&quot;1024&quot;:{&quot;slidesPerView&quot;:3}},&quot;navigation&quot;:false,&quot;pagination&quot;:false,&quot;autoplay&quot;:{&quot;delay&quot;:3000}}\" class=\"wp-block-group criterion-container gt-is-slider gt-is-slider-desktop is-nowrap is-layout-flex wp-container-core-group-is-layout-6c531013 wp-block-group-is-layout-flex\">    <div class=\"wp-block-gt-gt-ws-thelis-product-option\">\n                            <div>Verwarming<\/div>\n            <\/div>\n\n\n\n\n\n\n    <div class=\"wp-block-gt-gt-ws-thelis-product-option\">\n                            <div>Magnetron<\/div>\n            <\/div>\n\n\n    <div class=\"wp-block-gt-gt-ws-thelis-product-option\">\n                            <div>TV<\/div>\n            <\/div>\n\n\n\n\n\n\n\n\n<\/div>\n\n\n\n<div class=\"wp-block-group is-content-justification-space-between is-nowrap is-layout-flex wp-container-core-group-is-layout-cb46ffcb wp-block-group-is-layout-flex\">    \n\t<div\n\t\tclass=\"price-content wp-block-gt-gt-ws-thelis-disponibilites\"\t\tdata-wp-interactive=\"gt\/thelis\"\n\t\tdata-wp-watch=\"actions.loadStays\"\n\t\tdata-wp-bind--data-gt-statut=\"state.statut\"\n\t\tdata-wp-key=\"54+5006-69f58849a2540\"\n\t\tdata-wp-context='{\"idsProduct\":\"54+5006\",\"idProduct\":\"54\",\"campingKey\":\"5006\",\"isIndisponible\":true}'\t>\n\n\t\t\n\n\t\t<div data-wp-bind--hidden=\"state.isLoading\" class=\"gt-ws-thelis-disponibilite-wrap\">\n\n\t\t\t\n\t\t\t\t\t\n\t\t\t\t<div hidden \n\t\t\t\t\tclass=\"gt-ws-thelis__disponibilite__price\"\n\t\t\t\t\tdata-wp-bind--hidden=\"!state.price\"\n\t\t\t\t>\n\t\t\t\t\t<span>Vanaf <\/span>\n\t\t\t\t\t<span hidden class=\"gt-ws-thelis__disponibilite__price__original\" data-wp-bind--hidden=\"!state.hasPromo\">\n\t\t\t\t\t\t<strike><span data-wp-text=\"state.originalPrice\"><\/span>\u20ac<\/strike>\n\t\t\t\t\t<\/span>\n\t\t\t\t\t<span class=\"gt-ws-thelis__disponibilite__price__discounted\">\n\t\t\t\t\t\t<span data-wp-bind--data-gt-price=\"state.price\" class=\"gt-ws-thelis-data-price\" data-wp-text=\"state.price\"><\/span>\u20ac\n\t\t\t\t\t<\/span>\n\t\t\t\t<\/div>\n\t\t\t\n\t\t\t\n\t\t\t\n\t\t\t\n\t\t<\/div>\n\n\t<\/div>\n\n    \n\n\n<p class=\"wp-block-lire-more\">Ontdek<\/p>\n<\/div>\n<\/div>\n\n<\/li><li data-gt-camping=\"1531\" data-gt-capacity=\"5\" data-gt-criterions=\"&quot;[13,15,2016]&quot;\" data-gt-gammes=\"88\" data-gt-post-id=\"1902\" data-gt-rooms=\"2\" data-gt-surfaces=\"22\" data-gt-types=\"Tente meubl\u00e9e,location\" data-gt-ws-camping=\"1531\" data-wp-key=\"69f58849ad5cd\" class=\"wp-block-post post-1902 hebergement type-hebergement status-publish hentry gamme-2-bloemen\">\n\n<div \n    class=\"wp-block-gt-gt-ws-thelis-product-images\"    data-wp-interactive=\"gt\/thelis\/hebergement\/image\"\n    data-gallery-images='[&quot;https:\\\/\\\/www.campingsannecy.com\\\/wp-content\\\/uploads\\\/gt-ws-thelis\\\/site-1\\\/images\\\/1531\\\/pict_57_1.jpg&quot;,&quot;https:\\\/\\\/www.campingsannecy.com\\\/wp-content\\\/uploads\\\/gt-ws-thelis\\\/site-1\\\/images\\\/1531\\\/pict_57_2.jpg&quot;,&quot;https:\\\/\\\/www.campingsannecy.com\\\/wp-content\\\/uploads\\\/gt-ws-thelis\\\/site-1\\\/images\\\/1531\\\/pict_57_4.jpg&quot;,&quot;https:\\\/\\\/www.campingsannecy.com\\\/wp-content\\\/uploads\\\/gt-ws-thelis\\\/site-1\\\/images\\\/1531\\\/pict_57_3.jpg&quot;]'\n    data-wp-context='{\"images\":[\"https:\\\/\\\/www.campingsannecy.com\\\/wp-content\\\/uploads\\\/gt-ws-thelis\\\/site-1\\\/images\\\/1531\\\/pict_57_1.jpg\",\"https:\\\/\\\/www.campingsannecy.com\\\/wp-content\\\/uploads\\\/gt-ws-thelis\\\/site-1\\\/images\\\/1531\\\/pict_57_2.jpg\",\"https:\\\/\\\/www.campingsannecy.com\\\/wp-content\\\/uploads\\\/gt-ws-thelis\\\/site-1\\\/images\\\/1531\\\/pict_57_4.jpg\",\"https:\\\/\\\/www.campingsannecy.com\\\/wp-content\\\/uploads\\\/gt-ws-thelis\\\/site-1\\\/images\\\/1531\\\/pict_57_3.jpg\"],\"jsonConfig\":{\"speed\":400,\"spaceBetween\":16,\"slidesPerView\":1,\"createElements\":true,\"loop\":true,\"freemode\":true,\"navigation\":{\"nextEl\":\"buttonNext\",\"prevEl\":\"buttonPrev\"},\"breakpoints\":{\"0\":{\"slidesPerView\":1},\"380\":[],\"1024\":[]},\"pagination\":false},\"sliderId\":\"69f58849a27ca\"}'>\n            <div \n            id=\"69f58849a27ca\"\n            class=\"gt-ws-thelis-is-slider swiper\" \n            data-swiper='{\"speed\":400,\"spaceBetween\":16,\"slidesPerView\":1,\"createElements\":true,\"loop\":true,\"freemode\":true,\"navigation\":{\"nextEl\":\"buttonNext\",\"prevEl\":\"buttonPrev\"},\"breakpoints\":{\"0\":{\"slidesPerView\":1},\"380\":[],\"1024\":[]},\"pagination\":false}'\n            data-wp-key=\"1902218bbc90af0991b4c3b8c59359dab75b\"\n            data-wp-run=\"callbacks.resetSwiper\"\n            data-wp-on--mouseover=\"callbacks.resetSwiper\"\n        >\n        <div class=\"swiper-wrapper\">\n                \n            \n            \n\n            <figure \n                class=\"wp-block-image swiper-slide\" \n                data-image-index=\"0\"\n            >\n                                    <img decoding=\"async\" \n                                                    style=\"aspect-ratio: 4\/3\" \n                                                src=\"https:\/\/www.campingsannecy.com\/wp-content\/uploads\/gt-ws-thelis\/site-1\/images\/1531\/pict_57_1.jpg\" \n                        alt=\"Safari Lodge Tent - uitzicht op de bergen**\"\n                        loading=\"lazy\"\n                    >\n                                <\/figure>\n\n            \n        \n            \n            \n\n            <figure \n                class=\"wp-block-image swiper-slide\" \n                data-image-index=\"1\"\n            >\n                                    <img decoding=\"async\" \n                                                    style=\"aspect-ratio: 4\/3\" \n                                                src=\"https:\/\/www.campingsannecy.com\/wp-content\/uploads\/gt-ws-thelis\/site-1\/images\/1531\/pict_57_2.jpg\" \n                        alt=\"Safari Lodge Tent - uitzicht op de bergen**\"\n                        loading=\"lazy\"\n                    >\n                                <\/figure>\n\n            \n        \n            \n            \n\n            <figure \n                class=\"wp-block-image swiper-slide\" \n                data-image-index=\"2\"\n            >\n                                    <img decoding=\"async\" \n                                                    style=\"aspect-ratio: 4\/3\" \n                                                src=\"https:\/\/www.campingsannecy.com\/wp-content\/uploads\/gt-ws-thelis\/site-1\/images\/1531\/pict_57_3.jpg\" \n                        alt=\"Safari Lodge Tent - uitzicht op de bergen**\"\n                        loading=\"lazy\"\n                    >\n                                <\/figure>\n\n            \n        \n            \n            \n\n            <figure \n                class=\"wp-block-image swiper-slide\" \n                data-image-index=\"3\"\n            >\n                                    <img decoding=\"async\" \n                                                    style=\"aspect-ratio: 4\/3\" \n                                                src=\"https:\/\/www.campingsannecy.com\/wp-content\/uploads\/gt-ws-thelis\/site-1\/images\/1531\/pict_57_4.jpg\" \n                        alt=\"Safari Lodge Tent - uitzicht op de bergen**\"\n                        loading=\"lazy\"\n                    >\n                                <\/figure>\n\n            \n        \n        \n            <\/div>\n            <div class=\"swiper-pagination\"><\/div>\n            <div class=\"swiper-button-prev\"><\/div>\n            <div class=\"swiper-button-next\"><\/div>\n        <\/div>\n        <\/div>\n\n\n<div class=\"wp-block-group has-small-font-size is-layout-flow wp-block-group-is-layout-flow\">    \n\t<div\n\t\tclass=\"wp-block-gt-gt-ws-thelis-disponibilites\"\t\tdata-wp-interactive=\"gt\/thelis\"\n\t\tdata-wp-watch=\"actions.loadStays\"\n\t\tdata-wp-bind--data-gt-statut=\"state.statut\"\n\t\tdata-wp-key=\"57+1531-69f58849a29f5\"\n\t\tdata-wp-context='{\"idsProduct\":\"57+1531\",\"idProduct\":\"57\",\"campingKey\":\"1531\",\"isIndisponible\":true}'\t>\n\n\t\t\t\t\t<div hidden class=\"gt-ws-thelis-spinner\" data-wp-bind--hidden=\"!state.isLoading\">\n\t\t\t\t<span class=\"loader\"><\/span>\n\t\t\t<\/div>\n\t\t\n\n\t\t<div data-wp-bind--hidden=\"state.isLoading\" class=\"gt-ws-thelis-disponibilite-wrap\">\n\n\t\t\t\t\t\t\t\t\t\t\t\t\t<div class=\"gt-ws-thelis-statut\" data-wp-text=\"state.titre\"><\/div>\n\t\t\t\t\t\t\t\t\n\t\t\t\n\t\t\t\n\t\t\t\n\t\t\t\n\t\t<\/div>\n\n\t<\/div>\n\n    <\/div>\n\n\n\n<div class=\"wp-block-group content-acc has-global-padding is-layout-constrained wp-block-group-is-layout-constrained\">\n<div class=\"wp-block-gt-gt-ws-thelis-product-camping\">\n    Yelloh! Village - Les Fontaines<\/div>\n\n\n<p style=\"font-size:clamp(0.984rem, 0.984rem + ((1vw - 0.2rem) * 0.671), 1.5rem);text-transform:uppercase;\" class=\"wp-elements-c7f20d0215fbda8b1273390b73f3ba94 wp-block-gt-gt-ws-thelis-product-name has-text-color has-custom-color-2-color has-righteous-font-family\">\n    Safari Lodge Tent - uitzicht op de bergen <\/p>\n\n\n\n<div class=\"wp-block-group is-content-justification-center is-layout-flex wp-container-core-group-is-layout-200d3eee wp-block-group-is-layout-flex\" style=\"font-size:0.7rem\">\n<div class=\"wp-block-gt-gt-ws-thelis-product-surface\">\n\n        22m\u00b2\n<\/div>\n\n\n<div class=\"wp-block-gt-gt-ws-thelis-product-room\">\n        2              ruimte(s)    <\/div>\n\n\n\n\n<div class=\"wp-block-gt-gt-ws-thelis-product-capacity\">\n        5               persoon\/personen    <\/div><\/div>\n\n\n\n<div data-swiper=\"{&quot;speed&quot;:400,&quot;spaceBetween&quot;:16,&quot;slidesPerView&quot;:3,&quot;createElements&quot;:false,&quot;loop&quot;:true,&quot;freemode&quot;:true,&quot;breakpoints&quot;:{&quot;0&quot;:{&quot;slidesPerView&quot;:1},&quot;380&quot;:{&quot;slidesPerView&quot;:2},&quot;1024&quot;:{&quot;slidesPerView&quot;:3}},&quot;navigation&quot;:false,&quot;pagination&quot;:false,&quot;autoplay&quot;:{&quot;delay&quot;:3000}}\" class=\"wp-block-group criterion-container gt-is-slider gt-is-slider-desktop is-nowrap is-layout-flex wp-container-core-group-is-layout-6c531013 wp-block-group-is-layout-flex\">\n\n\n\n\n\n\n\n\n\n    <div class=\"wp-block-gt-gt-ws-thelis-product-option\">\n                            <div>Uitzicht<\/div>\n            <\/div>\n\n\n    <div class=\"wp-block-gt-gt-ws-thelis-product-option\">\n                            <div>Terrasse<\/div>\n            <\/div>\n\n\n\n\n<\/div>\n\n\n\n<div class=\"wp-block-group is-content-justification-space-between is-nowrap is-layout-flex wp-container-core-group-is-layout-cb46ffcb wp-block-group-is-layout-flex\">    \n\t<div\n\t\tclass=\"price-content wp-block-gt-gt-ws-thelis-disponibilites\"\t\tdata-wp-interactive=\"gt\/thelis\"\n\t\tdata-wp-watch=\"actions.loadStays\"\n\t\tdata-wp-bind--data-gt-statut=\"state.statut\"\n\t\tdata-wp-key=\"57+1531-69f58849a3101\"\n\t\tdata-wp-context='{\"idsProduct\":\"57+1531\",\"idProduct\":\"57\",\"campingKey\":\"1531\",\"isIndisponible\":true}'\t>\n\n\t\t\n\n\t\t<div data-wp-bind--hidden=\"state.isLoading\" class=\"gt-ws-thelis-disponibilite-wrap\">\n\n\t\t\t\n\t\t\t\t\t\n\t\t\t\t<div hidden \n\t\t\t\t\tclass=\"gt-ws-thelis__disponibilite__price\"\n\t\t\t\t\tdata-wp-bind--hidden=\"!state.price\"\n\t\t\t\t>\n\t\t\t\t\t<span>Vanaf <\/span>\n\t\t\t\t\t<span hidden class=\"gt-ws-thelis__disponibilite__price__original\" data-wp-bind--hidden=\"!state.hasPromo\">\n\t\t\t\t\t\t<strike><span data-wp-text=\"state.originalPrice\"><\/span>\u20ac<\/strike>\n\t\t\t\t\t<\/span>\n\t\t\t\t\t<span class=\"gt-ws-thelis__disponibilite__price__discounted\">\n\t\t\t\t\t\t<span data-wp-bind--data-gt-price=\"state.price\" class=\"gt-ws-thelis-data-price\" data-wp-text=\"state.price\"><\/span>\u20ac\n\t\t\t\t\t<\/span>\n\t\t\t\t<\/div>\n\t\t\t\n\t\t\t\n\t\t\t\n\t\t\t\n\t\t<\/div>\n\n\t<\/div>\n\n    \n\n\n<p class=\"wp-block-lire-more\">Ontdek<\/p>\n<\/div>\n<\/div>\n\n<\/li><li data-gt-camping=\"1531\" data-gt-capacity=\"5\" data-gt-criterions=\"&quot;[]&quot;\" data-gt-gammes=\"88\" data-gt-post-id=\"59549\" data-gt-types=\"Emplacement\" data-gt-ws-camping=\"1531\" data-wp-key=\"69f58849ada2a\" class=\"wp-block-post post-59549 hebergement type-hebergement status-publish hentry gamme-2-bloemen\">\n\n<div \n    class=\"wp-block-gt-gt-ws-thelis-product-images\"    data-wp-interactive=\"gt\/thelis\/hebergement\/image\"\n    data-gallery-images='[&quot;https:\\\/\\\/www.campingsannecy.com\\\/wp-content\\\/uploads\\\/gt-ws-thelis\\\/site-1\\\/images\\\/1531\\\/pict_66_2.jpg&quot;,&quot;https:\\\/\\\/www.campingsannecy.com\\\/wp-content\\\/uploads\\\/gt-ws-thelis\\\/site-1\\\/images\\\/1531\\\/pict_66_3.jpg&quot;,&quot;https:\\\/\\\/www.campingsannecy.com\\\/wp-content\\\/uploads\\\/gt-ws-thelis\\\/site-1\\\/images\\\/1531\\\/pict_66_5.jpg&quot;,&quot;https:\\\/\\\/www.campingsannecy.com\\\/wp-content\\\/uploads\\\/gt-ws-thelis\\\/site-1\\\/images\\\/1531\\\/pict_66_1.jpg&quot;,&quot;https:\\\/\\\/www.campingsannecy.com\\\/wp-content\\\/uploads\\\/gt-ws-thelis\\\/site-1\\\/images\\\/1531\\\/pict_66_4.jpg&quot;,&quot;https:\\\/\\\/www.campingsannecy.com\\\/wp-content\\\/uploads\\\/gt-ws-thelis\\\/site-1\\\/images\\\/1531\\\/pict_66_6.jpg&quot;]'\n    data-wp-context='{\"images\":[\"https:\\\/\\\/www.campingsannecy.com\\\/wp-content\\\/uploads\\\/gt-ws-thelis\\\/site-1\\\/images\\\/1531\\\/pict_66_2.jpg\",\"https:\\\/\\\/www.campingsannecy.com\\\/wp-content\\\/uploads\\\/gt-ws-thelis\\\/site-1\\\/images\\\/1531\\\/pict_66_3.jpg\",\"https:\\\/\\\/www.campingsannecy.com\\\/wp-content\\\/uploads\\\/gt-ws-thelis\\\/site-1\\\/images\\\/1531\\\/pict_66_5.jpg\",\"https:\\\/\\\/www.campingsannecy.com\\\/wp-content\\\/uploads\\\/gt-ws-thelis\\\/site-1\\\/images\\\/1531\\\/pict_66_1.jpg\",\"https:\\\/\\\/www.campingsannecy.com\\\/wp-content\\\/uploads\\\/gt-ws-thelis\\\/site-1\\\/images\\\/1531\\\/pict_66_4.jpg\",\"https:\\\/\\\/www.campingsannecy.com\\\/wp-content\\\/uploads\\\/gt-ws-thelis\\\/site-1\\\/images\\\/1531\\\/pict_66_6.jpg\"],\"jsonConfig\":{\"speed\":400,\"spaceBetween\":16,\"slidesPerView\":1,\"createElements\":true,\"loop\":true,\"freemode\":true,\"navigation\":{\"nextEl\":\"buttonNext\",\"prevEl\":\"buttonPrev\"},\"breakpoints\":{\"0\":{\"slidesPerView\":1},\"380\":[],\"1024\":[]},\"pagination\":false},\"sliderId\":\"69f58849a338a\"}'>\n            <div \n            id=\"69f58849a338a\"\n            class=\"gt-ws-thelis-is-slider swiper\" \n            data-swiper='{\"speed\":400,\"spaceBetween\":16,\"slidesPerView\":1,\"createElements\":true,\"loop\":true,\"freemode\":true,\"navigation\":{\"nextEl\":\"buttonNext\",\"prevEl\":\"buttonPrev\"},\"breakpoints\":{\"0\":{\"slidesPerView\":1},\"380\":[],\"1024\":[]},\"pagination\":false}'\n            data-wp-key=\"59549218bbc90af0991b4c3b8c59359dab75b\"\n            data-wp-run=\"callbacks.resetSwiper\"\n            data-wp-on--mouseover=\"callbacks.resetSwiper\"\n        >\n        <div class=\"swiper-wrapper\">\n                \n            \n            \n\n            <figure \n                class=\"wp-block-image swiper-slide\" \n                data-image-index=\"0\"\n            >\n                                    <img decoding=\"async\" \n                                                    style=\"aspect-ratio: 4\/3\" \n                                                src=\"https:\/\/www.campingsannecy.com\/wp-content\/uploads\/gt-ws-thelis\/site-1\/images\/1531\/pict_66_1.jpg\" \n                        alt=\"Safari-lodgetent **\"\n                        loading=\"lazy\"\n                    >\n                                <\/figure>\n\n            \n        \n            \n            \n\n            <figure \n                class=\"wp-block-image swiper-slide\" \n                data-image-index=\"1\"\n            >\n                                    <img decoding=\"async\" \n                                                    style=\"aspect-ratio: 4\/3\" \n                                                src=\"https:\/\/www.campingsannecy.com\/wp-content\/uploads\/gt-ws-thelis\/site-1\/images\/1531\/pict_66_2.jpg\" \n                        alt=\"Safari-lodgetent **\"\n                        loading=\"lazy\"\n                    >\n                                <\/figure>\n\n            \n        \n            \n            \n\n            <figure \n                class=\"wp-block-image swiper-slide\" \n                data-image-index=\"2\"\n            >\n                                    <img decoding=\"async\" \n                                                    style=\"aspect-ratio: 4\/3\" \n                                                src=\"https:\/\/www.campingsannecy.com\/wp-content\/uploads\/gt-ws-thelis\/site-1\/images\/1531\/pict_66_3.jpg\" \n                        alt=\"Safari-lodgetent **\"\n                        loading=\"lazy\"\n                    >\n                                <\/figure>\n\n            \n        \n            \n            \n\n            <figure \n                class=\"wp-block-image swiper-slide\" \n                data-image-index=\"3\"\n            >\n                                    <img decoding=\"async\" \n                                                    style=\"aspect-ratio: 4\/3\" \n                                                src=\"https:\/\/www.campingsannecy.com\/wp-content\/uploads\/gt-ws-thelis\/site-1\/images\/1531\/pict_66_4.jpg\" \n                        alt=\"Safari-lodgetent **\"\n                        loading=\"lazy\"\n                    >\n                                <\/figure>\n\n            \n        \n            \n            \n\n            <figure \n                class=\"wp-block-image swiper-slide\" \n                data-image-index=\"4\"\n            >\n                                    <img decoding=\"async\" \n                                                    style=\"aspect-ratio: 4\/3\" \n                                                src=\"https:\/\/www.campingsannecy.com\/wp-content\/uploads\/gt-ws-thelis\/site-1\/images\/1531\/pict_66_5.jpg\" \n                        alt=\"Safari-lodgetent **\"\n                        loading=\"lazy\"\n                    >\n                                <\/figure>\n\n            \n        \n            \n            \n\n            <figure \n                class=\"wp-block-image swiper-slide\" \n                data-image-index=\"5\"\n            >\n                                    <img decoding=\"async\" \n                                                    style=\"aspect-ratio: 4\/3\" \n                                                src=\"https:\/\/www.campingsannecy.com\/wp-content\/uploads\/gt-ws-thelis\/site-1\/images\/1531\/pict_66_6.jpg\" \n                        alt=\"Safari-lodgetent **\"\n                        loading=\"lazy\"\n                    >\n                                <\/figure>\n\n            \n        \n        \n            <\/div>\n            <div class=\"swiper-pagination\"><\/div>\n            <div class=\"swiper-button-prev\"><\/div>\n            <div class=\"swiper-button-next\"><\/div>\n        <\/div>\n        <\/div>\n\n\n<div class=\"wp-block-group has-small-font-size is-layout-flow wp-block-group-is-layout-flow\">    \n\t<div\n\t\tclass=\"wp-block-gt-gt-ws-thelis-disponibilites\"\t\tdata-wp-interactive=\"gt\/thelis\"\n\t\tdata-wp-watch=\"actions.loadStays\"\n\t\tdata-wp-bind--data-gt-statut=\"state.statut\"\n\t\tdata-wp-key=\"66+1531-69f58849a35c0\"\n\t\tdata-wp-context='{\"idsProduct\":\"66+1531\",\"idProduct\":\"66\",\"campingKey\":\"1531\",\"isIndisponible\":true}'\t>\n\n\t\t\t\t\t<div hidden class=\"gt-ws-thelis-spinner\" data-wp-bind--hidden=\"!state.isLoading\">\n\t\t\t\t<span class=\"loader\"><\/span>\n\t\t\t<\/div>\n\t\t\n\n\t\t<div data-wp-bind--hidden=\"state.isLoading\" class=\"gt-ws-thelis-disponibilite-wrap\">\n\n\t\t\t\t\t\t\t\t\t\t\t\t\t<div class=\"gt-ws-thelis-statut\" data-wp-text=\"state.titre\"><\/div>\n\t\t\t\t\t\t\t\t\n\t\t\t\n\t\t\t\n\t\t\t\n\t\t\t\n\t\t<\/div>\n\n\t<\/div>\n\n    <\/div>\n\n\n\n<div class=\"wp-block-group content-acc has-global-padding is-layout-constrained wp-block-group-is-layout-constrained\">\n<div class=\"wp-block-gt-gt-ws-thelis-product-camping\">\n    Yelloh! Village - Les Fontaines<\/div>\n\n\n<p style=\"font-size:clamp(0.984rem, 0.984rem + ((1vw - 0.2rem) * 0.671), 1.5rem);text-transform:uppercase;\" class=\"wp-elements-c7f20d0215fbda8b1273390b73f3ba94 wp-block-gt-gt-ws-thelis-product-name has-text-color has-custom-color-2-color has-righteous-font-family\">\n    Safari-lodgetent <\/p>\n\n\n\n<div class=\"wp-block-group is-content-justification-center is-layout-flex wp-container-core-group-is-layout-200d3eee wp-block-group-is-layout-flex\" style=\"font-size:0.7rem\">\n\n\n\n\n\n\n<div class=\"wp-block-gt-gt-ws-thelis-product-capacity\">\n        5               persoon\/personen    <\/div><\/div>\n\n\n\n<div data-swiper=\"{&quot;speed&quot;:400,&quot;spaceBetween&quot;:16,&quot;slidesPerView&quot;:3,&quot;createElements&quot;:false,&quot;loop&quot;:true,&quot;freemode&quot;:true,&quot;breakpoints&quot;:{&quot;0&quot;:{&quot;slidesPerView&quot;:1},&quot;380&quot;:{&quot;slidesPerView&quot;:2},&quot;1024&quot;:{&quot;slidesPerView&quot;:3}},&quot;navigation&quot;:false,&quot;pagination&quot;:false,&quot;autoplay&quot;:{&quot;delay&quot;:3000}}\" class=\"wp-block-group criterion-container gt-is-slider gt-is-slider-desktop is-nowrap is-layout-flex wp-container-core-group-is-layout-6c531013 wp-block-group-is-layout-flex\">\n\n\n\n\n\n\n\n\n\n\n\n\n\n\n\n<\/div>\n\n\n\n<div class=\"wp-block-group is-content-justification-space-between is-nowrap is-layout-flex wp-container-core-group-is-layout-cb46ffcb wp-block-group-is-layout-flex\">    \n\t<div\n\t\tclass=\"price-content wp-block-gt-gt-ws-thelis-disponibilites\"\t\tdata-wp-interactive=\"gt\/thelis\"\n\t\tdata-wp-watch=\"actions.loadStays\"\n\t\tdata-wp-bind--data-gt-statut=\"state.statut\"\n\t\tdata-wp-key=\"66+1531-69f58849a3c63\"\n\t\tdata-wp-context='{\"idsProduct\":\"66+1531\",\"idProduct\":\"66\",\"campingKey\":\"1531\",\"isIndisponible\":true}'\t>\n\n\t\t\n\n\t\t<div data-wp-bind--hidden=\"state.isLoading\" class=\"gt-ws-thelis-disponibilite-wrap\">\n\n\t\t\t\n\t\t\t\t\t\n\t\t\t\t<div hidden \n\t\t\t\t\tclass=\"gt-ws-thelis__disponibilite__price\"\n\t\t\t\t\tdata-wp-bind--hidden=\"!state.price\"\n\t\t\t\t>\n\t\t\t\t\t<span>Vanaf <\/span>\n\t\t\t\t\t<span hidden class=\"gt-ws-thelis__disponibilite__price__original\" data-wp-bind--hidden=\"!state.hasPromo\">\n\t\t\t\t\t\t<strike><span data-wp-text=\"state.originalPrice\"><\/span>\u20ac<\/strike>\n\t\t\t\t\t<\/span>\n\t\t\t\t\t<span class=\"gt-ws-thelis__disponibilite__price__discounted\">\n\t\t\t\t\t\t<span data-wp-bind--data-gt-price=\"state.price\" class=\"gt-ws-thelis-data-price\" data-wp-text=\"state.price\"><\/span>\u20ac\n\t\t\t\t\t<\/span>\n\t\t\t\t<\/div>\n\t\t\t\n\t\t\t\n\t\t\t\n\t\t\t\n\t\t<\/div>\n\n\t<\/div>\n\n    \n\n\n<p class=\"wp-block-lire-more\">Ontdek<\/p>\n<\/div>\n<\/div>\n\n<\/li><li data-gt-camping=\"1531\" data-gt-capacity=\"6\" data-gt-criterions=\"&quot;[45]&quot;\" data-gt-gammes=\"88\" data-gt-post-id=\"60257\" data-gt-surfaces=\"90\" data-gt-types=\"camping,Emplacement\" data-gt-ws-camping=\"1531\" data-wp-key=\"69f58849adf17\" class=\"wp-block-post post-60257 hebergement type-hebergement status-publish hentry gamme-2-bloemen\">\n\n<div \n    class=\"wp-block-gt-gt-ws-thelis-product-images\"    data-wp-interactive=\"gt\/thelis\/hebergement\/image\"\n    data-gallery-images='[&quot;https:\\\/\\\/www.campingsannecy.com\\\/wp-content\\\/uploads\\\/gt-ws-thelis\\\/site-1\\\/images\\\/1531\\\/pict_1_5.jpg&quot;,&quot;https:\\\/\\\/www.campingsannecy.com\\\/wp-content\\\/uploads\\\/gt-ws-thelis\\\/site-1\\\/images\\\/1531\\\/pict_1_1.jpg&quot;,&quot;https:\\\/\\\/www.campingsannecy.com\\\/wp-content\\\/uploads\\\/gt-ws-thelis\\\/site-1\\\/images\\\/1531\\\/pict_1_3.jpg&quot;,&quot;https:\\\/\\\/www.campingsannecy.com\\\/wp-content\\\/uploads\\\/gt-ws-thelis\\\/site-1\\\/images\\\/1531\\\/pict_1_4.jpg&quot;,&quot;https:\\\/\\\/www.campingsannecy.com\\\/wp-content\\\/uploads\\\/gt-ws-thelis\\\/site-1\\\/images\\\/1531\\\/pict_1_6.jpg&quot;,&quot;https:\\\/\\\/www.campingsannecy.com\\\/wp-content\\\/uploads\\\/gt-ws-thelis\\\/site-1\\\/images\\\/1531\\\/pict_1_2.jpg&quot;]'\n    data-wp-context='{\"images\":[\"https:\\\/\\\/www.campingsannecy.com\\\/wp-content\\\/uploads\\\/gt-ws-thelis\\\/site-1\\\/images\\\/1531\\\/pict_1_5.jpg\",\"https:\\\/\\\/www.campingsannecy.com\\\/wp-content\\\/uploads\\\/gt-ws-thelis\\\/site-1\\\/images\\\/1531\\\/pict_1_1.jpg\",\"https:\\\/\\\/www.campingsannecy.com\\\/wp-content\\\/uploads\\\/gt-ws-thelis\\\/site-1\\\/images\\\/1531\\\/pict_1_3.jpg\",\"https:\\\/\\\/www.campingsannecy.com\\\/wp-content\\\/uploads\\\/gt-ws-thelis\\\/site-1\\\/images\\\/1531\\\/pict_1_4.jpg\",\"https:\\\/\\\/www.campingsannecy.com\\\/wp-content\\\/uploads\\\/gt-ws-thelis\\\/site-1\\\/images\\\/1531\\\/pict_1_6.jpg\",\"https:\\\/\\\/www.campingsannecy.com\\\/wp-content\\\/uploads\\\/gt-ws-thelis\\\/site-1\\\/images\\\/1531\\\/pict_1_2.jpg\"],\"jsonConfig\":{\"speed\":400,\"spaceBetween\":16,\"slidesPerView\":1,\"createElements\":true,\"loop\":true,\"freemode\":true,\"navigation\":{\"nextEl\":\"buttonNext\",\"prevEl\":\"buttonPrev\"},\"breakpoints\":{\"0\":{\"slidesPerView\":1},\"380\":[],\"1024\":[]},\"pagination\":false},\"sliderId\":\"69f58849a3eeb\"}'>\n            <div \n            id=\"69f58849a3eeb\"\n            class=\"gt-ws-thelis-is-slider swiper\" \n            data-swiper='{\"speed\":400,\"spaceBetween\":16,\"slidesPerView\":1,\"createElements\":true,\"loop\":true,\"freemode\":true,\"navigation\":{\"nextEl\":\"buttonNext\",\"prevEl\":\"buttonPrev\"},\"breakpoints\":{\"0\":{\"slidesPerView\":1},\"380\":[],\"1024\":[]},\"pagination\":false}'\n            data-wp-key=\"60257218bbc90af0991b4c3b8c59359dab75b\"\n            data-wp-run=\"callbacks.resetSwiper\"\n            data-wp-on--mouseover=\"callbacks.resetSwiper\"\n        >\n        <div class=\"swiper-wrapper\">\n                \n            \n            \n\n            <figure \n                class=\"wp-block-image swiper-slide\" \n                data-image-index=\"0\"\n            >\n                                    <img decoding=\"async\" \n                                                    style=\"aspect-ratio: 4\/3\" \n                                                src=\"https:\/\/www.campingsannecy.com\/wp-content\/uploads\/gt-ws-thelis\/site-1\/images\/1531\/pict_1_1.jpg\" \n                        alt=\"Staanplaats **\"\n                        loading=\"lazy\"\n                    >\n                                <\/figure>\n\n            \n        \n            \n            \n\n            <figure \n                class=\"wp-block-image swiper-slide\" \n                data-image-index=\"1\"\n            >\n                                    <img decoding=\"async\" \n                                                    style=\"aspect-ratio: 4\/3\" \n                                                src=\"https:\/\/www.campingsannecy.com\/wp-content\/uploads\/gt-ws-thelis\/site-1\/images\/1531\/pict_1_2.jpg\" \n                        alt=\"Staanplaats **\"\n                        loading=\"lazy\"\n                    >\n                                <\/figure>\n\n            \n        \n            \n            \n\n            <figure \n                class=\"wp-block-image swiper-slide\" \n                data-image-index=\"2\"\n            >\n                                    <img decoding=\"async\" \n                                                    style=\"aspect-ratio: 4\/3\" \n                                                src=\"https:\/\/www.campingsannecy.com\/wp-content\/uploads\/gt-ws-thelis\/site-1\/images\/1531\/pict_1_3.jpg\" \n                        alt=\"Staanplaats **\"\n                        loading=\"lazy\"\n                    >\n                                <\/figure>\n\n            \n        \n            \n            \n\n            <figure \n                class=\"wp-block-image swiper-slide\" \n                data-image-index=\"3\"\n            >\n                                    <img decoding=\"async\" \n                                                    style=\"aspect-ratio: 4\/3\" \n                                                src=\"https:\/\/www.campingsannecy.com\/wp-content\/uploads\/gt-ws-thelis\/site-1\/images\/1531\/pict_1_4.jpg\" \n                        alt=\"Staanplaats **\"\n                        loading=\"lazy\"\n                    >\n                                <\/figure>\n\n            \n        \n            \n            \n\n            <figure \n                class=\"wp-block-image swiper-slide\" \n                data-image-index=\"4\"\n            >\n                                    <img decoding=\"async\" \n                                                    style=\"aspect-ratio: 4\/3\" \n                                                src=\"https:\/\/www.campingsannecy.com\/wp-content\/uploads\/gt-ws-thelis\/site-1\/images\/1531\/pict_1_5.jpg\" \n                        alt=\"Staanplaats **\"\n                        loading=\"lazy\"\n                    >\n                                <\/figure>\n\n            \n        \n            \n            \n\n            <figure \n                class=\"wp-block-image swiper-slide\" \n                data-image-index=\"5\"\n            >\n                                    <img decoding=\"async\" \n                                                    style=\"aspect-ratio: 4\/3\" \n                                                src=\"https:\/\/www.campingsannecy.com\/wp-content\/uploads\/gt-ws-thelis\/site-1\/images\/1531\/pict_1_6.jpg\" \n                        alt=\"Staanplaats **\"\n                        loading=\"lazy\"\n                    >\n                                <\/figure>\n\n            \n        \n        \n            <\/div>\n            <div class=\"swiper-pagination\"><\/div>\n            <div class=\"swiper-button-prev\"><\/div>\n            <div class=\"swiper-button-next\"><\/div>\n        <\/div>\n        <\/div>\n\n\n<div class=\"wp-block-group has-small-font-size is-layout-flow wp-block-group-is-layout-flow\">    \n\t<div\n\t\tclass=\"wp-block-gt-gt-ws-thelis-disponibilites\"\t\tdata-wp-interactive=\"gt\/thelis\"\n\t\tdata-wp-watch=\"actions.loadStays\"\n\t\tdata-wp-bind--data-gt-statut=\"state.statut\"\n\t\tdata-wp-key=\"1+1531-69f58849a411e\"\n\t\tdata-wp-context='{\"idsProduct\":\"1+1531\",\"idProduct\":\"1\",\"campingKey\":\"1531\",\"isIndisponible\":true}'\t>\n\n\t\t\t\t\t<div hidden class=\"gt-ws-thelis-spinner\" data-wp-bind--hidden=\"!state.isLoading\">\n\t\t\t\t<span class=\"loader\"><\/span>\n\t\t\t<\/div>\n\t\t\n\n\t\t<div data-wp-bind--hidden=\"state.isLoading\" class=\"gt-ws-thelis-disponibilite-wrap\">\n\n\t\t\t\t\t\t\t\t\t\t\t\t\t<div class=\"gt-ws-thelis-statut\" data-wp-text=\"state.titre\"><\/div>\n\t\t\t\t\t\t\t\t\n\t\t\t\n\t\t\t\n\t\t\t\n\t\t\t\n\t\t<\/div>\n\n\t<\/div>\n\n    <\/div>\n\n\n\n<div class=\"wp-block-group content-acc has-global-padding is-layout-constrained wp-block-group-is-layout-constrained\">\n<div class=\"wp-block-gt-gt-ws-thelis-product-camping\">\n    Yelloh! Village - Les Fontaines<\/div>\n\n\n<p style=\"font-size:clamp(0.984rem, 0.984rem + ((1vw - 0.2rem) * 0.671), 1.5rem);text-transform:uppercase;\" class=\"wp-elements-c7f20d0215fbda8b1273390b73f3ba94 wp-block-gt-gt-ws-thelis-product-name has-text-color has-custom-color-2-color has-righteous-font-family\">\n    Staanplaats <\/p>\n\n\n\n<div class=\"wp-block-group is-content-justification-center is-layout-flex wp-container-core-group-is-layout-200d3eee wp-block-group-is-layout-flex\" style=\"font-size:0.7rem\">\n<div class=\"wp-block-gt-gt-ws-thelis-product-surface\">\n\n        90m\u00b2\n<\/div>\n\n\n\n\n\n\n<div class=\"wp-block-gt-gt-ws-thelis-product-capacity\">\n        6               persoon\/personen    <\/div><\/div>\n\n\n\n<div data-swiper=\"{&quot;speed&quot;:400,&quot;spaceBetween&quot;:16,&quot;slidesPerView&quot;:3,&quot;createElements&quot;:false,&quot;loop&quot;:true,&quot;freemode&quot;:true,&quot;breakpoints&quot;:{&quot;0&quot;:{&quot;slidesPerView&quot;:1},&quot;380&quot;:{&quot;slidesPerView&quot;:2},&quot;1024&quot;:{&quot;slidesPerView&quot;:3}},&quot;navigation&quot;:false,&quot;pagination&quot;:false,&quot;autoplay&quot;:{&quot;delay&quot;:3000}}\" class=\"wp-block-group criterion-container gt-is-slider gt-is-slider-desktop is-nowrap is-layout-flex wp-container-core-group-is-layout-6c531013 wp-block-group-is-layout-flex\">\n\n\n\n\n\n\n\n\n\n\n\n\n\n\n\n<\/div>\n\n\n\n<div class=\"wp-block-group is-content-justification-space-between is-nowrap is-layout-flex wp-container-core-group-is-layout-cb46ffcb wp-block-group-is-layout-flex\">    \n\t<div\n\t\tclass=\"price-content wp-block-gt-gt-ws-thelis-disponibilites\"\t\tdata-wp-interactive=\"gt\/thelis\"\n\t\tdata-wp-watch=\"actions.loadStays\"\n\t\tdata-wp-bind--data-gt-statut=\"state.statut\"\n\t\tdata-wp-key=\"1+1531-69f58849a47e4\"\n\t\tdata-wp-context='{\"idsProduct\":\"1+1531\",\"idProduct\":\"1\",\"campingKey\":\"1531\",\"isIndisponible\":true}'\t>\n\n\t\t\n\n\t\t<div data-wp-bind--hidden=\"state.isLoading\" class=\"gt-ws-thelis-disponibilite-wrap\">\n\n\t\t\t\n\t\t\t\t\t\n\t\t\t\t<div hidden \n\t\t\t\t\tclass=\"gt-ws-thelis__disponibilite__price\"\n\t\t\t\t\tdata-wp-bind--hidden=\"!state.price\"\n\t\t\t\t>\n\t\t\t\t\t<span>Vanaf <\/span>\n\t\t\t\t\t<span hidden class=\"gt-ws-thelis__disponibilite__price__original\" data-wp-bind--hidden=\"!state.hasPromo\">\n\t\t\t\t\t\t<strike><span data-wp-text=\"state.originalPrice\"><\/span>\u20ac<\/strike>\n\t\t\t\t\t<\/span>\n\t\t\t\t\t<span class=\"gt-ws-thelis__disponibilite__price__discounted\">\n\t\t\t\t\t\t<span data-wp-bind--data-gt-price=\"state.price\" class=\"gt-ws-thelis-data-price\" data-wp-text=\"state.price\"><\/span>\u20ac\n\t\t\t\t\t<\/span>\n\t\t\t\t<\/div>\n\t\t\t\n\t\t\t\n\t\t\t\n\t\t\t\n\t\t<\/div>\n\n\t<\/div>\n\n    \n\n\n<p class=\"wp-block-lire-more\">Ontdek<\/p>\n<\/div>\n<\/div>\n\n<\/li><li data-gt-camping=\"5006\" data-gt-capacity=\"6\" data-gt-criterions=\"&quot;[17,45,2207,16]&quot;\" data-gt-gammes=\"88\" data-gt-post-id=\"60917\" data-gt-types=\"Emplacement\" data-gt-ws-camping=\"5006\" data-wp-key=\"69f58849ae317\" class=\"wp-block-post post-60917 hebergement type-hebergement status-publish hentry gamme-2-bloemen\">\n\n<div \n    class=\"wp-block-gt-gt-ws-thelis-product-images\"    data-wp-interactive=\"gt\/thelis\/hebergement\/image\"\n    data-gallery-images='[&quot;https:\\\/\\\/www.campingsannecy.com\\\/wp-content\\\/uploads\\\/gt-ws-thelis\\\/site-1\\\/images\\\/5006\\\/pict_1_3.jpg&quot;,&quot;https:\\\/\\\/www.campingsannecy.com\\\/wp-content\\\/uploads\\\/gt-ws-thelis\\\/site-1\\\/images\\\/5006\\\/pict_1_4.jpg&quot;,&quot;https:\\\/\\\/www.campingsannecy.com\\\/wp-content\\\/uploads\\\/gt-ws-thelis\\\/site-1\\\/images\\\/5006\\\/pict_1_2.jpg&quot;,&quot;https:\\\/\\\/www.campingsannecy.com\\\/wp-content\\\/uploads\\\/gt-ws-thelis\\\/site-1\\\/images\\\/5006\\\/pict_1_1.jpg&quot;]'\n    data-wp-context='{\"images\":[\"https:\\\/\\\/www.campingsannecy.com\\\/wp-content\\\/uploads\\\/gt-ws-thelis\\\/site-1\\\/images\\\/5006\\\/pict_1_3.jpg\",\"https:\\\/\\\/www.campingsannecy.com\\\/wp-content\\\/uploads\\\/gt-ws-thelis\\\/site-1\\\/images\\\/5006\\\/pict_1_4.jpg\",\"https:\\\/\\\/www.campingsannecy.com\\\/wp-content\\\/uploads\\\/gt-ws-thelis\\\/site-1\\\/images\\\/5006\\\/pict_1_2.jpg\",\"https:\\\/\\\/www.campingsannecy.com\\\/wp-content\\\/uploads\\\/gt-ws-thelis\\\/site-1\\\/images\\\/5006\\\/pict_1_1.jpg\"],\"jsonConfig\":{\"speed\":400,\"spaceBetween\":16,\"slidesPerView\":1,\"createElements\":true,\"loop\":true,\"freemode\":true,\"navigation\":{\"nextEl\":\"buttonNext\",\"prevEl\":\"buttonPrev\"},\"breakpoints\":{\"0\":{\"slidesPerView\":1},\"380\":[],\"1024\":[]},\"pagination\":false},\"sliderId\":\"69f58849a4a65\"}'>\n            <div \n            id=\"69f58849a4a65\"\n            class=\"gt-ws-thelis-is-slider swiper\" \n            data-swiper='{\"speed\":400,\"spaceBetween\":16,\"slidesPerView\":1,\"createElements\":true,\"loop\":true,\"freemode\":true,\"navigation\":{\"nextEl\":\"buttonNext\",\"prevEl\":\"buttonPrev\"},\"breakpoints\":{\"0\":{\"slidesPerView\":1},\"380\":[],\"1024\":[]},\"pagination\":false}'\n            data-wp-key=\"60917218bbc90af0991b4c3b8c59359dab75b\"\n            data-wp-run=\"callbacks.resetSwiper\"\n            data-wp-on--mouseover=\"callbacks.resetSwiper\"\n        >\n        <div class=\"swiper-wrapper\">\n                \n            \n            \n\n            <figure \n                class=\"wp-block-image swiper-slide\" \n                data-image-index=\"0\"\n            >\n                                    <img decoding=\"async\" \n                                                    style=\"aspect-ratio: 4\/3\" \n                                                src=\"https:\/\/www.campingsannecy.com\/wp-content\/uploads\/gt-ws-thelis\/site-1\/images\/5006\/pict_1_1.jpg\" \n                        alt=\"Staanplaats **\"\n                        loading=\"lazy\"\n                    >\n                                <\/figure>\n\n            \n        \n            \n            \n\n            <figure \n                class=\"wp-block-image swiper-slide\" \n                data-image-index=\"1\"\n            >\n                                    <img decoding=\"async\" \n                                                    style=\"aspect-ratio: 4\/3\" \n                                                src=\"https:\/\/www.campingsannecy.com\/wp-content\/uploads\/gt-ws-thelis\/site-1\/images\/5006\/pict_1_2.jpg\" \n                        alt=\"Staanplaats **\"\n                        loading=\"lazy\"\n                    >\n                                <\/figure>\n\n            \n        \n            \n            \n\n            <figure \n                class=\"wp-block-image swiper-slide\" \n                data-image-index=\"2\"\n            >\n                                    <img decoding=\"async\" \n                                                    style=\"aspect-ratio: 4\/3\" \n                                                src=\"https:\/\/www.campingsannecy.com\/wp-content\/uploads\/gt-ws-thelis\/site-1\/images\/5006\/pict_1_3.jpg\" \n                        alt=\"Staanplaats **\"\n                        loading=\"lazy\"\n                    >\n                                <\/figure>\n\n            \n        \n            \n            \n\n            <figure \n                class=\"wp-block-image swiper-slide\" \n                data-image-index=\"3\"\n            >\n                                    <img decoding=\"async\" \n                                                    style=\"aspect-ratio: 4\/3\" \n                                                src=\"https:\/\/www.campingsannecy.com\/wp-content\/uploads\/gt-ws-thelis\/site-1\/images\/5006\/pict_1_4.jpg\" \n                        alt=\"Staanplaats **\"\n                        loading=\"lazy\"\n                    >\n                                <\/figure>\n\n            \n        \n        \n            <\/div>\n            <div class=\"swiper-pagination\"><\/div>\n            <div class=\"swiper-button-prev\"><\/div>\n            <div class=\"swiper-button-next\"><\/div>\n        <\/div>\n        <\/div>\n\n\n<div class=\"wp-block-group has-small-font-size is-layout-flow wp-block-group-is-layout-flow\">    \n\t<div\n\t\tclass=\"wp-block-gt-gt-ws-thelis-disponibilites\"\t\tdata-wp-interactive=\"gt\/thelis\"\n\t\tdata-wp-watch=\"actions.loadStays\"\n\t\tdata-wp-bind--data-gt-statut=\"state.statut\"\n\t\tdata-wp-key=\"1+5006-69f58849a4c2f\"\n\t\tdata-wp-context='{\"idsProduct\":\"1+5006\",\"idProduct\":\"1\",\"campingKey\":\"5006\",\"isIndisponible\":true}'\t>\n\n\t\t\t\t\t<div hidden class=\"gt-ws-thelis-spinner\" data-wp-bind--hidden=\"!state.isLoading\">\n\t\t\t\t<span class=\"loader\"><\/span>\n\t\t\t<\/div>\n\t\t\n\n\t\t<div data-wp-bind--hidden=\"state.isLoading\" class=\"gt-ws-thelis-disponibilite-wrap\">\n\n\t\t\t\t\t\t\t\t\t\t\t\t\t<div class=\"gt-ws-thelis-statut\" data-wp-text=\"state.titre\"><\/div>\n\t\t\t\t\t\t\t\t\n\t\t\t\n\t\t\t\n\t\t\t\n\t\t\t\n\t\t<\/div>\n\n\t<\/div>\n\n    <\/div>\n\n\n\n<div class=\"wp-block-group content-acc has-global-padding is-layout-constrained wp-block-group-is-layout-constrained\">\n<div class=\"wp-block-gt-gt-ws-thelis-product-camping\">\n    Yelloh! Village - La Ravoire<\/div>\n\n\n<p style=\"font-size:clamp(0.984rem, 0.984rem + ((1vw - 0.2rem) * 0.671), 1.5rem);text-transform:uppercase;\" class=\"wp-elements-c7f20d0215fbda8b1273390b73f3ba94 wp-block-gt-gt-ws-thelis-product-name has-text-color has-custom-color-2-color has-righteous-font-family\">\n    Staanplaats <\/p>\n\n\n\n<div class=\"wp-block-group is-content-justification-center is-layout-flex wp-container-core-group-is-layout-200d3eee wp-block-group-is-layout-flex\" style=\"font-size:0.7rem\">\n\n\n\n\n\n\n<div class=\"wp-block-gt-gt-ws-thelis-product-capacity\">\n        6               persoon\/personen    <\/div><\/div>\n\n\n\n<div data-swiper=\"{&quot;speed&quot;:400,&quot;spaceBetween&quot;:16,&quot;slidesPerView&quot;:3,&quot;createElements&quot;:false,&quot;loop&quot;:true,&quot;freemode&quot;:true,&quot;breakpoints&quot;:{&quot;0&quot;:{&quot;slidesPerView&quot;:1},&quot;380&quot;:{&quot;slidesPerView&quot;:2},&quot;1024&quot;:{&quot;slidesPerView&quot;:3}},&quot;navigation&quot;:false,&quot;pagination&quot;:false,&quot;autoplay&quot;:{&quot;delay&quot;:3000}}\" class=\"wp-block-group criterion-container gt-is-slider gt-is-slider-desktop is-nowrap is-layout-flex wp-container-core-group-is-layout-6c531013 wp-block-group-is-layout-flex\">\n\n\n\n\n\n\n\n\n\n\n\n\n\n\n\n<\/div>\n\n\n\n<div class=\"wp-block-group is-content-justification-space-between is-nowrap is-layout-flex wp-container-core-group-is-layout-cb46ffcb wp-block-group-is-layout-flex\">    \n\t<div\n\t\tclass=\"price-content wp-block-gt-gt-ws-thelis-disponibilites\"\t\tdata-wp-interactive=\"gt\/thelis\"\n\t\tdata-wp-watch=\"actions.loadStays\"\n\t\tdata-wp-bind--data-gt-statut=\"state.statut\"\n\t\tdata-wp-key=\"1+5006-69f58849a5303\"\n\t\tdata-wp-context='{\"idsProduct\":\"1+5006\",\"idProduct\":\"1\",\"campingKey\":\"5006\",\"isIndisponible\":true}'\t>\n\n\t\t\n\n\t\t<div data-wp-bind--hidden=\"state.isLoading\" class=\"gt-ws-thelis-disponibilite-wrap\">\n\n\t\t\t\n\t\t\t\t\t\n\t\t\t\t<div hidden \n\t\t\t\t\tclass=\"gt-ws-thelis__disponibilite__price\"\n\t\t\t\t\tdata-wp-bind--hidden=\"!state.price\"\n\t\t\t\t>\n\t\t\t\t\t<span>Vanaf <\/span>\n\t\t\t\t\t<span hidden class=\"gt-ws-thelis__disponibilite__price__original\" data-wp-bind--hidden=\"!state.hasPromo\">\n\t\t\t\t\t\t<strike><span data-wp-text=\"state.originalPrice\"><\/span>\u20ac<\/strike>\n\t\t\t\t\t<\/span>\n\t\t\t\t\t<span class=\"gt-ws-thelis__disponibilite__price__discounted\">\n\t\t\t\t\t\t<span data-wp-bind--data-gt-price=\"state.price\" class=\"gt-ws-thelis-data-price\" data-wp-text=\"state.price\"><\/span>\u20ac\n\t\t\t\t\t<\/span>\n\t\t\t\t<\/div>\n\t\t\t\n\t\t\t\n\t\t\t\n\t\t\t\n\t\t<\/div>\n\n\t<\/div>\n\n    \n\n\n<p class=\"wp-block-lire-more\">Ontdek<\/p>\n<\/div>\n<\/div>\n\n<\/li><li data-gt-camping=\"1531\" data-gt-capacity=\"6\" data-gt-criterions=\"&quot;[]&quot;\" data-gt-gammes=\"88\" data-gt-post-id=\"71757\" data-gt-types=\"Emplacement\" data-gt-ws-camping=\"1531\" data-wp-key=\"69f58849ae6bc\" class=\"wp-block-post post-71757 hebergement type-hebergement status-publish hentry gamme-2-bloemen\">\n\n<div \n    class=\"wp-block-gt-gt-ws-thelis-product-images\"    data-wp-interactive=\"gt\/thelis\/hebergement\/image\"\n    data-gallery-images='[&quot;https:\\\/\\\/www.campingsannecy.com\\\/wp-content\\\/uploads\\\/gt-ws-thelis\\\/site-1\\\/images\\\/1531\\\/pict_69_2.jpg&quot;,&quot;https:\\\/\\\/www.campingsannecy.com\\\/wp-content\\\/uploads\\\/gt-ws-thelis\\\/site-1\\\/images\\\/1531\\\/pict_69_1.jpg&quot;,&quot;https:\\\/\\\/www.campingsannecy.com\\\/wp-content\\\/uploads\\\/gt-ws-thelis\\\/site-1\\\/images\\\/1531\\\/pict_69_4.jpg&quot;,&quot;https:\\\/\\\/www.campingsannecy.com\\\/wp-content\\\/uploads\\\/gt-ws-thelis\\\/site-1\\\/images\\\/1531\\\/pict_69_5.jpg&quot;,&quot;https:\\\/\\\/www.campingsannecy.com\\\/wp-content\\\/uploads\\\/gt-ws-thelis\\\/site-1\\\/images\\\/1531\\\/pict_69_3.jpg&quot;]'\n    data-wp-context='{\"images\":[\"https:\\\/\\\/www.campingsannecy.com\\\/wp-content\\\/uploads\\\/gt-ws-thelis\\\/site-1\\\/images\\\/1531\\\/pict_69_2.jpg\",\"https:\\\/\\\/www.campingsannecy.com\\\/wp-content\\\/uploads\\\/gt-ws-thelis\\\/site-1\\\/images\\\/1531\\\/pict_69_1.jpg\",\"https:\\\/\\\/www.campingsannecy.com\\\/wp-content\\\/uploads\\\/gt-ws-thelis\\\/site-1\\\/images\\\/1531\\\/pict_69_4.jpg\",\"https:\\\/\\\/www.campingsannecy.com\\\/wp-content\\\/uploads\\\/gt-ws-thelis\\\/site-1\\\/images\\\/1531\\\/pict_69_5.jpg\",\"https:\\\/\\\/www.campingsannecy.com\\\/wp-content\\\/uploads\\\/gt-ws-thelis\\\/site-1\\\/images\\\/1531\\\/pict_69_3.jpg\"],\"jsonConfig\":{\"speed\":400,\"spaceBetween\":16,\"slidesPerView\":1,\"createElements\":true,\"loop\":true,\"freemode\":true,\"navigation\":{\"nextEl\":\"buttonNext\",\"prevEl\":\"buttonPrev\"},\"breakpoints\":{\"0\":{\"slidesPerView\":1},\"380\":[],\"1024\":[]},\"pagination\":false},\"sliderId\":\"69f58849a557c\"}'>\n            <div \n            id=\"69f58849a557c\"\n            class=\"gt-ws-thelis-is-slider swiper\" \n            data-swiper='{\"speed\":400,\"spaceBetween\":16,\"slidesPerView\":1,\"createElements\":true,\"loop\":true,\"freemode\":true,\"navigation\":{\"nextEl\":\"buttonNext\",\"prevEl\":\"buttonPrev\"},\"breakpoints\":{\"0\":{\"slidesPerView\":1},\"380\":[],\"1024\":[]},\"pagination\":false}'\n            data-wp-key=\"71757218bbc90af0991b4c3b8c59359dab75b\"\n            data-wp-run=\"callbacks.resetSwiper\"\n            data-wp-on--mouseover=\"callbacks.resetSwiper\"\n        >\n        <div class=\"swiper-wrapper\">\n                \n            \n            \n\n            <figure \n                class=\"wp-block-image swiper-slide\" \n                data-image-index=\"0\"\n            >\n                                    <img decoding=\"async\" \n                                                    style=\"aspect-ratio: 4\/3\" \n                                                src=\"https:\/\/www.campingsannecy.com\/wp-content\/uploads\/gt-ws-thelis\/site-1\/images\/1531\/pict_69_1.jpg\" \n                        alt=\"Staanplaats ** met priv\u00e9 sanitair\"\n                        loading=\"lazy\"\n                    >\n                                <\/figure>\n\n            \n        \n            \n            \n\n            <figure \n                class=\"wp-block-image swiper-slide\" \n                data-image-index=\"1\"\n            >\n                                    <img decoding=\"async\" \n                                                    style=\"aspect-ratio: 4\/3\" \n                                                src=\"https:\/\/www.campingsannecy.com\/wp-content\/uploads\/gt-ws-thelis\/site-1\/images\/1531\/pict_69_2.jpg\" \n                        alt=\"Staanplaats ** met priv\u00e9 sanitair\"\n                        loading=\"lazy\"\n                    >\n                                <\/figure>\n\n            \n        \n            \n            \n\n            <figure \n                class=\"wp-block-image swiper-slide\" \n                data-image-index=\"2\"\n            >\n                                    <img decoding=\"async\" \n                                                    style=\"aspect-ratio: 4\/3\" \n                                                src=\"https:\/\/www.campingsannecy.com\/wp-content\/uploads\/gt-ws-thelis\/site-1\/images\/1531\/pict_69_3.jpg\" \n                        alt=\"Staanplaats ** met priv\u00e9 sanitair\"\n                        loading=\"lazy\"\n                    >\n                                <\/figure>\n\n            \n        \n            \n            \n\n            <figure \n                class=\"wp-block-image swiper-slide\" \n                data-image-index=\"3\"\n            >\n                                    <img decoding=\"async\" \n                                                    style=\"aspect-ratio: 4\/3\" \n                                                src=\"https:\/\/www.campingsannecy.com\/wp-content\/uploads\/gt-ws-thelis\/site-1\/images\/1531\/pict_69_4.jpg\" \n                        alt=\"Staanplaats ** met priv\u00e9 sanitair\"\n                        loading=\"lazy\"\n                    >\n                                <\/figure>\n\n            \n        \n            \n            \n\n            <figure \n                class=\"wp-block-image swiper-slide\" \n                data-image-index=\"4\"\n            >\n                                    <img decoding=\"async\" \n                                                    style=\"aspect-ratio: 4\/3\" \n                                                src=\"https:\/\/www.campingsannecy.com\/wp-content\/uploads\/gt-ws-thelis\/site-1\/images\/1531\/pict_69_5.jpg\" \n                        alt=\"Staanplaats ** met priv\u00e9 sanitair\"\n                        loading=\"lazy\"\n                    >\n                                <\/figure>\n\n            \n        \n        \n            <\/div>\n            <div class=\"swiper-pagination\"><\/div>\n            <div class=\"swiper-button-prev\"><\/div>\n            <div class=\"swiper-button-next\"><\/div>\n        <\/div>\n        <\/div>\n\n\n<div class=\"wp-block-group has-small-font-size is-layout-flow wp-block-group-is-layout-flow\">    \n\t<div\n\t\tclass=\"wp-block-gt-gt-ws-thelis-disponibilites\"\t\tdata-wp-interactive=\"gt\/thelis\"\n\t\tdata-wp-watch=\"actions.loadStays\"\n\t\tdata-wp-bind--data-gt-statut=\"state.statut\"\n\t\tdata-wp-key=\"69+1531-69f58849a577b\"\n\t\tdata-wp-context='{\"idsProduct\":\"69+1531\",\"idProduct\":\"69\",\"campingKey\":\"1531\",\"isIndisponible\":true}'\t>\n\n\t\t\t\t\t<div hidden class=\"gt-ws-thelis-spinner\" data-wp-bind--hidden=\"!state.isLoading\">\n\t\t\t\t<span class=\"loader\"><\/span>\n\t\t\t<\/div>\n\t\t\n\n\t\t<div data-wp-bind--hidden=\"state.isLoading\" class=\"gt-ws-thelis-disponibilite-wrap\">\n\n\t\t\t\t\t\t\t\t\t\t\t\t\t<div class=\"gt-ws-thelis-statut\" data-wp-text=\"state.titre\"><\/div>\n\t\t\t\t\t\t\t\t\n\t\t\t\n\t\t\t\n\t\t\t\n\t\t\t\n\t\t<\/div>\n\n\t<\/div>\n\n    <\/div>\n\n\n\n<div class=\"wp-block-group content-acc has-global-padding is-layout-constrained wp-block-group-is-layout-constrained\">\n<div class=\"wp-block-gt-gt-ws-thelis-product-camping\">\n    Yelloh! Village - Les Fontaines<\/div>\n\n\n<p style=\"font-size:clamp(0.984rem, 0.984rem + ((1vw - 0.2rem) * 0.671), 1.5rem);text-transform:uppercase;\" class=\"wp-elements-c7f20d0215fbda8b1273390b73f3ba94 wp-block-gt-gt-ws-thelis-product-name has-text-color has-custom-color-2-color has-righteous-font-family\">\n    Staanplaats met priv\u00e9 sanitair<\/p>\n\n\n\n<div class=\"wp-block-group is-content-justification-center is-layout-flex wp-container-core-group-is-layout-200d3eee wp-block-group-is-layout-flex\" style=\"font-size:0.7rem\">\n\n\n\n\n\n\n<div class=\"wp-block-gt-gt-ws-thelis-product-capacity\">\n        6               persoon\/personen    <\/div><\/div>\n\n\n\n<div data-swiper=\"{&quot;speed&quot;:400,&quot;spaceBetween&quot;:16,&quot;slidesPerView&quot;:3,&quot;createElements&quot;:false,&quot;loop&quot;:true,&quot;freemode&quot;:true,&quot;breakpoints&quot;:{&quot;0&quot;:{&quot;slidesPerView&quot;:1},&quot;380&quot;:{&quot;slidesPerView&quot;:2},&quot;1024&quot;:{&quot;slidesPerView&quot;:3}},&quot;navigation&quot;:false,&quot;pagination&quot;:false,&quot;autoplay&quot;:{&quot;delay&quot;:3000}}\" class=\"wp-block-group criterion-container gt-is-slider gt-is-slider-desktop is-nowrap is-layout-flex wp-container-core-group-is-layout-6c531013 wp-block-group-is-layout-flex\">\n\n\n\n\n\n\n\n\n\n\n\n\n\n\n\n<\/div>\n\n\n\n<div class=\"wp-block-group is-content-justification-space-between is-nowrap is-layout-flex wp-container-core-group-is-layout-cb46ffcb wp-block-group-is-layout-flex\">    \n\t<div\n\t\tclass=\"price-content wp-block-gt-gt-ws-thelis-disponibilites\"\t\tdata-wp-interactive=\"gt\/thelis\"\n\t\tdata-wp-watch=\"actions.loadStays\"\n\t\tdata-wp-bind--data-gt-statut=\"state.statut\"\n\t\tdata-wp-key=\"69+1531-69f58849a5e1e\"\n\t\tdata-wp-context='{\"idsProduct\":\"69+1531\",\"idProduct\":\"69\",\"campingKey\":\"1531\",\"isIndisponible\":true}'\t>\n\n\t\t\n\n\t\t<div data-wp-bind--hidden=\"state.isLoading\" class=\"gt-ws-thelis-disponibilite-wrap\">\n\n\t\t\t\n\t\t\t\t\t\n\t\t\t\t<div hidden \n\t\t\t\t\tclass=\"gt-ws-thelis__disponibilite__price\"\n\t\t\t\t\tdata-wp-bind--hidden=\"!state.price\"\n\t\t\t\t>\n\t\t\t\t\t<span>Vanaf <\/span>\n\t\t\t\t\t<span hidden class=\"gt-ws-thelis__disponibilite__price__original\" data-wp-bind--hidden=\"!state.hasPromo\">\n\t\t\t\t\t\t<strike><span data-wp-text=\"state.originalPrice\"><\/span>\u20ac<\/strike>\n\t\t\t\t\t<\/span>\n\t\t\t\t\t<span class=\"gt-ws-thelis__disponibilite__price__discounted\">\n\t\t\t\t\t\t<span data-wp-bind--data-gt-price=\"state.price\" class=\"gt-ws-thelis-data-price\" data-wp-text=\"state.price\"><\/span>\u20ac\n\t\t\t\t\t<\/span>\n\t\t\t\t<\/div>\n\t\t\t\n\t\t\t\n\t\t\t\n\t\t\t\n\t\t<\/div>\n\n\t<\/div>\n\n    \n\n\n<p class=\"wp-block-lire-more\">Ontdek<\/p>\n<\/div>\n<\/div>\n\n<\/li><li data-gt-camping=\"5006\" data-gt-capacity=\"6\" data-gt-criterions=\"&quot;[17,45,2207,16]&quot;\" data-gt-gammes=\"88\" data-gt-post-id=\"60916\" data-gt-types=\"Emplacement\" data-gt-ws-camping=\"5006\" data-wp-key=\"69f58849aec79\" class=\"wp-block-post post-60916 hebergement type-hebergement status-publish hentry gamme-2-bloemen\">\n\n<div \n    class=\"wp-block-gt-gt-ws-thelis-product-images\"    data-wp-interactive=\"gt\/thelis\/hebergement\/image\"\n    data-gallery-images='[&quot;https:\\\/\\\/www.campingsannecy.com\\\/wp-content\\\/uploads\\\/gt-ws-thelis\\\/site-1\\\/images\\\/5006\\\/pict_26_3.jpg&quot;,&quot;https:\\\/\\\/www.campingsannecy.com\\\/wp-content\\\/uploads\\\/gt-ws-thelis\\\/site-1\\\/images\\\/5006\\\/pict_26_1.jpg&quot;,&quot;https:\\\/\\\/www.campingsannecy.com\\\/wp-content\\\/uploads\\\/gt-ws-thelis\\\/site-1\\\/images\\\/5006\\\/pict_26_2.jpg&quot;,&quot;https:\\\/\\\/www.campingsannecy.com\\\/wp-content\\\/uploads\\\/gt-ws-thelis\\\/site-1\\\/images\\\/5006\\\/pict_26_4.jpg&quot;]'\n    data-wp-context='{\"images\":[\"https:\\\/\\\/www.campingsannecy.com\\\/wp-content\\\/uploads\\\/gt-ws-thelis\\\/site-1\\\/images\\\/5006\\\/pict_26_3.jpg\",\"https:\\\/\\\/www.campingsannecy.com\\\/wp-content\\\/uploads\\\/gt-ws-thelis\\\/site-1\\\/images\\\/5006\\\/pict_26_1.jpg\",\"https:\\\/\\\/www.campingsannecy.com\\\/wp-content\\\/uploads\\\/gt-ws-thelis\\\/site-1\\\/images\\\/5006\\\/pict_26_2.jpg\",\"https:\\\/\\\/www.campingsannecy.com\\\/wp-content\\\/uploads\\\/gt-ws-thelis\\\/site-1\\\/images\\\/5006\\\/pict_26_4.jpg\"],\"jsonConfig\":{\"speed\":400,\"spaceBetween\":16,\"slidesPerView\":1,\"createElements\":true,\"loop\":true,\"freemode\":true,\"navigation\":{\"nextEl\":\"buttonNext\",\"prevEl\":\"buttonPrev\"},\"breakpoints\":{\"0\":{\"slidesPerView\":1},\"380\":[],\"1024\":[]},\"pagination\":false},\"sliderId\":\"69f58849a6093\"}'>\n            <div \n            id=\"69f58849a6093\"\n            class=\"gt-ws-thelis-is-slider swiper\" \n            data-swiper='{\"speed\":400,\"spaceBetween\":16,\"slidesPerView\":1,\"createElements\":true,\"loop\":true,\"freemode\":true,\"navigation\":{\"nextEl\":\"buttonNext\",\"prevEl\":\"buttonPrev\"},\"breakpoints\":{\"0\":{\"slidesPerView\":1},\"380\":[],\"1024\":[]},\"pagination\":false}'\n            data-wp-key=\"60916218bbc90af0991b4c3b8c59359dab75b\"\n            data-wp-run=\"callbacks.resetSwiper\"\n            data-wp-on--mouseover=\"callbacks.resetSwiper\"\n        >\n        <div class=\"swiper-wrapper\">\n                \n            \n            \n\n            <figure \n                class=\"wp-block-image swiper-slide\" \n                data-image-index=\"0\"\n            >\n                                    <img decoding=\"async\" \n                                                    style=\"aspect-ratio: 4\/3\" \n                                                src=\"https:\/\/www.campingsannecy.com\/wp-content\/uploads\/gt-ws-thelis\/site-1\/images\/5006\/pict_26_1.jpg\" \n                        alt=\"Staanplaats ** Tent\"\n                        loading=\"lazy\"\n                    >\n                                <\/figure>\n\n            \n        \n            \n            \n\n            <figure \n                class=\"wp-block-image swiper-slide\" \n                data-image-index=\"1\"\n            >\n                                    <img decoding=\"async\" \n                                                    style=\"aspect-ratio: 4\/3\" \n                                                src=\"https:\/\/www.campingsannecy.com\/wp-content\/uploads\/gt-ws-thelis\/site-1\/images\/5006\/pict_26_2.jpg\" \n                        alt=\"Staanplaats ** Tent\"\n                        loading=\"lazy\"\n                    >\n                                <\/figure>\n\n            \n        \n            \n            \n\n            <figure \n                class=\"wp-block-image swiper-slide\" \n                data-image-index=\"2\"\n            >\n                                    <img decoding=\"async\" \n                                                    style=\"aspect-ratio: 4\/3\" \n                                                src=\"https:\/\/www.campingsannecy.com\/wp-content\/uploads\/gt-ws-thelis\/site-1\/images\/5006\/pict_26_3.jpg\" \n                        alt=\"Staanplaats ** Tent\"\n                        loading=\"lazy\"\n                    >\n                                <\/figure>\n\n            \n        \n            \n            \n\n            <figure \n                class=\"wp-block-image swiper-slide\" \n                data-image-index=\"3\"\n            >\n                                    <img decoding=\"async\" \n                                                    style=\"aspect-ratio: 4\/3\" \n                                                src=\"https:\/\/www.campingsannecy.com\/wp-content\/uploads\/gt-ws-thelis\/site-1\/images\/5006\/pict_26_4.jpg\" \n                        alt=\"Staanplaats ** Tent\"\n                        loading=\"lazy\"\n                    >\n                                <\/figure>\n\n            \n        \n        \n            <\/div>\n            <div class=\"swiper-pagination\"><\/div>\n            <div class=\"swiper-button-prev\"><\/div>\n            <div class=\"swiper-button-next\"><\/div>\n        <\/div>\n        <\/div>\n\n\n<div class=\"wp-block-group has-small-font-size is-layout-flow wp-block-group-is-layout-flow\">    \n\t<div\n\t\tclass=\"wp-block-gt-gt-ws-thelis-disponibilites\"\t\tdata-wp-interactive=\"gt\/thelis\"\n\t\tdata-wp-watch=\"actions.loadStays\"\n\t\tdata-wp-bind--data-gt-statut=\"state.statut\"\n\t\tdata-wp-key=\"26+5006-69f58849a625e\"\n\t\tdata-wp-context='{\"idsProduct\":\"26+5006\",\"idProduct\":\"26\",\"campingKey\":\"5006\",\"isIndisponible\":true}'\t>\n\n\t\t\t\t\t<div hidden class=\"gt-ws-thelis-spinner\" data-wp-bind--hidden=\"!state.isLoading\">\n\t\t\t\t<span class=\"loader\"><\/span>\n\t\t\t<\/div>\n\t\t\n\n\t\t<div data-wp-bind--hidden=\"state.isLoading\" class=\"gt-ws-thelis-disponibilite-wrap\">\n\n\t\t\t\t\t\t\t\t\t\t\t\t\t<div class=\"gt-ws-thelis-statut\" data-wp-text=\"state.titre\"><\/div>\n\t\t\t\t\t\t\t\t\n\t\t\t\n\t\t\t\n\t\t\t\n\t\t\t\n\t\t<\/div>\n\n\t<\/div>\n\n    <\/div>\n\n\n\n<div class=\"wp-block-group content-acc has-global-padding is-layout-constrained wp-block-group-is-layout-constrained\">\n<div class=\"wp-block-gt-gt-ws-thelis-product-camping\">\n    Yelloh! Village - La Ravoire<\/div>\n\n\n<p style=\"font-size:clamp(0.984rem, 0.984rem + ((1vw - 0.2rem) * 0.671), 1.5rem);text-transform:uppercase;\" class=\"wp-elements-c7f20d0215fbda8b1273390b73f3ba94 wp-block-gt-gt-ws-thelis-product-name has-text-color has-custom-color-2-color has-righteous-font-family\">\n    Staanplaats Tent<\/p>\n\n\n\n<div class=\"wp-block-group is-content-justification-center is-layout-flex wp-container-core-group-is-layout-200d3eee wp-block-group-is-layout-flex\" style=\"font-size:0.7rem\">\n\n\n\n\n\n\n<div class=\"wp-block-gt-gt-ws-thelis-product-capacity\">\n        6               persoon\/personen    <\/div><\/div>\n\n\n\n<div data-swiper=\"{&quot;speed&quot;:400,&quot;spaceBetween&quot;:16,&quot;slidesPerView&quot;:3,&quot;createElements&quot;:false,&quot;loop&quot;:true,&quot;freemode&quot;:true,&quot;breakpoints&quot;:{&quot;0&quot;:{&quot;slidesPerView&quot;:1},&quot;380&quot;:{&quot;slidesPerView&quot;:2},&quot;1024&quot;:{&quot;slidesPerView&quot;:3}},&quot;navigation&quot;:false,&quot;pagination&quot;:false,&quot;autoplay&quot;:{&quot;delay&quot;:3000}}\" class=\"wp-block-group criterion-container gt-is-slider gt-is-slider-desktop is-nowrap is-layout-flex wp-container-core-group-is-layout-6c531013 wp-block-group-is-layout-flex\">\n\n\n\n\n\n\n\n\n\n\n\n\n\n\n\n<\/div>\n\n\n\n<div class=\"wp-block-group is-content-justification-space-between is-nowrap is-layout-flex wp-container-core-group-is-layout-cb46ffcb wp-block-group-is-layout-flex\">    \n\t<div\n\t\tclass=\"price-content wp-block-gt-gt-ws-thelis-disponibilites\"\t\tdata-wp-interactive=\"gt\/thelis\"\n\t\tdata-wp-watch=\"actions.loadStays\"\n\t\tdata-wp-bind--data-gt-statut=\"state.statut\"\n\t\tdata-wp-key=\"26+5006-69f58849a693c\"\n\t\tdata-wp-context='{\"idsProduct\":\"26+5006\",\"idProduct\":\"26\",\"campingKey\":\"5006\",\"isIndisponible\":true}'\t>\n\n\t\t\n\n\t\t<div data-wp-bind--hidden=\"state.isLoading\" class=\"gt-ws-thelis-disponibilite-wrap\">\n\n\t\t\t\n\t\t\t\t\t\n\t\t\t\t<div hidden \n\t\t\t\t\tclass=\"gt-ws-thelis__disponibilite__price\"\n\t\t\t\t\tdata-wp-bind--hidden=\"!state.price\"\n\t\t\t\t>\n\t\t\t\t\t<span>Vanaf <\/span>\n\t\t\t\t\t<span hidden class=\"gt-ws-thelis__disponibilite__price__original\" data-wp-bind--hidden=\"!state.hasPromo\">\n\t\t\t\t\t\t<strike><span data-wp-text=\"state.originalPrice\"><\/span>\u20ac<\/strike>\n\t\t\t\t\t<\/span>\n\t\t\t\t\t<span class=\"gt-ws-thelis__disponibilite__price__discounted\">\n\t\t\t\t\t\t<span data-wp-bind--data-gt-price=\"state.price\" class=\"gt-ws-thelis-data-price\" data-wp-text=\"state.price\"><\/span>\u20ac\n\t\t\t\t\t<\/span>\n\t\t\t\t<\/div>\n\t\t\t\n\t\t\t\n\t\t\t\n\t\t\t\n\t\t<\/div>\n\n\t<\/div>\n\n    \n\n\n<p class=\"wp-block-lire-more\">Ontdek<\/p>\n<\/div>\n<\/div>\n\n<\/li><li data-gt-camping=\"5006\" data-gt-capacity=\"6\" data-gt-criterions=\"&quot;[17,45,2207,16,2208]&quot;\" data-gt-gammes=\"88\" data-gt-post-id=\"1920\" data-gt-types=\"Emplacement\" data-gt-ws-camping=\"5006\" data-wp-key=\"69f58849aeeb9\" class=\"wp-block-post post-1920 hebergement type-hebergement status-publish hentry gamme-2-bloemen\">\n\n<div \n    class=\"wp-block-gt-gt-ws-thelis-product-images\"    data-wp-interactive=\"gt\/thelis\/hebergement\/image\"\n    data-gallery-images='[&quot;https:\\\/\\\/www.campingsannecy.com\\\/wp-content\\\/uploads\\\/gt-ws-thelis\\\/site-1\\\/images\\\/5006\\\/pict_25_3.jpg&quot;,&quot;https:\\\/\\\/www.campingsannecy.com\\\/wp-content\\\/uploads\\\/gt-ws-thelis\\\/site-1\\\/images\\\/5006\\\/pict_25_2.jpg&quot;,&quot;https:\\\/\\\/www.campingsannecy.com\\\/wp-content\\\/uploads\\\/gt-ws-thelis\\\/site-1\\\/images\\\/5006\\\/pict_25_1.jpg&quot;,&quot;https:\\\/\\\/www.campingsannecy.com\\\/wp-content\\\/uploads\\\/gt-ws-thelis\\\/site-1\\\/images\\\/5006\\\/pict_25_4.jpg&quot;]'\n    data-wp-context='{\"images\":[\"https:\\\/\\\/www.campingsannecy.com\\\/wp-content\\\/uploads\\\/gt-ws-thelis\\\/site-1\\\/images\\\/5006\\\/pict_25_3.jpg\",\"https:\\\/\\\/www.campingsannecy.com\\\/wp-content\\\/uploads\\\/gt-ws-thelis\\\/site-1\\\/images\\\/5006\\\/pict_25_2.jpg\",\"https:\\\/\\\/www.campingsannecy.com\\\/wp-content\\\/uploads\\\/gt-ws-thelis\\\/site-1\\\/images\\\/5006\\\/pict_25_1.jpg\",\"https:\\\/\\\/www.campingsannecy.com\\\/wp-content\\\/uploads\\\/gt-ws-thelis\\\/site-1\\\/images\\\/5006\\\/pict_25_4.jpg\"],\"jsonConfig\":{\"speed\":400,\"spaceBetween\":16,\"slidesPerView\":1,\"createElements\":true,\"loop\":true,\"freemode\":true,\"navigation\":{\"nextEl\":\"buttonNext\",\"prevEl\":\"buttonPrev\"},\"breakpoints\":{\"0\":{\"slidesPerView\":1},\"380\":[],\"1024\":[]},\"pagination\":false},\"sliderId\":\"69f58849a6bc3\"}'>\n            <div \n            id=\"69f58849a6bc3\"\n            class=\"gt-ws-thelis-is-slider swiper\" \n            data-swiper='{\"speed\":400,\"spaceBetween\":16,\"slidesPerView\":1,\"createElements\":true,\"loop\":true,\"freemode\":true,\"navigation\":{\"nextEl\":\"buttonNext\",\"prevEl\":\"buttonPrev\"},\"breakpoints\":{\"0\":{\"slidesPerView\":1},\"380\":[],\"1024\":[]},\"pagination\":false}'\n            data-wp-key=\"1920218bbc90af0991b4c3b8c59359dab75b\"\n            data-wp-run=\"callbacks.resetSwiper\"\n            data-wp-on--mouseover=\"callbacks.resetSwiper\"\n        >\n        <div class=\"swiper-wrapper\">\n                \n            \n            \n\n            <figure \n                class=\"wp-block-image swiper-slide\" \n                data-image-index=\"0\"\n            >\n                                    <img decoding=\"async\" \n                                                    style=\"aspect-ratio: 4\/3\" \n                                                src=\"https:\/\/www.campingsannecy.com\/wp-content\/uploads\/gt-ws-thelis\/site-1\/images\/5006\/pict_25_1.jpg\" \n                        alt=\"Staanplaats ** water + Wateraansluiting\"\n                        loading=\"lazy\"\n                    >\n                                <\/figure>\n\n            \n        \n            \n            \n\n            <figure \n                class=\"wp-block-image swiper-slide\" \n                data-image-index=\"1\"\n            >\n                                    <img decoding=\"async\" \n                                                    style=\"aspect-ratio: 4\/3\" \n                                                src=\"https:\/\/www.campingsannecy.com\/wp-content\/uploads\/gt-ws-thelis\/site-1\/images\/5006\/pict_25_2.jpg\" \n                        alt=\"Staanplaats ** water + Wateraansluiting\"\n                        loading=\"lazy\"\n                    >\n                                <\/figure>\n\n            \n        \n            \n            \n\n            <figure \n                class=\"wp-block-image swiper-slide\" \n                data-image-index=\"2\"\n            >\n                                    <img decoding=\"async\" \n                                                    style=\"aspect-ratio: 4\/3\" \n                                                src=\"https:\/\/www.campingsannecy.com\/wp-content\/uploads\/gt-ws-thelis\/site-1\/images\/5006\/pict_25_3.jpg\" \n                        alt=\"Staanplaats ** water + Wateraansluiting\"\n                        loading=\"lazy\"\n                    >\n                                <\/figure>\n\n            \n        \n            \n            \n\n            <figure \n                class=\"wp-block-image swiper-slide\" \n                data-image-index=\"3\"\n            >\n                                    <img decoding=\"async\" \n                                                    style=\"aspect-ratio: 4\/3\" \n                                                src=\"https:\/\/www.campingsannecy.com\/wp-content\/uploads\/gt-ws-thelis\/site-1\/images\/5006\/pict_25_4.jpg\" \n                        alt=\"Staanplaats ** water + Wateraansluiting\"\n                        loading=\"lazy\"\n                    >\n                                <\/figure>\n\n            \n        \n        \n            <\/div>\n            <div class=\"swiper-pagination\"><\/div>\n            <div class=\"swiper-button-prev\"><\/div>\n            <div class=\"swiper-button-next\"><\/div>\n        <\/div>\n        <\/div>\n\n\n<div class=\"wp-block-group has-small-font-size is-layout-flow wp-block-group-is-layout-flow\">    \n\t<div\n\t\tclass=\"wp-block-gt-gt-ws-thelis-disponibilites\"\t\tdata-wp-interactive=\"gt\/thelis\"\n\t\tdata-wp-watch=\"actions.loadStays\"\n\t\tdata-wp-bind--data-gt-statut=\"state.statut\"\n\t\tdata-wp-key=\"25+5006-69f58849a6d8d\"\n\t\tdata-wp-context='{\"idsProduct\":\"25+5006\",\"idProduct\":\"25\",\"campingKey\":\"5006\",\"isIndisponible\":true}'\t>\n\n\t\t\t\t\t<div hidden class=\"gt-ws-thelis-spinner\" data-wp-bind--hidden=\"!state.isLoading\">\n\t\t\t\t<span class=\"loader\"><\/span>\n\t\t\t<\/div>\n\t\t\n\n\t\t<div data-wp-bind--hidden=\"state.isLoading\" class=\"gt-ws-thelis-disponibilite-wrap\">\n\n\t\t\t\t\t\t\t\t\t\t\t\t\t<div class=\"gt-ws-thelis-statut\" data-wp-text=\"state.titre\"><\/div>\n\t\t\t\t\t\t\t\t\n\t\t\t\n\t\t\t\n\t\t\t\n\t\t\t\n\t\t<\/div>\n\n\t<\/div>\n\n    <\/div>\n\n\n\n<div class=\"wp-block-group content-acc has-global-padding is-layout-constrained wp-block-group-is-layout-constrained\">\n<div class=\"wp-block-gt-gt-ws-thelis-product-camping\">\n    Yelloh! Village - La Ravoire<\/div>\n\n\n<p style=\"font-size:clamp(0.984rem, 0.984rem + ((1vw - 0.2rem) * 0.671), 1.5rem);text-transform:uppercase;\" class=\"wp-elements-c7f20d0215fbda8b1273390b73f3ba94 wp-block-gt-gt-ws-thelis-product-name has-text-color has-custom-color-2-color has-righteous-font-family\">\n    Staanplaats water + Wateraansluiting<\/p>\n\n\n\n<div class=\"wp-block-group is-content-justification-center is-layout-flex wp-container-core-group-is-layout-200d3eee wp-block-group-is-layout-flex\" style=\"font-size:0.7rem\">\n\n\n\n\n\n\n<div class=\"wp-block-gt-gt-ws-thelis-product-capacity\">\n        6               persoon\/personen    <\/div><\/div>\n\n\n\n<div data-swiper=\"{&quot;speed&quot;:400,&quot;spaceBetween&quot;:16,&quot;slidesPerView&quot;:3,&quot;createElements&quot;:false,&quot;loop&quot;:true,&quot;freemode&quot;:true,&quot;breakpoints&quot;:{&quot;0&quot;:{&quot;slidesPerView&quot;:1},&quot;380&quot;:{&quot;slidesPerView&quot;:2},&quot;1024&quot;:{&quot;slidesPerView&quot;:3}},&quot;navigation&quot;:false,&quot;pagination&quot;:false,&quot;autoplay&quot;:{&quot;delay&quot;:3000}}\" class=\"wp-block-group criterion-container gt-is-slider gt-is-slider-desktop is-nowrap is-layout-flex wp-container-core-group-is-layout-6c531013 wp-block-group-is-layout-flex\">\n\n\n\n\n\n\n\n\n\n\n\n\n\n\n\n<\/div>\n\n\n\n<div class=\"wp-block-group is-content-justification-space-between is-nowrap is-layout-flex wp-container-core-group-is-layout-cb46ffcb wp-block-group-is-layout-flex\">    \n\t<div\n\t\tclass=\"price-content wp-block-gt-gt-ws-thelis-disponibilites\"\t\tdata-wp-interactive=\"gt\/thelis\"\n\t\tdata-wp-watch=\"actions.loadStays\"\n\t\tdata-wp-bind--data-gt-statut=\"state.statut\"\n\t\tdata-wp-key=\"25+5006-69f58849a73fc\"\n\t\tdata-wp-context='{\"idsProduct\":\"25+5006\",\"idProduct\":\"25\",\"campingKey\":\"5006\",\"isIndisponible\":true}'\t>\n\n\t\t\n\n\t\t<div data-wp-bind--hidden=\"state.isLoading\" class=\"gt-ws-thelis-disponibilite-wrap\">\n\n\t\t\t\n\t\t\t\t\t\n\t\t\t\t<div hidden \n\t\t\t\t\tclass=\"gt-ws-thelis__disponibilite__price\"\n\t\t\t\t\tdata-wp-bind--hidden=\"!state.price\"\n\t\t\t\t>\n\t\t\t\t\t<span>Vanaf <\/span>\n\t\t\t\t\t<span hidden class=\"gt-ws-thelis__disponibilite__price__original\" data-wp-bind--hidden=\"!state.hasPromo\">\n\t\t\t\t\t\t<strike><span data-wp-text=\"state.originalPrice\"><\/span>\u20ac<\/strike>\n\t\t\t\t\t<\/span>\n\t\t\t\t\t<span class=\"gt-ws-thelis__disponibilite__price__discounted\">\n\t\t\t\t\t\t<span data-wp-bind--data-gt-price=\"state.price\" class=\"gt-ws-thelis-data-price\" data-wp-text=\"state.price\"><\/span>\u20ac\n\t\t\t\t\t<\/span>\n\t\t\t\t<\/div>\n\t\t\t\n\t\t\t\n\t\t\t\n\t\t\t\n\t\t<\/div>\n\n\t<\/div>\n\n    \n\n\n<p class=\"wp-block-lire-more\">Ontdek<\/p>\n<\/div>\n<\/div>\n\n<\/li><li data-gt-camping=\"5006\" data-gt-capacity=\"6\" data-gt-criterions=\"&quot;[17,45,2207,16]&quot;\" data-gt-gammes=\"88\" data-gt-post-id=\"1922\" data-gt-types=\"Emplacement\" data-gt-ws-camping=\"5006\" data-wp-key=\"69f58849af0aa\" class=\"wp-block-post post-1922 hebergement type-hebergement status-publish hentry gamme-2-bloemen\">\n\n<div \n    class=\"wp-block-gt-gt-ws-thelis-product-images\"    data-wp-interactive=\"gt\/thelis\/hebergement\/image\"\n    data-gallery-images='[&quot;https:\\\/\\\/www.campingsannecy.com\\\/wp-content\\\/uploads\\\/gt-ws-thelis\\\/site-1\\\/images\\\/5006\\\/pict_24_4.jpg&quot;,&quot;https:\\\/\\\/www.campingsannecy.com\\\/wp-content\\\/uploads\\\/gt-ws-thelis\\\/site-1\\\/images\\\/5006\\\/pict_24_2.jpg&quot;,&quot;https:\\\/\\\/www.campingsannecy.com\\\/wp-content\\\/uploads\\\/gt-ws-thelis\\\/site-1\\\/images\\\/5006\\\/pict_24_3.jpg&quot;,&quot;https:\\\/\\\/www.campingsannecy.com\\\/wp-content\\\/uploads\\\/gt-ws-thelis\\\/site-1\\\/images\\\/5006\\\/pict_24_1.jpg&quot;]'\n    data-wp-context='{\"images\":[\"https:\\\/\\\/www.campingsannecy.com\\\/wp-content\\\/uploads\\\/gt-ws-thelis\\\/site-1\\\/images\\\/5006\\\/pict_24_4.jpg\",\"https:\\\/\\\/www.campingsannecy.com\\\/wp-content\\\/uploads\\\/gt-ws-thelis\\\/site-1\\\/images\\\/5006\\\/pict_24_2.jpg\",\"https:\\\/\\\/www.campingsannecy.com\\\/wp-content\\\/uploads\\\/gt-ws-thelis\\\/site-1\\\/images\\\/5006\\\/pict_24_3.jpg\",\"https:\\\/\\\/www.campingsannecy.com\\\/wp-content\\\/uploads\\\/gt-ws-thelis\\\/site-1\\\/images\\\/5006\\\/pict_24_1.jpg\"],\"jsonConfig\":{\"speed\":400,\"spaceBetween\":16,\"slidesPerView\":1,\"createElements\":true,\"loop\":true,\"freemode\":true,\"navigation\":{\"nextEl\":\"buttonNext\",\"prevEl\":\"buttonPrev\"},\"breakpoints\":{\"0\":{\"slidesPerView\":1},\"380\":[],\"1024\":[]},\"pagination\":false},\"sliderId\":\"69f58849a7682\"}'>\n            <div \n            id=\"69f58849a7682\"\n            class=\"gt-ws-thelis-is-slider swiper\" \n            data-swiper='{\"speed\":400,\"spaceBetween\":16,\"slidesPerView\":1,\"createElements\":true,\"loop\":true,\"freemode\":true,\"navigation\":{\"nextEl\":\"buttonNext\",\"prevEl\":\"buttonPrev\"},\"breakpoints\":{\"0\":{\"slidesPerView\":1},\"380\":[],\"1024\":[]},\"pagination\":false}'\n            data-wp-key=\"1922218bbc90af0991b4c3b8c59359dab75b\"\n            data-wp-run=\"callbacks.resetSwiper\"\n            data-wp-on--mouseover=\"callbacks.resetSwiper\"\n        >\n        <div class=\"swiper-wrapper\">\n                \n            \n            \n\n            <figure \n                class=\"wp-block-image swiper-slide\" \n                data-image-index=\"0\"\n            >\n                                    <img decoding=\"async\" \n                                                    style=\"aspect-ratio: 4\/3\" \n                                                src=\"https:\/\/www.campingsannecy.com\/wp-content\/uploads\/gt-ws-thelis\/site-1\/images\/5006\/pict_24_1.jpg\" \n                        alt=\"Staanplaats **Klein Busje\"\n                        loading=\"lazy\"\n                    >\n                                <\/figure>\n\n            \n        \n            \n            \n\n            <figure \n                class=\"wp-block-image swiper-slide\" \n                data-image-index=\"1\"\n            >\n                                    <img decoding=\"async\" \n                                                    style=\"aspect-ratio: 4\/3\" \n                                                src=\"https:\/\/www.campingsannecy.com\/wp-content\/uploads\/gt-ws-thelis\/site-1\/images\/5006\/pict_24_2.jpg\" \n                        alt=\"Staanplaats **Klein Busje\"\n                        loading=\"lazy\"\n                    >\n                                <\/figure>\n\n            \n        \n            \n            \n\n            <figure \n                class=\"wp-block-image swiper-slide\" \n                data-image-index=\"2\"\n            >\n                                    <img decoding=\"async\" \n                                                    style=\"aspect-ratio: 4\/3\" \n                                                src=\"https:\/\/www.campingsannecy.com\/wp-content\/uploads\/gt-ws-thelis\/site-1\/images\/5006\/pict_24_3.jpg\" \n                        alt=\"Staanplaats **Klein Busje\"\n                        loading=\"lazy\"\n                    >\n                                <\/figure>\n\n            \n        \n            \n            \n\n            <figure \n                class=\"wp-block-image swiper-slide\" \n                data-image-index=\"3\"\n            >\n                                    <img decoding=\"async\" \n                                                    style=\"aspect-ratio: 4\/3\" \n                                                src=\"https:\/\/www.campingsannecy.com\/wp-content\/uploads\/gt-ws-thelis\/site-1\/images\/5006\/pict_24_4.jpg\" \n                        alt=\"Staanplaats **Klein Busje\"\n                        loading=\"lazy\"\n                    >\n                                <\/figure>\n\n            \n        \n        \n            <\/div>\n            <div class=\"swiper-pagination\"><\/div>\n            <div class=\"swiper-button-prev\"><\/div>\n            <div class=\"swiper-button-next\"><\/div>\n        <\/div>\n        <\/div>\n\n\n<div class=\"wp-block-group has-small-font-size is-layout-flow wp-block-group-is-layout-flow\">    \n\t<div\n\t\tclass=\"wp-block-gt-gt-ws-thelis-disponibilites\"\t\tdata-wp-interactive=\"gt\/thelis\"\n\t\tdata-wp-watch=\"actions.loadStays\"\n\t\tdata-wp-bind--data-gt-statut=\"state.statut\"\n\t\tdata-wp-key=\"24+5006-69f58849a7854\"\n\t\tdata-wp-context='{\"idsProduct\":\"24+5006\",\"idProduct\":\"24\",\"campingKey\":\"5006\",\"isIndisponible\":true}'\t>\n\n\t\t\t\t\t<div hidden class=\"gt-ws-thelis-spinner\" data-wp-bind--hidden=\"!state.isLoading\">\n\t\t\t\t<span class=\"loader\"><\/span>\n\t\t\t<\/div>\n\t\t\n\n\t\t<div data-wp-bind--hidden=\"state.isLoading\" class=\"gt-ws-thelis-disponibilite-wrap\">\n\n\t\t\t\t\t\t\t\t\t\t\t\t\t<div class=\"gt-ws-thelis-statut\" data-wp-text=\"state.titre\"><\/div>\n\t\t\t\t\t\t\t\t\n\t\t\t\n\t\t\t\n\t\t\t\n\t\t\t\n\t\t<\/div>\n\n\t<\/div>\n\n    <\/div>\n\n\n\n<div class=\"wp-block-group content-acc has-global-padding is-layout-constrained wp-block-group-is-layout-constrained\">\n<div class=\"wp-block-gt-gt-ws-thelis-product-camping\">\n    Yelloh! Village - La Ravoire<\/div>\n\n\n<p style=\"font-size:clamp(0.984rem, 0.984rem + ((1vw - 0.2rem) * 0.671), 1.5rem);text-transform:uppercase;\" class=\"wp-elements-c7f20d0215fbda8b1273390b73f3ba94 wp-block-gt-gt-ws-thelis-product-name has-text-color has-custom-color-2-color has-righteous-font-family\">\n    Staanplaats Klein Busje<\/p>\n\n\n\n<div class=\"wp-block-group is-content-justification-center is-layout-flex wp-container-core-group-is-layout-200d3eee wp-block-group-is-layout-flex\" style=\"font-size:0.7rem\">\n\n\n\n\n\n\n<div class=\"wp-block-gt-gt-ws-thelis-product-capacity\">\n        6               persoon\/personen    <\/div><\/div>\n\n\n\n<div data-swiper=\"{&quot;speed&quot;:400,&quot;spaceBetween&quot;:16,&quot;slidesPerView&quot;:3,&quot;createElements&quot;:false,&quot;loop&quot;:true,&quot;freemode&quot;:true,&quot;breakpoints&quot;:{&quot;0&quot;:{&quot;slidesPerView&quot;:1},&quot;380&quot;:{&quot;slidesPerView&quot;:2},&quot;1024&quot;:{&quot;slidesPerView&quot;:3}},&quot;navigation&quot;:false,&quot;pagination&quot;:false,&quot;autoplay&quot;:{&quot;delay&quot;:3000}}\" class=\"wp-block-group criterion-container gt-is-slider gt-is-slider-desktop is-nowrap is-layout-flex wp-container-core-group-is-layout-6c531013 wp-block-group-is-layout-flex\">\n\n\n\n\n\n\n\n\n\n\n\n\n\n\n\n<\/div>\n\n\n\n<div class=\"wp-block-group is-content-justification-space-between is-nowrap is-layout-flex wp-container-core-group-is-layout-cb46ffcb wp-block-group-is-layout-flex\">    \n\t<div\n\t\tclass=\"price-content wp-block-gt-gt-ws-thelis-disponibilites\"\t\tdata-wp-interactive=\"gt\/thelis\"\n\t\tdata-wp-watch=\"actions.loadStays\"\n\t\tdata-wp-bind--data-gt-statut=\"state.statut\"\n\t\tdata-wp-key=\"24+5006-69f58849a7ebb\"\n\t\tdata-wp-context='{\"idsProduct\":\"24+5006\",\"idProduct\":\"24\",\"campingKey\":\"5006\",\"isIndisponible\":true}'\t>\n\n\t\t\n\n\t\t<div data-wp-bind--hidden=\"state.isLoading\" class=\"gt-ws-thelis-disponibilite-wrap\">\n\n\t\t\t\n\t\t\t\t\t\n\t\t\t\t<div hidden \n\t\t\t\t\tclass=\"gt-ws-thelis__disponibilite__price\"\n\t\t\t\t\tdata-wp-bind--hidden=\"!state.price\"\n\t\t\t\t>\n\t\t\t\t\t<span>Vanaf <\/span>\n\t\t\t\t\t<span hidden class=\"gt-ws-thelis__disponibilite__price__original\" data-wp-bind--hidden=\"!state.hasPromo\">\n\t\t\t\t\t\t<strike><span data-wp-text=\"state.originalPrice\"><\/span>\u20ac<\/strike>\n\t\t\t\t\t<\/span>\n\t\t\t\t\t<span class=\"gt-ws-thelis__disponibilite__price__discounted\">\n\t\t\t\t\t\t<span data-wp-bind--data-gt-price=\"state.price\" class=\"gt-ws-thelis-data-price\" data-wp-text=\"state.price\"><\/span>\u20ac\n\t\t\t\t\t<\/span>\n\t\t\t\t<\/div>\n\t\t\t\n\t\t\t\n\t\t\t\n\t\t\t\n\t\t<\/div>\n\n\t<\/div>\n\n    \n\n\n<p class=\"wp-block-lire-more\">Ontdek<\/p>\n<\/div>\n<\/div>\n\n<\/li><li data-gt-camping=\"1531\" data-gt-capacity=\"4\" data-gt-criterions=\"&quot;[11,13]&quot;\" data-gt-gammes=\"88\" data-gt-post-id=\"1900\" data-gt-rooms=\"2\" data-gt-surfaces=\"16\" data-gt-types=\"Tente meubl\u00e9e,location\" data-gt-ws-camping=\"1531\" data-wp-key=\"69f58849af2b1\" class=\"wp-block-post post-1900 hebergement type-hebergement status-publish hentry gamme-2-bloemen\">\n\n<div \n    class=\"wp-block-gt-gt-ws-thelis-product-images\"    data-wp-interactive=\"gt\/thelis\/hebergement\/image\"\n    data-gallery-images='[&quot;https:\\\/\\\/www.campingsannecy.com\\\/wp-content\\\/uploads\\\/gt-ws-thelis\\\/site-1\\\/images\\\/1531\\\/pict_55_4.jpg&quot;,&quot;https:\\\/\\\/www.campingsannecy.com\\\/wp-content\\\/uploads\\\/gt-ws-thelis\\\/site-1\\\/images\\\/1531\\\/pict_55_1.jpg&quot;,&quot;https:\\\/\\\/www.campingsannecy.com\\\/wp-content\\\/uploads\\\/gt-ws-thelis\\\/site-1\\\/images\\\/1531\\\/pict_55_3.jpg&quot;,&quot;https:\\\/\\\/www.campingsannecy.com\\\/wp-content\\\/uploads\\\/gt-ws-thelis\\\/site-1\\\/images\\\/1531\\\/pict_55_2.jpg&quot;]'\n    data-wp-context='{\"images\":[\"https:\\\/\\\/www.campingsannecy.com\\\/wp-content\\\/uploads\\\/gt-ws-thelis\\\/site-1\\\/images\\\/1531\\\/pict_55_4.jpg\",\"https:\\\/\\\/www.campingsannecy.com\\\/wp-content\\\/uploads\\\/gt-ws-thelis\\\/site-1\\\/images\\\/1531\\\/pict_55_1.jpg\",\"https:\\\/\\\/www.campingsannecy.com\\\/wp-content\\\/uploads\\\/gt-ws-thelis\\\/site-1\\\/images\\\/1531\\\/pict_55_3.jpg\",\"https:\\\/\\\/www.campingsannecy.com\\\/wp-content\\\/uploads\\\/gt-ws-thelis\\\/site-1\\\/images\\\/1531\\\/pict_55_2.jpg\"],\"jsonConfig\":{\"speed\":400,\"spaceBetween\":16,\"slidesPerView\":1,\"createElements\":true,\"loop\":true,\"freemode\":true,\"navigation\":{\"nextEl\":\"buttonNext\",\"prevEl\":\"buttonPrev\"},\"breakpoints\":{\"0\":{\"slidesPerView\":1},\"380\":[],\"1024\":[]},\"pagination\":false},\"sliderId\":\"69f58849a8143\"}'>\n            <div \n            id=\"69f58849a8143\"\n            class=\"gt-ws-thelis-is-slider swiper\" \n            data-swiper='{\"speed\":400,\"spaceBetween\":16,\"slidesPerView\":1,\"createElements\":true,\"loop\":true,\"freemode\":true,\"navigation\":{\"nextEl\":\"buttonNext\",\"prevEl\":\"buttonPrev\"},\"breakpoints\":{\"0\":{\"slidesPerView\":1},\"380\":[],\"1024\":[]},\"pagination\":false}'\n            data-wp-key=\"1900218bbc90af0991b4c3b8c59359dab75b\"\n            data-wp-run=\"callbacks.resetSwiper\"\n            data-wp-on--mouseover=\"callbacks.resetSwiper\"\n        >\n        <div class=\"swiper-wrapper\">\n                \n            \n            \n\n            <figure \n                class=\"wp-block-image swiper-slide\" \n                data-image-index=\"0\"\n            >\n                                    <img decoding=\"async\" \n                                                    style=\"aspect-ratio: 4\/3\" \n                                                src=\"https:\/\/www.campingsannecy.com\/wp-content\/uploads\/gt-ws-thelis\/site-1\/images\/1531\/pict_55_1.jpg\" \n                        alt=\"Tent Coco Sweet **\"\n                        loading=\"lazy\"\n                    >\n                                <\/figure>\n\n            \n        \n            \n            \n\n            <figure \n                class=\"wp-block-image swiper-slide\" \n                data-image-index=\"1\"\n            >\n                                    <img decoding=\"async\" \n                                                    style=\"aspect-ratio: 4\/3\" \n                                                src=\"https:\/\/www.campingsannecy.com\/wp-content\/uploads\/gt-ws-thelis\/site-1\/images\/1531\/pict_55_2.jpg\" \n                        alt=\"Tent Coco Sweet **\"\n                        loading=\"lazy\"\n                    >\n                                <\/figure>\n\n            \n        \n            \n            \n\n            <figure \n                class=\"wp-block-image swiper-slide\" \n                data-image-index=\"2\"\n            >\n                                    <img decoding=\"async\" \n                                                    style=\"aspect-ratio: 4\/3\" \n                                                src=\"https:\/\/www.campingsannecy.com\/wp-content\/uploads\/gt-ws-thelis\/site-1\/images\/1531\/pict_55_3.jpg\" \n                        alt=\"Tent Coco Sweet **\"\n                        loading=\"lazy\"\n                    >\n                                <\/figure>\n\n            \n        \n            \n            \n\n            <figure \n                class=\"wp-block-image swiper-slide\" \n                data-image-index=\"3\"\n            >\n                                    <img decoding=\"async\" \n                                                    style=\"aspect-ratio: 4\/3\" \n                                                src=\"https:\/\/www.campingsannecy.com\/wp-content\/uploads\/gt-ws-thelis\/site-1\/images\/1531\/pict_55_4.jpg\" \n                        alt=\"Tent Coco Sweet **\"\n                        loading=\"lazy\"\n                    >\n                                <\/figure>\n\n            \n        \n        \n            <\/div>\n            <div class=\"swiper-pagination\"><\/div>\n            <div class=\"swiper-button-prev\"><\/div>\n            <div class=\"swiper-button-next\"><\/div>\n        <\/div>\n        <\/div>\n\n\n<div class=\"wp-block-group has-small-font-size is-layout-flow wp-block-group-is-layout-flow\">    \n\t<div\n\t\tclass=\"wp-block-gt-gt-ws-thelis-disponibilites\"\t\tdata-wp-interactive=\"gt\/thelis\"\n\t\tdata-wp-watch=\"actions.loadStays\"\n\t\tdata-wp-bind--data-gt-statut=\"state.statut\"\n\t\tdata-wp-key=\"55+1531-69f58849a8314\"\n\t\tdata-wp-context='{\"idsProduct\":\"55+1531\",\"idProduct\":\"55\",\"campingKey\":\"1531\",\"isIndisponible\":true}'\t>\n\n\t\t\t\t\t<div hidden class=\"gt-ws-thelis-spinner\" data-wp-bind--hidden=\"!state.isLoading\">\n\t\t\t\t<span class=\"loader\"><\/span>\n\t\t\t<\/div>\n\t\t\n\n\t\t<div data-wp-bind--hidden=\"state.isLoading\" class=\"gt-ws-thelis-disponibilite-wrap\">\n\n\t\t\t\t\t\t\t\t\t\t\t\t\t<div class=\"gt-ws-thelis-statut\" data-wp-text=\"state.titre\"><\/div>\n\t\t\t\t\t\t\t\t\n\t\t\t\n\t\t\t\n\t\t\t\n\t\t\t\n\t\t<\/div>\n\n\t<\/div>\n\n    <\/div>\n\n\n\n<div class=\"wp-block-group content-acc has-global-padding is-layout-constrained wp-block-group-is-layout-constrained\">\n<div class=\"wp-block-gt-gt-ws-thelis-product-camping\">\n    Yelloh! Village - Les Fontaines<\/div>\n\n\n<p style=\"font-size:clamp(0.984rem, 0.984rem + ((1vw - 0.2rem) * 0.671), 1.5rem);text-transform:uppercase;\" class=\"wp-elements-c7f20d0215fbda8b1273390b73f3ba94 wp-block-gt-gt-ws-thelis-product-name has-text-color has-custom-color-2-color has-righteous-font-family\">\n    Tent Coco Sweet <\/p>\n\n\n\n<div class=\"wp-block-group is-content-justification-center is-layout-flex wp-container-core-group-is-layout-200d3eee wp-block-group-is-layout-flex\" style=\"font-size:0.7rem\">\n<div class=\"wp-block-gt-gt-ws-thelis-product-surface\">\n\n        16m\u00b2\n<\/div>\n\n\n<div class=\"wp-block-gt-gt-ws-thelis-product-room\">\n        2              ruimte(s)    <\/div>\n\n\n\n\n<div class=\"wp-block-gt-gt-ws-thelis-product-capacity\">\n        4               persoon\/personen    <\/div><\/div>\n\n\n\n<div data-swiper=\"{&quot;speed&quot;:400,&quot;spaceBetween&quot;:16,&quot;slidesPerView&quot;:3,&quot;createElements&quot;:false,&quot;loop&quot;:true,&quot;freemode&quot;:true,&quot;breakpoints&quot;:{&quot;0&quot;:{&quot;slidesPerView&quot;:1},&quot;380&quot;:{&quot;slidesPerView&quot;:2},&quot;1024&quot;:{&quot;slidesPerView&quot;:3}},&quot;navigation&quot;:false,&quot;pagination&quot;:false,&quot;autoplay&quot;:{&quot;delay&quot;:3000}}\" class=\"wp-block-group criterion-container gt-is-slider gt-is-slider-desktop is-nowrap is-layout-flex wp-container-core-group-is-layout-6c531013 wp-block-group-is-layout-flex\">\n\n\n\n\n\n\n\n\n\n\n\n\n\n\n\n<\/div>\n\n\n\n<div class=\"wp-block-group is-content-justification-space-between is-nowrap is-layout-flex wp-container-core-group-is-layout-cb46ffcb wp-block-group-is-layout-flex\">    \n\t<div\n\t\tclass=\"price-content wp-block-gt-gt-ws-thelis-disponibilites\"\t\tdata-wp-interactive=\"gt\/thelis\"\n\t\tdata-wp-watch=\"actions.loadStays\"\n\t\tdata-wp-bind--data-gt-statut=\"state.statut\"\n\t\tdata-wp-key=\"55+1531-69f58849a8991\"\n\t\tdata-wp-context='{\"idsProduct\":\"55+1531\",\"idProduct\":\"55\",\"campingKey\":\"1531\",\"isIndisponible\":true}'\t>\n\n\t\t\n\n\t\t<div data-wp-bind--hidden=\"state.isLoading\" class=\"gt-ws-thelis-disponibilite-wrap\">\n\n\t\t\t\n\t\t\t\t\t\n\t\t\t\t<div hidden \n\t\t\t\t\tclass=\"gt-ws-thelis__disponibilite__price\"\n\t\t\t\t\tdata-wp-bind--hidden=\"!state.price\"\n\t\t\t\t>\n\t\t\t\t\t<span>Vanaf <\/span>\n\t\t\t\t\t<span hidden class=\"gt-ws-thelis__disponibilite__price__original\" data-wp-bind--hidden=\"!state.hasPromo\">\n\t\t\t\t\t\t<strike><span data-wp-text=\"state.originalPrice\"><\/span>\u20ac<\/strike>\n\t\t\t\t\t<\/span>\n\t\t\t\t\t<span class=\"gt-ws-thelis__disponibilite__price__discounted\">\n\t\t\t\t\t\t<span data-wp-bind--data-gt-price=\"state.price\" class=\"gt-ws-thelis-data-price\" data-wp-text=\"state.price\"><\/span>\u20ac\n\t\t\t\t\t<\/span>\n\t\t\t\t<\/div>\n\t\t\t\n\t\t\t\n\t\t\t\n\t\t\t\n\t\t<\/div>\n\n\t<\/div>\n\n    \n\n\n<p class=\"wp-block-lire-more\">Ontdek<\/p>\n<\/div>\n<\/div>\n\n<\/li><li data-gt-camping=\"5006\" data-gt-capacity=\"5\" data-gt-criterions=\"&quot;[2209,5,6,11,12,13,16]&quot;\" data-gt-gammes=\"88\" data-gt-post-id=\"1921\" data-gt-rooms=\"2\" data-gt-surfaces=\"23\" data-gt-types=\"Tente meubl\u00e9e,location\" data-gt-ws-camping=\"5006\" data-wp-key=\"69f58849af59d\" class=\"wp-block-post post-1921 hebergement type-hebergement status-publish hentry gamme-2-bloemen\">\n\n<div \n    class=\"wp-block-gt-gt-ws-thelis-product-images\"    data-wp-interactive=\"gt\/thelis\/hebergement\/image\"\n    data-gallery-images='[&quot;https:\\\/\\\/www.campingsannecy.com\\\/wp-content\\\/uploads\\\/gt-ws-thelis\\\/site-1\\\/images\\\/5006\\\/pict_57_3.jpg&quot;,&quot;https:\\\/\\\/www.campingsannecy.com\\\/wp-content\\\/uploads\\\/gt-ws-thelis\\\/site-1\\\/images\\\/5006\\\/pict_57_1.jpg&quot;,&quot;https:\\\/\\\/www.campingsannecy.com\\\/wp-content\\\/uploads\\\/gt-ws-thelis\\\/site-1\\\/images\\\/5006\\\/pict_57_2.jpg&quot;]'\n    data-wp-context='{\"images\":[\"https:\\\/\\\/www.campingsannecy.com\\\/wp-content\\\/uploads\\\/gt-ws-thelis\\\/site-1\\\/images\\\/5006\\\/pict_57_3.jpg\",\"https:\\\/\\\/www.campingsannecy.com\\\/wp-content\\\/uploads\\\/gt-ws-thelis\\\/site-1\\\/images\\\/5006\\\/pict_57_1.jpg\",\"https:\\\/\\\/www.campingsannecy.com\\\/wp-content\\\/uploads\\\/gt-ws-thelis\\\/site-1\\\/images\\\/5006\\\/pict_57_2.jpg\"],\"jsonConfig\":{\"speed\":400,\"spaceBetween\":16,\"slidesPerView\":1,\"createElements\":true,\"loop\":true,\"freemode\":true,\"navigation\":{\"nextEl\":\"buttonNext\",\"prevEl\":\"buttonPrev\"},\"breakpoints\":{\"0\":{\"slidesPerView\":1},\"380\":[],\"1024\":[]},\"pagination\":false},\"sliderId\":\"69f58849a8c1b\"}'>\n            <div \n            id=\"69f58849a8c1b\"\n            class=\"gt-ws-thelis-is-slider swiper\" \n            data-swiper='{\"speed\":400,\"spaceBetween\":16,\"slidesPerView\":1,\"createElements\":true,\"loop\":true,\"freemode\":true,\"navigation\":{\"nextEl\":\"buttonNext\",\"prevEl\":\"buttonPrev\"},\"breakpoints\":{\"0\":{\"slidesPerView\":1},\"380\":[],\"1024\":[]},\"pagination\":false}'\n            data-wp-key=\"1921218bbc90af0991b4c3b8c59359dab75b\"\n            data-wp-run=\"callbacks.resetSwiper\"\n            data-wp-on--mouseover=\"callbacks.resetSwiper\"\n        >\n        <div class=\"swiper-wrapper\">\n                \n            \n            \n\n            <figure \n                class=\"wp-block-image swiper-slide\" \n                data-image-index=\"0\"\n            >\n                                    <img decoding=\"async\" \n                                                    style=\"aspect-ratio: 4\/3\" \n                                                src=\"https:\/\/www.campingsannecy.com\/wp-content\/uploads\/gt-ws-thelis\/site-1\/images\/5006\/pict_57_1.jpg\" \n                        alt=\"Tent Lodge Safari 5p 2 Kamers **\"\n                        loading=\"lazy\"\n                    >\n                                <\/figure>\n\n            \n        \n            \n            \n\n            <figure \n                class=\"wp-block-image swiper-slide\" \n                data-image-index=\"1\"\n            >\n                                    <img decoding=\"async\" \n                                                    style=\"aspect-ratio: 4\/3\" \n                                                src=\"https:\/\/www.campingsannecy.com\/wp-content\/uploads\/gt-ws-thelis\/site-1\/images\/5006\/pict_57_2.jpg\" \n                        alt=\"Tent Lodge Safari 5p 2 Kamers **\"\n                        loading=\"lazy\"\n                    >\n                                <\/figure>\n\n            \n        \n            \n            \n\n            <figure \n                class=\"wp-block-image swiper-slide\" \n                data-image-index=\"2\"\n            >\n                                    <img decoding=\"async\" \n                                                    style=\"aspect-ratio: 4\/3\" \n                                                src=\"https:\/\/www.campingsannecy.com\/wp-content\/uploads\/gt-ws-thelis\/site-1\/images\/5006\/pict_57_3.jpg\" \n                        alt=\"Tent Lodge Safari 5p 2 Kamers **\"\n                        loading=\"lazy\"\n                    >\n                                <\/figure>\n\n            \n        \n        \n            <\/div>\n            <div class=\"swiper-pagination\"><\/div>\n            <div class=\"swiper-button-prev\"><\/div>\n            <div class=\"swiper-button-next\"><\/div>\n        <\/div>\n        <\/div>\n\n\n<div class=\"wp-block-group has-small-font-size is-layout-flow wp-block-group-is-layout-flow\">    \n\t<div\n\t\tclass=\"wp-block-gt-gt-ws-thelis-disponibilites\"\t\tdata-wp-interactive=\"gt\/thelis\"\n\t\tdata-wp-watch=\"actions.loadStays\"\n\t\tdata-wp-bind--data-gt-statut=\"state.statut\"\n\t\tdata-wp-key=\"57+5006-69f58849a8db2\"\n\t\tdata-wp-context='{\"idsProduct\":\"57+5006\",\"idProduct\":\"57\",\"campingKey\":\"5006\",\"isIndisponible\":true}'\t>\n\n\t\t\t\t\t<div hidden class=\"gt-ws-thelis-spinner\" data-wp-bind--hidden=\"!state.isLoading\">\n\t\t\t\t<span class=\"loader\"><\/span>\n\t\t\t<\/div>\n\t\t\n\n\t\t<div data-wp-bind--hidden=\"state.isLoading\" class=\"gt-ws-thelis-disponibilite-wrap\">\n\n\t\t\t\t\t\t\t\t\t\t\t\t\t<div class=\"gt-ws-thelis-statut\" data-wp-text=\"state.titre\"><\/div>\n\t\t\t\t\t\t\t\t\n\t\t\t\n\t\t\t\n\t\t\t\n\t\t\t\n\t\t<\/div>\n\n\t<\/div>\n\n    <\/div>\n\n\n\n<div class=\"wp-block-group content-acc has-global-padding is-layout-constrained wp-block-group-is-layout-constrained\">\n<div class=\"wp-block-gt-gt-ws-thelis-product-camping\">\n    Yelloh! Village - La Ravoire<\/div>\n\n\n<p style=\"font-size:clamp(0.984rem, 0.984rem + ((1vw - 0.2rem) * 0.671), 1.5rem);text-transform:uppercase;\" class=\"wp-elements-c7f20d0215fbda8b1273390b73f3ba94 wp-block-gt-gt-ws-thelis-product-name has-text-color has-custom-color-2-color has-righteous-font-family\">\n    Tent Lodge Safari 5p 2 Kamers <\/p>\n\n\n\n<div class=\"wp-block-group is-content-justification-center is-layout-flex wp-container-core-group-is-layout-200d3eee wp-block-group-is-layout-flex\" style=\"font-size:0.7rem\">\n<div class=\"wp-block-gt-gt-ws-thelis-product-surface\">\n\n        23m\u00b2\n<\/div>\n\n\n<div class=\"wp-block-gt-gt-ws-thelis-product-room\">\n        2              ruimte(s)    <\/div>\n\n\n\n\n<div class=\"wp-block-gt-gt-ws-thelis-product-capacity\">\n        5               persoon\/personen    <\/div><\/div>\n\n\n\n<div data-swiper=\"{&quot;speed&quot;:400,&quot;spaceBetween&quot;:16,&quot;slidesPerView&quot;:3,&quot;createElements&quot;:false,&quot;loop&quot;:true,&quot;freemode&quot;:true,&quot;breakpoints&quot;:{&quot;0&quot;:{&quot;slidesPerView&quot;:1},&quot;380&quot;:{&quot;slidesPerView&quot;:2},&quot;1024&quot;:{&quot;slidesPerView&quot;:3}},&quot;navigation&quot;:false,&quot;pagination&quot;:false,&quot;autoplay&quot;:{&quot;delay&quot;:3000}}\" class=\"wp-block-group criterion-container gt-is-slider gt-is-slider-desktop is-nowrap is-layout-flex wp-container-core-group-is-layout-6c531013 wp-block-group-is-layout-flex\">\n\n\n\n\n\n    <div class=\"wp-block-gt-gt-ws-thelis-product-option\">\n                            <div>Magnetron<\/div>\n            <\/div>\n\n\n\n\n\n\n\n\n\n\n<\/div>\n\n\n\n<div class=\"wp-block-group is-content-justification-space-between is-nowrap is-layout-flex wp-container-core-group-is-layout-cb46ffcb wp-block-group-is-layout-flex\">    \n\t<div\n\t\tclass=\"price-content wp-block-gt-gt-ws-thelis-disponibilites\"\t\tdata-wp-interactive=\"gt\/thelis\"\n\t\tdata-wp-watch=\"actions.loadStays\"\n\t\tdata-wp-bind--data-gt-statut=\"state.statut\"\n\t\tdata-wp-key=\"57+5006-69f58849a9495\"\n\t\tdata-wp-context='{\"idsProduct\":\"57+5006\",\"idProduct\":\"57\",\"campingKey\":\"5006\",\"isIndisponible\":true}'\t>\n\n\t\t\n\n\t\t<div data-wp-bind--hidden=\"state.isLoading\" class=\"gt-ws-thelis-disponibilite-wrap\">\n\n\t\t\t\n\t\t\t\t\t\n\t\t\t\t<div hidden \n\t\t\t\t\tclass=\"gt-ws-thelis__disponibilite__price\"\n\t\t\t\t\tdata-wp-bind--hidden=\"!state.price\"\n\t\t\t\t>\n\t\t\t\t\t<span>Vanaf <\/span>\n\t\t\t\t\t<span hidden class=\"gt-ws-thelis__disponibilite__price__original\" data-wp-bind--hidden=\"!state.hasPromo\">\n\t\t\t\t\t\t<strike><span data-wp-text=\"state.originalPrice\"><\/span>\u20ac<\/strike>\n\t\t\t\t\t<\/span>\n\t\t\t\t\t<span class=\"gt-ws-thelis__disponibilite__price__discounted\">\n\t\t\t\t\t\t<span data-wp-bind--data-gt-price=\"state.price\" class=\"gt-ws-thelis-data-price\" data-wp-text=\"state.price\"><\/span>\u20ac\n\t\t\t\t\t<\/span>\n\t\t\t\t<\/div>\n\t\t\t\n\t\t\t\n\t\t\t\n\t\t\t\n\t\t<\/div>\n\n\t<\/div>\n\n    \n\n\n<p class=\"wp-block-lire-more\">Ontdek<\/p>\n<\/div>\n<\/div>\n\n<\/li><\/ul><\/div>\n<\/div>\n\n\n\n<div class=\"wp-block-group gt-hide-mobile gt-hide-desktop has-global-padding is-layout-constrained wp-block-group-is-layout-constrained\" style=\"margin-bottom:5rem\">\n<div data-wp-context=\"{}\" data-wp-interactive=\"core\/query\" data-wp-key=\"27\" data-wp-router-region=\"query-27\" class=\"wp-block-query alignwide gt-ws-thelis-hebergements-query is-layout-flow wp-block-query-is-layout-flow\">\n<div class=\"wp-block-group is-nowrap is-layout-flex wp-container-core-group-is-layout-3633ed48 wp-block-group-is-layout-flex\" style=\"margin-bottom:2rem\">\n<p class=\"has-base-2-color has-text-color has-link-color has-righteous-font-family wp-elements-2de8d688ff18c7b9e9fcdf5da0752f91\" style=\"font-size:clamp(21.027px, 1.314rem + ((1vw - 3.2px) * 1.055), 34px);text-transform:uppercase\">Ons assortiment<\/p>\n\n\n\n<figure class=\"wp-block-image size-large\"><img decoding=\"async\" width=\"110\" height=\"42\" src=\"https:\/\/www.campingsannecy.com\/wp-content\/uploads\/2025\/04\/flower_orange_3-2-3.svg\" alt=\"bloem  \" class=\"wp-image-1891\"\/><\/figure>\n<\/div>\n\n\n\n<div \n    class=\"wp-elements-a0c9355b9d4ec320a2d7c38e9775d587 wp-block-gt-gt-ws-thelis-product-no-results has-text-color has-base-2-color has-text-align-left\"    data-wp-interactive=\"gt\/thelis\"\n    >\n   \n\n<p class=\"has-base-2-color has-text-color has-link-color wp-elements-303f428bc689c390a7b127d33cfe1974\">Geen enkele accommodatie in dit aanbod voldoet aan je criteria.<\/p>\n\n   <button\n    data-wp-on--click=\"actions.clearAllFilters\"\n   >\n        <i class=\"fas fa-undo-alt\"><\/i>\n        Herinitialiseer de filters    <\/button>\n<\/div>\n\n\n<\/div>\n<\/div>\n\n\n\n<figure class=\"wp-block-image size-large mountain\"><img decoding=\"async\" width=\"845\" height=\"286\" src=\"https:\/\/www.campingsannecy.com\/wp-content\/uploads\/2025\/03\/Croquis-Montagne.svg\" alt=\"verhuur stacaravan annecy\" class=\"wp-image-234\"\/><\/figure>\n<\/section>\n\n<section class=\"wp-block-group home-one bis has-global-padding is-layout-constrained wp-block-group-is-layout-constrained\" style=\"border-top-left-radius:30px;border-top-right-radius:30px;margin-top:-1.5em;padding-top:var(--wp--preset--spacing--60);padding-bottom:var(--wp--preset--spacing--60)\">\n<div class=\"wp-block-group has-global-padding is-layout-constrained wp-block-group-is-layout-constrained\">\n<div class=\"wp-block-group has-base-2-background-color has-background has-global-padding is-layout-constrained wp-block-group-is-layout-constrained\">\n<div class=\"wp-block-group is-nowrap is-layout-flex wp-container-core-group-is-layout-6c531013 wp-block-group-is-layout-flex\">\n<figure class=\"wp-block-image size-full has-custom-border solo-img reveal\"><img decoding=\"async\" width=\"1000\" height=\"759\" src=\"https:\/\/www.campingsannecy.com\/wp-content\/uploads\/2025\/04\/sanitaires-emplacements.jpg\" alt=\"sanitaire kampeerplaatsen\" class=\"wp-image-5494\" style=\"border-radius:30px\" srcset=\"https:\/\/www.campingsannecy.com\/wp-content\/uploads\/2025\/04\/sanitaires-emplacements.jpg 1000w, https:\/\/www.campingsannecy.com\/wp-content\/uploads\/2025\/04\/sanitaires-emplacements-300x228.jpg 300w, https:\/\/www.campingsannecy.com\/wp-content\/uploads\/2025\/04\/sanitaires-emplacements-768x583.jpg 768w\" sizes=\"(max-width: 1000px) 100vw, 1000px\" \/><\/figure>\n\n\n\n<div class=\"wp-block-group img-slide-right has-global-padding is-layout-constrained wp-block-group-is-layout-constrained\">\n<figure class=\"wp-block-image alignright size-large first\" style=\"margin-bottom:5rem\"><img decoding=\"async\" width=\"115\" height=\"106\" src=\"https:\/\/www.campingsannecy.com\/wp-content\/uploads\/2025\/03\/Calque_1-1.svg\" alt=\"Laag_1 (1)\" class=\"wp-image-118\"\/><\/figure>\n\n\n\n<figure class=\"wp-block-image size-full has-custom-border last reveal-reverse\"><img decoding=\"async\" width=\"1000\" height=\"667\" src=\"https:\/\/www.campingsannecy.com\/wp-content\/uploads\/2025\/04\/emplacement-van-annecy-1.jpg\" alt=\"kampeerplaats van annecy\" class=\"wp-image-5498\" style=\"border-radius:30px\" srcset=\"https:\/\/www.campingsannecy.com\/wp-content\/uploads\/2025\/04\/emplacement-van-annecy-1.jpg 1000w, https:\/\/www.campingsannecy.com\/wp-content\/uploads\/2025\/04\/emplacement-van-annecy-1-300x200.jpg 300w, https:\/\/www.campingsannecy.com\/wp-content\/uploads\/2025\/04\/emplacement-van-annecy-1-768x512.jpg 768w\" sizes=\"(max-width: 1000px) 100vw, 1000px\" \/><\/figure>\n<\/div>\n<\/div>\n<\/div>\n<\/div>\n\n\n\n<div class=\"wp-block-group bottom is-nowrap is-layout-flex wp-container-core-group-is-layout-6c531013 wp-block-group-is-layout-flex\">\n<div class=\"wp-block-columns is-layout-flex wp-container-core-columns-is-layout-28f84493 wp-block-columns-is-layout-flex\">\n<div class=\"wp-block-column left is-layout-flow wp-block-column-is-layout-flow\">\n<p class=\"h1-like has-custom-color-1-color has-text-color has-link-color has-righteous-font-family wp-elements-a29f23f5e2dfdd8582949fb8e6747c17\" style=\"padding-right:5rem;font-size:clamp(65.143px, 4.071rem + ((1vw - 3.2px) * 6.086), 140px);font-style:normal;font-weight:400;line-height:0.8;text-transform:uppercase\">Nomaden Geest<\/p>\n<\/div>\n\n\n\n<div class=\"wp-block-column right has-link-color wp-elements-b112a139c9c0e467beb7ff320cb470b2 is-layout-flow wp-block-column-is-layout-flow\">\n<div class=\"wp-block-group compo-title has-global-padding is-content-justification-right is-layout-constrained wp-container-core-group-is-layout-f1f2ed93 wp-block-group-is-layout-constrained\">\n<h2 class=\"wp-block-heading has-custom-color-2-color has-text-color has-link-color wp-elements-47748ee89fb2366852428a100a2ec52a\" style=\"text-transform:uppercase\">Kampeerplaatsen synoniem voor ontsnappen en vrijheid<\/h2>\n<\/div>\n\n\n\n<p class=\"has-custom-color-2-color has-text-color has-link-color wp-elements-e447ce42b5cb7642a92da52ed2932afd\" style=\"padding-top:var(--wp--preset--spacing--30)\">Bent u op zoek naar een andere omgeving voor uw volgende vakantie in de Haute-Savoie? Op <a href=\"https:\/\/www.campingsannecy.com\/nl\/la-ravoire\/\" data-type=\"page\" data-id=\"2374\">camping Doussard La Ravoire<\/a>, <a href=\"https:\/\/www.campingsannecy.com\/nl\/les-fontaines\/\" data-type=\"page\" data-id=\"2378\">camping Lathuile Les Fontaines<\/a> of <a href=\"https:\/\/www.campingsannecy.com\/nl\/lo-velajo\/\" data-type=\"page\" data-id=\"2382\">camping Lo Vel\u00e2jo<\/a> brengen de kampeerplaatsen u naar het hart van de uitgestrekte Alpengebieden. <\/p>\n\n\n\n<p class=\"has-custom-color-2-color has-text-color has-link-color wp-elements-fbe6faa09d07e3d0f24c21a752e0d01e\" style=\"padding-top:var(--wp--preset--spacing--10)\">In de buurt van het meer van Annecy, in een tent, caravan of camper, genieten van een groene kampeerplaats en alle comfort die kampeerders nodig hebben voor een onvergetelijk verblijf in contact met de natuur.<\/p>\n<\/div>\n<\/div>\n<\/div>\n<\/section>\n\n<section class=\"wp-block-group home-third home-third-ravoire is-layout-flow wp-block-group-is-layout-flow\" style=\"margin-top:-1.5rem\">\n<div class=\"wp-block-group top is-layout-flow wp-block-group-is-layout-flow\">\n<div class=\"wp-block-group is-layout-flow wp-block-group-is-layout-flow\">\n<div data-swiper=\"{&quot;speed&quot;:1000,&quot;autoplay&quot;:{&quot;delay&quot;:5000,&quot;disableOnInteraction&quot;:false},&quot;spaceBetween&quot;:0,&quot;slidesPerView&quot;:1,&quot;pagination&quot;:{&quot;el&quot;:&quot;.swiper-pagination&quot;,&quot;dynamicBullets&quot;:true,&quot;clickable&quot;:true,&quot;type&quot;:&quot;bullets&quot;},&quot;navigation&quot;:{&quot;nextEl&quot;:&quot;.swiper-button-next&quot;,&quot;prevEl&quot;:&quot;.swiper-button-prev&quot;},&quot;breakpoints&quot;:[{&quot;slidesPerView&quot;:1}]}\" class=\"wp-block-cover has-parallax has-custom-content-position is-position-bottom-left\" style=\"min-height:100vh;aspect-ratio:unset;\"><div role=\"img\" aria-label=\"hebergement a louer annecy\" class=\"wp-block-cover__image-background wp-image-5480 size-full has-parallax\" style=\"background-position:50% 50%;background-image:url(https:\/\/www.campingsannecy.com\/wp-content\/uploads\/2025\/04\/hebergement-a-louer-annecy.jpg)\"><\/div><span aria-hidden=\"true\" class=\"wp-block-cover__background has-contrast-background-color has-background-dim\"><\/span><div class=\"wp-block-cover__inner-container is-layout-flow wp-block-cover-is-layout-flow\">\n<div class=\"wp-block-group title-btn is-nowrap is-layout-flex wp-container-core-group-is-layout-5c4495dd wp-block-group-is-layout-flex\">\n<p class=\"h1-like has-base-2-color has-text-color has-link-color has-righteous-font-family wp-elements-e4d18da1af921c109c79523770bc4efd\" style=\"font-size:clamp(82.13px, 5.133rem + ((1vw - 3.2px) * 8.77), 190px);font-style:normal;font-weight:400;line-height:0.8;text-transform:uppercase\">cocon <br\/>alpine<\/p>\n<\/div>\n<\/div><\/div>\n<\/div>\n\n\n\n<div class=\"wp-block-group bottom-slider-text has-global-padding is-layout-constrained wp-block-group-is-layout-constrained\">\n<h2 class=\"wp-block-heading has-base-2-color has-text-color has-link-color wp-elements-7ab76fd7b2138033d3e7394329995f07\">Comfortabele verhuuraccommodaties in een idyllische omgeving<\/h2>\n\n\n\n<p class=\"has-base-2-color has-text-color has-link-color wp-elements-2c957dddf815ddb0ff28d1221888bfcd\" style=\"padding-top:var(--wp--preset--spacing--30)\">Of je voorkeur nu uitgaat naar het comfort van een stacaravan, een <a href=\"https:\/\/www.campingsannecy.com\/nl\/accommodaties\/chalet\/\" data-type=\"page\" data-id=\"40\">chalet in de Haute-Savoie<\/a> of een <a href=\"https:\/\/www.campingsannecy.com\/nl\/accommodaties\/bijzondere\/\" data-type=\"page\" data-id=\"44\">ongewone verhuur in de buurt van Annecy<\/a>, je zult zeker iets vinden om je te verlekkeren en er even helemaal tussenuit te zijn.<\/p>\n\n\n\n<p class=\"has-base-2-color has-text-color has-link-color wp-elements-0971ed988a87e951125b28e235363ef1\" style=\"padding-top:var(--wp--preset--spacing--10)\">De verschillende verhuuraccommodaties van de campings La Ravoire, Les Fontaines en Lo Vel\u00e2jo bieden alles wat je nodig hebt voor een onvergetelijke vakantie in de Haute-Savoie op een <a href=\"https:\/\/www.campingsannecy.com\/nl\/accommodaties\/prijzen-en-promoties\/\" data-type=\"page\" data-id=\"48\">budgetcamping in de buurt van Annecy<\/a>. De ruime, functionele en zeer goed uitgeruste verhuuraccommodaties beloven een aangenaam verblijf. <\/p>\n<\/div>\n<\/div>\n<\/section>\n\n<section class=\"wp-block-group page-maillage page-maillage-ravoire has-global-padding is-layout-constrained wp-block-group-is-layout-constrained\" style=\"padding-top:var(--wp--preset--spacing--50);padding-bottom:var(--wp--preset--spacing--60)\">\n<p class=\"has-custom-color-2-color has-text-color has-link-color has-righteous-font-family wp-elements-9a7744867b338853a1fb44ec0a152e02\" style=\"margin-right:0;margin-left:0;font-size:clamp(1.403rem, 1.403rem + ((1vw - 0.2rem) * 1.167), 2.3rem);text-transform:uppercase\">Ontdek onze verschillende accommodatietypes<\/p>\n\n\n\n<div data-wp-context=\"{}\" data-wp-interactive=\"core\/query\" data-wp-key=\"9\" data-wp-router-region=\"query-9\" class=\"wp-block-query alignwide gt-fse-maillage-query is-layout-flow wp-block-query-is-layout-flow\"><ul class=\"wp-block-post-template is-layout-flow wp-block-post-template-is-layout-flow\"><li data-wp-key=\"post-template-item-29357\" class=\"wp-block-post post-29357 page type-page status-publish has-post-thumbnail hentry\">\n<figure class=\"wp-block-post-featured-image\"><img decoding=\"async\" width=\"1776\" height=\"1333\" src=\"https:\/\/www.campingsannecy.com\/wp-content\/uploads\/2025\/04\/tentes-insolites-vacances-camping-les-fontaines-1-edited-e1747037381473.jpg\" class=\"attachment-post-thumbnail size-post-thumbnail wp-post-image\" alt=\"tentes insolites vakanties camping les fontaines\" style=\"object-fit:cover;\" \/><\/figure>\n\n\n<p class=\"savoir-plus has-base-2-color has-text-color has-link-color has-righteous-font-family wp-elements-8a010baa0657845ff50ba3a6877e9312\" style=\"font-size:clamp(20.515px, 1.282rem + ((1vw - 3.2px) * 1.015), 33px);text-transform:uppercase\">Lees meer<\/p>\n\n\n\n<p class=\"maillage-title has-custom-color-2-color has-text-color has-link-color has-righteous-font-family wp-elements-6cdc0522349b0516acdb9d65335ee8bb\" style=\"font-size:clamp(20.515px, 1.282rem + ((1vw - 3.2px) * 1.015), 33px);text-transform:uppercase\">Ongewoon<\/p>\n\n\n<a class=\"is-style-lien-cover wp-block-read-more\" href=\"https:\/\/www.campingsannecy.com\/nl\/accommodaties\/bijzondere\/\" target=\"_self\">Lees verder<span class=\"screen-reader-text\">: Ongewoon (PP)<\/span><\/a>\n<\/li><li data-wp-key=\"post-template-item-29361\" class=\"wp-block-post post-29361 page type-page status-publish has-post-thumbnail hentry\">\n<figure class=\"wp-block-post-featured-image\"><img decoding=\"async\" width=\"2000\" height=\"1333\" src=\"https:\/\/www.campingsannecy.com\/wp-content\/uploads\/2025\/04\/chalet-a-louer-lac-annecy-camping-les-fontaines-1-e1746612570353.jpg\" class=\"attachment-post-thumbnail size-post-thumbnail wp-post-image\" alt=\"chalet te huur meer annecy camping les fontaines\" style=\"object-fit:cover;\" \/><\/figure>\n\n\n<p class=\"savoir-plus has-base-2-color has-text-color has-link-color has-righteous-font-family wp-elements-8a010baa0657845ff50ba3a6877e9312\" style=\"font-size:clamp(20.515px, 1.282rem + ((1vw - 3.2px) * 1.015), 33px);text-transform:uppercase\">Lees meer<\/p>\n\n\n\n<p class=\"maillage-title has-custom-color-2-color has-text-color has-link-color has-righteous-font-family wp-elements-6cdc0522349b0516acdb9d65335ee8bb\" style=\"font-size:clamp(20.515px, 1.282rem + ((1vw - 3.2px) * 1.015), 33px);text-transform:uppercase\">Chalets<\/p>\n\n\n<a class=\"is-style-lien-cover wp-block-read-more\" href=\"https:\/\/www.campingsannecy.com\/nl\/accommodaties\/chalet\/\" target=\"_self\">Lees verder<span class=\"screen-reader-text\">: Chalets<\/span><\/a>\n<\/li><li data-wp-key=\"post-template-item-29340\" class=\"wp-block-post post-29340 page type-page status-publish has-post-thumbnail hentry\">\n<figure class=\"wp-block-post-featured-image\"><img decoding=\"async\" width=\"2000\" height=\"1333\" src=\"https:\/\/www.campingsannecy.com\/wp-content\/uploads\/2025\/04\/couple-en-vacances-camping-les-fontaines-doussard.jpg\" class=\"attachment-post-thumbnail size-post-thumbnail wp-post-image\" alt=\"echtpaar op vakantie camping les fontaines doussard\" style=\"object-fit:cover;\" srcset=\"https:\/\/www.campingsannecy.com\/wp-content\/uploads\/2025\/04\/couple-en-vacances-camping-les-fontaines-doussard.jpg 2000w, https:\/\/www.campingsannecy.com\/wp-content\/uploads\/2025\/04\/couple-en-vacances-camping-les-fontaines-doussard-300x200.jpg 300w, https:\/\/www.campingsannecy.com\/wp-content\/uploads\/2025\/04\/couple-en-vacances-camping-les-fontaines-doussard-1024x682.jpg 1024w, https:\/\/www.campingsannecy.com\/wp-content\/uploads\/2025\/04\/couple-en-vacances-camping-les-fontaines-doussard-768x512.jpg 768w, https:\/\/www.campingsannecy.com\/wp-content\/uploads\/2025\/04\/couple-en-vacances-camping-les-fontaines-doussard-1536x1024.jpg 1536w\" sizes=\"(max-width: 2000px) 100vw, 2000px\" \/><\/figure>\n\n\n<p class=\"savoir-plus has-base-2-color has-text-color has-link-color has-righteous-font-family wp-elements-8a010baa0657845ff50ba3a6877e9312\" style=\"font-size:clamp(20.515px, 1.282rem + ((1vw - 3.2px) * 1.015), 33px);text-transform:uppercase\">Lees meer<\/p>\n\n\n\n<p class=\"maillage-title has-custom-color-2-color has-text-color has-link-color has-righteous-font-family wp-elements-6cdc0522349b0516acdb9d65335ee8bb\" style=\"font-size:clamp(20.515px, 1.282rem + ((1vw - 3.2px) * 1.015), 33px);text-transform:uppercase\">staanplaatsen<\/p>\n\n\n<a class=\"is-style-lien-cover wp-block-read-more\" href=\"https:\/\/www.campingsannecy.com\/nl\/accommodaties\/kampeerplaatsen\/\" target=\"_self\">Lees verder<span class=\"screen-reader-text\">: staanplaatsen<\/span><\/a>\n<\/li><\/ul><\/div>\n<\/section>\n\n<section class=\"wp-block-group home-third is-layout-flow wp-block-group-is-layout-flow\" style=\"border-top-left-radius:30px;border-top-right-radius:30px;margin-top:-1.5rem\">\n<div class=\"wp-block-group top is-layout-flow wp-block-group-is-layout-flow\" style=\"padding-bottom:0\">\n<div class=\"wp-block-group is-layout-flow wp-block-group-is-layout-flow\" style=\"padding-bottom:0\">\n<div data-swiper=\"{&quot;speed&quot;:1000,&quot;autoplay&quot;:{&quot;delay&quot;:5000,&quot;disableOnInteraction&quot;:false},&quot;spaceBetween&quot;:0,&quot;slidesPerView&quot;:1,&quot;pagination&quot;:{&quot;el&quot;:&quot;.swiper-pagination&quot;,&quot;dynamicBullets&quot;:true,&quot;clickable&quot;:true,&quot;type&quot;:&quot;bullets&quot;},&quot;navigation&quot;:{&quot;nextEl&quot;:&quot;.swiper-button-next&quot;,&quot;prevEl&quot;:&quot;.swiper-button-prev&quot;},&quot;breakpoints&quot;:[{&quot;slidesPerView&quot;:1}]}\" class=\"wp-block-cover has-parallax has-custom-content-position is-position-bottom-left\" style=\"padding-bottom:var(--wp--preset--spacing--50);min-height:100vh;aspect-ratio:unset;\"><div role=\"img\" aria-label=\"banner\" class=\"wp-block-cover__image-background wp-image-162 has-parallax\" style=\"background-position:50% 50%;background-image:url(https:\/\/www.campingsannecy.com\/wp-content\/uploads\/2025\/03\/banner.png)\"><\/div><span aria-hidden=\"true\" class=\"wp-block-cover__background has-background-dim-30 has-background-dim\" style=\"background-color:#707378\"><\/span><div class=\"wp-block-cover__inner-container is-layout-flow wp-block-cover-is-layout-flow\">\n<figure class=\"wp-block-image size-large is-resized logo-third\" style=\"margin-bottom:8rem;margin-left:8rem\"><img decoding=\"async\" width=\"334\" height=\"328\" src=\"https:\/\/www.campingsannecy.com\/wp-content\/uploads\/2025\/03\/logo-annecy-white.svg\" alt=\"annecy campings\" class=\"wp-image-98\" style=\"width:300px\"\/><\/figure>\n\n\n\n<div class=\"wp-block-group title-btn is-nowrap is-layout-flex wp-container-core-group-is-layout-5c4495dd wp-block-group-is-layout-flex\">\n<p class=\"h1-like has-base-2-color has-text-color has-link-color has-righteous-font-family wp-elements-834c22ebdb0de26437fa73d5d4cc9c34\" style=\"font-size:clamp(82.13px, 5.133rem + ((1vw - 3.2px) * 8.77), 190px);font-style:normal;font-weight:400;line-height:0.8;text-transform:uppercase\">Klaar om<br\/>te kiezen?<\/p>\n\n\n\n<div class=\"wp-block-buttons is-layout-flex wp-block-buttons-is-layout-flex\">\n<div class=\"wp-block-button is-style-outline btn-ravoire is-style-outline--74\"><a class=\"wp-block-button__link has-custom-font-size wp-element-button\" href=\"https:\/\/www.campingsannecy.com\/nl\/la-ravoire\/\" style=\"border-radius:50px;font-size:12px;letter-spacing:1.8px\"><img decoding=\"async\" src=\"https:\/\/www.campingsannecy.com\/wp-content\/uploads\/2025\/03\/fluent_mail-20-filled.svg\" alt=\"vloeiend_mail-20-gevuld\"\/>  La ravoire<\/a><\/div>\n\n\n\n<div class=\"wp-block-button is-style-outline btn-fontaines is-style-outline--75\"><a class=\"wp-block-button__link has-custom-font-size wp-element-button\" href=\"https:\/\/www.campingsannecy.com\/nl\/les-fontaines\/\" style=\"border-radius:50px;font-size:12px;letter-spacing:1.8px\"><img decoding=\"async\" src=\"https:\/\/www.campingsannecy.com\/wp-content\/uploads\/2025\/03\/fluent_mail-20-filled.svg\" alt=\"vloeiend_mail-20-gevuld\"\/> Les Fontaines<\/a><\/div>\n\n\n\n<div class=\"wp-block-button is-style-outline btn-velajo is-style-outline--76\"><a class=\"wp-block-button__link has-custom-font-size wp-element-button\" href=\"https:\/\/www.campingsannecy.com\/nl\/lo-velajo\/\" style=\"border-radius:50px;font-size:12px;letter-spacing:1.8px\"><img decoding=\"async\" src=\"https:\/\/www.campingsannecy.com\/wp-content\/uploads\/2025\/03\/fluent_mail-20-filled.svg\" alt=\"vloeiend_mail-20-gevuld\"\/>  lo vel\u00e2jo<\/a><\/div>\n<\/div>\n<\/div>\n<\/div><\/div>\n<\/div>\n<\/div>\n<\/section>\n\n<div\n    class=\"gt-ws-thelis-camping- wp-block-gt-gt-ws-thelis-product-popup\"    data-wp-interactive=\"gt\/thelis\/product-popup\"\n    data-wp-init=\"actions.initPopup\"\n    data-wp-router-region=\"gt-product-popup\"\n    data-wp-key=\"69f58849b72bf\"\n        data-wp-context='{\"isOpen\":false}'>\n\n    <div\n        class=\"gt-popup__overlay\"\n        data-wp-on--click=\"actions.closePopup\"\n        data-wp-bind--hidden=\"!context.isOpen\" hidden><\/div>\n    <div\n        class=\"gt-popup__content\"\n        data-wp-on-window--keydown=\"actions.keyDown\"\n        data-wp-bind--hidden=\"!context.isOpen\"\n        hidden\n        >\n        <div class=\"gt-popup__close\" data-wp-on--click=\"actions.closePopup\">\n            <span class=\"fas fa-times\"><\/span>\n        <\/div>\n        <div class=\"gt-popup__body\">\n\n            \n<main style=\"background-image:url(&apos;\/wp-content\/uploads\/2024\/10\/image-1.png&apos;);background-position:0% 80%;background-repeat:no-repeat;background-size:25rem;\" class=\"wp-block-group alignfull has-base-2-background-color has-background has-global-padding is-layout-constrained wp-container-core-group-is-layout-0b40682b wp-block-group-is-layout-constrained\">\n<div class=\"wp-block-group upper-single has-global-padding is-layout-constrained wp-container-core-group-is-layout-11c1ca01 wp-block-group-is-layout-constrained\" style=\"padding-right:var(--wp--preset--spacing--50);padding-left:var(--wp--preset--spacing--50)\">\n<div class=\"wp-block-group row-acc-virtual is-nowrap is-layout-flex wp-container-core-group-is-layout-6c531013 wp-block-group-is-layout-flex\">\n<div class=\"wp-block-group has-global-padding is-layout-constrained wp-block-group-is-layout-constrained\" style=\"margin-top:var(--wp--preset--spacing--40)\"><p style=\"font-size:clamp(55.958px, 3.497rem + ((1vw - 3.2px) * 4.8), 115px);line-height:0.8;text-transform:uppercase;\" class=\"wp-elements-a3b66972e7b18180e6bac4412d4e5750 wp-block-gt-gt-ws-thelis-product-name has-text-color has-custom-color-3-color has-righteous-font-family\">\n    Staanplaats met priv\u00e9 sanitair<\/p>\n\n\n\n<div class=\"wp-block-group hebergement-options is-layout-grid wp-container-core-group-is-layout-a5602edc wp-block-group-is-layout-grid\" style=\"font-style:normal;font-weight:600\">\n\n\n\n\n\n\n<div class=\"wp-block-gt-gt-ws-thelis-product-capacity\">\n            <img decoding=\"async\" src=\"https:\/\/www.campingsannecy.com\/wp-content\/uploads\/2025\/03\/user-vert-fonce.svg\" alt=\"Pictogram\" class=\"gt-icon\" \/> \n        6               persoon\/personen    <\/div><\/div>\n<\/div>\n\n\n\n<div class=\"wp-block-group gt-show-mobile is-vertical is-layout-flex wp-container-core-group-is-layout-9a4c696c wp-block-group-is-layout-flex\"><a href=\"#visite-virtuelle\"    class=\"wp-block-tiptip-hyperlink-group-block\" >\n<div class=\"wp-block-group btn-1 is-nowrap is-layout-flex wp-container-core-group-is-layout-6c531013 wp-block-group-is-layout-flex\">\n<div class=\"wp-block-group has-custom-color-4-background-color has-background has-global-padding is-layout-constrained wp-container-core-group-is-layout-86dba5ee wp-block-group-is-layout-constrained\" style=\"border-radius:100%;padding-top:var(--wp--preset--spacing--10);padding-right:var(--wp--preset--spacing--10);padding-bottom:var(--wp--preset--spacing--10);padding-left:var(--wp--preset--spacing--10)\">\n<figure class=\"wp-block-image size-large\"><img decoding=\"async\" width=\"46\" height=\"44\" src=\"https:\/\/www.campingsannecy.com\/wp-content\/uploads\/2025\/03\/arrow.svg\" alt=\"pijl\" class=\"wp-image-104\"\/><\/figure>\n<\/div>\n\n\n\n<p class=\"has-custom-color-4-color has-text-color has-link-color has-plus-jakarta-sans-font-family wp-elements-7a31992c21c2511ac816bc6c735a7f27\" style=\"font-size:clamp(16.293px, 1.018rem + ((1vw - 3.2px) * 0.708), 25px);font-style:normal;font-weight:500;letter-spacing:4px;text-transform:uppercase\">Virtueel bezoek<\/p>\n<\/div>\n<\/a><\/div>\n<\/div>\n\n\n\n<div class=\"wp-block-columns colonnes-img is-layout-flex wp-container-core-columns-is-layout-28f84493 wp-block-columns-is-layout-flex\">\n<div class=\"wp-block-column is-layout-flow wp-block-column-is-layout-flow\" style=\"flex-basis:66.66%\">\n<div \n    class=\"left-slider wp-block-gt-gt-ws-thelis-product-images\"    data-wp-interactive=\"gt\/thelis\/hebergement\/image\"\n    data-gallery-images='[&quot;https:\\\/\\\/www.campingsannecy.com\\\/wp-content\\\/uploads\\\/gt-ws-thelis\\\/site-1\\\/images\\\/1531\\\/pict_69_2.jpg&quot;,&quot;https:\\\/\\\/www.campingsannecy.com\\\/wp-content\\\/uploads\\\/gt-ws-thelis\\\/site-1\\\/images\\\/1531\\\/pict_69_1.jpg&quot;,&quot;https:\\\/\\\/www.campingsannecy.com\\\/wp-content\\\/uploads\\\/gt-ws-thelis\\\/site-1\\\/images\\\/1531\\\/pict_69_4.jpg&quot;,&quot;https:\\\/\\\/www.campingsannecy.com\\\/wp-content\\\/uploads\\\/gt-ws-thelis\\\/site-1\\\/images\\\/1531\\\/pict_69_5.jpg&quot;,&quot;https:\\\/\\\/www.campingsannecy.com\\\/wp-content\\\/uploads\\\/gt-ws-thelis\\\/site-1\\\/images\\\/1531\\\/pict_69_3.jpg&quot;]'\n    data-wp-context='{\"images\":[\"https:\\\/\\\/www.campingsannecy.com\\\/wp-content\\\/uploads\\\/gt-ws-thelis\\\/site-1\\\/images\\\/1531\\\/pict_69_2.jpg\",\"https:\\\/\\\/www.campingsannecy.com\\\/wp-content\\\/uploads\\\/gt-ws-thelis\\\/site-1\\\/images\\\/1531\\\/pict_69_1.jpg\",\"https:\\\/\\\/www.campingsannecy.com\\\/wp-content\\\/uploads\\\/gt-ws-thelis\\\/site-1\\\/images\\\/1531\\\/pict_69_4.jpg\",\"https:\\\/\\\/www.campingsannecy.com\\\/wp-content\\\/uploads\\\/gt-ws-thelis\\\/site-1\\\/images\\\/1531\\\/pict_69_5.jpg\",\"https:\\\/\\\/www.campingsannecy.com\\\/wp-content\\\/uploads\\\/gt-ws-thelis\\\/site-1\\\/images\\\/1531\\\/pict_69_3.jpg\"],\"jsonConfig\":{\"speed\":400,\"spaceBetween\":16,\"slidesPerView\":1,\"loop\":true,\"breakpoints\":[{\"slidesPerView\":1}],\"effect\":\"fade\",\"pagination\":false},\"sliderId\":\"69f58849b83d8\"}'>\n            <div \n            id=\"69f58849b83d8\"\n            class=\"gt-ws-thelis-is-slider swiper\" \n            data-swiper='{\"speed\":400,\"spaceBetween\":16,\"slidesPerView\":1,\"loop\":true,\"breakpoints\":[{\"slidesPerView\":1}],\"effect\":\"fade\",\"pagination\":false}'\n            data-wp-key=\"717571176944446510d07a36972f81a9e3072\"\n            data-wp-run=\"callbacks.resetSwiper\"\n            data-wp-on--mouseover=\"callbacks.resetSwiper\"\n        >\n        <div class=\"swiper-wrapper\">\n                \n            \n                        <button\n                data-wp-on--click=\"actions.openLightbox\"\n                data-image-index=\"0\"\n                class=\"gt-ws-ctv-image-button\"\n                aria-label=\"Open afbeelding 1 op 5 voor Staanplaats ** met priv\u00e9 sanitair\">\n            \n\n            <figure \n                class=\"wp-block-image swiper-slide\" \n                data-image-index=\"0\"\n            >\n                                    <a href=\"https:\/\/www.campingsannecy.com\/wp-content\/uploads\/gt-ws-thelis\/site-1\/images\/1531\/pict_69_1.jpg\">\n                                        <img decoding=\"async\" \n                                                    style=\"aspect-ratio: None\" \n                                                src=\"https:\/\/www.campingsannecy.com\/wp-content\/uploads\/gt-ws-thelis\/site-1\/images\/1531\/pict_69_1.jpg\" \n                        alt=\"Staanplaats ** met priv\u00e9 sanitair\"\n                        loading=\"lazy\"\n                    >\n                                        <\/a>\n                            <\/figure>\n\n                        <\/button>\n            \n        \n            \n                        <button\n                data-wp-on--click=\"actions.openLightbox\"\n                data-image-index=\"1\"\n                class=\"gt-ws-ctv-image-button\"\n                aria-label=\"Open afbeelding 2 op 5 voor Staanplaats ** met priv\u00e9 sanitair\">\n            \n\n            <figure \n                class=\"wp-block-image swiper-slide\" \n                data-image-index=\"1\"\n            >\n                                    <a href=\"https:\/\/www.campingsannecy.com\/wp-content\/uploads\/gt-ws-thelis\/site-1\/images\/1531\/pict_69_2.jpg\">\n                                        <img decoding=\"async\" \n                                                    style=\"aspect-ratio: None\" \n                                                src=\"https:\/\/www.campingsannecy.com\/wp-content\/uploads\/gt-ws-thelis\/site-1\/images\/1531\/pict_69_2.jpg\" \n                        alt=\"Staanplaats ** met priv\u00e9 sanitair\"\n                        loading=\"lazy\"\n                    >\n                                        <\/a>\n                            <\/figure>\n\n                        <\/button>\n            \n        \n            \n                        <button\n                data-wp-on--click=\"actions.openLightbox\"\n                data-image-index=\"2\"\n                class=\"gt-ws-ctv-image-button\"\n                aria-label=\"Open afbeelding 3 op 5 voor Staanplaats ** met priv\u00e9 sanitair\">\n            \n\n            <figure \n                class=\"wp-block-image swiper-slide\" \n                data-image-index=\"2\"\n            >\n                                    <a href=\"https:\/\/www.campingsannecy.com\/wp-content\/uploads\/gt-ws-thelis\/site-1\/images\/1531\/pict_69_3.jpg\">\n                                        <img decoding=\"async\" \n                                                    style=\"aspect-ratio: None\" \n                                                src=\"https:\/\/www.campingsannecy.com\/wp-content\/uploads\/gt-ws-thelis\/site-1\/images\/1531\/pict_69_3.jpg\" \n                        alt=\"Staanplaats ** met priv\u00e9 sanitair\"\n                        loading=\"lazy\"\n                    >\n                                        <\/a>\n                            <\/figure>\n\n                        <\/button>\n            \n        \n            \n                        <button\n                data-wp-on--click=\"actions.openLightbox\"\n                data-image-index=\"3\"\n                class=\"gt-ws-ctv-image-button\"\n                aria-label=\"Open afbeelding 4 op 5 voor Staanplaats ** met priv\u00e9 sanitair\">\n            \n\n            <figure \n                class=\"wp-block-image swiper-slide\" \n                data-image-index=\"3\"\n            >\n                                    <a href=\"https:\/\/www.campingsannecy.com\/wp-content\/uploads\/gt-ws-thelis\/site-1\/images\/1531\/pict_69_4.jpg\">\n                                        <img decoding=\"async\" \n                                                    style=\"aspect-ratio: None\" \n                                                src=\"https:\/\/www.campingsannecy.com\/wp-content\/uploads\/gt-ws-thelis\/site-1\/images\/1531\/pict_69_4.jpg\" \n                        alt=\"Staanplaats ** met priv\u00e9 sanitair\"\n                        loading=\"lazy\"\n                    >\n                                        <\/a>\n                            <\/figure>\n\n                        <\/button>\n            \n        \n            \n                        <button\n                data-wp-on--click=\"actions.openLightbox\"\n                data-image-index=\"4\"\n                class=\"gt-ws-ctv-image-button\"\n                aria-label=\"Open afbeelding 5 op 5 voor Staanplaats ** met priv\u00e9 sanitair\">\n            \n\n            <figure \n                class=\"wp-block-image swiper-slide\" \n                data-image-index=\"4\"\n            >\n                                    <a href=\"https:\/\/www.campingsannecy.com\/wp-content\/uploads\/gt-ws-thelis\/site-1\/images\/1531\/pict_69_5.jpg\">\n                                        <img decoding=\"async\" \n                                                    style=\"aspect-ratio: None\" \n                                                src=\"https:\/\/www.campingsannecy.com\/wp-content\/uploads\/gt-ws-thelis\/site-1\/images\/1531\/pict_69_5.jpg\" \n                        alt=\"Staanplaats ** met priv\u00e9 sanitair\"\n                        loading=\"lazy\"\n                    >\n                                        <\/a>\n                            <\/figure>\n\n                        <\/button>\n            \n        \n        \n            <\/div>\n            <div class=\"swiper-pagination\"><\/div>\n            <div class=\"swiper-button-prev\"><\/div>\n            <div class=\"swiper-button-next\"><\/div>\n        <\/div>\n                <button\n            class=\"gt-ws-thelis-camera-icon\" \n            data-wp-on--click=\"actions.openLightbox\"\n            aria-label=\"Open afbeelding 1 op 5 voor Staanplaats ** met priv\u00e9 sanitair\"\n        >\n            <span class=\"dashicons dashicons-camera\"><\/span> 5        <\/button>\n    <\/div><\/div>\n\n\n\n<div class=\"wp-block-column is-layout-flow wp-block-column-is-layout-flow\" style=\"flex-basis:33.33%\">\n<div \n    class=\"right-img wp-block-gt-gt-ws-thelis-product-images\"    data-wp-interactive=\"gt\/thelis\/hebergement\/image\"\n    data-gallery-images='[&quot;https:\\\/\\\/www.campingsannecy.com\\\/wp-content\\\/uploads\\\/gt-ws-thelis\\\/site-1\\\/images\\\/1531\\\/pict_69_2.jpg&quot;,&quot;https:\\\/\\\/www.campingsannecy.com\\\/wp-content\\\/uploads\\\/gt-ws-thelis\\\/site-1\\\/images\\\/1531\\\/pict_69_1.jpg&quot;,&quot;https:\\\/\\\/www.campingsannecy.com\\\/wp-content\\\/uploads\\\/gt-ws-thelis\\\/site-1\\\/images\\\/1531\\\/pict_69_4.jpg&quot;,&quot;https:\\\/\\\/www.campingsannecy.com\\\/wp-content\\\/uploads\\\/gt-ws-thelis\\\/site-1\\\/images\\\/1531\\\/pict_69_5.jpg&quot;,&quot;https:\\\/\\\/www.campingsannecy.com\\\/wp-content\\\/uploads\\\/gt-ws-thelis\\\/site-1\\\/images\\\/1531\\\/pict_69_3.jpg&quot;]'\n    data-wp-context='{\"images\":[\"https:\\\/\\\/www.campingsannecy.com\\\/wp-content\\\/uploads\\\/gt-ws-thelis\\\/site-1\\\/images\\\/1531\\\/pict_69_2.jpg\",\"https:\\\/\\\/www.campingsannecy.com\\\/wp-content\\\/uploads\\\/gt-ws-thelis\\\/site-1\\\/images\\\/1531\\\/pict_69_1.jpg\",\"https:\\\/\\\/www.campingsannecy.com\\\/wp-content\\\/uploads\\\/gt-ws-thelis\\\/site-1\\\/images\\\/1531\\\/pict_69_4.jpg\",\"https:\\\/\\\/www.campingsannecy.com\\\/wp-content\\\/uploads\\\/gt-ws-thelis\\\/site-1\\\/images\\\/1531\\\/pict_69_5.jpg\",\"https:\\\/\\\/www.campingsannecy.com\\\/wp-content\\\/uploads\\\/gt-ws-thelis\\\/site-1\\\/images\\\/1531\\\/pict_69_3.jpg\"],\"jsonConfig\":[],\"sliderId\":\"69f58849b8624\"}'>\n            \n            \n                        <button\n                data-wp-on--click=\"actions.openLightbox\"\n                data-image-index=\"0\"\n                class=\"gt-ws-ctv-image-button\"\n                aria-label=\"Open afbeelding 1 op 5 voor Staanplaats ** met priv\u00e9 sanitair\">\n            \n\n            <figure \n                class=\"wp-block-image \" \n                data-image-index=\"0\"\n            >\n                                    <a href=\"https:\/\/www.campingsannecy.com\/wp-content\/uploads\/gt-ws-thelis\/site-1\/images\/1531\/pict_69_1.jpg\">\n                                        <img decoding=\"async\" \n                                                    style=\"aspect-ratio: 4\/3\" \n                                                src=\"https:\/\/www.campingsannecy.com\/wp-content\/uploads\/gt-ws-thelis\/site-1\/images\/1531\/pict_69_1.jpg\" \n                        alt=\"Staanplaats ** met priv\u00e9 sanitair\"\n                        loading=\"lazy\"\n                    >\n                                        <\/a>\n                            <\/figure>\n\n                        <\/button>\n            \n        \n            \n                        <button\n                data-wp-on--click=\"actions.openLightbox\"\n                data-image-index=\"1\"\n                class=\"gt-ws-ctv-image-button\"\n                aria-label=\"Open afbeelding 2 op 5 voor Staanplaats ** met priv\u00e9 sanitair\">\n            \n\n            <figure \n                class=\"wp-block-image \" \n                data-image-index=\"1\"\n            >\n                                    <a href=\"https:\/\/www.campingsannecy.com\/wp-content\/uploads\/gt-ws-thelis\/site-1\/images\/1531\/pict_69_4.jpg\">\n                                        <img decoding=\"async\" \n                                                    style=\"aspect-ratio: 4\/3\" \n                                                src=\"https:\/\/www.campingsannecy.com\/wp-content\/uploads\/gt-ws-thelis\/site-1\/images\/1531\/pict_69_4.jpg\" \n                        alt=\"Staanplaats ** met priv\u00e9 sanitair\"\n                        loading=\"lazy\"\n                    >\n                                        <\/a>\n                            <\/figure>\n\n                        <\/button>\n            \n        \n            <\/div><\/div>\n<\/div>\n\n\n\n<div class=\"wp-block-columns acc-column is-layout-flex wp-container-core-columns-is-layout-28f84493 wp-block-columns-is-layout-flex\">\n<div class=\"wp-block-column is-layout-flow wp-block-column-is-layout-flow\" style=\"flex-basis:65%\">\n<div class=\"wp-block-gt-gt-ws-thelis-product-description\">\n\t\n\t<div class=\"description-intro\">Zes grote staanplaatsen van 90-100 m\u00b2 in een rustige doodlopende straat op de camping met eigen sanitairgebouw:.<\/div>\n\n\t\t\t\n\t\t<div class=\"auto-section\">\n\t\t\t\t\t\t\t<div class=\"auto-title\">Dubbel sanitairgebouw met een sleutel voor een eigen sanitair per staanplaats.<\/div>\n\t\t\t\n\t\t\t\t\t<\/div>\n\t\t\t\n\t\t<div class=\"auto-section\">\n\t\t\t\t\t\t\t<div class=\"auto-title\">BADKAMER<\/div>\n\t\t\t\n\t\t\t\t\t\t\t<div class=\"auto-content\">Wastafel<br \/>\n    Douche 80 x 100 cm<br \/>\n    Vrijstaand toilet, volledig in keramiek<br \/>\n    Elektrische boiler 200 l<\/div>\n\t\t\t\t\t<\/div>\n\t\t\t\n\t\t<div class=\"auto-section\">\n\t\t\t\t\t\t\t<div class=\"auto-title\">Apart toilet<\/div>\n\t\t\t\n\t\t\t\t\t<\/div>\n\t\t\t\n\t\t<div class=\"auto-section\">\n\t\t\t\t\t\t\t<div class=\"auto-title\">KEUKENHOEK<\/div>\n\t\t\t\n\t\t\t\t\t\t\t<div class=\"auto-content\">Afdruiprek<br \/>\n    Koelkast met vriesvak<br \/>\n    Boven- en onderkasten<br \/>\n    Houten tafel en banken onder afdak.<br \/>\n    De keuken is niet voorzien van serviesgoed of kookplaten.<\/div>\n\t\t\t\t\t<\/div>\n\t\t\t\n\t\t<div class=\"auto-section\">\n\t\t\t\t\t\t\t<div class=\"auto-title\">Elektriciteit 10 Amp<\/div>\n\t\t\t\n\t\t\t\t\t<\/div>\n\t\t\t\n\t\t<div class=\"auto-section\">\n\t\t\t\t\t\t\t<div class=\"auto-title\">Aankomst 14.00 uur - vertrek 11.00 uur<\/div>\n\t\t\t\n\t\t\t\t\t\t\t<div class=\"auto-content\">Bij aankomst wordt een borgsom per creditcard gevraagd.<\/div>\n\t\t\t\t\t<\/div>\n\t\t\t\n\t\t<div class=\"auto-section\">\n\t\t\t\t\t\t\t<div class=\"auto-title\">Vertaald met DeepL.com (gratis versie)<\/div>\n\t\t\t\n\t\t\t\t\t<\/div>\n\t<\/div>\n\n\n<div class=\"wp-block-group single-inventaire is-vertical is-nowrap is-layout-flex wp-container-core-group-is-layout-d1138c61 wp-block-group-is-layout-flex\">\n<div class=\"wp-block-group left is-vertical is-nowrap is-layout-flex wp-container-core-group-is-layout-6fe931d8 wp-block-group-is-layout-flex\">\n<div class=\"wp-block-group inventaire-item is-vertical is-layout-flex wp-container-core-group-is-layout-fe9cc265 wp-block-group-is-layout-flex\">\n<div class=\"wp-block-group is-nowrap is-layout-flex wp-container-core-group-is-layout-cd9ab148 wp-block-group-is-layout-flex\">\n<p class=\"has-custom-color-2-color has-text-color has-link-color has-righteous-font-family wp-elements-9347e47dfd33d97bf9415b51487d3b85\" style=\"font-size:clamp(22.544px, 1.409rem + ((1vw - 3.2px) * 1.175), 37px);text-transform:uppercase\">Interieur<\/p>\n<\/div>\n\n\n\n<div class=\"wp-block-group is-horizontal is-layout-flex wp-block-group-is-layout-flex\">\n\n\n\n\n\n\n\n\n\n<\/div>\n<\/div>\n<\/div>\n\n\n\n<div class=\"wp-block-group right is-vertical is-layout-flex wp-container-core-group-is-layout-fe9cc265 wp-block-group-is-layout-flex\">\n<div class=\"wp-block-group inventaire-item is-vertical is-layout-flex wp-container-core-group-is-layout-fe9cc265 wp-block-group-is-layout-flex\">\n<div class=\"wp-block-group is-nowrap is-layout-flex wp-container-core-group-is-layout-cd9ab148 wp-block-group-is-layout-flex\">\n<p class=\"has-custom-color-2-color has-text-color has-link-color has-righteous-font-family wp-elements-44b7c812ba57afd5cdb5f77d15bf9bbc\" style=\"font-size:clamp(22.544px, 1.409rem + ((1vw - 3.2px) * 1.175), 37px);text-transform:uppercase\">Buitenkant<\/p>\n<\/div>\n\n\n\n<div class=\"wp-block-group is-horizontal is-layout-flex wp-block-group-is-layout-flex\">\n\n\n\n\n\n\n\n<\/div>\n<\/div>\n<\/div>\n<\/div>\n\n\n\n<div id=\"visite-virtuelle\" class=\"wp-block-group has-global-padding is-layout-constrained wp-block-group-is-layout-constrained\">\n<div id=\"visite-virtuelle\" class=\"wp-block-group has-global-padding is-layout-constrained wp-block-group-is-layout-constrained\">\n<p class=\"has-custom-color-2-color has-text-color has-link-color has-righteous-font-family wp-elements-e566f6042fe7638dc87a663b83ac48ad\" style=\"font-size:clamp(22.544px, 1.409rem + ((1vw - 3.2px) * 1.175), 37px);text-transform:uppercase\">Virtueel bezoek<\/p>\n\n\n<\/div>\n\n\n<\/div>\n<\/div>\n\n\n\n<div class=\"wp-block-column is-layout-flow wp-block-column-is-layout-flow\" style=\"flex-basis:35%\">\n<div id=\"gt-single-resa\" class=\"wp-block-group has-base-color has-custom-color-1-background-color has-text-color has-background has-link-color wp-elements-30c31f46571051f0d31891a2495e102c has-global-padding is-layout-constrained wp-container-core-group-is-layout-dafeda3c wp-block-group-is-layout-constrained wp-container-79 is-position-sticky\" style=\"border-radius:16px;margin-top:var(--wp--preset--spacing--20);padding-top:var(--wp--preset--spacing--40);padding-right:var(--wp--preset--spacing--20);padding-bottom:var(--wp--preset--spacing--40);padding-left:var(--wp--preset--spacing--20);box-shadow:var(--wp--preset--shadow--natural)\">\n<p class=\"has-text-align-center btn-toggle-resa has-base-2-color has-custom-color-4-background-color has-text-color has-background has-link-color has-plus-jakarta-sans-font-family wp-elements-9408e559e001e5f59bb1f715f1266fba\" style=\"font-size:clamp(0.875rem, 0.875rem + ((1vw - 0.2rem) * 0.423), 1.2rem);font-style:normal;font-weight:300;letter-spacing:1.5px;text-transform:uppercase\"><strong>Tarieven en beschikbaarheid<\/strong><\/p>\n\n\n\n<p class=\"has-text-align-center has-righteous-font-family\" style=\"font-size:clamp(24.034px, 1.502rem + ((1vw - 3.2px) * 1.298), 40px);text-transform:uppercase\">Uw verblijf  <\/p>\n\n\n\n<div class=\"wp-block-group has-contrast-color has-text-color has-link-color has-large-font-size wp-elements-20093d710c6d42cf19bb3ae303f74224 has-global-padding is-layout-constrained wp-container-core-group-is-layout-821cfb61 wp-block-group-is-layout-constrained\" style=\"margin-top:2rem;margin-bottom:0;padding-top:0rem;padding-right:0;padding-bottom:0rem;padding-left:0\">\n<form\n    style=\"background-color: ;\" class=\"gt-ws-thelis-form-resa single-resa wp-block-gt-gt-ws-thelis-form-resa\"    data-wp-interactive=\"gt\/thelis\"\n    data-wp-init=\"actions.sortHebergements\"\n    data-wp-on--submit=\"actions.submitForm\"\n    data-wp-on-document--scroll=\"actions.stickyForm\"\n    method=\"POST\"\n    action=\"https:\/\/www.campingsannecy.com\/nl\/hebergement\/staanplaats-met-prive-sanitair\/\"\n    data-wp-context='{\"disponibilites\":[],\"gtArrival\":\"2026-05-02\",\"gtDeparture\":\"2026-05-09\",\"gtNbPers\":2,\"gtType\":[\"\"],\"openAllYear\":false,\"openingDate\":\"2026-04-17\",\"closingDate\":\"2026-09-20\",\"idsProduct\":\"69\",\"idSite\":\"1531\",\"language\":\"nl\",\"destination\":false,\"titres\":{\"disponible\":\"Beschikbaar op\",\"contreproposition\":\"Beschikbaar op andere data\",\"indisponible\":\"Niet beschikbaar\",\"disponibles\":\"Beschikbaar op\",\"plusQue\":\"Meer dan\"},\"isLoading\":false,\"loaded\":false,\"baseUrl\":\"https:\\\/\\\/www.campingsannecy.com\\\/wp-content\\\/plugins\\\/gt-ws-thelis\\\/ws\\\/\",\"siteId\":1,\"sort_order\":\"asc\",\"forceRedirection\":false,\"gtCamping\":\"\",\"filterSearchCamping\":[],\"defaultDaysOffset\":7}'    class=\"gt-ws-thelis-form-resa\">\n\n    \n\n\n    <!-- Calendar Input -->\n            <div class=\"gt-form-field\">\n                        <input\n                style=\"color: #4d4d4d;\"\n                aria-controls=\"p-77\"\n                class=\"gt-input gt-caleran gt-caleran-merged\"\n                name=\"calendar-input\"\n                type=\"text\"\n                readonly\n                value=\"02\/05\/2026 - 09\/05\/2026\" \/>\n        <\/div>\n    \n    <!-- Conditionally display Dropdown for Nombre de personnes -->\n    \n    <!-- Conditionally display Dropdown for Campings -->\n    \n    <!-- Conditionally display Dropdown for Types d'h\u00e9bergement -->\n    \n    <!-- Submit Button -->\n    \n<\/form>\n\n<\/div>\n\n\n    \n\t<div\n\t\tclass=\"aligncenter wp-block-gt-gt-ws-thelis-disponibilites\"\t\tdata-wp-interactive=\"gt\/thelis\"\n\t\tdata-wp-watch=\"actions.loadStays\"\n\t\tdata-wp-bind--data-gt-statut=\"state.statut\"\n\t\tdata-wp-key=\"69+1531-69f58849ba915\"\n\t\tdata-wp-context='{\"idsProduct\":\"69+1531\",\"idProduct\":\"69\",\"campingKey\":\"1531\",\"isIndisponible\":true}'\t>\n\n\t\t\t\t\t<div hidden class=\"gt-ws-thelis-spinner\" data-wp-bind--hidden=\"!state.isLoading\">\n\t\t\t\t<span class=\"loader\"><\/span>\n\t\t\t<\/div>\n\t\t\n\n\t\t<div data-wp-bind--hidden=\"state.isLoading\" class=\"gt-ws-thelis-disponibilite-wrap\">\n\n\t\t\t\t\t\t\t\t\t\t\t\t\t<div class=\"gt-ws-thelis-statut\" data-wp-text=\"state.titre\"><\/div>\n\t\t\t\t\t\t\t\t\n\t\t\t\t\t\n\t\t\t\t<div hidden \n\t\t\t\t\tclass=\"gt-ws-thelis__disponibilite__price\"\n\t\t\t\t\tdata-wp-bind--hidden=\"!state.price\"\n\t\t\t\t>\n\t\t\t\t\t<span>Vanaf <\/span>\n\t\t\t\t\t<span hidden class=\"gt-ws-thelis__disponibilite__price__original\" data-wp-bind--hidden=\"!state.hasPromo\">\n\t\t\t\t\t\t<strike><span data-wp-text=\"state.originalPrice\"><\/span>\u20ac<\/strike>\n\t\t\t\t\t<\/span>\n\t\t\t\t\t<span class=\"gt-ws-thelis__disponibilite__price__discounted\">\n\t\t\t\t\t\t<span data-wp-bind--data-gt-price=\"state.price\" class=\"gt-ws-thelis-data-price\" data-wp-text=\"state.price\"><\/span>\u20ac\n\t\t\t\t\t<\/span>\n\t\t\t\t<\/div>\n\t\t\t\n\t\t\t\n\t\t\t\n\t\t\t\t<ul hidden \n\t\t\t\t\tclass=\"gt-ws-thelis__disponibilites\"\n\t\t\t\t\tdata-wp-bind--hidden=\"!state.isContreproposition\"\n\t\t\t\t>\n\t\t\t\t\t<template\n\t\t\t\t\t\tdata-wp-each--stay=\"state.currentDisponibilites\"\n\t\t\t\t\t>\n\t\t\t\t\t\t<li class=\"gt-ws-thelis__disponibilites\">\n\t\t\t\t\t\t\t<label \n\t\t\t\t\t\t\t\tdata-wp-bind--for=\"context.stay.gt.uniqueStayId\"\n\t\t\t\t\t\t\t>\n\t\t\t\t\t\t\t\t<div class=\"gt-ws-thelis__disponibilite__input\">\n\t\t\t\t\t\t\t\t\t<input \n\t\t\t\t\t\t\t\t\t\ttype=\"radio\" \n\t\t\t\t\t\t\t\t\t\tname=\"stay\" \n\t\t\t\t\t\t\t\t\t\tdata-wp-bind--hidden=\"!state.isContreproposition\"\n\t\t\t\t\t\t\t\t\t\tdata-wp-bind--id=\"context.stay.gt.uniqueStayId\"\n\t\t\t\t\t\t\t\t\t\tdata-wp-on--click=\"actions.setMainStay\"\n\t\t\t\t\t\t\t\t\t\/>\n\t\t\t\t\t\t\t\t<\/div>\n\t\t\t\t\t\t\t\t<div class=\"gt-ws-thelis__disponibilite__dates\">\n\t\t\t\t\t\t\t\t\t<span>Du <span data-wp-text=\"context.stay.gt.beginDate\"><\/span> <\/span>\n\t\t\t\t\t\t\t\t\t<span>au <span data-wp-text=\"context.stay.gt.endDate\"><\/span><\/span>\n\t\t\t\t\t\t\t\t<\/div>\n\t\t\t\t\t\t\t\t<div class=\"gt-ws-thelis__disponibilite__nuits\">\n\t\t\t\t\t\t\t\t\t<span data-wp-text=\"context.stay.gt.duration\"><\/span> nuits\t\t\t\t\t\t\t\t<\/div>\n\t\t\t\t\t\t\t\t<div class=\"gt-ws-thelis__disponibilite__price\">\n\t\t\t\t\t\t\t\t\t<span>Vanaf <\/span>\n\t\t\t\t\t\t\t\t\t<span class=\"gt-ws-thelis__disponibilite__price__original\" data-wp-bind--hidden=\"!context.stay.promotion\">\n\t\t\t\t\t\t\t\t\t\t<strike><span data-wp-text=\"context.stay.gt.originalPrice\"><\/span>\u20ac<\/strike>\n\t\t\t\t\t\t\t\t\t<\/span>\n\t\t\t\t\t\t\t\t\t<span class=\"gt-ws-thelis__disponibilite__price__discounted\">\n\t\t\t\t\t\t\t\t\t\t<span data-wp-text=\"context.stay.price\" class=\"gt-ws-thelis-data-price\" data-wp-bind--data-gt-price=\"context.stay.price\"><\/span>\u20ac\n\t\t\t\t\t\t\t\t\t<\/span>\n\t\t\t\t\t\t\t\t<\/div>\n\t\t\t\t\t\t\t<\/label>\n\t\t\t\t\t\t<\/li>\n\n\t\t\t\t\t<\/template>\n\t\t\t\t<\/ul>\n\n\t\t\t\n\t\t\t\t\t\t<div class=\"gt-ws-thelis__disponibilite__link\" data-wp-bind--hidden=\"state.isIndisponible\">\n\t\t\t\t<a data-wp-bind--href=\"state.mainStay.step3Url\" target=\"__blank\">\n\t\t\t\t\treserveren\t\t\t\t<\/a>\n\t\t\t<\/div>\n\t\t\t\n\t\t<\/div>\n\n\t<\/div>\n\n    <\/div>\n<\/div>\n<\/div>\n<\/div>\n\n\n\n<div class=\"wp-block-group alignwide gt-single-heberg-alternatives has-custom-color-1-background-color has-background is-layout-flow wp-block-group-is-layout-flow\" style=\"border-top-left-radius:30px;border-top-right-radius:30px\">\n<p class=\"has-base-color has-text-color has-link-color has-righteous-font-family has-large-font-size wp-elements-f65b71c2a3d41ef4fd0777800a81405e\" style=\"margin-bottom:0px;padding-top:5rem;padding-left:10rem;text-transform:uppercase\">Onze andere beschikbare accommodaties<\/p>\n\n\n\n<div data-swiper=\"{&quot;speed&quot;:400,&quot;spaceBetween&quot;:16,&quot;slidesPerView&quot;:3,&quot;createElements&quot;:true,&quot;loop&quot;:true,&quot;freemode&quot;:true,&quot;navigation&quot;:{&quot;nextEl&quot;:&quot;buttonNext&quot;,&quot;prevEl&quot;:&quot;buttonPrev&quot;},&quot;pagination&quot;:{&quot;el&quot;:&quot;.swiper-pagination&quot;,&quot;dynamicBullets&quot;:true},&quot;breakpoints&quot;:{&quot;0&quot;:{&quot;slidesPerView&quot;:1},&quot;599&quot;:{&quot;slidesPerView&quot;:2},&quot;1024&quot;:{&quot;slidesPerView&quot;:3}}}\" data-wp-context=\"{}\" data-wp-interactive=\"core\/query\" data-wp-key=\"13\" data-wp-router-region=\"query-13\" class=\"wp-block-query alignwide gt-ws-thelis-disponibilites-query gt-is-slider gt-is-slider-desktop is-layout-flow wp-block-query-is-layout-flow\"><div class=\"has-link-color wp-elements-49cc85481fd163da89dfb454cac30764 wp-block-query-no-results has-text-color has-base-2-color\">\n\n<p class=\"has-text-align-left has-base-color has-text-color has-link-color has-medium-font-size wp-elements-1576a52fb96503e54bf556d3cb2ec4f4\" style=\"margin-bottom:0px;padding-bottom:0;padding-left:10rem\">D\u00e9sol\u00e9, aucun autre h\u00e9bergement n&#8217;est disponible \u00e0 ces dates<\/p>\n\n<\/div>\n\n<\/div>\n<\/div>\n<\/main>\n        <\/div>\n    <\/div>\n\n\n<\/div>","protected":false},"excerpt":{"rendered":"<p>Accommodatie Campings La Ravoire, Les Fontaines en Lo Vel\u00e2jo De campings Annecy La Ravoire, Les Fontaines en Lo Vel\u00e2jo bieden verschillende verhuurmogelijkheden voor je verblijf in de buurt van het meer van Annecy. Van weelderig groene kampeerplaatsen tot comfortabele stacaravans en verhuuraccommodaties, natuurliefhebbers hebben keuze te over! Met een uitzonderlijke ligging in de Alpen en [&hellip;]<\/p>\n","protected":false},"author":1,"featured_media":5504,"parent":0,"menu_order":0,"comment_status":"closed","ping_status":"closed","template":"","meta":{"_acf_changed":false,"_seopress_robots_primary_cat":"","_seopress_titles_title":"Location vacances Lac Annecy : H\u00e9bergements 4 \u00e9toiles pr\u00e8s d'Annecy","_seopress_titles_desc":"A la recherche d'une location de vacances au lac d'Annecy ? D\u00e9couvrez nos h\u00e9bergements pr\u00e8s du Lac d' Annecy en Haute-Savoie !","_seopress_robots_index":"","inline_featured_image":false,"gt_fse_maillage_image":"https:\/\/www.campingsannecy.com\/wp-content\/uploads\/2025\/04\/hebergement-a-louer-annecy.jpg","gt_fse_maillage_titre":"Accommodatie","gt_fse_maillage_alt":"Accommodatie","gt_fse_maillage_resume":"","footnotes":""},"categories":[],"tags":[],"class_list":["post-29307","page","type-page","status-publish","has-post-thumbnail","hentry"],"acf":[],"_links":{"self":[{"href":"https:\/\/www.campingsannecy.com\/nl\/wp-json\/wp\/v2\/pages\/29307","targetHints":{"allow":["GET"]}}],"collection":[{"href":"https:\/\/www.campingsannecy.com\/nl\/wp-json\/wp\/v2\/pages"}],"about":[{"href":"https:\/\/www.campingsannecy.com\/nl\/wp-json\/wp\/v2\/types\/page"}],"author":[{"embeddable":true,"href":"https:\/\/www.campingsannecy.com\/nl\/wp-json\/wp\/v2\/users\/1"}],"replies":[{"embeddable":true,"href":"https:\/\/www.campingsannecy.com\/nl\/wp-json\/wp\/v2\/comments?post=29307"}],"version-history":[{"count":28,"href":"https:\/\/www.campingsannecy.com\/nl\/wp-json\/wp\/v2\/pages\/29307\/revisions"}],"predecessor-version":[{"id":66828,"href":"https:\/\/www.campingsannecy.com\/nl\/wp-json\/wp\/v2\/pages\/29307\/revisions\/66828"}],"wp:featuredmedia":[{"embeddable":true,"href":"https:\/\/www.campingsannecy.com\/nl\/wp-json\/wp\/v2\/media\/5504"}],"wp:attachment":[{"href":"https:\/\/www.campingsannecy.com\/nl\/wp-json\/wp\/v2\/media?parent=29307"}],"wp:term":[{"taxonomy":"category","embeddable":true,"href":"https:\/\/www.campingsannecy.com\/nl\/wp-json\/wp\/v2\/categories?post=29307"},{"taxonomy":"post_tag","embeddable":true,"href":"https:\/\/www.campingsannecy.com\/nl\/wp-json\/wp\/v2\/tags?post=29307"}],"curies":[{"name":"wp","href":"https:\/\/api.w.org\/{rel}","templated":true}]}}